{"id":8,"date":"2020-11-12T16:18:25","date_gmt":"2020-11-12T15:18:25","guid":{"rendered":"https:\/\/www.lesrencontreseconomiques.fr\/?page_id=8"},"modified":"2025-05-15T11:56:09","modified_gmt":"2025-05-15T09:56:09","slug":"jeunesses","status":"publish","type":"page","link":"https:\/\/www.lesrencontreseconomiques.fr\/jeunesses\/","title":{"rendered":"Jeunesses"},"content":{"rendered":"<div class=\"-wrapper -668 -mt-90 -mb-90\">\n<div class=\"cp-intro -texte\">\n<div class=\"description\">\n<div class=\"cp-texte\">\n<p>Depuis plus de 10 ans, le Cercle des \u00e9conomistes s\u2019engage pour donner la parole aux jeunes. Il a initi\u00e9 en 2023 son programme Jeunesse(s) avec une ambition : int\u00e9grer tous les jeunes de 18 \u00e0 30 ans dans les grands d\u00e9bats \u00e9conomiques et sociaux, au travers d\u2019une grande enqu\u00eate avec des milliers de jeunes de la France enti\u00e8re.<\/p>\n<p>Pendant deux mois, plus de 100 000 d&rsquo;entre eux se sont engag\u00e9s sur les r\u00e9seaux sociaux et via les messageries instantan\u00e9es dans six\u00a0 conversations autour de th\u00e8mes cl\u00e9s pour leur avenir : l\u2019\u00e9galit\u00e9 des chances, l\u2019action citoyenne et le bien-\u00eatre.<\/p>\n<p>Chaque ann\u00e9e, 150 jeunes de tous horizons sont s\u00e9lectionn\u00e9s pour porter leurs solutions aux d\u00e9cideurs \u00e9conomiques, politiques et sociaux sur des sujets qui les concernent : . Gr\u00e2ce \u00e0 un travail de co-construction et accompagn\u00e9s d\u2019experts issus des milieux acad\u00e9mique, \u00e9conomique et associatif, ils analyseront les r\u00e9sultats de l\u2019enqu\u00eate Jeunesse(s) et r\u00e9fl\u00e9chiront aux grands d\u00e9fis de leur g\u00e9n\u00e9ration lors des Rencontres Economiques d\u2019Aix-en-Provence, les 3, 4 et 5 juillet 2025.<\/p>\n<p>A l\u2019occasion des 25 ans de l\u2019\u00e9v\u00e9nement, le Cercle des \u00e9conomistes fera na\u00eetre un nouvel espace de dialogue et de r\u00e9flexion : l\u2019Agora Jeunesse(s). La programmation de ce nouvel espace sera imagin\u00e9e en collaboration avec 150 jeunes de 18 \u00e0 30 ans, s\u00e9lectionn\u00e9s parmi les r\u00e9pondants aux conversations et dans un \u00e9cosyst\u00e8me de structures partenaires.<\/p>\n<p>&nbsp;<\/p>\n<p><a class=\"cp-cta-bouton\" href=\"https:\/\/www.lesrencontreseconomiques.fr\/jeunesses\/agora-jeunesses\/\" target=\"_blank\" rel=\"noopener\">D\u00e9couvrir le programme de l&rsquo;Agora<\/a><\/p>\n<p>&nbsp;<\/p>\n<\/p><\/div>\n<\/p><\/div>\n<\/p><\/div>\n<\/p><\/div>\n<div class=\"-wrapper -846 -is-hr -mt-90 -mb-90\">\n<hr>\n<\/div>\n<div class=\"-wrapper -846 -mt-90 -mb-90\">\n<div class=\"cp-best-of -video\">\n<div class=\"description cp-texte\" data-aos=\"fade-right\" data-aos-anchor-placement=\"top-bottom\" data-aos-offset=\"200\">\n<h2>Retour sur l&rsquo;\u00e9dition 2024<\/h2>\n<p>&nbsp;<\/p>\n<p><a class=\"cp-cta-bouton\" href=\"https:\/\/www.lesrencontreseconomiques.fr\/jeunesses\/\" target=\"_blank\" rel=\"noopener\">En savoir plus<\/a><\/p>\n<p>&nbsp;<\/p>\n<\/p><\/div>\n<div class=\"media \" data-aos=\"fade-up\" data-aos-anchor-placement=\"top-bottom\" data-aos-offset=\"200\">\n\t\t\t<iframe loading=\"lazy\" title=\"Les Rencontres \u00c9conomiques 2024 \u00e0 travers les yeux de Sirine, participante du projet Jeunesse(s).\" width=\"640\" height=\"360\" src=\"https:\/\/www.youtube.com\/embed\/1-5qW7mhrxI?feature=oembed\" frameborder=\"0\" allow=\"accelerometer; autoplay; clipboard-write; encrypted-media; gyroscope; picture-in-picture; web-share\" referrerpolicy=\"strict-origin-when-cross-origin\" allowfullscreen><\/iframe>\t\t<\/div>\n<\/p><\/div>\n<\/div>\n<div class=\"-wrapper -846 -is-hr -mt-90 -mb-90\">\n<hr>\n<\/div>\n<div class=\"-wrapper -846 -mt-90 -mb-90\">\n<div class=\"cp-intro -texte\">\n<div class=\"description\">\n<div class=\"cp-texte\">\n<h2>Les 3 \u00e9tapes du projet Jeunesse(s)<\/h2>\n<\/p><\/div>\n<\/p><\/div>\n<\/p><\/div>\n<\/p><\/div>\n<div class=\"-wrapper -846 -mt-90 -mb-90\">\n<div class=\"cp-cta-image-texte\">\n<div class=\"media \" data-aos=\"fade-right\" data-aos-anchor-placement=\"top-bottom\" data-aos-offset=\"200\">\n<div class=\"image -walc \" style=\"padding-top:125%\"><img width=\"224\" height=\"280\" src=\"https:\/\/www.lesrencontreseconomiques.fr\/wp-content\/uploads\/2025\/02\/pages-jeunesses-site-Cercle-2-224x280.png\" class=\"attachment-small size-small\" alt=\"\" decoding=\"async\" loading=\"lazy\" srcset=\"https:\/\/www.lesrencontreseconomiques.fr\/wp-content\/uploads\/2025\/02\/pages-jeunesses-site-Cercle-2-224x280.png 224w, https:\/\/www.lesrencontreseconomiques.fr\/wp-content\/uploads\/2025\/02\/pages-jeunesses-site-Cercle-2-490x613.png 490w, https:\/\/www.lesrencontreseconomiques.fr\/wp-content\/uploads\/2025\/02\/pages-jeunesses-site-Cercle-2-668x835.png 668w, https:\/\/www.lesrencontreseconomiques.fr\/wp-content\/uploads\/2025\/02\/pages-jeunesses-site-Cercle-2-112x140.png 112w, https:\/\/www.lesrencontreseconomiques.fr\/wp-content\/uploads\/2025\/02\/pages-jeunesses-site-Cercle-2.png 1080w\" sizes=\"auto, (max-width: 224px) 100vw, 224px\" \/><\/div>\n<\/p><\/div>\n<div class=\"description cp-texte\" data-aos=\"fade-up\" data-aos-anchor-placement=\"top-bottom\" data-aos-offset=\"200\">\n<h3>NOVEMBRE A DECEMBRE 2025<\/h3>\n<p>Fort de ses deux premi\u00e8res \u00e9ditions, le Cercle des \u00e9conomistes a lanc\u00e9 sa troisi\u00e8me enqu\u00eate conversationnelle Jeunesse(s) aupr\u00e8s des 18-30 ans, qui a mobilis\u00e9 plus de 100 000 jeunes. Cette initiative vise \u00e0 offrir aux jeunesses un espace d\u2019expression unique et in\u00e9dit, avec un objectif : comprendre leur regard sur les grandes mutations du monde et leur permettre de partager leurs id\u00e9es et leurs pr\u00e9occupations.<\/p>\n<p>Durant six semaines, en collaboration avec JAM (by June Marketing), le Cercle des \u00e9conomistes a men\u00e9 une grande conversation avec les jeunes autour de trois grandes th\u00e9matiques : \u00e9galit\u00e9 des chances, action citoyenne et bien-\u00eatre.<\/p>\n<p>&nbsp;<\/p>\n<p><a class=\"cp-cta-bouton\" href=\"https:\/\/lecercledeseconomistes.fr\/jeunesses\/les-conversations-2025\/\" target=\"_blank\" rel=\"noopener\">En savoir plus<\/a><\/p>\n<\/p><\/div>\n<\/p><\/div>\n<\/div>\n<div class=\"-wrapper -846 -mt-90 -mb-90\">\n<div class=\"cp-cta-image-texte\">\n<div class=\"media \" data-aos=\"fade-right\" data-aos-anchor-placement=\"top-bottom\" data-aos-offset=\"200\">\n<div class=\"image -walc \" style=\"padding-top:125%\"><img width=\"224\" height=\"280\" src=\"https:\/\/www.lesrencontreseconomiques.fr\/wp-content\/uploads\/2025\/02\/2-224x280.png\" class=\"attachment-small size-small\" alt=\"\" decoding=\"async\" loading=\"lazy\" srcset=\"https:\/\/www.lesrencontreseconomiques.fr\/wp-content\/uploads\/2025\/02\/2-224x280.png 224w, https:\/\/www.lesrencontreseconomiques.fr\/wp-content\/uploads\/2025\/02\/2-490x613.png 490w, https:\/\/www.lesrencontreseconomiques.fr\/wp-content\/uploads\/2025\/02\/2-668x835.png 668w, https:\/\/www.lesrencontreseconomiques.fr\/wp-content\/uploads\/2025\/02\/2-112x140.png 112w, https:\/\/www.lesrencontreseconomiques.fr\/wp-content\/uploads\/2025\/02\/2.png 1080w\" sizes=\"auto, (max-width: 224px) 100vw, 224px\" \/><\/div>\n<\/p><\/div>\n<div class=\"description cp-texte\" data-aos=\"fade-up\" data-aos-anchor-placement=\"top-bottom\" data-aos-offset=\"200\">\n<h3>MARS A AVRIL 2025<\/h3>\n<p>\u00c0 partir des r\u00e9sultats de l\u2019enqu\u00eate, les membres du projet Jeunesse(s) auront pour mission d\u2019orienter le contenu \u00e9ditorial et la programmation des sessions de l\u2019Agora Jeunesse(s) pour les prochaines Rencontres \u00c9conomiques d\u2019Aix-en-Provence.<\/p>\n<p>Ce travail se d\u00e9roulera au cours d\u2019une quinzaine de sessions, chacune encadr\u00e9e par des membres du Cercle des \u00e9conomistes et de l\u2019\u00e9quipe \u00e9ditoriale au printemps 2025, au c\u0153ur de la capitale.<\/p>\n<\/p><\/div>\n<\/p><\/div>\n<\/div>\n<div class=\"-wrapper -846 -mt-90 -mb-90\">\n<div class=\"cp-cta-image-texte\">\n<div class=\"media \" data-aos=\"fade-right\" data-aos-anchor-placement=\"top-bottom\" data-aos-offset=\"200\">\n<div class=\"image -walc \" style=\"padding-top:125%\"><img width=\"224\" height=\"280\" src=\"https:\/\/www.lesrencontreseconomiques.fr\/wp-content\/uploads\/2025\/02\/3-224x280.png\" class=\"attachment-small size-small\" alt=\"\" decoding=\"async\" loading=\"lazy\" srcset=\"https:\/\/www.lesrencontreseconomiques.fr\/wp-content\/uploads\/2025\/02\/3-224x280.png 224w, https:\/\/www.lesrencontreseconomiques.fr\/wp-content\/uploads\/2025\/02\/3-490x613.png 490w, https:\/\/www.lesrencontreseconomiques.fr\/wp-content\/uploads\/2025\/02\/3-668x835.png 668w, https:\/\/www.lesrencontreseconomiques.fr\/wp-content\/uploads\/2025\/02\/3-112x140.png 112w, https:\/\/www.lesrencontreseconomiques.fr\/wp-content\/uploads\/2025\/02\/3.png 1080w\" sizes=\"auto, (max-width: 224px) 100vw, 224px\" \/><\/div>\n<\/p><\/div>\n<div class=\"description cp-texte\" data-aos=\"fade-up\" data-aos-anchor-placement=\"top-bottom\" data-aos-offset=\"200\">\n<h3>3-4-5 JUILLET 2025<\/h3>\n<p>Plac\u00e9e au c\u0153ur des Rencontres \u00c9conomiques d\u2019Aix-en-Provence, au sein du Parc Jourdan, l\u2019Agora Jeunesse(s) sera le lieu des d\u00e9bats des jeunesses.<\/p>\n<p>Afin de porter les voix des 18-30 ans aux Rencontres d\u2019Aix, une d\u00e9l\u00e9gation de 150 jeunes sera invit\u00e9e et b\u00e9n\u00e9ficiera d\u2019une prise en charge compl\u00e8te incluant transport, h\u00e9bergement et restauration, ainsi qu\u2019un programme sp\u00e9cialement con\u00e7u pour eux.<\/p>\n<p>Ils auront un acc\u00e8s d\u00e9di\u00e9 aux trois jours de l\u2019\u00e9v\u00e9nement, avec des rendez-vous privil\u00e9gi\u00e9s avec des d\u00e9cideurs des milieux \u00e9conomiques, politiques et acad\u00e9miques, un programme culturel et festif, ainsi que des opportunit\u00e9s de rencontres et de networking exceptionnelles.<\/p>\n<p>&nbsp;<\/p>\n<p><a class=\"cp-cta-bouton\" href=\" https:\/\/www.lesrencontreseconomiques.fr\/les-150-jeunes-selectionnes\/\" target=\"_blank\" rel=\"noopener\">D\u00e9couvrez les 150 jeunes<\/a><\/p>\n<\/p><\/div>\n<\/p><\/div>\n<\/div>\n<div class=\"-wrapper -1024 -mt-90 -mb-90\">\n<div class=\"cp-partenaires-v2 -all\">\n<div class=\"en-tete\">\n<h2 class=\"cp-titre-2\">Partenaires<\/h2>\n<\/p><\/div>\n<div class=\"logos-wrap\">\n<ul class=\"logos\">\n<li>\n\t\t\t\t\t<a href=\"https:\/\/www.bpifrance.fr\" target=\"_blank\"><br \/>\n\t\t\t\t\t\t<img width=\"140\" height=\"140\" src=\"https:\/\/www.lesrencontreseconomiques.fr\/wp-content\/uploads\/2025\/03\/66-Logo-Bpifrance-140x140.jpg\" class=\"attachment-partner-small size-partner-small\" alt=\"BPI FRANCE\" title=\"BPI FRANCE\" decoding=\"async\" loading=\"lazy\" srcset=\"https:\/\/www.lesrencontreseconomiques.fr\/wp-content\/uploads\/2025\/03\/66-Logo-Bpifrance-140x140.jpg 140w, https:\/\/www.lesrencontreseconomiques.fr\/wp-content\/uploads\/2025\/03\/66-Logo-Bpifrance-150x150.jpg 150w, https:\/\/www.lesrencontreseconomiques.fr\/wp-content\/uploads\/2025\/03\/66-Logo-Bpifrance.jpg 200w\" sizes=\"auto, (max-width: 140px) 100vw, 140px\" \/>\t\t\t\t\t<\/a>\n\t\t\t\t<\/li>\n<li>\n\t\t\t\t\t<a href=\"https:\/\/www.groupeonepoint.com\/fr\/\" target=\"_blank\"><br \/>\n\t\t\t\t\t\t<img width=\"140\" height=\"140\" src=\"https:\/\/www.lesrencontreseconomiques.fr\/wp-content\/uploads\/2025\/03\/67-Logo-OnePoint-140x140.jpg\" class=\"attachment-partner-small size-partner-small\" alt=\"ONEPOINT\" title=\"ONEPOINT\" decoding=\"async\" loading=\"lazy\" srcset=\"https:\/\/www.lesrencontreseconomiques.fr\/wp-content\/uploads\/2025\/03\/67-Logo-OnePoint-140x140.jpg 140w, https:\/\/www.lesrencontreseconomiques.fr\/wp-content\/uploads\/2025\/03\/67-Logo-OnePoint-150x150.jpg 150w, https:\/\/www.lesrencontreseconomiques.fr\/wp-content\/uploads\/2025\/03\/67-Logo-OnePoint.jpg 200w\" sizes=\"auto, (max-width: 140px) 100vw, 140px\" \/>\t\t\t\t\t<\/a>\n\t\t\t\t<\/li>\n<li>\n\t\t\t\t\t<a href=\"https:\/\/www.sncf-connect.com\" target=\"_blank\"><br \/>\n\t\t\t\t\t\t<img width=\"140\" height=\"140\" src=\"https:\/\/www.lesrencontreseconomiques.fr\/wp-content\/uploads\/2025\/03\/68-Logo-SNCF-140x140.jpg\" class=\"attachment-partner-small size-partner-small\" alt=\"SNCF\" title=\"SNCF\" decoding=\"async\" loading=\"lazy\" srcset=\"https:\/\/www.lesrencontreseconomiques.fr\/wp-content\/uploads\/2025\/03\/68-Logo-SNCF-140x140.jpg 140w, https:\/\/www.lesrencontreseconomiques.fr\/wp-content\/uploads\/2025\/03\/68-Logo-SNCF-150x150.jpg 150w, https:\/\/www.lesrencontreseconomiques.fr\/wp-content\/uploads\/2025\/03\/68-Logo-SNCF.jpg 200w\" sizes=\"auto, (max-width: 140px) 100vw, 140px\" \/>\t\t\t\t\t<\/a>\n\t\t\t\t<\/li>\n<\/ul><\/div>\n<\/p><\/div>\n<\/div>\n<div class=\"-wrapper -1024 -mt-90 -mb-90\">\n<div class=\"cp-partenaires-v2 -all\">\n<div class=\"en-tete\">\n<h2 class=\"cp-titre-2\">Partenaires M\u00e9dias<\/h2>\n<\/p><\/div>\n<div class=\"logos-wrap\">\n<ul class=\"logos\">\n<li>\n\t\t\t\t\t<a href=\"https:\/\/www.brut.media\/fr\" target=\"_blank\"><br \/>\n\t\t\t\t\t\t<img width=\"140\" height=\"140\" src=\"https:\/\/www.lesrencontreseconomiques.fr\/wp-content\/uploads\/2025\/03\/1-Logo-Brut-140x140.jpg\" class=\"attachment-partner-small size-partner-small\" alt=\"BRUT\" title=\"BRUT\" decoding=\"async\" loading=\"lazy\" srcset=\"https:\/\/www.lesrencontreseconomiques.fr\/wp-content\/uploads\/2025\/03\/1-Logo-Brut-140x140.jpg 140w, https:\/\/www.lesrencontreseconomiques.fr\/wp-content\/uploads\/2025\/03\/1-Logo-Brut-150x150.jpg 150w, https:\/\/www.lesrencontreseconomiques.fr\/wp-content\/uploads\/2025\/03\/1-Logo-Brut.jpg 200w\" sizes=\"auto, (max-width: 140px) 100vw, 140px\" \/>\t\t\t\t\t<\/a>\n\t\t\t\t<\/li>\n<li>\n\t\t\t\t\t<a href=\"https:\/\/www.lesechos.fr\" target=\"_blank\"><br \/>\n\t\t\t\t\t\t<img width=\"140\" height=\"140\" src=\"https:\/\/www.lesrencontreseconomiques.fr\/wp-content\/uploads\/2025\/03\/Logo-Les-echos-140x140.jpg\" class=\"attachment-partner-small size-partner-small\" alt=\"LES ECHOS\" title=\"LES ECHOS\" decoding=\"async\" loading=\"lazy\" srcset=\"https:\/\/www.lesrencontreseconomiques.fr\/wp-content\/uploads\/2025\/03\/Logo-Les-echos-140x140.jpg 140w, https:\/\/www.lesrencontreseconomiques.fr\/wp-content\/uploads\/2025\/03\/Logo-Les-echos-150x150.jpg 150w, https:\/\/www.lesrencontreseconomiques.fr\/wp-content\/uploads\/2025\/03\/Logo-Les-echos.jpg 200w\" sizes=\"auto, (max-width: 140px) 100vw, 140px\" \/>\t\t\t\t\t<\/a>\n\t\t\t\t<\/li>\n<li>\n\t\t\t\t\t<a href=\"https:\/\/www.ouest-france.fr\" target=\"_blank\"><br \/>\n\t\t\t\t\t\t<img width=\"250\" height=\"83\" src=\"https:\/\/www.lesrencontreseconomiques.fr\/wp-content\/uploads\/2025\/03\/images-250x83.png\" class=\"attachment-partner-small size-partner-small\" alt=\"OUEST FRANCE\" title=\"OUEST FRANCE\" decoding=\"async\" loading=\"lazy\" srcset=\"https:\/\/www.lesrencontreseconomiques.fr\/wp-content\/uploads\/2025\/03\/images-250x83.png 250w, https:\/\/www.lesrencontreseconomiques.fr\/wp-content\/uploads\/2025\/03\/images-224x74.png 224w, https:\/\/www.lesrencontreseconomiques.fr\/wp-content\/uploads\/2025\/03\/images.png 389w\" sizes=\"auto, (max-width: 250px) 100vw, 250px\" \/>\t\t\t\t\t<\/a>\n\t\t\t\t<\/li>\n<\/ul><\/div>\n<\/p><\/div>\n<\/div>\n<div class=\"-wrapper -1024 -mt-90 -mb-90\">\n<div class=\"cp-partenaires-v2 -all\">\n<div class=\"en-tete\">\n<h2 class=\"cp-titre-2\">Soutiens<\/h2>\n<\/p><\/div>\n<div class=\"logos-wrap\">\n<ul class=\"logos\">\n<li>\n\t\t\t\t\t<a href=\"https:\/\/adepape-13.pepsup.com\" target=\"_blank\"><br \/>\n\t\t\t\t\t\t<img width=\"173\" height=\"140\" src=\"https:\/\/www.lesrencontreseconomiques.fr\/wp-content\/uploads\/2025\/03\/LogoAdepape_13_2023-03-1024x829-1-173x140.png\" class=\"attachment-partner-small size-partner-small\" alt=\"ADEPAPE 13\" title=\"ADEPAPE 13\" decoding=\"async\" loading=\"lazy\" srcset=\"https:\/\/www.lesrencontreseconomiques.fr\/wp-content\/uploads\/2025\/03\/LogoAdepape_13_2023-03-1024x829-1-173x140.png 173w, https:\/\/www.lesrencontreseconomiques.fr\/wp-content\/uploads\/2025\/03\/LogoAdepape_13_2023-03-1024x829-1-490x397.png 490w, https:\/\/www.lesrencontreseconomiques.fr\/wp-content\/uploads\/2025\/03\/LogoAdepape_13_2023-03-1024x829-1-668x541.png 668w, https:\/\/www.lesrencontreseconomiques.fr\/wp-content\/uploads\/2025\/03\/LogoAdepape_13_2023-03-1024x829-1-224x181.png 224w, https:\/\/www.lesrencontreseconomiques.fr\/wp-content\/uploads\/2025\/03\/LogoAdepape_13_2023-03-1024x829-1.png 1024w\" sizes=\"auto, (max-width: 173px) 100vw, 173px\" \/>\t\t\t\t\t<\/a>\n\t\t\t\t<\/li>\n<li>\n\t\t\t\t\t<a href=\"https:\/\/www.aptalumni.org\" target=\"_blank\"><br \/>\n\t\t\t\t\t\t<img width=\"140\" height=\"140\" src=\"https:\/\/www.lesrencontreseconomiques.fr\/wp-content\/uploads\/2025\/03\/1-Logo-AgroParitech-Alumni-140x140.png\" class=\"attachment-partner-small size-partner-small\" alt=\"AGROPARISTECH ALUMNI\" title=\"AGROPARISTECH ALUMNI\" decoding=\"async\" loading=\"lazy\" srcset=\"https:\/\/www.lesrencontreseconomiques.fr\/wp-content\/uploads\/2025\/03\/1-Logo-AgroParitech-Alumni-140x140.png 140w, https:\/\/www.lesrencontreseconomiques.fr\/wp-content\/uploads\/2025\/03\/1-Logo-AgroParitech-Alumni-150x150.png 150w, https:\/\/www.lesrencontreseconomiques.fr\/wp-content\/uploads\/2025\/03\/1-Logo-AgroParitech-Alumni-224x224.png 224w, https:\/\/www.lesrencontreseconomiques.fr\/wp-content\/uploads\/2025\/03\/1-Logo-AgroParitech-Alumni.png 250w\" sizes=\"auto, (max-width: 140px) 100vw, 140px\" \/>\t\t\t\t\t<\/a>\n\t\t\t\t<\/li>\n<li>\n\t\t\t\t\t<a href=\"https:\/\/fr.albertschool.com\/apply\" target=\"_blank\"><br \/>\n\t\t\t\t\t\t<img width=\"140\" height=\"140\" src=\"https:\/\/www.lesrencontreseconomiques.fr\/wp-content\/uploads\/2025\/03\/f9eb6ea7-86bc-410c-890a-1c0253fa240b-140x140.webp\" class=\"attachment-partner-small size-partner-small\" alt=\"ALBERT SCHOOL\" title=\"ALBERT SCHOOL\" decoding=\"async\" loading=\"lazy\" srcset=\"https:\/\/www.lesrencontreseconomiques.fr\/wp-content\/uploads\/2025\/03\/f9eb6ea7-86bc-410c-890a-1c0253fa240b-140x140.webp 140w, https:\/\/www.lesrencontreseconomiques.fr\/wp-content\/uploads\/2025\/03\/f9eb6ea7-86bc-410c-890a-1c0253fa240b-150x150.webp 150w, https:\/\/www.lesrencontreseconomiques.fr\/wp-content\/uploads\/2025\/03\/f9eb6ea7-86bc-410c-890a-1c0253fa240b-224x224.webp 224w, https:\/\/www.lesrencontreseconomiques.fr\/wp-content\/uploads\/2025\/03\/f9eb6ea7-86bc-410c-890a-1c0253fa240b-290x290.webp 290w, https:\/\/www.lesrencontreseconomiques.fr\/wp-content\/uploads\/2025\/03\/f9eb6ea7-86bc-410c-890a-1c0253fa240b.webp 400w\" sizes=\"auto, (max-width: 140px) 100vw, 140px\" \/>\t\t\t\t\t<\/a>\n\t\t\t\t<\/li>\n<li>\n\t\t\t\t\t<a href=\"https:\/\/ambitioncampus.squarespace.com\" target=\"_blank\"><br \/>\n\t\t\t\t\t\t<img width=\"175\" height=\"140\" src=\"https:\/\/www.lesrencontreseconomiques.fr\/wp-content\/uploads\/2025\/03\/4-Logo-Ambition-Campus-175x140.jpg\" class=\"attachment-partner-small size-partner-small\" alt=\"AMBITION CAMPUS\" title=\"AMBITION CAMPUS\" decoding=\"async\" loading=\"lazy\" srcset=\"https:\/\/www.lesrencontreseconomiques.fr\/wp-content\/uploads\/2025\/03\/4-Logo-Ambition-Campus-175x140.jpg 175w, https:\/\/www.lesrencontreseconomiques.fr\/wp-content\/uploads\/2025\/03\/4-Logo-Ambition-Campus-224x179.jpg 224w, https:\/\/www.lesrencontreseconomiques.fr\/wp-content\/uploads\/2025\/03\/4-Logo-Ambition-Campus.jpg 349w\" sizes=\"auto, (max-width: 175px) 100vw, 175px\" \/>\t\t\t\t\t<\/a>\n\t\t\t\t<\/li>\n<li>\n\t\t\t\t\t<a href=\"https:\/\/article-1.eu\" target=\"_blank\"><br \/>\n\t\t\t\t\t\t<img width=\"140\" height=\"140\" src=\"https:\/\/www.lesrencontreseconomiques.fr\/wp-content\/uploads\/2025\/03\/5-Logo-Article-1-140x140.jpg\" class=\"attachment-partner-small size-partner-small\" alt=\"ARTICLE 1\" title=\"ARTICLE 1\" decoding=\"async\" loading=\"lazy\" srcset=\"https:\/\/www.lesrencontreseconomiques.fr\/wp-content\/uploads\/2025\/03\/5-Logo-Article-1-140x140.jpg 140w, https:\/\/www.lesrencontreseconomiques.fr\/wp-content\/uploads\/2025\/03\/5-Logo-Article-1-150x150.jpg 150w, https:\/\/www.lesrencontreseconomiques.fr\/wp-content\/uploads\/2025\/03\/5-Logo-Article-1.jpg 200w\" sizes=\"auto, (max-width: 140px) 100vw, 140px\" \/>\t\t\t\t\t<\/a>\n\t\t\t\t<\/li>\n<li>\n\t\t\t\t\t<a href=\"https:\/\/banlieues-climat.org\" target=\"_blank\"><br \/>\n\t\t\t\t\t\t<img width=\"138\" height=\"140\" src=\"https:\/\/www.lesrencontreseconomiques.fr\/wp-content\/uploads\/2025\/03\/6-Logo-Banlieues-climat-138x140.png\" class=\"attachment-partner-small size-partner-small\" alt=\"BANLIEUES CLIMAT\" title=\"BANLIEUES CLIMAT\" decoding=\"async\" loading=\"lazy\" srcset=\"https:\/\/www.lesrencontreseconomiques.fr\/wp-content\/uploads\/2025\/03\/6-Logo-Banlieues-climat-138x140.png 138w, https:\/\/www.lesrencontreseconomiques.fr\/wp-content\/uploads\/2025\/03\/6-Logo-Banlieues-climat-224x227.png 224w, https:\/\/www.lesrencontreseconomiques.fr\/wp-content\/uploads\/2025\/03\/6-Logo-Banlieues-climat.png 233w\" sizes=\"auto, (max-width: 138px) 100vw, 138px\" \/>\t\t\t\t\t<\/a>\n\t\t\t\t<\/li>\n<li>\n\t\t\t\t\t<a href=\"https:\/\/banlieues-sante.org\" target=\"_blank\"><br \/>\n\t\t\t\t\t\t<img width=\"211\" height=\"140\" src=\"https:\/\/www.lesrencontreseconomiques.fr\/wp-content\/uploads\/2025\/03\/7-Logo-Banlieues-Sante-211x140.png\" class=\"attachment-partner-small size-partner-small\" alt=\"BANLIEUES SANTE\" title=\"BANLIEUES SANTE\" decoding=\"async\" loading=\"lazy\" srcset=\"https:\/\/www.lesrencontreseconomiques.fr\/wp-content\/uploads\/2025\/03\/7-Logo-Banlieues-Sante-211x140.png 211w, https:\/\/www.lesrencontreseconomiques.fr\/wp-content\/uploads\/2025\/03\/7-Logo-Banlieues-Sante-490x325.png 490w, https:\/\/www.lesrencontreseconomiques.fr\/wp-content\/uploads\/2025\/03\/7-Logo-Banlieues-Sante-668x445.png 668w, https:\/\/www.lesrencontreseconomiques.fr\/wp-content\/uploads\/2025\/03\/7-Logo-Banlieues-Sante-1536x1020.png 1536w, https:\/\/www.lesrencontreseconomiques.fr\/wp-content\/uploads\/2025\/03\/7-Logo-Banlieues-Sante-224x149.png 224w, https:\/\/www.lesrencontreseconomiques.fr\/wp-content\/uploads\/2025\/03\/7-Logo-Banlieues-Sante-312x208.png 312w, https:\/\/www.lesrencontreseconomiques.fr\/wp-content\/uploads\/2025\/03\/7-Logo-Banlieues-Sante.png 1600w\" sizes=\"auto, (max-width: 211px) 100vw, 211px\" \/>\t\t\t\t\t<\/a>\n\t\t\t\t<\/li>\n<li>\n\t\t\t\t\t<a href=\"https:\/\/banlieues-school.org\" target=\"_blank\"><br \/>\n\t\t\t\t\t\t<img width=\"140\" height=\"140\" src=\"https:\/\/www.lesrencontreseconomiques.fr\/wp-content\/uploads\/2025\/03\/8-Logo-Banlieues-School-140x140.jpg\" class=\"attachment-partner-small size-partner-small\" alt=\"BANLIEUES SCHOOL\" title=\"BANLIEUES SCHOOL\" decoding=\"async\" loading=\"lazy\" srcset=\"https:\/\/www.lesrencontreseconomiques.fr\/wp-content\/uploads\/2025\/03\/8-Logo-Banlieues-School-140x140.jpg 140w, https:\/\/www.lesrencontreseconomiques.fr\/wp-content\/uploads\/2025\/03\/8-Logo-Banlieues-School-150x150.jpg 150w, https:\/\/www.lesrencontreseconomiques.fr\/wp-content\/uploads\/2025\/03\/8-Logo-Banlieues-School.jpg 200w\" sizes=\"auto, (max-width: 140px) 100vw, 140px\" \/>\t\t\t\t\t<\/a>\n\t\t\t\t<\/li>\n<li>\n\t\t\t\t\t<a href=\"https:\/\/www.google.com\/?client=safari\" target=\"_blank\"><br \/>\n\t\t\t\t\t\t<img width=\"140\" height=\"140\" src=\"https:\/\/www.lesrencontreseconomiques.fr\/wp-content\/uploads\/2025\/03\/9-Logo-Cape-Code-140x140.jpg\" class=\"attachment-partner-small size-partner-small\" alt=\"CAPE CODE\" title=\"CAPE CODE\" decoding=\"async\" loading=\"lazy\" srcset=\"https:\/\/www.lesrencontreseconomiques.fr\/wp-content\/uploads\/2025\/03\/9-Logo-Cape-Code-140x140.jpg 140w, https:\/\/www.lesrencontreseconomiques.fr\/wp-content\/uploads\/2025\/03\/9-Logo-Cape-Code-150x150.jpg 150w, https:\/\/www.lesrencontreseconomiques.fr\/wp-content\/uploads\/2025\/03\/9-Logo-Cape-Code.jpg 200w\" sizes=\"auto, (max-width: 140px) 100vw, 140px\" \/>\t\t\t\t\t<\/a>\n\t\t\t\t<\/li>\n<li>\n\t\t\t\t\t<a href=\"https:\/\/www.assocamplus.fr\" target=\"_blank\"><br \/>\n\t\t\t\t\t\t<img width=\"140\" height=\"140\" src=\"https:\/\/www.lesrencontreseconomiques.fr\/wp-content\/uploads\/2025\/03\/10-Logo-Camplus-140x140.jpg\" class=\"attachment-partner-small size-partner-small\" alt=\"CAMPLUS\" title=\"CAMPLUS\" decoding=\"async\" loading=\"lazy\" srcset=\"https:\/\/www.lesrencontreseconomiques.fr\/wp-content\/uploads\/2025\/03\/10-Logo-Camplus-140x140.jpg 140w, https:\/\/www.lesrencontreseconomiques.fr\/wp-content\/uploads\/2025\/03\/10-Logo-Camplus-150x150.jpg 150w, https:\/\/www.lesrencontreseconomiques.fr\/wp-content\/uploads\/2025\/03\/10-Logo-Camplus.jpg 200w\" sizes=\"auto, (max-width: 140px) 100vw, 140px\" \/>\t\t\t\t\t<\/a>\n\t\t\t\t<\/li>\n<li>\n\t\t\t\t\t<a href=\"https:\/\/campusversailles.fr\" target=\"_blank\"><br \/>\n\t\t\t\t\t\t<img width=\"140\" height=\"140\" src=\"https:\/\/www.lesrencontreseconomiques.fr\/wp-content\/uploads\/2025\/03\/11-Logo-Campus-Versailles-140x140.png\" class=\"attachment-partner-small size-partner-small\" alt=\"CAMPUS VERSAILLES\" title=\"CAMPUS VERSAILLES\" decoding=\"async\" loading=\"lazy\" srcset=\"https:\/\/www.lesrencontreseconomiques.fr\/wp-content\/uploads\/2025\/03\/11-Logo-Campus-Versailles-140x140.png 140w, https:\/\/www.lesrencontreseconomiques.fr\/wp-content\/uploads\/2025\/03\/11-Logo-Campus-Versailles-150x150.png 150w, https:\/\/www.lesrencontreseconomiques.fr\/wp-content\/uploads\/2025\/03\/11-Logo-Campus-Versailles.png 225w\" sizes=\"auto, (max-width: 140px) 100vw, 140px\" \/>\t\t\t\t\t<\/a>\n\t\t\t\t<\/li>\n<li>\n\t\t\t\t\t<a href=\"https:\/\/tdte.fr\" target=\"_blank\"><br \/>\n\t\t\t\t\t\t<img width=\"139\" height=\"140\" src=\"https:\/\/www.lesrencontreseconomiques.fr\/wp-content\/uploads\/2025\/03\/Capture-decran-2025-03-28-a-14.29.45-139x140.png\" class=\"attachment-partner-small size-partner-small\" alt=\"CHAIRE TDTE\" title=\"CHAIRE TDTE\" decoding=\"async\" loading=\"lazy\" srcset=\"https:\/\/www.lesrencontreseconomiques.fr\/wp-content\/uploads\/2025\/03\/Capture-decran-2025-03-28-a-14.29.45-139x140.png 139w, https:\/\/www.lesrencontreseconomiques.fr\/wp-content\/uploads\/2025\/03\/Capture-decran-2025-03-28-a-14.29.45-490x493.png 490w, https:\/\/www.lesrencontreseconomiques.fr\/wp-content\/uploads\/2025\/03\/Capture-decran-2025-03-28-a-14.29.45-150x150.png 150w, https:\/\/www.lesrencontreseconomiques.fr\/wp-content\/uploads\/2025\/03\/Capture-decran-2025-03-28-a-14.29.45-224x225.png 224w, https:\/\/www.lesrencontreseconomiques.fr\/wp-content\/uploads\/2025\/03\/Capture-decran-2025-03-28-a-14.29.45-290x290.png 290w, https:\/\/www.lesrencontreseconomiques.fr\/wp-content\/uploads\/2025\/03\/Capture-decran-2025-03-28-a-14.29.45.png 616w\" sizes=\"auto, (max-width: 139px) 100vw, 139px\" \/>\t\t\t\t\t<\/a>\n\t\t\t\t<\/li>\n<li>\n\t\t\t\t\t<a href=\"https:\/\/www.citedeschances.org\" target=\"_blank\"><br \/>\n\t\t\t\t\t\t<img width=\"176\" height=\"140\" src=\"https:\/\/www.lesrencontreseconomiques.fr\/wp-content\/uploads\/2025\/03\/12-Logo-Cite-des-Chances-176x140.png\" class=\"attachment-partner-small size-partner-small\" alt=\"CIT\u00c9 DES CHANCES\" title=\"CIT\u00c9 DES CHANCES\" decoding=\"async\" loading=\"lazy\" srcset=\"https:\/\/www.lesrencontreseconomiques.fr\/wp-content\/uploads\/2025\/03\/12-Logo-Cite-des-Chances-176x140.png 176w, https:\/\/www.lesrencontreseconomiques.fr\/wp-content\/uploads\/2025\/03\/12-Logo-Cite-des-Chances-490x389.png 490w, https:\/\/www.lesrencontreseconomiques.fr\/wp-content\/uploads\/2025\/03\/12-Logo-Cite-des-Chances-224x178.png 224w, https:\/\/www.lesrencontreseconomiques.fr\/wp-content\/uploads\/2025\/03\/12-Logo-Cite-des-Chances.png 495w\" sizes=\"auto, (max-width: 176px) 100vw, 176px\" \/>\t\t\t\t\t<\/a>\n\t\t\t\t<\/li>\n<li>\n\t\t\t\t\t<a href=\"https:\/\/www.weareclimates.org\" target=\"_blank\"><br \/>\n\t\t\t\t\t\t<img width=\"140\" height=\"140\" src=\"https:\/\/www.lesrencontreseconomiques.fr\/wp-content\/uploads\/2025\/03\/14-Logo-Climates-140x140.jpg\" class=\"attachment-partner-small size-partner-small\" alt=\"CLIMATES\" title=\"CLIMATES\" decoding=\"async\" loading=\"lazy\" srcset=\"https:\/\/www.lesrencontreseconomiques.fr\/wp-content\/uploads\/2025\/03\/14-Logo-Climates-140x140.jpg 140w, https:\/\/www.lesrencontreseconomiques.fr\/wp-content\/uploads\/2025\/03\/14-Logo-Climates-150x150.jpg 150w, https:\/\/www.lesrencontreseconomiques.fr\/wp-content\/uploads\/2025\/03\/14-Logo-Climates.jpg 200w\" sizes=\"auto, (max-width: 140px) 100vw, 140px\" \/>\t\t\t\t\t<\/a>\n\t\t\t\t<\/li>\n<li>\n\t\t\t\t\t<a href=\"https:\/\/www.instagram.com\/climatosportifs\/\" target=\"_blank\"><br \/>\n\t\t\t\t\t\t<img width=\"140\" height=\"140\" src=\"https:\/\/www.lesrencontreseconomiques.fr\/wp-content\/uploads\/2025\/03\/15-Logo-Climatosportifs-140x140.jpeg\" class=\"attachment-partner-small size-partner-small\" alt=\"CLIMATOSPORTIFS\" title=\"CLIMATOSPORTIFS\" decoding=\"async\" loading=\"lazy\" srcset=\"https:\/\/www.lesrencontreseconomiques.fr\/wp-content\/uploads\/2025\/03\/15-Logo-Climatosportifs-140x140.jpeg 140w, https:\/\/www.lesrencontreseconomiques.fr\/wp-content\/uploads\/2025\/03\/15-Logo-Climatosportifs-490x490.jpeg 490w, https:\/\/www.lesrencontreseconomiques.fr\/wp-content\/uploads\/2025\/03\/15-Logo-Climatosportifs-150x150.jpeg 150w, https:\/\/www.lesrencontreseconomiques.fr\/wp-content\/uploads\/2025\/03\/15-Logo-Climatosportifs-224x224.jpeg 224w, https:\/\/www.lesrencontreseconomiques.fr\/wp-content\/uploads\/2025\/03\/15-Logo-Climatosportifs-290x290.jpeg 290w, https:\/\/www.lesrencontreseconomiques.fr\/wp-content\/uploads\/2025\/03\/15-Logo-Climatosportifs.jpeg 512w\" sizes=\"auto, (max-width: 140px) 100vw, 140px\" \/>\t\t\t\t\t<\/a>\n\t\t\t\t<\/li>\n<li>\n\t\t\t\t\t<a href=\"https:\/\/junior-entreprises.com\" target=\"_blank\"><br \/>\n\t\t\t\t\t\t<img width=\"250\" height=\"140\" src=\"https:\/\/www.lesrencontreseconomiques.fr\/wp-content\/uploads\/2025\/03\/17-Logo-CNJE-250x140.jpg\" class=\"attachment-partner-small size-partner-small\" alt=\"CONF\u00c9D\u00c9RATION NATIONALE DES JUNIORS ENTREPRISES\" title=\"CONF\u00c9D\u00c9RATION NATIONALE DES JUNIORS ENTREPRISES\" decoding=\"async\" loading=\"lazy\" srcset=\"https:\/\/www.lesrencontreseconomiques.fr\/wp-content\/uploads\/2025\/03\/17-Logo-CNJE-250x140.jpg 250w, https:\/\/www.lesrencontreseconomiques.fr\/wp-content\/uploads\/2025\/03\/17-Logo-CNJE-490x276.jpg 490w, https:\/\/www.lesrencontreseconomiques.fr\/wp-content\/uploads\/2025\/03\/17-Logo-CNJE-668x376.jpg 668w, https:\/\/www.lesrencontreseconomiques.fr\/wp-content\/uploads\/2025\/03\/17-Logo-CNJE-224x126.jpg 224w, https:\/\/www.lesrencontreseconomiques.fr\/wp-content\/uploads\/2025\/03\/17-Logo-CNJE.jpg 686w\" sizes=\"auto, (max-width: 250px) 100vw, 250px\" \/>\t\t\t\t\t<\/a>\n\t\t\t\t<\/li>\n<li>\n\t\t\t\t\t<a href=\"https:\/\/www.conferenceolivaint.fr\" target=\"_blank\"><br \/>\n\t\t\t\t\t\t<img width=\"140\" height=\"140\" src=\"https:\/\/www.lesrencontreseconomiques.fr\/wp-content\/uploads\/2025\/03\/18-Logo-Conference-Olivaint-140x140.jpg\" class=\"attachment-partner-small size-partner-small\" alt=\"CONFERENCE OLIVAINT\" title=\"CONFERENCE OLIVAINT\" decoding=\"async\" loading=\"lazy\" srcset=\"https:\/\/www.lesrencontreseconomiques.fr\/wp-content\/uploads\/2025\/03\/18-Logo-Conference-Olivaint-140x140.jpg 140w, https:\/\/www.lesrencontreseconomiques.fr\/wp-content\/uploads\/2025\/03\/18-Logo-Conference-Olivaint-150x150.jpg 150w, https:\/\/www.lesrencontreseconomiques.fr\/wp-content\/uploads\/2025\/03\/18-Logo-Conference-Olivaint-224x224.jpg 224w, https:\/\/www.lesrencontreseconomiques.fr\/wp-content\/uploads\/2025\/03\/18-Logo-Conference-Olivaint.jpg 280w\" sizes=\"auto, (max-width: 140px) 100vw, 140px\" \/>\t\t\t\t\t<\/a>\n\t\t\t\t<\/li>\n<li>\n\t\t\t\t\t<a href=\"https:\/\/destins-lies.org\" target=\"_blank\"><br \/>\n\t\t\t\t\t\t<img width=\"140\" height=\"140\" src=\"https:\/\/www.lesrencontreseconomiques.fr\/wp-content\/uploads\/2025\/03\/19-Logo-Destins-lies-140x140.jpg\" class=\"attachment-partner-small size-partner-small\" alt=\"DESTINS LI\u00c9S\" title=\"DESTINS LI\u00c9S\" decoding=\"async\" loading=\"lazy\" srcset=\"https:\/\/www.lesrencontreseconomiques.fr\/wp-content\/uploads\/2025\/03\/19-Logo-Destins-lies-140x140.jpg 140w, https:\/\/www.lesrencontreseconomiques.fr\/wp-content\/uploads\/2025\/03\/19-Logo-Destins-lies-150x150.jpg 150w, https:\/\/www.lesrencontreseconomiques.fr\/wp-content\/uploads\/2025\/03\/19-Logo-Destins-lies.jpg 200w\" sizes=\"auto, (max-width: 140px) 100vw, 140px\" \/>\t\t\t\t\t<\/a>\n\t\t\t\t<\/li>\n<li>\n\t\t\t\t\t<a href=\"https:\/\/www.linkedin.com\/company\/differentleaders\/?originalSubdomain=fr\" target=\"_blank\"><br \/>\n\t\t\t\t\t\t<img width=\"140\" height=\"140\" src=\"https:\/\/www.lesrencontreseconomiques.fr\/wp-content\/uploads\/2025\/03\/differentleaders_logo-140x140.jpeg\" class=\"attachment-partner-small size-partner-small\" alt=\"DIFFERENT LEADERS\" title=\"DIFFERENT LEADERS\" decoding=\"async\" loading=\"lazy\" srcset=\"https:\/\/www.lesrencontreseconomiques.fr\/wp-content\/uploads\/2025\/03\/differentleaders_logo-140x140.jpeg 140w, https:\/\/www.lesrencontreseconomiques.fr\/wp-content\/uploads\/2025\/03\/differentleaders_logo-150x150.jpeg 150w, https:\/\/www.lesrencontreseconomiques.fr\/wp-content\/uploads\/2025\/03\/differentleaders_logo.jpeg 200w\" sizes=\"auto, (max-width: 140px) 100vw, 140px\" \/>\t\t\t\t\t<\/a>\n\t\t\t\t<\/li>\n<li>\n\t\t\t\t\t<a href=\"https:\/\/diversidays.com\" target=\"_blank\"><br \/>\n\t\t\t\t\t\t<img width=\"250\" height=\"72\" src=\"https:\/\/www.lesrencontreseconomiques.fr\/wp-content\/uploads\/2025\/03\/21-Logo-Diversidays-250x72.png\" class=\"attachment-partner-small size-partner-small\" alt=\"DIVERSIDAYS\" title=\"DIVERSIDAYS\" decoding=\"async\" loading=\"lazy\" srcset=\"https:\/\/www.lesrencontreseconomiques.fr\/wp-content\/uploads\/2025\/03\/21-Logo-Diversidays-250x72.png 250w, https:\/\/www.lesrencontreseconomiques.fr\/wp-content\/uploads\/2025\/03\/21-Logo-Diversidays-490x142.png 490w, https:\/\/www.lesrencontreseconomiques.fr\/wp-content\/uploads\/2025\/03\/21-Logo-Diversidays-668x193.png 668w, https:\/\/www.lesrencontreseconomiques.fr\/wp-content\/uploads\/2025\/03\/21-Logo-Diversidays-224x65.png 224w, https:\/\/www.lesrencontreseconomiques.fr\/wp-content\/uploads\/2025\/03\/21-Logo-Diversidays.png 834w\" sizes=\"auto, (max-width: 250px) 100vw, 250px\" \/>\t\t\t\t\t<\/a>\n\t\t\t\t<\/li>\n<li>\n\t\t\t\t\t<a href=\"https:\/\/www.mines-stetienne.fr\" target=\"_blank\"><br \/>\n\t\t\t\t\t\t<img width=\"140\" height=\"140\" src=\"https:\/\/www.lesrencontreseconomiques.fr\/wp-content\/uploads\/2025\/03\/logo_minesstetienne.jpg-140x140.webp\" class=\"attachment-partner-small size-partner-small\" alt=\"ECOLE DES MINES DE SAINT-ETIENNE\" title=\"ECOLE DES MINES DE SAINT-ETIENNE\" decoding=\"async\" loading=\"lazy\" srcset=\"https:\/\/www.lesrencontreseconomiques.fr\/wp-content\/uploads\/2025\/03\/logo_minesstetienne.jpg-140x140.webp 140w, https:\/\/www.lesrencontreseconomiques.fr\/wp-content\/uploads\/2025\/03\/logo_minesstetienne.jpg-490x490.webp 490w, https:\/\/www.lesrencontreseconomiques.fr\/wp-content\/uploads\/2025\/03\/logo_minesstetienne.jpg-668x668.webp 668w, https:\/\/www.lesrencontreseconomiques.fr\/wp-content\/uploads\/2025\/03\/logo_minesstetienne.jpg-150x150.webp 150w, https:\/\/www.lesrencontreseconomiques.fr\/wp-content\/uploads\/2025\/03\/logo_minesstetienne.jpg-224x224.webp 224w, https:\/\/www.lesrencontreseconomiques.fr\/wp-content\/uploads\/2025\/03\/logo_minesstetienne.jpg-290x290.webp 290w, https:\/\/www.lesrencontreseconomiques.fr\/wp-content\/uploads\/2025\/03\/logo_minesstetienne.jpg.webp 1000w\" sizes=\"auto, (max-width: 140px) 100vw, 140px\" \/>\t\t\t\t\t<\/a>\n\t\t\t\t<\/li>\n<li>\n\t\t\t\t\t<a href=\"https:\/\/www.polytechnique.eduhttps:\/\/www.polytechnique.edu\" target=\"_blank\"><br \/>\n\t\t\t\t\t\t<img width=\"140\" height=\"140\" src=\"https:\/\/www.lesrencontreseconomiques.fr\/wp-content\/uploads\/2025\/03\/22-Logo-Ecole-Polytechnique-140x140.jpg\" class=\"attachment-partner-small size-partner-small\" alt=\"ECOLE POLYTECHNIQUE\" title=\"ECOLE POLYTECHNIQUE\" decoding=\"async\" loading=\"lazy\" srcset=\"https:\/\/www.lesrencontreseconomiques.fr\/wp-content\/uploads\/2025\/03\/22-Logo-Ecole-Polytechnique-140x140.jpg 140w, https:\/\/www.lesrencontreseconomiques.fr\/wp-content\/uploads\/2025\/03\/22-Logo-Ecole-Polytechnique-150x150.jpg 150w, https:\/\/www.lesrencontreseconomiques.fr\/wp-content\/uploads\/2025\/03\/22-Logo-Ecole-Polytechnique.jpg 200w\" sizes=\"auto, (max-width: 140px) 100vw, 140px\" \/>\t\t\t\t\t<\/a>\n\t\t\t\t<\/li>\n<li>\n\t\t\t\t\t<a href=\"https:\/\/escp.euhttps:\/\/escp.euhttps:\/\/escp.eu\" target=\"_blank\"><br \/>\n\t\t\t\t\t\t<img width=\"140\" height=\"140\" src=\"https:\/\/www.lesrencontreseconomiques.fr\/wp-content\/uploads\/2025\/03\/23-Logo-ESCP-140x140.jpg\" class=\"attachment-partner-small size-partner-small\" alt=\"ESCP\" title=\"ESCP\" decoding=\"async\" loading=\"lazy\" srcset=\"https:\/\/www.lesrencontreseconomiques.fr\/wp-content\/uploads\/2025\/03\/23-Logo-ESCP-140x140.jpg 140w, https:\/\/www.lesrencontreseconomiques.fr\/wp-content\/uploads\/2025\/03\/23-Logo-ESCP-150x150.jpg 150w, https:\/\/www.lesrencontreseconomiques.fr\/wp-content\/uploads\/2025\/03\/23-Logo-ESCP.jpg 200w\" sizes=\"auto, (max-width: 140px) 100vw, 140px\" \/>\t\t\t\t\t<\/a>\n\t\t\t\t<\/li>\n<li>\n\t\t\t\t\t<a href=\"https:\/\/www.essca.eu\" target=\"_blank\"><br \/>\n\t\t\t\t\t\t<img width=\"140\" height=\"140\" src=\"https:\/\/www.lesrencontreseconomiques.fr\/wp-content\/uploads\/2025\/03\/24-Logo-ESSCA-140x140.jpg\" class=\"attachment-partner-small size-partner-small\" alt=\"ESSCA\" title=\"ESSCA\" decoding=\"async\" loading=\"lazy\" srcset=\"https:\/\/www.lesrencontreseconomiques.fr\/wp-content\/uploads\/2025\/03\/24-Logo-ESSCA-140x140.jpg 140w, https:\/\/www.lesrencontreseconomiques.fr\/wp-content\/uploads\/2025\/03\/24-Logo-ESSCA-150x150.jpg 150w, https:\/\/www.lesrencontreseconomiques.fr\/wp-content\/uploads\/2025\/03\/24-Logo-ESSCA.jpg 200w\" sizes=\"auto, (max-width: 140px) 100vw, 140px\" \/>\t\t\t\t\t<\/a>\n\t\t\t\t<\/li>\n<li>\n\t\t\t\t\t<a href=\"https:\/\/www.extrastudent.com\" target=\"_blank\"><br \/>\n\t\t\t\t\t\t<img width=\"140\" height=\"140\" src=\"https:\/\/www.lesrencontreseconomiques.fr\/wp-content\/uploads\/2025\/03\/25-Logo-Extrastudent-140x140.jpg\" class=\"attachment-partner-small size-partner-small\" alt=\"EXTRASTUDENT\" title=\"EXTRASTUDENT\" decoding=\"async\" loading=\"lazy\" srcset=\"https:\/\/www.lesrencontreseconomiques.fr\/wp-content\/uploads\/2025\/03\/25-Logo-Extrastudent-140x140.jpg 140w, https:\/\/www.lesrencontreseconomiques.fr\/wp-content\/uploads\/2025\/03\/25-Logo-Extrastudent-150x150.jpg 150w, https:\/\/www.lesrencontreseconomiques.fr\/wp-content\/uploads\/2025\/03\/25-Logo-Extrastudent.jpg 200w\" sizes=\"auto, (max-width: 140px) 100vw, 140px\" \/>\t\t\t\t\t<\/a>\n\t\t\t\t<\/li>\n<li>\n\t\t\t\t\t<a href=\"https:\/\/www.fabriquespinoza.org\" target=\"_blank\"><br \/>\n\t\t\t\t\t\t<img width=\"140\" height=\"140\" src=\"https:\/\/www.lesrencontreseconomiques.fr\/wp-content\/uploads\/2025\/03\/26-Logo-La-Fabrique-Spinoza-140x140.jpg\" class=\"attachment-partner-small size-partner-small\" alt=\"FABRIQUE SPINOZA\" title=\"FABRIQUE SPINOZA\" decoding=\"async\" loading=\"lazy\" srcset=\"https:\/\/www.lesrencontreseconomiques.fr\/wp-content\/uploads\/2025\/03\/26-Logo-La-Fabrique-Spinoza-140x140.jpg 140w, https:\/\/www.lesrencontreseconomiques.fr\/wp-content\/uploads\/2025\/03\/26-Logo-La-Fabrique-Spinoza-150x150.jpg 150w, https:\/\/www.lesrencontreseconomiques.fr\/wp-content\/uploads\/2025\/03\/26-Logo-La-Fabrique-Spinoza.jpg 200w\" sizes=\"auto, (max-width: 140px) 100vw, 140px\" \/>\t\t\t\t\t<\/a>\n\t\t\t\t<\/li>\n<li>\n\t\t\t\t\t<a href=\"https:\/\/www.fondation-mozaik.org\" target=\"_blank\"><br \/>\n\t\t\t\t\t\t<img width=\"140\" height=\"140\" src=\"https:\/\/www.lesrencontreseconomiques.fr\/wp-content\/uploads\/2025\/03\/28-Logo-Fondation-Mozaik-140x140.jpg\" class=\"attachment-partner-small size-partner-small\" alt=\"FONDATION MOZAIK \" title=\"FONDATION MOZAIK \" decoding=\"async\" loading=\"lazy\" srcset=\"https:\/\/www.lesrencontreseconomiques.fr\/wp-content\/uploads\/2025\/03\/28-Logo-Fondation-Mozaik-140x140.jpg 140w, https:\/\/www.lesrencontreseconomiques.fr\/wp-content\/uploads\/2025\/03\/28-Logo-Fondation-Mozaik-150x150.jpg 150w, https:\/\/www.lesrencontreseconomiques.fr\/wp-content\/uploads\/2025\/03\/28-Logo-Fondation-Mozaik.jpg 200w\" sizes=\"auto, (max-width: 140px) 100vw, 140px\" \/>\t\t\t\t\t<\/a>\n\t\t\t\t<\/li>\n<li>\n\t\t\t\t\t<a href=\"https:\/\/fp21.fr\" target=\"_blank\"><br \/>\n\t\t\t\t\t\t<img width=\"140\" height=\"140\" src=\"https:\/\/www.lesrencontreseconomiques.fr\/wp-content\/uploads\/2025\/03\/cropped-FP21Bleu-140x140.png\" class=\"attachment-partner-small size-partner-small\" alt=\"FONCTION PUBLIQUE DU 21\u00e8me SIECLE FP21 \" title=\"FONCTION PUBLIQUE DU 21\u00e8me SIECLE FP21 \" decoding=\"async\" loading=\"lazy\" srcset=\"https:\/\/www.lesrencontreseconomiques.fr\/wp-content\/uploads\/2025\/03\/cropped-FP21Bleu-140x140.png 140w, https:\/\/www.lesrencontreseconomiques.fr\/wp-content\/uploads\/2025\/03\/cropped-FP21Bleu-490x490.png 490w, https:\/\/www.lesrencontreseconomiques.fr\/wp-content\/uploads\/2025\/03\/cropped-FP21Bleu-668x668.png 668w, https:\/\/www.lesrencontreseconomiques.fr\/wp-content\/uploads\/2025\/03\/cropped-FP21Bleu-150x150.png 150w, https:\/\/www.lesrencontreseconomiques.fr\/wp-content\/uploads\/2025\/03\/cropped-FP21Bleu-224x224.png 224w, https:\/\/www.lesrencontreseconomiques.fr\/wp-content\/uploads\/2025\/03\/cropped-FP21Bleu-290x290.png 290w, https:\/\/www.lesrencontreseconomiques.fr\/wp-content\/uploads\/2025\/03\/cropped-FP21Bleu.png 960w\" sizes=\"auto, (max-width: 140px) 100vw, 140px\" \/>\t\t\t\t\t<\/a>\n\t\t\t\t<\/li>\n<li>\n\t\t\t\t\t<a href=\"https:\/\/lafrenchtech.gouv.fr\/fr\/\" target=\"_blank\"><br \/>\n\t\t\t\t\t\t<img width=\"151\" height=\"140\" src=\"https:\/\/www.lesrencontreseconomiques.fr\/wp-content\/uploads\/2025\/03\/FT_logo-RS_1-151x140.png\" class=\"attachment-partner-small size-partner-small\" alt=\"FRENCH TECH\" title=\"FRENCH TECH\" decoding=\"async\" loading=\"lazy\" srcset=\"https:\/\/www.lesrencontreseconomiques.fr\/wp-content\/uploads\/2025\/03\/FT_logo-RS_1-151x140.png 151w, https:\/\/www.lesrencontreseconomiques.fr\/wp-content\/uploads\/2025\/03\/FT_logo-RS_1-490x453.png 490w, https:\/\/www.lesrencontreseconomiques.fr\/wp-content\/uploads\/2025\/03\/FT_logo-RS_1-224x207.png 224w, https:\/\/www.lesrencontreseconomiques.fr\/wp-content\/uploads\/2025\/03\/FT_logo-RS_1.png 643w\" sizes=\"auto, (max-width: 151px) 100vw, 151px\" \/>\t\t\t\t\t<\/a>\n\t\t\t\t<\/li>\n<li>\n\t\t\t\t\t<a href=\"https:\/\/www.linkedin.com\/company\/hec-economic-advisory\/?originalSubdomain=fr\" target=\"_blank\"><br \/>\n\t\t\t\t\t\t<img width=\"140\" height=\"140\" src=\"https:\/\/www.lesrencontreseconomiques.fr\/wp-content\/uploads\/2025\/03\/30-Logo-HEC-Economic-Advisory-140x140.jpg\" class=\"attachment-partner-small size-partner-small\" alt=\"HEC ECONOMIC ADVISORY\" title=\"HEC ECONOMIC ADVISORY\" decoding=\"async\" loading=\"lazy\" srcset=\"https:\/\/www.lesrencontreseconomiques.fr\/wp-content\/uploads\/2025\/03\/30-Logo-HEC-Economic-Advisory-140x140.jpg 140w, https:\/\/www.lesrencontreseconomiques.fr\/wp-content\/uploads\/2025\/03\/30-Logo-HEC-Economic-Advisory-150x150.jpg 150w, https:\/\/www.lesrencontreseconomiques.fr\/wp-content\/uploads\/2025\/03\/30-Logo-HEC-Economic-Advisory.jpg 200w\" sizes=\"auto, (max-width: 140px) 100vw, 140px\" \/>\t\t\t\t\t<\/a>\n\t\t\t\t<\/li>\n<li>\n\t\t\t\t\t<a href=\"https:\/\/france.generation.org\" target=\"_blank\"><br \/>\n\t\t\t\t\t\t<img width=\"140\" height=\"140\" src=\"https:\/\/www.lesrencontreseconomiques.fr\/wp-content\/uploads\/2025\/03\/31-Logo-Generation-France-140x140.jpg\" class=\"attachment-partner-small size-partner-small\" alt=\"GENERATION FRANCE \" title=\"GENERATION FRANCE \" decoding=\"async\" loading=\"lazy\" srcset=\"https:\/\/www.lesrencontreseconomiques.fr\/wp-content\/uploads\/2025\/03\/31-Logo-Generation-France-140x140.jpg 140w, https:\/\/www.lesrencontreseconomiques.fr\/wp-content\/uploads\/2025\/03\/31-Logo-Generation-France-150x150.jpg 150w, https:\/\/www.lesrencontreseconomiques.fr\/wp-content\/uploads\/2025\/03\/31-Logo-Generation-France.jpg 200w\" sizes=\"auto, (max-width: 140px) 100vw, 140px\" \/>\t\t\t\t\t<\/a>\n\t\t\t\t<\/li>\n<li>\n\t\t\t\t\t<a href=\"https:\/\/www.ghettup.fr\" target=\"_blank\"><br \/>\n\t\t\t\t\t\t<img width=\"140\" height=\"140\" src=\"https:\/\/www.lesrencontreseconomiques.fr\/wp-content\/uploads\/2025\/03\/18_logo_1615805108-140x140.png\" class=\"attachment-partner-small size-partner-small\" alt=\"GHETT\u2019UP\" title=\"GHETT\u2019UP\" decoding=\"async\" loading=\"lazy\" srcset=\"https:\/\/www.lesrencontreseconomiques.fr\/wp-content\/uploads\/2025\/03\/18_logo_1615805108-140x140.png 140w, https:\/\/www.lesrencontreseconomiques.fr\/wp-content\/uploads\/2025\/03\/18_logo_1615805108-490x490.png 490w, https:\/\/www.lesrencontreseconomiques.fr\/wp-content\/uploads\/2025\/03\/18_logo_1615805108-668x668.png 668w, https:\/\/www.lesrencontreseconomiques.fr\/wp-content\/uploads\/2025\/03\/18_logo_1615805108-150x150.png 150w, https:\/\/www.lesrencontreseconomiques.fr\/wp-content\/uploads\/2025\/03\/18_logo_1615805108-224x224.png 224w, https:\/\/www.lesrencontreseconomiques.fr\/wp-content\/uploads\/2025\/03\/18_logo_1615805108-290x290.png 290w, https:\/\/www.lesrencontreseconomiques.fr\/wp-content\/uploads\/2025\/03\/18_logo_1615805108.png 1182w\" sizes=\"auto, (max-width: 140px) 100vw, 140px\" \/>\t\t\t\t\t<\/a>\n\t\t\t\t<\/li>\n<li>\n\t\t\t\t\t<a href=\"https:\/\/www.engagement.fr\" target=\"_blank\"><br \/>\n\t\t\t\t\t\t<img width=\"227\" height=\"140\" src=\"https:\/\/www.lesrencontreseconomiques.fr\/wp-content\/uploads\/2025\/03\/Logo-Institut-de-lEngagement-Principal-Vertical-227x140.png\" class=\"attachment-partner-small size-partner-small\" alt=\"INSTITUT DE L\u2019ENGAGEMENT\" title=\"INSTITUT DE L\u2019ENGAGEMENT\" decoding=\"async\" loading=\"lazy\" srcset=\"https:\/\/www.lesrencontreseconomiques.fr\/wp-content\/uploads\/2025\/03\/Logo-Institut-de-lEngagement-Principal-Vertical-227x140.png 227w, https:\/\/www.lesrencontreseconomiques.fr\/wp-content\/uploads\/2025\/03\/Logo-Institut-de-lEngagement-Principal-Vertical-490x302.png 490w, https:\/\/www.lesrencontreseconomiques.fr\/wp-content\/uploads\/2025\/03\/Logo-Institut-de-lEngagement-Principal-Vertical-668x412.png 668w, https:\/\/www.lesrencontreseconomiques.fr\/wp-content\/uploads\/2025\/03\/Logo-Institut-de-lEngagement-Principal-Vertical-1536x948.png 1536w, https:\/\/www.lesrencontreseconomiques.fr\/wp-content\/uploads\/2025\/03\/Logo-Institut-de-lEngagement-Principal-Vertical-224x138.png 224w, https:\/\/www.lesrencontreseconomiques.fr\/wp-content\/uploads\/2025\/03\/Logo-Institut-de-lEngagement-Principal-Vertical.png 1600w\" sizes=\"auto, (max-width: 227px) 100vw, 227px\" \/>\t\t\t\t\t<\/a>\n\t\t\t\t<\/li>\n<li>\n\t\t\t\t\t<a href=\"https:\/\/www.jcef.asso.fr\" target=\"_blank\"><br \/>\n\t\t\t\t\t\t<img width=\"140\" height=\"140\" src=\"https:\/\/www.lesrencontreseconomiques.fr\/wp-content\/uploads\/2025\/03\/36-Logo-JCEF-140x140.png\" class=\"attachment-partner-small size-partner-small\" alt=\"EUNE CHAMBRE ECONOMIQUE FRANCAISE\" title=\"EUNE CHAMBRE ECONOMIQUE FRANCAISE\" decoding=\"async\" loading=\"lazy\" srcset=\"https:\/\/www.lesrencontreseconomiques.fr\/wp-content\/uploads\/2025\/03\/36-Logo-JCEF-140x140.png 140w, https:\/\/www.lesrencontreseconomiques.fr\/wp-content\/uploads\/2025\/03\/36-Logo-JCEF-150x150.png 150w, https:\/\/www.lesrencontreseconomiques.fr\/wp-content\/uploads\/2025\/03\/36-Logo-JCEF.png 225w\" sizes=\"auto, (max-width: 140px) 100vw, 140px\" \/>\t\t\t\t\t<\/a>\n\t\t\t\t<\/li>\n<li>\n\t\t\t\t\t<a href=\"https:\/\/www.jmafrique.org\" target=\"_blank\"><br \/>\n\t\t\t\t\t\t<img width=\"238\" height=\"140\" src=\"https:\/\/www.lesrencontreseconomiques.fr\/wp-content\/uploads\/2025\/03\/35-Logo-JMA-238x140.jpg\" class=\"attachment-partner-small size-partner-small\" alt=\"JE M\u2019ENGAGE POUR L\u2019AFRIQUE\" title=\"JE M\u2019ENGAGE POUR L\u2019AFRIQUE\" decoding=\"async\" loading=\"lazy\" srcset=\"https:\/\/www.lesrencontreseconomiques.fr\/wp-content\/uploads\/2025\/03\/35-Logo-JMA-238x140.jpg 238w, https:\/\/www.lesrencontreseconomiques.fr\/wp-content\/uploads\/2025\/03\/35-Logo-JMA-490x288.jpg 490w, https:\/\/www.lesrencontreseconomiques.fr\/wp-content\/uploads\/2025\/03\/35-Logo-JMA-668x393.jpg 668w, https:\/\/www.lesrencontreseconomiques.fr\/wp-content\/uploads\/2025\/03\/35-Logo-JMA-224x132.jpg 224w, https:\/\/www.lesrencontreseconomiques.fr\/wp-content\/uploads\/2025\/03\/35-Logo-JMA.jpg 1004w\" sizes=\"auto, (max-width: 238px) 100vw, 238px\" \/>\t\t\t\t\t<\/a>\n\t\t\t\t<\/li>\n<li>\n\t\t\t\t\t<a href=\"https:\/\/www.google.com\/?client=safari\" target=\"_blank\"><br \/>\n\t\t\t\t\t\t<img width=\"217\" height=\"140\" src=\"https:\/\/www.lesrencontreseconomiques.fr\/wp-content\/uploads\/2025\/03\/37-Logo-Jumps-217x140.png\" class=\"attachment-partner-small size-partner-small\" alt=\"JUMPS\" title=\"JUMPS\" decoding=\"async\" loading=\"lazy\" srcset=\"https:\/\/www.lesrencontreseconomiques.fr\/wp-content\/uploads\/2025\/03\/37-Logo-Jumps-217x140.png 217w, https:\/\/www.lesrencontreseconomiques.fr\/wp-content\/uploads\/2025\/03\/37-Logo-Jumps-490x316.png 490w, https:\/\/www.lesrencontreseconomiques.fr\/wp-content\/uploads\/2025\/03\/37-Logo-Jumps-668x431.png 668w, https:\/\/www.lesrencontreseconomiques.fr\/wp-content\/uploads\/2025\/03\/37-Logo-Jumps-224x144.png 224w, https:\/\/www.lesrencontreseconomiques.fr\/wp-content\/uploads\/2025\/03\/37-Logo-Jumps.png 1000w\" sizes=\"auto, (max-width: 217px) 100vw, 217px\" \/>\t\t\t\t\t<\/a>\n\t\t\t\t<\/li>\n<li>\n\t\t\t\t\t<a href=\"https:\/\/www.lacorneille.fr\" target=\"_blank\"><br \/>\n\t\t\t\t\t\t<img width=\"140\" height=\"140\" src=\"https:\/\/www.lesrencontreseconomiques.fr\/wp-content\/uploads\/2025\/03\/38-Logo-La-Corneille-140x140.jpg\" class=\"attachment-partner-small size-partner-small\" alt=\"LA CORNEILLE\" title=\"LA CORNEILLE\" decoding=\"async\" loading=\"lazy\" srcset=\"https:\/\/www.lesrencontreseconomiques.fr\/wp-content\/uploads\/2025\/03\/38-Logo-La-Corneille-140x140.jpg 140w, https:\/\/www.lesrencontreseconomiques.fr\/wp-content\/uploads\/2025\/03\/38-Logo-La-Corneille-150x150.jpg 150w, https:\/\/www.lesrencontreseconomiques.fr\/wp-content\/uploads\/2025\/03\/38-Logo-La-Corneille.jpg 200w\" sizes=\"auto, (max-width: 140px) 100vw, 140px\" \/>\t\t\t\t\t<\/a>\n\t\t\t\t<\/li>\n<li>\n\t\t\t\t\t<a href=\"https:\/\/pactemondial.org\" target=\"_blank\"><br \/>\n\t\t\t\t\t\t<img width=\"250\" height=\"85\" src=\"https:\/\/www.lesrencontreseconomiques.fr\/wp-content\/uploads\/2025\/03\/39-Logo_Pacte-Mondial_Reseau-France-250x85.png\" class=\"attachment-partner-small size-partner-small\" alt=\"LE PACTE MONDIAL DE L\u2019ONU\" title=\"LE PACTE MONDIAL DE L\u2019ONU\" decoding=\"async\" loading=\"lazy\" srcset=\"https:\/\/www.lesrencontreseconomiques.fr\/wp-content\/uploads\/2025\/03\/39-Logo_Pacte-Mondial_Reseau-France-250x85.png 250w, https:\/\/www.lesrencontreseconomiques.fr\/wp-content\/uploads\/2025\/03\/39-Logo_Pacte-Mondial_Reseau-France-490x167.png 490w, https:\/\/www.lesrencontreseconomiques.fr\/wp-content\/uploads\/2025\/03\/39-Logo_Pacte-Mondial_Reseau-France-668x228.png 668w, https:\/\/www.lesrencontreseconomiques.fr\/wp-content\/uploads\/2025\/03\/39-Logo_Pacte-Mondial_Reseau-France-1536x523.png 1536w, https:\/\/www.lesrencontreseconomiques.fr\/wp-content\/uploads\/2025\/03\/39-Logo_Pacte-Mondial_Reseau-France-224x76.png 224w, https:\/\/www.lesrencontreseconomiques.fr\/wp-content\/uploads\/2025\/03\/39-Logo_Pacte-Mondial_Reseau-France.png 1600w\" sizes=\"auto, (max-width: 250px) 100vw, 250px\" \/>\t\t\t\t\t<\/a>\n\t\t\t\t<\/li>\n<li>\n\t\t\t\t\t<a href=\"https:\/\/www.lespepitesvertes.fr\" target=\"_blank\"><br \/>\n\t\t\t\t\t\t<img width=\"140\" height=\"140\" src=\"https:\/\/www.lesrencontreseconomiques.fr\/wp-content\/uploads\/2025\/03\/53-Logo-Les-Pepites-Vertes-140x140.png\" class=\"attachment-partner-small size-partner-small\" alt=\"LES PEPITES VERTES\" title=\"LES PEPITES VERTES\" decoding=\"async\" loading=\"lazy\" srcset=\"https:\/\/www.lesrencontreseconomiques.fr\/wp-content\/uploads\/2025\/03\/53-Logo-Les-Pepites-Vertes-140x140.png 140w, https:\/\/www.lesrencontreseconomiques.fr\/wp-content\/uploads\/2025\/03\/53-Logo-Les-Pepites-Vertes-490x490.png 490w, https:\/\/www.lesrencontreseconomiques.fr\/wp-content\/uploads\/2025\/03\/53-Logo-Les-Pepites-Vertes-668x668.png 668w, https:\/\/www.lesrencontreseconomiques.fr\/wp-content\/uploads\/2025\/03\/53-Logo-Les-Pepites-Vertes-150x150.png 150w, https:\/\/www.lesrencontreseconomiques.fr\/wp-content\/uploads\/2025\/03\/53-Logo-Les-Pepites-Vertes-224x224.png 224w, https:\/\/www.lesrencontreseconomiques.fr\/wp-content\/uploads\/2025\/03\/53-Logo-Les-Pepites-Vertes-290x290.png 290w, https:\/\/www.lesrencontreseconomiques.fr\/wp-content\/uploads\/2025\/03\/53-Logo-Les-Pepites-Vertes.png 1080w\" sizes=\"auto, (max-width: 140px) 100vw, 140px\" \/>\t\t\t\t\t<\/a>\n\t\t\t\t<\/li>\n<li>\n\t\t\t\t\t<a href=\"https:\/\/www.les42.com\" target=\"_blank\"><br \/>\n\t\t\t\t\t\t<img width=\"184\" height=\"140\" src=\"https:\/\/www.lesrencontreseconomiques.fr\/wp-content\/uploads\/2025\/03\/40-Logo-Les-42-184x140.png\" class=\"attachment-partner-small size-partner-small\" alt=\"LES 42\" title=\"LES 42\" decoding=\"async\" loading=\"lazy\" srcset=\"https:\/\/www.lesrencontreseconomiques.fr\/wp-content\/uploads\/2025\/03\/40-Logo-Les-42-184x140.png 184w, https:\/\/www.lesrencontreseconomiques.fr\/wp-content\/uploads\/2025\/03\/40-Logo-Les-42-224x170.png 224w, https:\/\/www.lesrencontreseconomiques.fr\/wp-content\/uploads\/2025\/03\/40-Logo-Les-42.png 304w\" sizes=\"auto, (max-width: 184px) 100vw, 184px\" \/>\t\t\t\t\t<\/a>\n\t\t\t\t<\/li>\n<li>\n\t\t\t\t\t<a href=\"https:\/\/www.lesdetermines.fr\" target=\"_blank\"><br \/>\n\t\t\t\t\t\t<img width=\"250\" height=\"79\" src=\"https:\/\/www.lesrencontreseconomiques.fr\/wp-content\/uploads\/2025\/03\/42-Logo-Les-Determines-250x79.png\" class=\"attachment-partner-small size-partner-small\" alt=\"LES D\u00c9TERMIN\u00c9S\" title=\"LES D\u00c9TERMIN\u00c9S\" decoding=\"async\" loading=\"lazy\" srcset=\"https:\/\/www.lesrencontreseconomiques.fr\/wp-content\/uploads\/2025\/03\/42-Logo-Les-Determines-250x79.png 250w, https:\/\/www.lesrencontreseconomiques.fr\/wp-content\/uploads\/2025\/03\/42-Logo-Les-Determines-224x71.png 224w, https:\/\/www.lesrencontreseconomiques.fr\/wp-content\/uploads\/2025\/03\/42-Logo-Les-Determines.png 400w\" sizes=\"auto, (max-width: 250px) 100vw, 250px\" \/>\t\t\t\t\t<\/a>\n\t\t\t\t<\/li>\n<li>\n\t\t\t\t\t<a href=\"https:\/\/livelove.org\" target=\"_blank\"><br \/>\n\t\t\t\t\t\t<img width=\"140\" height=\"140\" src=\"https:\/\/www.lesrencontreseconomiques.fr\/wp-content\/uploads\/2025\/03\/43-Logo-Live-Love-140x140.jpg\" class=\"attachment-partner-small size-partner-small\" alt=\"LIVE LOVE\" title=\"LIVE LOVE\" decoding=\"async\" loading=\"lazy\" srcset=\"https:\/\/www.lesrencontreseconomiques.fr\/wp-content\/uploads\/2025\/03\/43-Logo-Live-Love-140x140.jpg 140w, https:\/\/www.lesrencontreseconomiques.fr\/wp-content\/uploads\/2025\/03\/43-Logo-Live-Love-150x150.jpg 150w, https:\/\/www.lesrencontreseconomiques.fr\/wp-content\/uploads\/2025\/03\/43-Logo-Live-Love.jpg 200w\" sizes=\"auto, (max-width: 140px) 100vw, 140px\" \/>\t\t\t\t\t<\/a>\n\t\t\t\t<\/li>\n<li>\n\t\t\t\t\t<a href=\"https:\/\/www.meetmymentor.fr\" target=\"_blank\"><br \/>\n\t\t\t\t\t\t<img width=\"140\" height=\"140\" src=\"https:\/\/www.lesrencontreseconomiques.fr\/wp-content\/uploads\/2025\/03\/44-Logo-Meet-my-Mentor-140x140.jpeg\" class=\"attachment-partner-small size-partner-small\" alt=\"MEET MY MENTOR\" title=\"MEET MY MENTOR\" decoding=\"async\" loading=\"lazy\" srcset=\"https:\/\/www.lesrencontreseconomiques.fr\/wp-content\/uploads\/2025\/03\/44-Logo-Meet-my-Mentor-140x140.jpeg 140w, https:\/\/www.lesrencontreseconomiques.fr\/wp-content\/uploads\/2025\/03\/44-Logo-Meet-my-Mentor-150x150.jpeg 150w, https:\/\/www.lesrencontreseconomiques.fr\/wp-content\/uploads\/2025\/03\/44-Logo-Meet-my-Mentor.jpeg 200w\" sizes=\"auto, (max-width: 140px) 100vw, 140px\" \/>\t\t\t\t\t<\/a>\n\t\t\t\t<\/li>\n<li>\n\t\t\t\t\t<a href=\"https:\/\/www.linkedin.com\/company\/melting-pot1?originalSubdomain=fr\" target=\"_blank\"><br \/>\n\t\t\t\t\t\t<img width=\"140\" height=\"140\" src=\"https:\/\/www.lesrencontreseconomiques.fr\/wp-content\/uploads\/2025\/03\/45-Logo-MeltingPot-140x140.jpeg\" class=\"attachment-partner-small size-partner-small\" alt=\"MELTING POT\" title=\"MELTING POT\" decoding=\"async\" loading=\"lazy\" srcset=\"https:\/\/www.lesrencontreseconomiques.fr\/wp-content\/uploads\/2025\/03\/45-Logo-MeltingPot-140x140.jpeg 140w, https:\/\/www.lesrencontreseconomiques.fr\/wp-content\/uploads\/2025\/03\/45-Logo-MeltingPot-150x150.jpeg 150w, https:\/\/www.lesrencontreseconomiques.fr\/wp-content\/uploads\/2025\/03\/45-Logo-MeltingPot.jpeg 200w\" sizes=\"auto, (max-width: 140px) 100vw, 140px\" \/>\t\t\t\t\t<\/a>\n\t\t\t\t<\/li>\n<li>\n\t\t\t\t\t<a href=\"https:\/\/www.moovjee.fr\" target=\"_blank\"><br \/>\n\t\t\t\t\t\t<img width=\"140\" height=\"140\" src=\"https:\/\/www.lesrencontreseconomiques.fr\/wp-content\/uploads\/2025\/03\/47-Logo-Moovjee-140x140.jpg\" class=\"attachment-partner-small size-partner-small\" alt=\"MOOVJEE\" title=\"MOOVJEE\" decoding=\"async\" loading=\"lazy\" srcset=\"https:\/\/www.lesrencontreseconomiques.fr\/wp-content\/uploads\/2025\/03\/47-Logo-Moovjee-140x140.jpg 140w, https:\/\/www.lesrencontreseconomiques.fr\/wp-content\/uploads\/2025\/03\/47-Logo-Moovjee-150x150.jpg 150w, https:\/\/www.lesrencontreseconomiques.fr\/wp-content\/uploads\/2025\/03\/47-Logo-Moovjee.jpg 200w\" sizes=\"auto, (max-width: 140px) 100vw, 140px\" \/>\t\t\t\t\t<\/a>\n\t\t\t\t<\/li>\n<li>\n\t\t\t\t\t<a href=\"https:\/\/www.one.org\/fr\/\" target=\"_blank\"><br \/>\n\t\t\t\t\t\t<img width=\"140\" height=\"140\" src=\"https:\/\/www.lesrencontreseconomiques.fr\/wp-content\/uploads\/2025\/03\/48-Logo-One-Campaign-140x140.jpg\" class=\"attachment-partner-small size-partner-small\" alt=\"ONE CAMPAIGN\" title=\"ONE CAMPAIGN\" decoding=\"async\" loading=\"lazy\" srcset=\"https:\/\/www.lesrencontreseconomiques.fr\/wp-content\/uploads\/2025\/03\/48-Logo-One-Campaign-140x140.jpg 140w, https:\/\/www.lesrencontreseconomiques.fr\/wp-content\/uploads\/2025\/03\/48-Logo-One-Campaign-150x150.jpg 150w, https:\/\/www.lesrencontreseconomiques.fr\/wp-content\/uploads\/2025\/03\/48-Logo-One-Campaign.jpg 200w\" sizes=\"auto, (max-width: 140px) 100vw, 140px\" \/>\t\t\t\t\t<\/a>\n\t\t\t\t<\/li>\n<li>\n\t\t\t\t\t<a href=\"https:\/\/www.openpolitics.fr\" target=\"_blank\"><br \/>\n\t\t\t\t\t\t<img width=\"140\" height=\"140\" src=\"https:\/\/www.lesrencontreseconomiques.fr\/wp-content\/uploads\/2025\/03\/49-Logo-Open-Politics-140x140.jpg\" class=\"attachment-partner-small size-partner-small\" alt=\"OPEN POLITICS\" title=\"OPEN POLITICS\" decoding=\"async\" loading=\"lazy\" srcset=\"https:\/\/www.lesrencontreseconomiques.fr\/wp-content\/uploads\/2025\/03\/49-Logo-Open-Politics-140x140.jpg 140w, https:\/\/www.lesrencontreseconomiques.fr\/wp-content\/uploads\/2025\/03\/49-Logo-Open-Politics-150x150.jpg 150w, https:\/\/www.lesrencontreseconomiques.fr\/wp-content\/uploads\/2025\/03\/49-Logo-Open-Politics.jpg 200w\" sizes=\"auto, (max-width: 140px) 100vw, 140px\" \/>\t\t\t\t\t<\/a>\n\t\t\t\t<\/li>\n<li>\n\t\t\t\t\t<a href=\"https:\/\/www.ofaj.org\" target=\"_blank\"><br \/>\n\t\t\t\t\t\t<img width=\"140\" height=\"140\" src=\"https:\/\/www.lesrencontreseconomiques.fr\/wp-content\/uploads\/2025\/03\/50-Logo-OFAJ-140x140.jpg\" class=\"attachment-partner-small size-partner-small\" alt=\"OFAJ\" title=\"OFAJ\" decoding=\"async\" loading=\"lazy\" srcset=\"https:\/\/www.lesrencontreseconomiques.fr\/wp-content\/uploads\/2025\/03\/50-Logo-OFAJ-140x140.jpg 140w, https:\/\/www.lesrencontreseconomiques.fr\/wp-content\/uploads\/2025\/03\/50-Logo-OFAJ-150x150.jpg 150w, https:\/\/www.lesrencontreseconomiques.fr\/wp-content\/uploads\/2025\/03\/50-Logo-OFAJ.jpg 200w\" sizes=\"auto, (max-width: 140px) 100vw, 140px\" \/>\t\t\t\t\t<\/a>\n\t\t\t\t<\/li>\n<li>\n\t\t\t\t\t<a href=\"https:\/\/www.leparlementdesjeunes.com\" target=\"_blank\"><br \/>\n\t\t\t\t\t\t<img width=\"250\" height=\"79\" src=\"https:\/\/www.lesrencontreseconomiques.fr\/wp-content\/uploads\/2025\/03\/51-Logo-Parlement-des-Jeunes-250x79.png\" class=\"attachment-partner-small size-partner-small\" alt=\"PARLEMENT DES JEUNES\" title=\"PARLEMENT DES JEUNES\" decoding=\"async\" loading=\"lazy\" srcset=\"https:\/\/www.lesrencontreseconomiques.fr\/wp-content\/uploads\/2025\/03\/51-Logo-Parlement-des-Jeunes-250x79.png 250w, https:\/\/www.lesrencontreseconomiques.fr\/wp-content\/uploads\/2025\/03\/51-Logo-Parlement-des-Jeunes-224x70.png 224w, https:\/\/www.lesrencontreseconomiques.fr\/wp-content\/uploads\/2025\/03\/51-Logo-Parlement-des-Jeunes.png 484w\" sizes=\"auto, (max-width: 250px) 100vw, 250px\" \/>\t\t\t\t\t<\/a>\n\t\t\t\t<\/li>\n<li>\n\t\t\t\t\t<a href=\"https:\/\/www.policycenter.ma\" target=\"_blank\"><br \/>\n\t\t\t\t\t\t<img width=\"250\" height=\"74\" src=\"https:\/\/www.lesrencontreseconomiques.fr\/wp-content\/uploads\/2025\/03\/52-Logo-PCNS-250x74.png\" class=\"attachment-partner-small size-partner-small\" alt=\"PCNS\" title=\"PCNS\" decoding=\"async\" loading=\"lazy\" srcset=\"https:\/\/www.lesrencontreseconomiques.fr\/wp-content\/uploads\/2025\/03\/52-Logo-PCNS-250x74.png 250w, https:\/\/www.lesrencontreseconomiques.fr\/wp-content\/uploads\/2025\/03\/52-Logo-PCNS-490x145.png 490w, https:\/\/www.lesrencontreseconomiques.fr\/wp-content\/uploads\/2025\/03\/52-Logo-PCNS-668x198.png 668w, https:\/\/www.lesrencontreseconomiques.fr\/wp-content\/uploads\/2025\/03\/52-Logo-PCNS-224x66.png 224w, https:\/\/www.lesrencontreseconomiques.fr\/wp-content\/uploads\/2025\/03\/52-Logo-PCNS.png 900w\" sizes=\"auto, (max-width: 250px) 100vw, 250px\" \/>\t\t\t\t\t<\/a>\n\t\t\t\t<\/li>\n<li>\n\t\t\t\t\t<a href=\"https:\/\/www.prometheeeducation.com\" target=\"_blank\"><br \/>\n\t\t\t\t\t\t<img width=\"146\" height=\"140\" src=\"https:\/\/www.lesrencontreseconomiques.fr\/wp-content\/uploads\/2025\/03\/54-Logo-Promethee-education-146x140.webp\" class=\"attachment-partner-small size-partner-small\" alt=\"PROMETHEE\" title=\"PROMETHEE\" decoding=\"async\" loading=\"lazy\" srcset=\"https:\/\/www.lesrencontreseconomiques.fr\/wp-content\/uploads\/2025\/03\/54-Logo-Promethee-education-146x140.webp 146w, https:\/\/www.lesrencontreseconomiques.fr\/wp-content\/uploads\/2025\/03\/54-Logo-Promethee-education-224x215.webp 224w, https:\/\/www.lesrencontreseconomiques.fr\/wp-content\/uploads\/2025\/03\/54-Logo-Promethee-education.webp 300w\" sizes=\"auto, (max-width: 146px) 100vw, 146px\" \/>\t\t\t\t\t<\/a>\n\t\t\t\t<\/li>\n<li>\n\t\t\t\t\t<a href=\"https:\/\/le-reses.org\" target=\"_blank\"><br \/>\n\t\t\t\t\t\t<img width=\"108\" height=\"140\" src=\"https:\/\/www.lesrencontreseconomiques.fr\/wp-content\/uploads\/2025\/03\/logo-seo-108x140.png\" class=\"attachment-partner-small size-partner-small\" alt=\"RESES\" title=\"RESES\" decoding=\"async\" loading=\"lazy\" srcset=\"https:\/\/www.lesrencontreseconomiques.fr\/wp-content\/uploads\/2025\/03\/logo-seo-108x140.png 108w, https:\/\/www.lesrencontreseconomiques.fr\/wp-content\/uploads\/2025\/03\/logo-seo-224x290.png 224w, https:\/\/www.lesrencontreseconomiques.fr\/wp-content\/uploads\/2025\/03\/logo-seo.png 326w\" sizes=\"auto, (max-width: 108px) 100vw, 108px\" \/>\t\t\t\t\t<\/a>\n\t\t\t\t<\/li>\n<li>\n\t\t\t\t\t<a href=\"https:\/\/www.service-civique.gouv.fr\/?utm_source=dentsu_google&amp;utm_medium=cpc&amp;utm_campaign=2025-02-01-Recruter-SEA-ASC-FilRouge_MarquePure_Textuelle-614296&amp;gclsrc=aw.ds&amp;gad_source=1&amp;gbraid=0AAAAAD4Def5SNfsXbKCUvuvbro-HERwuR&amp;gclid=Cj0KCQjwkZm_BhDrARIsAAEbX1EFeTVGCB1TlwQm-PCDe6Xl75Mb4t1GDeCuZn56YkZm4OHecOG7AsMaAhBGEALw_wcB\" target=\"_blank\"><br \/>\n\t\t\t\t\t\t<img width=\"216\" height=\"140\" src=\"https:\/\/www.lesrencontreseconomiques.fr\/wp-content\/uploads\/2025\/03\/61-Logo-Service-Civique-216x140.png\" class=\"attachment-partner-small size-partner-small\" alt=\"SERVICE CIVIQUE\" title=\"SERVICE CIVIQUE\" decoding=\"async\" loading=\"lazy\" srcset=\"https:\/\/www.lesrencontreseconomiques.fr\/wp-content\/uploads\/2025\/03\/61-Logo-Service-Civique-216x140.png 216w, https:\/\/www.lesrencontreseconomiques.fr\/wp-content\/uploads\/2025\/03\/61-Logo-Service-Civique-224x145.png 224w, https:\/\/www.lesrencontreseconomiques.fr\/wp-content\/uploads\/2025\/03\/61-Logo-Service-Civique.png 340w\" sizes=\"auto, (max-width: 216px) 100vw, 216px\" \/>\t\t\t\t\t<\/a>\n\t\t\t\t<\/li>\n<li>\n\t\t\t\t\t<a href=\"https:\/\/www.sciencespo.fr\/fr\/actualites\/egalite-des-chances-talents\/\" target=\"_blank\"><br \/>\n\t\t\t\t\t\t<img width=\"250\" height=\"67\" src=\"https:\/\/www.lesrencontreseconomiques.fr\/wp-content\/uploads\/2025\/03\/60-Logo-Sciences-po-250x67.png\" class=\"attachment-partner-small size-partner-small\" alt=\"SCIENCES PO \u2013 P\u00d4LE EGALITE DES CHANCES\" title=\"SCIENCES PO \u2013 P\u00d4LE EGALITE DES CHANCES\" decoding=\"async\" loading=\"lazy\" srcset=\"https:\/\/www.lesrencontreseconomiques.fr\/wp-content\/uploads\/2025\/03\/60-Logo-Sciences-po-250x67.png 250w, https:\/\/www.lesrencontreseconomiques.fr\/wp-content\/uploads\/2025\/03\/60-Logo-Sciences-po-490x131.png 490w, https:\/\/www.lesrencontreseconomiques.fr\/wp-content\/uploads\/2025\/03\/60-Logo-Sciences-po-668x178.png 668w, https:\/\/www.lesrencontreseconomiques.fr\/wp-content\/uploads\/2025\/03\/60-Logo-Sciences-po-224x60.png 224w, https:\/\/www.lesrencontreseconomiques.fr\/wp-content\/uploads\/2025\/03\/60-Logo-Sciences-po.png 1024w\" sizes=\"auto, (max-width: 250px) 100vw, 250px\" \/>\t\t\t\t\t<\/a>\n\t\t\t\t<\/li>\n<li>\n\t\t\t\t\t<a href=\"https:\/\/www.studiava.com\/accueil\" target=\"_blank\"><br \/>\n\t\t\t\t\t\t<img width=\"140\" height=\"140\" src=\"https:\/\/www.lesrencontreseconomiques.fr\/wp-content\/uploads\/2025\/03\/62-Logo-Studiava-140x140.jpeg\" class=\"attachment-partner-small size-partner-small\" alt=\"STUDIAVA\" title=\"STUDIAVA\" decoding=\"async\" loading=\"lazy\" srcset=\"https:\/\/www.lesrencontreseconomiques.fr\/wp-content\/uploads\/2025\/03\/62-Logo-Studiava-140x140.jpeg 140w, https:\/\/www.lesrencontreseconomiques.fr\/wp-content\/uploads\/2025\/03\/62-Logo-Studiava-150x150.jpeg 150w, https:\/\/www.lesrencontreseconomiques.fr\/wp-content\/uploads\/2025\/03\/62-Logo-Studiava.jpeg 200w\" sizes=\"auto, (max-width: 140px) 100vw, 140px\" \/>\t\t\t\t\t<\/a>\n\t\t\t\t<\/li>\n<li>\n\t\t\t\t\t<a href=\"https:\/\/www.telemaque.org\" target=\"_blank\"><br \/>\n\t\t\t\t\t\t<img width=\"250\" height=\"53\" src=\"https:\/\/www.lesrencontreseconomiques.fr\/wp-content\/uploads\/2025\/03\/55-Logo-Telemaque-250x53.png\" class=\"attachment-partner-small size-partner-small\" alt=\"TELEMAQUE\" title=\"TELEMAQUE\" decoding=\"async\" loading=\"lazy\" srcset=\"https:\/\/www.lesrencontreseconomiques.fr\/wp-content\/uploads\/2025\/03\/55-Logo-Telemaque-250x53.png 250w, https:\/\/www.lesrencontreseconomiques.fr\/wp-content\/uploads\/2025\/03\/55-Logo-Telemaque-490x105.png 490w, https:\/\/www.lesrencontreseconomiques.fr\/wp-content\/uploads\/2025\/03\/55-Logo-Telemaque-224x48.png 224w, https:\/\/www.lesrencontreseconomiques.fr\/wp-content\/uploads\/2025\/03\/55-Logo-Telemaque.png 580w\" sizes=\"auto, (max-width: 250px) 100vw, 250px\" \/>\t\t\t\t\t<\/a>\n\t\t\t\t<\/li>\n<li>\n\t\t\t\t\t<a href=\"https:\/\/trouvetavoix.org\" target=\"_blank\"><br \/>\n\t\t\t\t\t\t<img width=\"140\" height=\"140\" src=\"https:\/\/www.lesrencontreseconomiques.fr\/wp-content\/uploads\/2025\/03\/cropped-Logo-TTV-300x300-1-140x140.png\" class=\"attachment-partner-small size-partner-small\" alt=\"TROUVE TA VOIX\" title=\"TROUVE TA VOIX\" decoding=\"async\" loading=\"lazy\" srcset=\"https:\/\/www.lesrencontreseconomiques.fr\/wp-content\/uploads\/2025\/03\/cropped-Logo-TTV-300x300-1-140x140.png 140w, https:\/\/www.lesrencontreseconomiques.fr\/wp-content\/uploads\/2025\/03\/cropped-Logo-TTV-300x300-1-150x150.png 150w, https:\/\/www.lesrencontreseconomiques.fr\/wp-content\/uploads\/2025\/03\/cropped-Logo-TTV-300x300-1-224x224.png 224w, https:\/\/www.lesrencontreseconomiques.fr\/wp-content\/uploads\/2025\/03\/cropped-Logo-TTV-300x300-1-290x290.png 290w, https:\/\/www.lesrencontreseconomiques.fr\/wp-content\/uploads\/2025\/03\/cropped-Logo-TTV-300x300-1.png 300w\" sizes=\"auto, (max-width: 140px) 100vw, 140px\" \/>\t\t\t\t\t<\/a>\n\t\t\t\t<\/li>\n<li>\n\t\t\t\t\t<a href=\"https:\/\/www.unevoiepourtous.org\/?utm_source=google&amp;utm_medium=wix-smart-campaign&amp;utm_campaign=campagne-google-ads-2024-12-19-8635477f&amp;gad_source=1&amp;gbraid=0AAAAAq3bklhMLkKGRR00nqybxIaClzGAp&amp;gclid=Cj0KCQjwkZm_BhDrARIsAAEbX1GfPQUC56Nhht3VdDmqrE-0WHoG1AwBwLEWQ-Qaj3NrpClciAxNgHoaAql0EALw_wcB\" target=\"_blank\"><br \/>\n\t\t\t\t\t\t<img width=\"140\" height=\"140\" src=\"https:\/\/www.lesrencontreseconomiques.fr\/wp-content\/uploads\/2025\/03\/63-Logo-Une-voix-pour-tous-140x140.png\" class=\"attachment-partner-small size-partner-small\" alt=\"UNE VOIE POUR TOUS\" title=\"UNE VOIE POUR TOUS\" decoding=\"async\" loading=\"lazy\" srcset=\"https:\/\/www.lesrencontreseconomiques.fr\/wp-content\/uploads\/2025\/03\/63-Logo-Une-voix-pour-tous-140x140.png 140w, https:\/\/www.lesrencontreseconomiques.fr\/wp-content\/uploads\/2025\/03\/63-Logo-Une-voix-pour-tous-150x150.png 150w, https:\/\/www.lesrencontreseconomiques.fr\/wp-content\/uploads\/2025\/03\/63-Logo-Une-voix-pour-tous.png 225w\" sizes=\"auto, (max-width: 140px) 100vw, 140px\" \/>\t\t\t\t\t<\/a>\n\t\t\t\t<\/li>\n<li>\n\t\t\t\t\t<a href=\"https:\/\/www.wantohelp.org\" target=\"_blank\"><br \/>\n\t\t\t\t\t\t<img width=\"140\" height=\"140\" src=\"https:\/\/www.lesrencontreseconomiques.fr\/wp-content\/uploads\/2025\/03\/64-Logo-Want-to-help-140x140.png\" class=\"attachment-partner-small size-partner-small\" alt=\"WANT TO HELP\" title=\"WANT TO HELP\" decoding=\"async\" loading=\"lazy\" srcset=\"https:\/\/www.lesrencontreseconomiques.fr\/wp-content\/uploads\/2025\/03\/64-Logo-Want-to-help-140x140.png 140w, https:\/\/www.lesrencontreseconomiques.fr\/wp-content\/uploads\/2025\/03\/64-Logo-Want-to-help-150x150.png 150w, https:\/\/www.lesrencontreseconomiques.fr\/wp-content\/uploads\/2025\/03\/64-Logo-Want-to-help.png 225w\" sizes=\"auto, (max-width: 140px) 100vw, 140px\" \/>\t\t\t\t\t<\/a>\n\t\t\t\t<\/li>\n<li>\n\t\t\t\t\t<a href=\"https:\/\/www.worldskills-france.org\" target=\"_blank\"><br \/>\n\t\t\t\t\t\t<img width=\"140\" height=\"140\" src=\"https:\/\/www.lesrencontreseconomiques.fr\/wp-content\/uploads\/2025\/03\/65-Logo-Worldskills-140x140.jpg\" class=\"attachment-partner-small size-partner-small\" alt=\"WORLDSKILLS\" title=\"WORLDSKILLS\" decoding=\"async\" loading=\"lazy\" srcset=\"https:\/\/www.lesrencontreseconomiques.fr\/wp-content\/uploads\/2025\/03\/65-Logo-Worldskills-140x140.jpg 140w, https:\/\/www.lesrencontreseconomiques.fr\/wp-content\/uploads\/2025\/03\/65-Logo-Worldskills-150x150.jpg 150w, https:\/\/www.lesrencontreseconomiques.fr\/wp-content\/uploads\/2025\/03\/65-Logo-Worldskills.jpg 200w\" sizes=\"auto, (max-width: 140px) 100vw, 140px\" \/>\t\t\t\t\t<\/a>\n\t\t\t\t<\/li>\n<li>\n\t\t\t\t\t<a href=\"https:\/\/www.youth-forever.com\" target=\"_blank\"><br \/>\n\t\t\t\t\t\t<img width=\"140\" height=\"140\" src=\"https:\/\/www.lesrencontreseconomiques.fr\/wp-content\/uploads\/2025\/03\/57-Logo-Youth-Forever-140x140.jpg\" class=\"attachment-partner-small size-partner-small\" alt=\"YOUTH FOREVER\" title=\"YOUTH FOREVER\" decoding=\"async\" loading=\"lazy\" srcset=\"https:\/\/www.lesrencontreseconomiques.fr\/wp-content\/uploads\/2025\/03\/57-Logo-Youth-Forever-140x140.jpg 140w, https:\/\/www.lesrencontreseconomiques.fr\/wp-content\/uploads\/2025\/03\/57-Logo-Youth-Forever-150x150.jpg 150w, https:\/\/www.lesrencontreseconomiques.fr\/wp-content\/uploads\/2025\/03\/57-Logo-Youth-Forever.jpg 200w\" sizes=\"auto, (max-width: 140px) 100vw, 140px\" \/>\t\t\t\t\t<\/a>\n\t\t\t\t<\/li>\n<\/ul><\/div>\n<\/p><\/div>\n<\/div>\n<div class=\"-wrapper -1024 -mt-90 -mb-90\">\n<div class=\"cp-partenaires-v2 -all\">\n<div class=\"en-tete\">\n<h2 class=\"cp-titre-2\">Partenaires Institutionnels<\/h2>\n<\/p><\/div>\n<div class=\"logos-wrap\">\n<ul class=\"logos\">\n<li>\n\t\t\t\t\t<a href=\"https:\/\/www.enseignementsup-recherche.gouv.fr\/fr\" target=\"_blank\"><br \/>\n\t\t\t\t\t\t<img width=\"148\" height=\"140\" src=\"https:\/\/www.lesrencontreseconomiques.fr\/wp-content\/uploads\/2025\/03\/Capture-decran-2024-02-26-152936-148x140.png\" class=\"attachment-partner-small size-partner-small\" alt=\"MINIST\u00c8RE DE L\u2019ENSEIGNEMENT SUPERIEUR ET DE LA RECHERCHE\" title=\"MINIST\u00c8RE DE L\u2019ENSEIGNEMENT SUPERIEUR ET DE LA RECHERCHE\" decoding=\"async\" loading=\"lazy\" srcset=\"https:\/\/www.lesrencontreseconomiques.fr\/wp-content\/uploads\/2025\/03\/Capture-decran-2024-02-26-152936-148x140.png 148w, https:\/\/www.lesrencontreseconomiques.fr\/wp-content\/uploads\/2025\/03\/Capture-decran-2024-02-26-152936-224x213.png 224w, https:\/\/www.lesrencontreseconomiques.fr\/wp-content\/uploads\/2025\/03\/Capture-decran-2024-02-26-152936.png 352w\" sizes=\"auto, (max-width: 148px) 100vw, 148px\" \/>\t\t\t\t\t<\/a>\n\t\t\t\t<\/li>\n<li>\n\t\t\t\t\t<a href=\"https:\/\/www.crous-paris.fr\" target=\"_blank\"><br \/>\n\t\t\t\t\t\t<img width=\"224\" height=\"140\" src=\"https:\/\/www.lesrencontreseconomiques.fr\/wp-content\/uploads\/2025\/03\/Logo-Crous-Aix-Marseille-224x140.jpg\" class=\"attachment-partner-small size-partner-small\" alt=\"LES CROUS\" title=\"LES CROUS\" decoding=\"async\" loading=\"lazy\" srcset=\"https:\/\/www.lesrencontreseconomiques.fr\/wp-content\/uploads\/2025\/03\/Logo-Crous-Aix-Marseille-224x140.jpg 224w, https:\/\/www.lesrencontreseconomiques.fr\/wp-content\/uploads\/2025\/03\/Logo-Crous-Aix-Marseille-490x306.jpg 490w, https:\/\/www.lesrencontreseconomiques.fr\/wp-content\/uploads\/2025\/03\/Logo-Crous-Aix-Marseille-668x418.jpg 668w, https:\/\/www.lesrencontreseconomiques.fr\/wp-content\/uploads\/2025\/03\/Logo-Crous-Aix-Marseille.jpg 760w\" sizes=\"auto, (max-width: 224px) 100vw, 224px\" \/>\t\t\t\t\t<\/a>\n\t\t\t\t<\/li>\n<li>\n\t\t\t\t\t<a href=\"https:\/\/www.univ-amu.fr\" target=\"_blank\"><br \/>\n\t\t\t\t\t\t<img width=\"250\" height=\"108\" src=\"https:\/\/www.lesrencontreseconomiques.fr\/wp-content\/uploads\/2025\/03\/Aix-Marseille_Universite_Logo_2024-1-250x108.png\" class=\"attachment-partner-small size-partner-small\" alt=\" AIX-MARSEILLE UNIVERSIT\u00c9\" title=\" AIX-MARSEILLE UNIVERSIT\u00c9\" decoding=\"async\" loading=\"lazy\" srcset=\"https:\/\/www.lesrencontreseconomiques.fr\/wp-content\/uploads\/2025\/03\/Aix-Marseille_Universite_Logo_2024-1-250x108.png 250w, https:\/\/www.lesrencontreseconomiques.fr\/wp-content\/uploads\/2025\/03\/Aix-Marseille_Universite_Logo_2024-1-490x212.png 490w, https:\/\/www.lesrencontreseconomiques.fr\/wp-content\/uploads\/2025\/03\/Aix-Marseille_Universite_Logo_2024-1-668x289.png 668w, https:\/\/www.lesrencontreseconomiques.fr\/wp-content\/uploads\/2025\/03\/Aix-Marseille_Universite_Logo_2024-1-1536x665.png 1536w, https:\/\/www.lesrencontreseconomiques.fr\/wp-content\/uploads\/2025\/03\/Aix-Marseille_Universite_Logo_2024-1-224x97.png 224w, https:\/\/www.lesrencontreseconomiques.fr\/wp-content\/uploads\/2025\/03\/Aix-Marseille_Universite_Logo_2024-1.png 1600w\" sizes=\"auto, (max-width: 250px) 100vw, 250px\" \/>\t\t\t\t\t<\/a>\n\t\t\t\t<\/li>\n<\/ul><\/div>\n<\/p><\/div>\n<\/div>\n","protected":false},"excerpt":{"rendered":"<p>Depuis plus de 10 ans, le Cercle des \u00e9conomistes s\u2019engage pour donner la parole aux jeunes. Il a initi\u00e9 en 2023 son programme Jeunesse(s) avec une ambition : int\u00e9grer tous les jeunes de 18 \u00e0 30 ans dans les grands d\u00e9bats \u00e9conomiques et sociaux, au travers d\u2019une grande enqu\u00eate avec des milliers de jeunes de [&hellip;]<\/p>\n","protected":false},"author":1,"featured_media":0,"parent":0,"menu_order":0,"comment_status":"closed","ping_status":"closed","template":"","meta":{"_acf_changed":false,"footnotes":""},"class_list":["post-8","page","type-page","status-publish","hentry"],"acf":[],"yoast_head":"<!-- This site is optimized with the Yoast SEO plugin v26.5 - https:\/\/yoast.com\/wordpress\/plugins\/seo\/ -->\n<title>Jeunesses - Les Rencontres \u00c9conomiques<\/title>\n<meta name=\"robots\" content=\"index, follow, max-snippet:-1, max-image-preview:large, max-video-preview:-1\" \/>\n<link rel=\"canonical\" href=\"https:\/\/www.lesrencontreseconomiques.fr\/jeunesses\/\" \/>\n<meta property=\"og:locale\" content=\"fr_FR\" \/>\n<meta property=\"og:type\" content=\"article\" \/>\n<meta property=\"og:description\" content=\"Depuis plus de 10 ans, le Cercle des \u00e9conomistes s\u2019engage pour donner la parole aux jeunes. Il a initi\u00e9 en 2023 son programme Jeunesse(s) avec une ambition : int\u00e9grer tous les jeunes de 18 \u00e0 30 ans dans les grands d\u00e9bats \u00e9conomiques et sociaux, au travers d\u2019une grande enqu\u00eate avec des milliers de jeunes de [&hellip;]\" \/>\n<meta property=\"og:url\" content=\"https:\/\/www.lesrencontreseconomiques.fr\/jeunesses\/\" \/>\n<meta property=\"og:site_name\" content=\"Les Rencontres \u00c9conomiques\" \/>\n<meta property=\"article:publisher\" content=\"https:\/\/www.facebook.com\/Le.Cercle.des.Economistes\/\" \/>\n<meta property=\"article:modified_time\" content=\"2025-05-15T09:56:09+00:00\" \/>\n<meta property=\"og:image\" content=\"https:\/\/www.lesrencontreseconomiques.fr\/wp-content\/uploads\/2025\/02\/pages-jeunesses-site-Cercle-2-224x280.png\" \/>\n<meta name=\"twitter:card\" content=\"summary_large_image\" \/>\n<meta name=\"twitter:site\" content=\"@Cercle_eco\" \/>\n<script type=\"application\/ld+json\" class=\"yoast-schema-graph\">{\"@context\":\"https:\/\/schema.org\",\"@graph\":[{\"@type\":\"WebPage\",\"@id\":\"https:\/\/www.lesrencontreseconomiques.fr\/jeunesses\/\",\"url\":\"https:\/\/www.lesrencontreseconomiques.fr\/jeunesses\/\",\"name\":\"Jeunesses - Les Rencontres \u00c9conomiques\",\"isPartOf\":{\"@id\":\"https:\/\/www.lesrencontreseconomiques.fr\/#website\"},\"primaryImageOfPage\":{\"@id\":\"https:\/\/www.lesrencontreseconomiques.fr\/jeunesses\/#primaryimage\"},\"image\":{\"@id\":\"https:\/\/www.lesrencontreseconomiques.fr\/jeunesses\/#primaryimage\"},\"thumbnailUrl\":\"https:\/\/www.lesrencontreseconomiques.fr\/wp-content\/uploads\/2025\/02\/pages-jeunesses-site-Cercle-2-224x280.png\",\"datePublished\":\"2020-11-12T15:18:25+00:00\",\"dateModified\":\"2025-05-15T09:56:09+00:00\",\"breadcrumb\":{\"@id\":\"https:\/\/www.lesrencontreseconomiques.fr\/jeunesses\/#breadcrumb\"},\"inLanguage\":\"fr-FR\",\"potentialAction\":[{\"@type\":\"ReadAction\",\"target\":[\"https:\/\/www.lesrencontreseconomiques.fr\/jeunesses\/\"]}]},{\"@type\":\"ImageObject\",\"inLanguage\":\"fr-FR\",\"@id\":\"https:\/\/www.lesrencontreseconomiques.fr\/jeunesses\/#primaryimage\",\"url\":\"https:\/\/www.lesrencontreseconomiques.fr\/wp-content\/uploads\/2025\/02\/pages-jeunesses-site-Cercle-2.png\",\"contentUrl\":\"https:\/\/www.lesrencontreseconomiques.fr\/wp-content\/uploads\/2025\/02\/pages-jeunesses-site-Cercle-2.png\",\"width\":1080,\"height\":1350},{\"@type\":\"BreadcrumbList\",\"@id\":\"https:\/\/www.lesrencontreseconomiques.fr\/jeunesses\/#breadcrumb\",\"itemListElement\":[{\"@type\":\"ListItem\",\"position\":1,\"name\":\"Accueil\",\"item\":\"https:\/\/www.lesrencontreseconomiques.fr\/\"},{\"@type\":\"ListItem\",\"position\":2,\"name\":\"Jeunesses\"}]},{\"@type\":\"WebSite\",\"@id\":\"https:\/\/www.lesrencontreseconomiques.fr\/#website\",\"url\":\"https:\/\/www.lesrencontreseconomiques.fr\/\",\"name\":\"Les Rencontres \u00c9conomiques\",\"description\":\"\",\"potentialAction\":[{\"@type\":\"SearchAction\",\"target\":{\"@type\":\"EntryPoint\",\"urlTemplate\":\"https:\/\/www.lesrencontreseconomiques.fr\/?s={search_term_string}\"},\"query-input\":{\"@type\":\"PropertyValueSpecification\",\"valueRequired\":true,\"valueName\":\"search_term_string\"}}],\"inLanguage\":\"fr-FR\"}]}<\/script>\n<!-- \/ Yoast SEO plugin. -->","yoast_head_json":{"title":"Jeunesses - Les Rencontres \u00c9conomiques","robots":{"index":"index","follow":"follow","max-snippet":"max-snippet:-1","max-image-preview":"max-image-preview:large","max-video-preview":"max-video-preview:-1"},"canonical":"https:\/\/www.lesrencontreseconomiques.fr\/jeunesses\/","og_locale":"fr_FR","og_type":"article","og_description":"Depuis plus de 10 ans, le Cercle des \u00e9conomistes s\u2019engage pour donner la parole aux jeunes. Il a initi\u00e9 en 2023 son programme Jeunesse(s) avec une ambition : int\u00e9grer tous les jeunes de 18 \u00e0 30 ans dans les grands d\u00e9bats \u00e9conomiques et sociaux, au travers d\u2019une grande enqu\u00eate avec des milliers de jeunes de [&hellip;]","og_url":"https:\/\/www.lesrencontreseconomiques.fr\/jeunesses\/","og_site_name":"Les Rencontres \u00c9conomiques","article_publisher":"https:\/\/www.facebook.com\/Le.Cercle.des.Economistes\/","article_modified_time":"2025-05-15T09:56:09+00:00","og_image":[{"url":"https:\/\/www.lesrencontreseconomiques.fr\/wp-content\/uploads\/2025\/02\/pages-jeunesses-site-Cercle-2-224x280.png","type":"","width":"","height":""}],"twitter_card":"summary_large_image","twitter_site":"@Cercle_eco","schema":{"@context":"https:\/\/schema.org","@graph":[{"@type":"WebPage","@id":"https:\/\/www.lesrencontreseconomiques.fr\/jeunesses\/","url":"https:\/\/www.lesrencontreseconomiques.fr\/jeunesses\/","name":"Jeunesses - Les Rencontres \u00c9conomiques","isPartOf":{"@id":"https:\/\/www.lesrencontreseconomiques.fr\/#website"},"primaryImageOfPage":{"@id":"https:\/\/www.lesrencontreseconomiques.fr\/jeunesses\/#primaryimage"},"image":{"@id":"https:\/\/www.lesrencontreseconomiques.fr\/jeunesses\/#primaryimage"},"thumbnailUrl":"https:\/\/www.lesrencontreseconomiques.fr\/wp-content\/uploads\/2025\/02\/pages-jeunesses-site-Cercle-2-224x280.png","datePublished":"2020-11-12T15:18:25+00:00","dateModified":"2025-05-15T09:56:09+00:00","breadcrumb":{"@id":"https:\/\/www.lesrencontreseconomiques.fr\/jeunesses\/#breadcrumb"},"inLanguage":"fr-FR","potentialAction":[{"@type":"ReadAction","target":["https:\/\/www.lesrencontreseconomiques.fr\/jeunesses\/"]}]},{"@type":"ImageObject","inLanguage":"fr-FR","@id":"https:\/\/www.lesrencontreseconomiques.fr\/jeunesses\/#primaryimage","url":"https:\/\/www.lesrencontreseconomiques.fr\/wp-content\/uploads\/2025\/02\/pages-jeunesses-site-Cercle-2.png","contentUrl":"https:\/\/www.lesrencontreseconomiques.fr\/wp-content\/uploads\/2025\/02\/pages-jeunesses-site-Cercle-2.png","width":1080,"height":1350},{"@type":"BreadcrumbList","@id":"https:\/\/www.lesrencontreseconomiques.fr\/jeunesses\/#breadcrumb","itemListElement":[{"@type":"ListItem","position":1,"name":"Accueil","item":"https:\/\/www.lesrencontreseconomiques.fr\/"},{"@type":"ListItem","position":2,"name":"Jeunesses"}]},{"@type":"WebSite","@id":"https:\/\/www.lesrencontreseconomiques.fr\/#website","url":"https:\/\/www.lesrencontreseconomiques.fr\/","name":"Les Rencontres \u00c9conomiques","description":"","potentialAction":[{"@type":"SearchAction","target":{"@type":"EntryPoint","urlTemplate":"https:\/\/www.lesrencontreseconomiques.fr\/?s={search_term_string}"},"query-input":{"@type":"PropertyValueSpecification","valueRequired":true,"valueName":"search_term_string"}}],"inLanguage":"fr-FR"}]}},"_links":{"self":[{"href":"https:\/\/www.lesrencontreseconomiques.fr\/wp-json\/wp\/v2\/pages\/8","targetHints":{"allow":["GET"]}}],"collection":[{"href":"https:\/\/www.lesrencontreseconomiques.fr\/wp-json\/wp\/v2\/pages"}],"about":[{"href":"https:\/\/www.lesrencontreseconomiques.fr\/wp-json\/wp\/v2\/types\/page"}],"author":[{"embeddable":true,"href":"https:\/\/www.lesrencontreseconomiques.fr\/wp-json\/wp\/v2\/users\/1"}],"replies":[{"embeddable":true,"href":"https:\/\/www.lesrencontreseconomiques.fr\/wp-json\/wp\/v2\/comments?post=8"}],"version-history":[{"count":75,"href":"https:\/\/www.lesrencontreseconomiques.fr\/wp-json\/wp\/v2\/pages\/8\/revisions"}],"predecessor-version":[{"id":18966,"href":"https:\/\/www.lesrencontreseconomiques.fr\/wp-json\/wp\/v2\/pages\/8\/revisions\/18966"}],"wp:attachment":[{"href":"https:\/\/www.lesrencontreseconomiques.fr\/wp-json\/wp\/v2\/media?parent=8"}],"curies":[{"name":"wp","href":"https:\/\/api.w.org\/{rel}","templated":true}]}}