{"id":7846,"date":"2023-06-12T17:05:23","date_gmt":"2023-06-12T15:05:23","guid":{"rendered":"https:\/\/www.lesrencontreseconomiques.fr\/?page_id=7846"},"modified":"2025-07-03T18:17:29","modified_gmt":"2025-07-03T16:17:29","slug":"autour-des-rencontres","status":"publish","type":"page","link":"https:\/\/www.lesrencontreseconomiques.fr\/autour-des-rencontres\/","title":{"rendered":"Autour des Rencontres"},"content":{"rendered":"<div class=\"-wrapper -668 -mt-90 -mb-90\">\n<div class=\"cp-intro -texte\">\n<div class=\"description\">\n<div class=\"cp-texte\">\n<p>Au-del\u00e0 des conf\u00e9rences, les Rencontres, ce sont aussi des \u00e9v\u00e9nements et des activit\u00e9s \u00e0 d\u00e9couvrir dans le parc Jourdan et dans toute la ville d&rsquo;Aix-en-Provence.<\/p>\n<\/p><\/div>\n<\/p><\/div>\n<\/p><\/div>\n<\/p><\/div>\n<div class=\"-wrapper -846 -mt-90 -mb-90\">\n<div class=\"cp-cta-image-texte\">\n<div class=\"media \" data-aos=\"fade-right\" data-aos-anchor-placement=\"top-bottom\" data-aos-offset=\"200\">\n<div class=\"image -walc \" style=\"padding-top:66.96429%\"><img width=\"224\" height=\"150\" src=\"https:\/\/www.lesrencontreseconomiques.fr\/wp-content\/uploads\/2025\/05\/aix-en-provence.jpg__2000x1339_q85_crop_subsampling-2-224x150.jpg\" class=\"attachment-small size-small\" alt=\"\" decoding=\"async\" loading=\"lazy\" srcset=\"https:\/\/www.lesrencontreseconomiques.fr\/wp-content\/uploads\/2025\/05\/aix-en-provence.jpg__2000x1339_q85_crop_subsampling-2-224x150.jpg 224w, https:\/\/www.lesrencontreseconomiques.fr\/wp-content\/uploads\/2025\/05\/aix-en-provence.jpg__2000x1339_q85_crop_subsampling-2-490x328.jpg 490w, https:\/\/www.lesrencontreseconomiques.fr\/wp-content\/uploads\/2025\/05\/aix-en-provence.jpg__2000x1339_q85_crop_subsampling-2-668x445.jpg 668w, https:\/\/www.lesrencontreseconomiques.fr\/wp-content\/uploads\/2025\/05\/aix-en-provence.jpg__2000x1339_q85_crop_subsampling-2-1536x1028.jpg 1536w, https:\/\/www.lesrencontreseconomiques.fr\/wp-content\/uploads\/2025\/05\/aix-en-provence.jpg__2000x1339_q85_crop_subsampling-2-209x140.jpg 209w, https:\/\/www.lesrencontreseconomiques.fr\/wp-content\/uploads\/2025\/05\/aix-en-provence.jpg__2000x1339_q85_crop_subsampling-2-312x208.jpg 312w, https:\/\/www.lesrencontreseconomiques.fr\/wp-content\/uploads\/2025\/05\/aix-en-provence.jpg__2000x1339_q85_crop_subsampling-2.jpg 1600w\" sizes=\"auto, (max-width: 224px) 100vw, 224px\" \/><\/div>\n<\/p><\/div>\n<div class=\"description cp-texte\" data-aos=\"fade-up\" data-aos-anchor-placement=\"top-bottom\" data-aos-offset=\"200\">\n<h2>Aix-en-Provence, ville de l&rsquo;\u00e9conomie<\/h2>\n<p>Du 28 juin au 7 juillet 2025, Aix-en-Provence vibrera au rythme des Rencontres \u00c9conomiques, bien au-del\u00e0 du Parc Jourdan, avec une programmation culturelle et p\u00e9dagogique accessible \u00e0 tous dans toute la ville.<\/p>\n<p><a class=\"cp-cta-bouton\" href=\"https:\/\/www.lesrencontreseconomiques.fr\/autour-des-rencontres\/aix-ville-de-leconomie\/\">En savoir plus<\/a><\/p>\n<\/p><\/div>\n<\/p><\/div>\n<\/div>\n<div class=\"-wrapper -846 -mt-90 -mb-90\">\n<div class=\"cp-cta-image-texte\">\n<div class=\"media \" data-aos=\"fade-right\" data-aos-anchor-placement=\"top-bottom\" data-aos-offset=\"200\">\n<div class=\"image -walc \" style=\"padding-top:66.07143%\"><img width=\"224\" height=\"148\" src=\"https:\/\/www.lesrencontreseconomiques.fr\/wp-content\/uploads\/2025\/05\/pexels-luis-quintero-2774556-850x560-1-224x148.jpg\" class=\"attachment-small size-small\" alt=\"\" decoding=\"async\" loading=\"lazy\" srcset=\"https:\/\/www.lesrencontreseconomiques.fr\/wp-content\/uploads\/2025\/05\/pexels-luis-quintero-2774556-850x560-1-224x148.jpg 224w, https:\/\/www.lesrencontreseconomiques.fr\/wp-content\/uploads\/2025\/05\/pexels-luis-quintero-2774556-850x560-1-490x323.jpg 490w, https:\/\/www.lesrencontreseconomiques.fr\/wp-content\/uploads\/2025\/05\/pexels-luis-quintero-2774556-850x560-1-668x445.jpg 668w, https:\/\/www.lesrencontreseconomiques.fr\/wp-content\/uploads\/2025\/05\/pexels-luis-quintero-2774556-850x560-1-213x140.jpg 213w, https:\/\/www.lesrencontreseconomiques.fr\/wp-content\/uploads\/2025\/05\/pexels-luis-quintero-2774556-850x560-1-312x208.jpg 312w, https:\/\/www.lesrencontreseconomiques.fr\/wp-content\/uploads\/2025\/05\/pexels-luis-quintero-2774556-850x560-1.jpg 850w\" sizes=\"auto, (max-width: 224px) 100vw, 224px\" \/><\/div>\n<\/p><\/div>\n<div class=\"description cp-texte\" data-aos=\"fade-up\" data-aos-anchor-placement=\"top-bottom\" data-aos-offset=\"200\">\n<h2>Dialogue \u00e9conomique Mondial<\/h2>\n<p>Face aux bouleversements g\u00e9opolitiques r\u00e9cents, les cadres classiques de pens\u00e9e \u00e9conomique montrent leurs limites, appelant \u00e0 une r\u00e9flexion renouvel\u00e9e. Le dialogue \u00e9conomique mondial, lanc\u00e9 lors des Rencontres \u00c9conomiques d\u2019Aix-en-Provence, r\u00e9unit des think tanks du monde entier pour confronter leurs visions. Cet espace encourage le dialogue entre courants divergents sur des enjeux cruciaux comme la transition \u00e9nerg\u00e9tique ou la justice sociale. Les 34 institutions participantes contribueront \u00e0 des sessions d\u00e9di\u00e9es et formuleront un appel commun \u00e0 l\u2019issue des Rencontres.<\/p>\n<p><a class=\"cp-cta-bouton\" href=\"https:\/\/www.lesrencontreseconomiques.fr\/autour-des-rencontres\/global-economic-dialogue\/\">En savoir plus<\/a><\/p>\n<\/p><\/div>\n<\/p><\/div>\n<\/div>\n","protected":false},"excerpt":{"rendered":"<p>Au-del\u00e0 des conf\u00e9rences, les Rencontres, ce sont aussi des \u00e9v\u00e9nements et des activit\u00e9s \u00e0 d\u00e9couvrir dans le parc Jourdan et dans toute la ville d&rsquo;Aix-en-Provence. Aix-en-Provence, ville de l&rsquo;\u00e9conomie Du 28 juin au 7 juillet 2025, Aix-en-Provence vibrera au rythme des Rencontres \u00c9conomiques, bien au-del\u00e0 du Parc Jourdan, avec une programmation culturelle et p\u00e9dagogique accessible [&hellip;]<\/p>\n","protected":false},"author":2,"featured_media":0,"parent":0,"menu_order":0,"comment_status":"closed","ping_status":"closed","template":"","meta":{"_acf_changed":false,"footnotes":""},"class_list":["post-7846","page","type-page","status-publish","hentry"],"acf":[],"yoast_head":"<!-- This site is optimized with the Yoast SEO plugin v26.5 - https:\/\/yoast.com\/wordpress\/plugins\/seo\/ -->\n<title>Autour des Rencontres - Les Rencontres \u00c9conomiques<\/title>\n<meta name=\"robots\" content=\"index, follow, max-snippet:-1, max-image-preview:large, max-video-preview:-1\" \/>\n<link rel=\"canonical\" href=\"https:\/\/www.lesrencontreseconomiques.fr\/autour-des-rencontres\/\" \/>\n<meta property=\"og:locale\" content=\"fr_FR\" \/>\n<meta property=\"og:type\" content=\"article\" \/>\n<meta property=\"og:description\" content=\"Au-del\u00e0 des conf\u00e9rences, les Rencontres, ce sont aussi des \u00e9v\u00e9nements et des activit\u00e9s \u00e0 d\u00e9couvrir dans le parc Jourdan et dans toute la ville d&rsquo;Aix-en-Provence. Aix-en-Provence, ville de l&rsquo;\u00e9conomie Du 28 juin au 7 juillet 2025, Aix-en-Provence vibrera au rythme des Rencontres \u00c9conomiques, bien au-del\u00e0 du Parc Jourdan, avec une programmation culturelle et p\u00e9dagogique accessible [&hellip;]\" \/>\n<meta property=\"og:url\" content=\"https:\/\/www.lesrencontreseconomiques.fr\/autour-des-rencontres\/\" \/>\n<meta property=\"og:site_name\" content=\"Les Rencontres \u00c9conomiques\" \/>\n<meta property=\"article:publisher\" content=\"https:\/\/www.facebook.com\/Le.Cercle.des.Economistes\/\" \/>\n<meta property=\"article:modified_time\" content=\"2025-07-03T16:17:29+00:00\" \/>\n<meta property=\"og:image\" content=\"https:\/\/www.lesrencontreseconomiques.fr\/wp-content\/uploads\/2025\/05\/aix-en-provence.jpg__2000x1339_q85_crop_subsampling-2-224x150.jpg\" \/>\n<meta name=\"twitter:card\" content=\"summary_large_image\" \/>\n<meta name=\"twitter:site\" content=\"@Cercle_eco\" \/>\n<script type=\"application\/ld+json\" class=\"yoast-schema-graph\">{\"@context\":\"https:\/\/schema.org\",\"@graph\":[{\"@type\":\"WebPage\",\"@id\":\"https:\/\/www.lesrencontreseconomiques.fr\/autour-des-rencontres\/\",\"url\":\"https:\/\/www.lesrencontreseconomiques.fr\/autour-des-rencontres\/\",\"name\":\"Autour des Rencontres - Les Rencontres \u00c9conomiques\",\"isPartOf\":{\"@id\":\"https:\/\/www.lesrencontreseconomiques.fr\/#website\"},\"primaryImageOfPage\":{\"@id\":\"https:\/\/www.lesrencontreseconomiques.fr\/autour-des-rencontres\/#primaryimage\"},\"image\":{\"@id\":\"https:\/\/www.lesrencontreseconomiques.fr\/autour-des-rencontres\/#primaryimage\"},\"thumbnailUrl\":\"https:\/\/www.lesrencontreseconomiques.fr\/wp-content\/uploads\/2025\/05\/aix-en-provence.jpg__2000x1339_q85_crop_subsampling-2-224x150.jpg\",\"datePublished\":\"2023-06-12T15:05:23+00:00\",\"dateModified\":\"2025-07-03T16:17:29+00:00\",\"breadcrumb\":{\"@id\":\"https:\/\/www.lesrencontreseconomiques.fr\/autour-des-rencontres\/#breadcrumb\"},\"inLanguage\":\"fr-FR\",\"potentialAction\":[{\"@type\":\"ReadAction\",\"target\":[\"https:\/\/www.lesrencontreseconomiques.fr\/autour-des-rencontres\/\"]}]},{\"@type\":\"ImageObject\",\"inLanguage\":\"fr-FR\",\"@id\":\"https:\/\/www.lesrencontreseconomiques.fr\/autour-des-rencontres\/#primaryimage\",\"url\":\"https:\/\/www.lesrencontreseconomiques.fr\/wp-content\/uploads\/2025\/05\/aix-en-provence.jpg__2000x1339_q85_crop_subsampling-2.jpg\",\"contentUrl\":\"https:\/\/www.lesrencontreseconomiques.fr\/wp-content\/uploads\/2025\/05\/aix-en-provence.jpg__2000x1339_q85_crop_subsampling-2.jpg\",\"width\":1600,\"height\":1071},{\"@type\":\"BreadcrumbList\",\"@id\":\"https:\/\/www.lesrencontreseconomiques.fr\/autour-des-rencontres\/#breadcrumb\",\"itemListElement\":[{\"@type\":\"ListItem\",\"position\":1,\"name\":\"Accueil\",\"item\":\"https:\/\/www.lesrencontreseconomiques.fr\/\"},{\"@type\":\"ListItem\",\"position\":2,\"name\":\"Autour des Rencontres\"}]},{\"@type\":\"WebSite\",\"@id\":\"https:\/\/www.lesrencontreseconomiques.fr\/#website\",\"url\":\"https:\/\/www.lesrencontreseconomiques.fr\/\",\"name\":\"Les Rencontres \u00c9conomiques\",\"description\":\"\",\"potentialAction\":[{\"@type\":\"SearchAction\",\"target\":{\"@type\":\"EntryPoint\",\"urlTemplate\":\"https:\/\/www.lesrencontreseconomiques.fr\/?s={search_term_string}\"},\"query-input\":{\"@type\":\"PropertyValueSpecification\",\"valueRequired\":true,\"valueName\":\"search_term_string\"}}],\"inLanguage\":\"fr-FR\"}]}<\/script>\n<!-- \/ Yoast SEO plugin. -->","yoast_head_json":{"title":"Autour des Rencontres - Les Rencontres \u00c9conomiques","robots":{"index":"index","follow":"follow","max-snippet":"max-snippet:-1","max-image-preview":"max-image-preview:large","max-video-preview":"max-video-preview:-1"},"canonical":"https:\/\/www.lesrencontreseconomiques.fr\/autour-des-rencontres\/","og_locale":"fr_FR","og_type":"article","og_description":"Au-del\u00e0 des conf\u00e9rences, les Rencontres, ce sont aussi des \u00e9v\u00e9nements et des activit\u00e9s \u00e0 d\u00e9couvrir dans le parc Jourdan et dans toute la ville d&rsquo;Aix-en-Provence. Aix-en-Provence, ville de l&rsquo;\u00e9conomie Du 28 juin au 7 juillet 2025, Aix-en-Provence vibrera au rythme des Rencontres \u00c9conomiques, bien au-del\u00e0 du Parc Jourdan, avec une programmation culturelle et p\u00e9dagogique accessible [&hellip;]","og_url":"https:\/\/www.lesrencontreseconomiques.fr\/autour-des-rencontres\/","og_site_name":"Les Rencontres \u00c9conomiques","article_publisher":"https:\/\/www.facebook.com\/Le.Cercle.des.Economistes\/","article_modified_time":"2025-07-03T16:17:29+00:00","og_image":[{"url":"https:\/\/www.lesrencontreseconomiques.fr\/wp-content\/uploads\/2025\/05\/aix-en-provence.jpg__2000x1339_q85_crop_subsampling-2-224x150.jpg","type":"","width":"","height":""}],"twitter_card":"summary_large_image","twitter_site":"@Cercle_eco","schema":{"@context":"https:\/\/schema.org","@graph":[{"@type":"WebPage","@id":"https:\/\/www.lesrencontreseconomiques.fr\/autour-des-rencontres\/","url":"https:\/\/www.lesrencontreseconomiques.fr\/autour-des-rencontres\/","name":"Autour des Rencontres - Les Rencontres \u00c9conomiques","isPartOf":{"@id":"https:\/\/www.lesrencontreseconomiques.fr\/#website"},"primaryImageOfPage":{"@id":"https:\/\/www.lesrencontreseconomiques.fr\/autour-des-rencontres\/#primaryimage"},"image":{"@id":"https:\/\/www.lesrencontreseconomiques.fr\/autour-des-rencontres\/#primaryimage"},"thumbnailUrl":"https:\/\/www.lesrencontreseconomiques.fr\/wp-content\/uploads\/2025\/05\/aix-en-provence.jpg__2000x1339_q85_crop_subsampling-2-224x150.jpg","datePublished":"2023-06-12T15:05:23+00:00","dateModified":"2025-07-03T16:17:29+00:00","breadcrumb":{"@id":"https:\/\/www.lesrencontreseconomiques.fr\/autour-des-rencontres\/#breadcrumb"},"inLanguage":"fr-FR","potentialAction":[{"@type":"ReadAction","target":["https:\/\/www.lesrencontreseconomiques.fr\/autour-des-rencontres\/"]}]},{"@type":"ImageObject","inLanguage":"fr-FR","@id":"https:\/\/www.lesrencontreseconomiques.fr\/autour-des-rencontres\/#primaryimage","url":"https:\/\/www.lesrencontreseconomiques.fr\/wp-content\/uploads\/2025\/05\/aix-en-provence.jpg__2000x1339_q85_crop_subsampling-2.jpg","contentUrl":"https:\/\/www.lesrencontreseconomiques.fr\/wp-content\/uploads\/2025\/05\/aix-en-provence.jpg__2000x1339_q85_crop_subsampling-2.jpg","width":1600,"height":1071},{"@type":"BreadcrumbList","@id":"https:\/\/www.lesrencontreseconomiques.fr\/autour-des-rencontres\/#breadcrumb","itemListElement":[{"@type":"ListItem","position":1,"name":"Accueil","item":"https:\/\/www.lesrencontreseconomiques.fr\/"},{"@type":"ListItem","position":2,"name":"Autour des Rencontres"}]},{"@type":"WebSite","@id":"https:\/\/www.lesrencontreseconomiques.fr\/#website","url":"https:\/\/www.lesrencontreseconomiques.fr\/","name":"Les Rencontres \u00c9conomiques","description":"","potentialAction":[{"@type":"SearchAction","target":{"@type":"EntryPoint","urlTemplate":"https:\/\/www.lesrencontreseconomiques.fr\/?s={search_term_string}"},"query-input":{"@type":"PropertyValueSpecification","valueRequired":true,"valueName":"search_term_string"}}],"inLanguage":"fr-FR"}]}},"_links":{"self":[{"href":"https:\/\/www.lesrencontreseconomiques.fr\/wp-json\/wp\/v2\/pages\/7846","targetHints":{"allow":["GET"]}}],"collection":[{"href":"https:\/\/www.lesrencontreseconomiques.fr\/wp-json\/wp\/v2\/pages"}],"about":[{"href":"https:\/\/www.lesrencontreseconomiques.fr\/wp-json\/wp\/v2\/types\/page"}],"author":[{"embeddable":true,"href":"https:\/\/www.lesrencontreseconomiques.fr\/wp-json\/wp\/v2\/users\/2"}],"replies":[{"embeddable":true,"href":"https:\/\/www.lesrencontreseconomiques.fr\/wp-json\/wp\/v2\/comments?post=7846"}],"version-history":[{"count":20,"href":"https:\/\/www.lesrencontreseconomiques.fr\/wp-json\/wp\/v2\/pages\/7846\/revisions"}],"predecessor-version":[{"id":22828,"href":"https:\/\/www.lesrencontreseconomiques.fr\/wp-json\/wp\/v2\/pages\/7846\/revisions\/22828"}],"wp:attachment":[{"href":"https:\/\/www.lesrencontreseconomiques.fr\/wp-json\/wp\/v2\/media?parent=7846"}],"curies":[{"name":"wp","href":"https:\/\/api.w.org\/{rel}","templated":true}]}}