{"id":2744,"date":"2023-05-19T17:44:52","date_gmt":"2023-05-19T15:44:52","guid":{"rendered":"https:\/\/www.lesrencontreseconomiques.fr\/?page_id=2744"},"modified":"2025-05-17T18:43:40","modified_gmt":"2025-05-17T16:43:40","slug":"faq","status":"publish","type":"page","link":"https:\/\/www.lesrencontreseconomiques.fr\/faq\/","title":{"rendered":"FAQ"},"content":{"rendered":"<div class=\"-wrapper -668 -is-hr -mt-90 -mb-90\">\n<hr>\n<\/div>\n<div class=\"-wrapper -668 -mt-90 -mb-90\">\n<div class=\"cp-intro -texte\">\n<div class=\"description\">\n<div class=\"cp-texte\">\n<h2><a id=\"sommaire\" class=\"c-anchor\"><\/a>Sommaire<\/h2>\n<h3><strong><a class=\"cp-link-style\" href=\"#inscription\">Inscription<\/a> &#8211; <a class=\"cp-link-style\" href=\"#participer\">Acc\u00e9der aux conf\u00e9rences<\/a> &#8211; <a class=\"cp-link-style\" href=\"#online\">Suivre les d\u00e9bats en ligne<\/a> &#8211; <a class=\"cp-link-style\" href=\"#programme\">Programme<\/a> &#8211; <a class=\"cp-link-style\" href=\"#presse\">Presse<\/a> &#8211; <a class=\"cp-link-style\" href=\"#social\">R\u00e9seaux sociaux<\/a> <\/strong><\/h3>\n<\/p><\/div>\n<\/p><\/div>\n<\/p><\/div>\n<\/p><\/div>\n<div class=\"-wrapper -668 -is-hr -mt-90 -mb-90\">\n<hr>\n<\/div>\n<div class=\"-wrapper -668 -mt-90 -mb-90\">\n<div class=\"cp-intro -texte\">\n<div class=\"description\">\n<div class=\"cp-texte\">\n<h2><a id=\"inscription\" class=\"c-anchor\"><\/a>Inscription<\/h2>\n<p>L&rsquo;inscription aux Rencontres \u00c9conomiques d&rsquo;Aix-en-Provence est gratuite et ouverte \u00e0 tous <a href=\"https:\/\/www.lesrencontreseconomiques.fr\/inscription\/\">sur ce lien<\/a>.<\/p>\n<p>&nbsp;<\/p>\n<p style=\"text-align: right;\"><a class=\"cp-cta-bouton\" href=\"#sommaire\">Retourner au sommaire<\/a><\/p>\n<\/p><\/div>\n<\/p><\/div>\n<\/p><\/div>\n<\/p><\/div>\n<div class=\"-wrapper -668 -mt-90 -mb-90\">\n<div class=\"cp-intro -texte\">\n<div class=\"description\">\n<div class=\"cp-texte\">\n<h2><a id=\"participer\" class=\"c-anchor\"><\/a>Participer en pr\u00e9sentiel<\/h2>\n<blockquote>\n<p>Quels seront les documents exig\u00e9s pour acc\u00e9der aux conf\u00e9rences ?<\/p>\n<\/blockquote>\n<p>A l\u2019entr\u00e9e du site, il vous sera demand\u00e9 <span style=\"color: #3a3637; font-family: 'Source Sans Pro';\">votre badge d\u2019acc\u00e8s (re\u00e7u par email suite \u00e0 votre inscription) et <\/span><span style=\"color: #3a3637; font-family: 'Source Sans Pro';\">une pi\u00e8ce d\u2019identit\u00e9 en cours de validit\u00e9.<\/span><\/p>\n<p>En cas de non-pr\u00e9sentation de l\u2019un de ces documents, l\u2019acc\u00e8s aux conf\u00e9rences vous sera refus\u00e9.<\/p>\n<blockquote>\n<p>O\u00f9 auront lieu les conf\u00e9rences ?<\/p>\n<\/blockquote>\n<p>Les conf\u00e9rences ont lieu dans l\u2019enceinte du Parc Jourdan d\u2019Aix-en-Provence. L\u2019acc\u00e8s au parc se fait par l\u2019avenue Anatole France (13100 Aix-en-Provence).<\/p>\n<p>Les sessions et d\u00e9bats prendront place en ext\u00e9rieur dans des amphith\u00e9\u00e2tres \u00e9ph\u00e9m\u00e8res, sous chapiteaux ouverts.<\/p>\n<p>&nbsp;<\/p>\n<p style=\"text-align: right;\"><a class=\"cp-cta-bouton\" href=\"https:\/\/www.lesrencontreseconomiques.fr\/autour-des-rencontres\/parc-jourdan\/\">Tout savoir sur le parc Jourdan<\/a><\/p>\n<p><iframe loading=\"lazy\" style=\"border: 0;\" src=\"https:\/\/www.google.com\/maps\/embed?pb=!1m10!1m8!1m3!1d5786.025751569379!2d5.450018789326096!3d43.5229242218129!3m2!1i1024!2i768!4f13.1!5e0!3m2!1sfr!2sfr!4v1683625184838!5m2!1sfr!2sfr\" width=\"600\" height=\"450\" allowfullscreen=\"allowfullscreen\"><\/iframe><\/p>\n<p>&nbsp;<\/p>\n<p>&nbsp;<\/p>\n<p style=\"text-align: right;\"><a class=\"cp-cta-bouton\" href=\"#sommaire\">Retourner au sommaire<\/a><\/p>\n<\/p><\/div>\n<\/p><\/div>\n<\/p><\/div>\n<\/p><\/div>\n<div class=\"-wrapper -668 -mt-90 -mb-90\">\n<div class=\"cp-intro -texte\">\n<div class=\"description\">\n<div class=\"cp-texte\">\n<h2><a id=\"online\" class=\"c-anchor\"><\/a>Suivre les d\u00e9bats en ligne<\/h2>\n<blockquote>\n<p>Comment puis-je suivre les conf\u00e9rences en ligne ?<\/p>\n<\/blockquote>\n<p>Les conf\u00e9rences sont diffus\u00e9es en vid\u00e9o en direct. Vous pouvez y acc\u00e9der sur la page d\u2019accueil de <a href=\"https:\/\/www.lesrencontreseconomiques.fr\/\">notre site<\/a> et sur notre cha\u00eene <a href=\"https:\/\/www.youtube.com\/channel\/UCDAILV-9eaMgsCTRVnRKO2w\" target=\"_blank\" rel=\"noopener\">YouTube<\/a>.<\/p>\n<blockquote>\n<p>Un identifiant est-il demand\u00e9 pour suivre les conf\u00e9rences ?<\/p>\n<\/blockquote>\n<p>Non, les conf\u00e9rences sont en acc\u00e8s libre sur notre site.<\/p>\n<blockquote>\n<p>Puis-je regarder les conf\u00e9rences en diff\u00e9r\u00e9 ?<\/p>\n<\/blockquote>\n<p>Oui, les conf\u00e9rences seront disponibles en replay sur notre site et notre cha\u00eene <a href=\"https:\/\/www.youtube.com\/channel\/UCDAILV-9eaMgsCTRVnRKO2w\" target=\"_blank\" rel=\"noopener\">YouTube<\/a>, d\u00e8s le lendemain de leur diffusion.<\/p>\n<blockquote>\n<p>Dans quelles langues seront diffus\u00e9es les conf\u00e9rences ?<\/p>\n<\/blockquote>\n<p>Les conf\u00e9rences seront diffus\u00e9es en fran\u00e7ais et en anglais.<\/p>\n<blockquote>\n<p>Toutes les conf\u00e9rences seront-elles retransmises ?<\/p>\n<\/blockquote>\n<p>Oui, l\u2019int\u00e9gralit\u00e9 des d\u00e9bats et sessions du programme sera diffus\u00e9e sur notre site.<\/p>\n<blockquote>\n<p>Comment poser des questions aux intervenants pendant l\u2019\u00e9v\u00e9nement ?<\/p>\n<\/blockquote>\n<p>Pendant l\u2019\u00e9v\u00e9nement, un module sera affich\u00e9 \u00e0 c\u00f4t\u00e9 des vid\u00e9os sur la page d\u2019accueil de notre site pour vous permettre de poser vos questions aux intervenants.<\/p>\n<blockquote>\n<p>Toutes les questions seront-elles trait\u00e9es ?<\/p>\n<\/blockquote>\n<p>A\ufb01n d\u2019assurer des \u00e9changes licites, responsables et respectueux entre les internautes et les intervenants, nous appliquons des r\u00e8gles de mod\u00e9ration des questions. Toutes les questions sont lues et valid\u00e9es avant d\u2019\u00eatre diffus\u00e9es sur notre site internet.\u00a0Les questions \u00e0 caract\u00e8re illicite, diffamatoire ou consid\u00e9r\u00e9es comme irrespectueuses par l\u2019\u00e9quipe de mod\u00e9ration seront rejet\u00e9es.<\/p>\n<blockquote>\n<p>Les questions seront-elles publiques ?<\/p>\n<\/blockquote>\n<p>Oui, les contributions valid\u00e9es seront affich\u00e9es sur notre site internet. Vous pourrez toutefois les d\u00e9poser de mani\u00e8re anonyme.<\/p>\n<p>&nbsp;<\/p>\n<p style=\"text-align: right;\"><a class=\"cp-cta-bouton\" href=\"#sommaire\">Retourner au sommaire<\/a><\/p>\n<\/p><\/div>\n<\/p><\/div>\n<\/p><\/div>\n<\/p><\/div>\n<div class=\"-wrapper -668 -mt-90 -mb-90\">\n<div class=\"cp-intro -texte\">\n<div class=\"description\">\n<div class=\"cp-texte\">\n<h2><a id=\"programme\" class=\"c-anchor\"><\/a>Programme<\/h2>\n<blockquote>\n<p>O\u00f9 puis-je trouver le programme et la liste des intervenants ?<\/p>\n<\/blockquote>\n<p>Le programme est accessible via une grille interactive <a href=\"https:\/\/www.lesrencontreseconomiques.fr\/programme\/\">sur cette page<\/a>. Vous y trouverez toutes les informations pratiques sur les sessions, les intervenants et les enjeux qui seront d\u00e9battus. La liste compl\u00e8te des intervenants est <a href=\"https:\/\/www.lesrencontreseconomiques.fr\/intervenants\/\">accessible ici<\/a> et mise \u00e0 jour en continu : n&rsquo;h\u00e9sitez pas \u00e0 la visiter r\u00e9guli\u00e8rement.<\/p>\n<blockquote>\n<p>Qui sont les partenaires de l&rsquo;\u00e9v\u00e9nement ?<\/p>\n<\/blockquote>\n<p>Tous nos partenaires sont pr\u00e9sent\u00e9s <a href=\"https:\/\/www.lesrencontreseconomiques.fr\/partenaires\/\">sur cette page<\/a>.<\/p>\n<p>&nbsp;<\/p>\n<p style=\"text-align: right;\"><a class=\"cp-cta-bouton\" href=\"#sommaire\">Retourner au sommaire<\/a><\/p>\n<\/p><\/div>\n<\/p><\/div>\n<\/p><\/div>\n<\/p><\/div>\n<div class=\"-wrapper -668 -mt-90 -mb-90\">\n<div class=\"cp-intro -texte\">\n<div class=\"description\">\n<div class=\"cp-texte\">\n<h2><a id=\"presse\" class=\"c-anchor\"><\/a>Presse<\/h2>\n<blockquote>\n<p>Puis-je demander une accr\u00e9ditation ? Comment proc\u00e9der ?<\/p>\n<\/blockquote>\n<p>Vous pourrez demander une accr\u00e9ditation pour les Rencontres \u00c9conomiques en remplissant <a href=\"https:\/\/www.lesrencontreseconomiques.fr\/media\/accreditation\/\">ce formulaire<\/a>.<\/p>\n<blockquote>\n<p>O\u00f9 retrouver les communiqu\u00e9s de presse, visuels et informations utiles sur les Rencontres ?<\/p>\n<\/blockquote>\n<p>Un espace media est disponible <a href=\"https:\/\/www.lesrencontreseconomiques.fr\/media\/\" target=\"_blank\" rel=\"noopener\">sur notre site<\/a>.<\/p>\n<blockquote>\n<p>Qui contacter pour une demande d\u2019interview ?<\/p>\n<\/blockquote>\n<p>Pour toute demande relative \u00e0 la presse, contactez <a href=\"mailto:anne.bidoli@cercledeseconomistes.fr\" target=\"_blank\" rel=\"noopener\"><strong>anne.bidoli@cercledeseconomistes.fr<\/strong><\/a><\/p>\n<p>&nbsp;<\/p>\n<p style=\"text-align: right;\"><a class=\"cp-cta-bouton\" href=\"#sommaire\">Retourner au sommaire<\/a><\/p>\n<\/p><\/div>\n<\/p><\/div>\n<\/p><\/div>\n<\/p><\/div>\n<div class=\"-wrapper -668 -mt-90 -mb-90\">\n<div class=\"cp-intro -texte\">\n<div class=\"description\">\n<div class=\"cp-texte\">\n<h2><a id=\"social\" class=\"c-anchor\"><\/a>R\u00e9seaux sociaux<\/h2>\n<blockquote>\n<p>Quels sont les hashtags de l\u2019\u00e9v\u00e9nement ?<\/p>\n<\/blockquote>\n<ul>\n<li>Le hashtag de l\u2019\u00e9v\u00e9nement est <strong>#REAIX<\/strong><\/li>\n<li>Le hashtag du Projet Jeunesse(s) est <strong>#ProjetJeunesses<\/strong>.<\/li>\n<\/ul>\n<blockquote>\n<p>Comment suivre les actualit\u00e9s de l\u2019\u00e9v\u00e9nement sur les r\u00e9seaux sociaux ?<\/p>\n<\/blockquote>\n<p>Nous publions r\u00e9guli\u00e8rement les derni\u00e8res actualit\u00e9s de l\u2019\u00e9v\u00e9nement sur <a href=\"https:\/\/www.linkedin.com\/company\/cercle-des-\u00e9conomistes\/\" target=\"_blank\" rel=\"noopener\">Linkedin<\/a>\u00a0et <a href=\"https:\/\/www.instagram.com\/cercle_eco\/\" target=\"_blank\" rel=\"noopener\">Instagram<\/a>.<\/p>\n<p>&nbsp;<\/p>\n<p style=\"text-align: right;\"><a class=\"cp-cta-bouton\" href=\"#sommaire\">Retourner au sommaire<\/a><\/p>\n<\/p><\/div>\n<\/p><\/div>\n<\/p><\/div>\n<\/p><\/div>\n","protected":false},"excerpt":{"rendered":"<p>Sommaire Inscription &#8211; Acc\u00e9der aux conf\u00e9rences &#8211; Suivre les d\u00e9bats en ligne &#8211; Programme &#8211; Presse &#8211; R\u00e9seaux sociaux Inscription L&rsquo;inscription aux Rencontres \u00c9conomiques d&rsquo;Aix-en-Provence est gratuite et ouverte \u00e0 tous sur ce lien. &nbsp; Retourner au sommaire Participer en pr\u00e9sentiel Quels seront les documents exig\u00e9s pour acc\u00e9der aux conf\u00e9rences ? A l\u2019entr\u00e9e du site, [&hellip;]<\/p>\n","protected":false},"author":2,"featured_media":0,"parent":0,"menu_order":0,"comment_status":"closed","ping_status":"closed","template":"","meta":{"_acf_changed":false,"footnotes":""},"class_list":["post-2744","page","type-page","status-publish","hentry"],"acf":[],"yoast_head":"<!-- This site is optimized with the Yoast SEO plugin v26.5 - https:\/\/yoast.com\/wordpress\/plugins\/seo\/ -->\n<title>FAQ - Les Rencontres \u00c9conomiques<\/title>\n<meta name=\"robots\" content=\"index, follow, max-snippet:-1, max-image-preview:large, max-video-preview:-1\" \/>\n<link rel=\"canonical\" href=\"https:\/\/www.lesrencontreseconomiques.fr\/faq\/\" \/>\n<meta property=\"og:locale\" content=\"fr_FR\" \/>\n<meta property=\"og:type\" content=\"article\" \/>\n<meta property=\"og:description\" content=\"Sommaire Inscription &#8211; Acc\u00e9der aux conf\u00e9rences &#8211; Suivre les d\u00e9bats en ligne &#8211; Programme &#8211; Presse &#8211; R\u00e9seaux sociaux Inscription L&rsquo;inscription aux Rencontres \u00c9conomiques d&rsquo;Aix-en-Provence est gratuite et ouverte \u00e0 tous sur ce lien. &nbsp; Retourner au sommaire Participer en pr\u00e9sentiel Quels seront les documents exig\u00e9s pour acc\u00e9der aux conf\u00e9rences ? A l\u2019entr\u00e9e du site, [&hellip;]\" \/>\n<meta property=\"og:url\" content=\"https:\/\/www.lesrencontreseconomiques.fr\/faq\/\" \/>\n<meta property=\"og:site_name\" content=\"Les Rencontres \u00c9conomiques\" \/>\n<meta property=\"article:publisher\" content=\"https:\/\/www.facebook.com\/Le.Cercle.des.Economistes\/\" \/>\n<meta property=\"article:modified_time\" content=\"2025-05-17T16:43:40+00:00\" \/>\n<meta name=\"twitter:card\" content=\"summary_large_image\" \/>\n<meta name=\"twitter:site\" content=\"@Cercle_eco\" \/>\n<script type=\"application\/ld+json\" class=\"yoast-schema-graph\">{\"@context\":\"https:\/\/schema.org\",\"@graph\":[{\"@type\":\"WebPage\",\"@id\":\"https:\/\/www.lesrencontreseconomiques.fr\/faq\/\",\"url\":\"https:\/\/www.lesrencontreseconomiques.fr\/faq\/\",\"name\":\"FAQ - Les Rencontres \u00c9conomiques\",\"isPartOf\":{\"@id\":\"https:\/\/www.lesrencontreseconomiques.fr\/#website\"},\"datePublished\":\"2023-05-19T15:44:52+00:00\",\"dateModified\":\"2025-05-17T16:43:40+00:00\",\"breadcrumb\":{\"@id\":\"https:\/\/www.lesrencontreseconomiques.fr\/faq\/#breadcrumb\"},\"inLanguage\":\"fr-FR\",\"potentialAction\":[{\"@type\":\"ReadAction\",\"target\":[\"https:\/\/www.lesrencontreseconomiques.fr\/faq\/\"]}]},{\"@type\":\"BreadcrumbList\",\"@id\":\"https:\/\/www.lesrencontreseconomiques.fr\/faq\/#breadcrumb\",\"itemListElement\":[{\"@type\":\"ListItem\",\"position\":1,\"name\":\"Accueil\",\"item\":\"https:\/\/www.lesrencontreseconomiques.fr\/\"},{\"@type\":\"ListItem\",\"position\":2,\"name\":\"FAQ\"}]},{\"@type\":\"WebSite\",\"@id\":\"https:\/\/www.lesrencontreseconomiques.fr\/#website\",\"url\":\"https:\/\/www.lesrencontreseconomiques.fr\/\",\"name\":\"Les Rencontres \u00c9conomiques\",\"description\":\"\",\"potentialAction\":[{\"@type\":\"SearchAction\",\"target\":{\"@type\":\"EntryPoint\",\"urlTemplate\":\"https:\/\/www.lesrencontreseconomiques.fr\/?s={search_term_string}\"},\"query-input\":{\"@type\":\"PropertyValueSpecification\",\"valueRequired\":true,\"valueName\":\"search_term_string\"}}],\"inLanguage\":\"fr-FR\"}]}<\/script>\n<!-- \/ Yoast SEO plugin. -->","yoast_head_json":{"title":"FAQ - Les Rencontres \u00c9conomiques","robots":{"index":"index","follow":"follow","max-snippet":"max-snippet:-1","max-image-preview":"max-image-preview:large","max-video-preview":"max-video-preview:-1"},"canonical":"https:\/\/www.lesrencontreseconomiques.fr\/faq\/","og_locale":"fr_FR","og_type":"article","og_description":"Sommaire Inscription &#8211; Acc\u00e9der aux conf\u00e9rences &#8211; Suivre les d\u00e9bats en ligne &#8211; Programme &#8211; Presse &#8211; R\u00e9seaux sociaux Inscription L&rsquo;inscription aux Rencontres \u00c9conomiques d&rsquo;Aix-en-Provence est gratuite et ouverte \u00e0 tous sur ce lien. &nbsp; Retourner au sommaire Participer en pr\u00e9sentiel Quels seront les documents exig\u00e9s pour acc\u00e9der aux conf\u00e9rences ? A l\u2019entr\u00e9e du site, [&hellip;]","og_url":"https:\/\/www.lesrencontreseconomiques.fr\/faq\/","og_site_name":"Les Rencontres \u00c9conomiques","article_publisher":"https:\/\/www.facebook.com\/Le.Cercle.des.Economistes\/","article_modified_time":"2025-05-17T16:43:40+00:00","twitter_card":"summary_large_image","twitter_site":"@Cercle_eco","schema":{"@context":"https:\/\/schema.org","@graph":[{"@type":"WebPage","@id":"https:\/\/www.lesrencontreseconomiques.fr\/faq\/","url":"https:\/\/www.lesrencontreseconomiques.fr\/faq\/","name":"FAQ - Les Rencontres \u00c9conomiques","isPartOf":{"@id":"https:\/\/www.lesrencontreseconomiques.fr\/#website"},"datePublished":"2023-05-19T15:44:52+00:00","dateModified":"2025-05-17T16:43:40+00:00","breadcrumb":{"@id":"https:\/\/www.lesrencontreseconomiques.fr\/faq\/#breadcrumb"},"inLanguage":"fr-FR","potentialAction":[{"@type":"ReadAction","target":["https:\/\/www.lesrencontreseconomiques.fr\/faq\/"]}]},{"@type":"BreadcrumbList","@id":"https:\/\/www.lesrencontreseconomiques.fr\/faq\/#breadcrumb","itemListElement":[{"@type":"ListItem","position":1,"name":"Accueil","item":"https:\/\/www.lesrencontreseconomiques.fr\/"},{"@type":"ListItem","position":2,"name":"FAQ"}]},{"@type":"WebSite","@id":"https:\/\/www.lesrencontreseconomiques.fr\/#website","url":"https:\/\/www.lesrencontreseconomiques.fr\/","name":"Les Rencontres \u00c9conomiques","description":"","potentialAction":[{"@type":"SearchAction","target":{"@type":"EntryPoint","urlTemplate":"https:\/\/www.lesrencontreseconomiques.fr\/?s={search_term_string}"},"query-input":{"@type":"PropertyValueSpecification","valueRequired":true,"valueName":"search_term_string"}}],"inLanguage":"fr-FR"}]}},"_links":{"self":[{"href":"https:\/\/www.lesrencontreseconomiques.fr\/wp-json\/wp\/v2\/pages\/2744","targetHints":{"allow":["GET"]}}],"collection":[{"href":"https:\/\/www.lesrencontreseconomiques.fr\/wp-json\/wp\/v2\/pages"}],"about":[{"href":"https:\/\/www.lesrencontreseconomiques.fr\/wp-json\/wp\/v2\/types\/page"}],"author":[{"embeddable":true,"href":"https:\/\/www.lesrencontreseconomiques.fr\/wp-json\/wp\/v2\/users\/2"}],"replies":[{"embeddable":true,"href":"https:\/\/www.lesrencontreseconomiques.fr\/wp-json\/wp\/v2\/comments?post=2744"}],"version-history":[{"count":41,"href":"https:\/\/www.lesrencontreseconomiques.fr\/wp-json\/wp\/v2\/pages\/2744\/revisions"}],"predecessor-version":[{"id":19216,"href":"https:\/\/www.lesrencontreseconomiques.fr\/wp-json\/wp\/v2\/pages\/2744\/revisions\/19216"}],"wp:attachment":[{"href":"https:\/\/www.lesrencontreseconomiques.fr\/wp-json\/wp\/v2\/media?parent=2744"}],"curies":[{"name":"wp","href":"https:\/\/api.w.org\/{rel}","templated":true}]}}