{"id":24756,"date":"2025-07-05T19:10:28","date_gmt":"2025-07-05T17:10:28","guid":{"rendered":"https:\/\/www.lesrencontreseconomiques.fr\/?page_id=24756"},"modified":"2025-07-05T19:10:29","modified_gmt":"2025-07-05T17:10:29","slug":"propos-conclusifs","status":"publish","type":"page","link":"https:\/\/www.lesrencontreseconomiques.fr\/programme\/propos-conclusifs\/","title":{"rendered":"Propos conclusifs"},"content":{"rendered":"<div class=\"-wrapper -668 -mt-90 -mb-90\">\n<div class=\"cp-intro -texte\">\n<div class=\"description\">\n<div class=\"cp-texte\">\n<p>Nous vivons des temps confus. Les chocs se succ\u00e8dent et s\u2019accumulent, l\u00e9zardant chaque jour davantage les \u00e9quilibres patiemment \u00e9difi\u00e9s \u00e0 la fin de la Seconde Guerre mondiale.<\/p>\n<p>Plus que jamais, les \u00e9conomistes ont un r\u00f4le clef \u00e0 jouer. La science est aujourd\u2019hui contest\u00e9e, voire prise pour cible par les autorit\u00e9s de la premi\u00e8re puissance mondiale. La rationalit\u00e9 ne parvient plus \u00e0 se faire entendre dans le d\u00e9bat public, comme si nous avions tous pris le parti de privil\u00e9gier nos \u00e9motions. Pourtant, nous avons ardemment besoin de rigueur, d\u2019honn\u00eatet\u00e9 et de cr\u00e9ativit\u00e9 intellectuelles. C\u2019est dans les p\u00e9riodes de ruptures profondes que la capacit\u00e9 humaine \u00e0 raisonner se r\u00e9v\u00e8le pr\u00e9cieuse et souvent la plus f\u00e9conde. \u00c0 nos concitoyens qui se d\u00e9fient de la science \u00e9conomique, il nous faut apporter de nouveau les preuves de notre utilit\u00e9.<\/p>\n<p>Pour construire ces propos conclusifs, nous avons d\u00e9cid\u00e9 de nous appuyer sur trois apports : les discussions entre membres du Cercle des \u00e9conomistes, les \u00e9changes avec les 33 think tanks internationaux pr\u00e9sents \u00e0 Aix cette ann\u00e9e et les comptes-rendus des 80 sessions des Rencontres, y compris des Agoras Jeunesse(s).<\/p>\n<p>Ces trois apports venus d\u2019horizons vari\u00e9s nous ont permis de rep\u00e9rer 6 points de clivage cruciaux, \u00e0 toutes les \u00e9chelles. Ces lignes de fracture laissent entrevoir une d\u00e9t\u00e9rioration de la situation globale \u00e0 horizon 2030, et nous ont conduits \u00e0 projeter quatre trajectoires possibles pour l\u2019\u00e9conomie mondiale dans les ann\u00e9es qui viennent. Ce minutieux travail d\u2019identification des points de clivage et de quantification des trajectoires possibles nous a amen\u00e9s \u00e0 proposer cinq voies vers l\u2019apaisement cr\u00e9dibles, \u00e0 impulser d\u00e8s maintenant.<\/p>\n<p>&nbsp;<\/p>\n<h2>Six points de clivage<\/h2>\n<h3>La question du r\u00e9armement<\/h3>\n<p>Le monde se r\u00e9arme. En 2024, les budgets militaires dans le monde ont augment\u00e9 de 9,4 % par rapport \u00e0 2023, atteignant 2 718 milliards de dollars, soit la hausse annuelle la plus \u00e9lev\u00e9e depuis la fin de la Guerre froide. Au sommet de La Haye, les Alli\u00e9s se sont engag\u00e9s \u00e0 consacrer 5\u202f% de leur PIB d\u2019ici 2035 \u00e0 la d\u00e9fense (3,5 %) et \u00e0 la s\u00e9curit\u00e9 (1,5 %).<\/p>\n<p>En Europe, certains pays, comme l\u2019Espagne, s\u2019inqui\u00e8tent de ce r\u00e9armement global au d\u00e9triment d\u2019autres priorit\u00e9s, tandis que d\u2019autres, dont la Hongrie, minimisent la menace russe. Ces divergences se retrouvent dans les d\u00e9bats nationaux, o\u00f9 les arbitrages opposent priorit\u00e9s s\u00e9curitaires, enjeux sociaux et soutenabilit\u00e9 budg\u00e9taire.<\/p>\n<h3>L\u2019opposition Occident\/Sud global<\/h3>\n<p>Le dollar perd de sa pr\u00e9\u00e9minence. En 2025, le dollar a enregistr\u00e9 une baisse de sa valeur in\u00e9dite depuis 1973. Les \u00c9tats-Unis semblent ne plus vouloir assumer leur r\u00f4le de garant des \u00e9quilibres mondiaux, tandis que le Sud global, port\u00e9 par la Chine, monte en puissance, et revendique une place plus importante dans l\u2019ordre international.<\/p>\n<p>Le Sud global s\u2019accorde sur un point, la fin de la domination occidentale, et s\u2019organise, en t\u00e9moignent les BRICS+. Au Nord, beaucoup craignent cette division du monde, voire sa segmentation en blocs r\u00e9gionaux disparates.<\/p>\n<h3>La fracture \u00e9nerg\u00e9tique<\/h3>\n<p>Plusieurs mod\u00e8les \u00e9nerg\u00e9tiques s\u2019affrontent. Les think tanks am\u00e9ricains proches de la Maison-Blanche, comme la Heritage Foundation, d\u00e9fendent les \u00e9nergies fossiles, les \u00c9tats-Unis \u00e9tant d\u00e9sormais le premier exportateur mondial de gaz et de p\u00e9trole. Du c\u00f4t\u00e9 chinois, on plaide pour les \u00e9nergies renouvelables, dont la Chine ma\u00eetrise la cha\u00eene de production.<\/p>\n<p>Ces lignes de fracture sont visibles dans les d\u00e9bats publics nationaux, en Allemagne et en France par exemple, et ce notamment autour de la question du nucl\u00e9aire. Face \u00e0 l\u2019ampleur des investissements requis, des choix forts doivent \u00eatre faits et surtout assum\u00e9s.<\/p>\n<h3>L\u2019incertitude autour de l\u2019IA<\/h3>\n<p>Deux visions s\u2019opposent sur l\u2019IA. Certains insistent sur les gains de productivit\u00e9 attendus, potentiellement sup\u00e9rieurs \u00e0 ceux du num\u00e9rique, appelant \u00e0 des investissements massifs dans le contexte d\u2019une rude concurrence internationale. D\u2019autres craignent les cons\u00e9quences sociales et politiques du d\u00e9veloppement de l\u2019IA, son impact potentiel sur l\u2019emploi, et plaident pour une r\u00e9gulation capable d\u2019accompagner cette rupture technologique.<\/p>\n<h3>Le d\u00e9fi des flux migratoires<\/h3>\n<p>Les flux migratoires crispent les soci\u00e9t\u00e9s occidentales. Leur augmentation nourrit une polarisation croissante du d\u00e9bat public. Les discours valorisant les b\u00e9n\u00e9fices \u00e9conomiques de l\u2019immigration dans des soci\u00e9t\u00e9s vieillissantes se heurtent \u00e0 des positions de plus en plus identitaires. Ce clivage pourrait s\u2019amplifier \u00e0 mesure que les flux migratoires s\u2019intensifieront, notamment en provenance du continent africain, confront\u00e9 \u00e0 une explosion d\u00e9mographique et \u00e0 une pression climatique forte.<\/p>\n<h3>La d\u00e9fiance vis-\u00e0-vis du mod\u00e8le d\u00e9mocratique<\/h3>\n<p>Le mod\u00e8le d\u00e9mocratique traditionnel est en crise. Radicalisation des alternatives politiques, pr\u00e9f\u00e9rence de nombre de citoyens pour un r\u00e9gime plus autoritaire, contestation de l\u2019\u00c9tat de droit, cas de manipulation des \u00e9lections, y compris au travers d\u2019ing\u00e9rences \u00e9trang\u00e8res\u2026 Ce processus est analys\u00e9 tant\u00f4t comme une r\u00e9affirmation des peuples face aux \u00e9lites, tant\u00f4t comme le d\u00e9but de la fin de la d\u00e9mocratie dans le monde. Cette d\u00e9fiance g\u00e9n\u00e9ralis\u00e9e, amplifi\u00e9e par les algorithmes des r\u00e9seaux sociaux, trouve ses racines dans des fractures sociales.<\/p>\n<p>Ces six points de clivage fournissent des clefs pour penser le monde tel qu\u2019il est et surtout tel qu\u2019il vient. L\u2019intensit\u00e9 des d\u00e9bats sur chacun des sujets de clivage identifi\u00e9s nous a permis d\u2019envisager quatre trajectoires possibles de l\u2019\u00e9conomie mondiale \u00e0 horizon 2030. Bien entendu, ces hypoth\u00e8ses ne sont pas exclusives. Et il est certain que des \u00e9v\u00e9nements impr\u00e9vus surviendront dans les cinq prochaines ann\u00e9es, bouleversant ce qui est de l\u2019ordre de l\u2019anticipable. Mais cette m\u00e9thode reste utile pour penser l\u2019avenir avec pr\u00e9cision et surtout s\u2019y pr\u00e9parer.<\/p>\n<p>&nbsp;<\/p>\n<h2>Quatre trajectoires possibles<\/h2>\n<h3>L\u2019embrasement<\/h3>\n<p>D\u2019ici 2030, la mont\u00e9e des tensions g\u00e9opolitiques, si elle d\u00e9bouche sur des conflits conventionnels, pourrait lourdement peser sur l\u2019\u00e9conomie mondiale. Un niveau de paix tr\u00e8s d\u00e9grad\u00e9 peut co\u00fbter jusqu\u2019\u00e0 26\u202f% du PIB mondial. Une guerre Russie-OTAN dans un \u00c9tat balte co\u00fbterait 1 500 milliards de dollars la premi\u00e8re ann\u00e9e. Un conflit Chine\u2013\u00c9tats-Unis autour de Ta\u00efwan pourrait atteindre 10\u202f000 milliards, tandis qu\u2019un blocus du d\u00e9troit de Ta\u00efwan, hypoth\u00e8se plus probable, d\u00e9graderait de 10 % les PIB ta\u00efwanais et chinois et de 3 % le PIB am\u00e9ricain. Un blocage, m\u00eame temporaire, du d\u00e9troit d\u2019Ormuz ferait baisser la croissance trimestrielle mondiale de pr\u00e8s de 1\u202f% .<\/p>\n<h3>Le r\u00e9armement<\/h3>\n<p>Porter les budgets de d\u00e9fense et de s\u00e9curit\u00e9 des pays de l\u2019OTAN \u00e0 5\u202f% du PIB d\u2019ici 2035 impliquerait 1 350 milliards de dollars d\u2019investissements suppl\u00e9mentaires, soit une hausse de pr\u00e8s de 3 points de PIB par rapport au niveau actuel. Une augmentation de 1,5\u202f% du PIB des budgets de d\u00e9fense pourrait stimuler la croissance en Europe (+0,5 \u00e0 +1,5\u202f%), si elle s\u2019appuie sur une r\u00e9duction des importations et une mont\u00e9e en gamme industrielle port\u00e9e par la France, l\u2019Allemagne, la Pologne et le Royaume-Uni. Mais dans un contexte de dette croissante \u2014 +20\u202f% de dette mondiale projet\u00e9e d\u2019ici 2027 \u2014 et de pressions budg\u00e9taires durables (climat, vieillissement), le r\u00e9armement doit \u00eatre coordonn\u00e9 pour \u00e9viter les doublons (17 chars de combat aujourd\u2019hui dans l\u2019UE contre un seul aux \u00c9tats-Unis) et renforcer l\u2019interop\u00e9rabilit\u00e9. L\u2019UE, frein\u00e9e par ses r\u00e8gles internes et l\u2019absence du Royaume-Uni, ne peut \u00eatre le cadre pour y parvenir. Une \u00ab coalition des volontaires \u00bb s\u2019impose de nouveau, \u00e0 condition d\u2019\u00eatre encadr\u00e9e, afin de permettre un sursaut strat\u00e9gique et non un regain des nationalismes.<\/p>\n<h3>La fragmentation<\/h3>\n<p>Les offensives douani\u00e8res de Trump pourraient acc\u00e9l\u00e9rer le ralentissement de la croissance du commerce mondial, d\u00e9j\u00e0 divis\u00e9e par deux depuis 2008. Si les droits de douane am\u00e9ricains perdurent jusqu\u2019en 2026, la croissance mondiale passerait de 3,3 % en 2024 \u00e0 2,9\u202f% d\u00e8s 2025. L\u2019UE serait particuli\u00e8rement touch\u00e9e (\u20130,35\u202f% du PIB). Cependant, le v\u00e9ritable risque est une hausse suppl\u00e9mentaire des tarifs am\u00e9ricains qui pourrait entra\u00eener des mesures de r\u00e9torsion, accentuer le protectionnisme et nourrir l\u2019inflation. Une nouvelle augmentation de 10 % aurait pour cons\u00e9quence une baisse de la production mondiale (-0,3 % en 2 ans) et une inflation mondiale accrue (+0,5 point). Le protectionnisme globalement progresse (six fois plus d\u2019obstacles depuis 2017), au risque d\u2019une logique de repli g\u00e9n\u00e9ralis\u00e9. L\u2019UE fait face \u00e0 un choix : c\u00e9der au protectionnisme, ou d\u00e9fendre un libre-\u00e9change repens\u00e9, strat\u00e9gique et coordonn\u00e9.<\/p>\n<h3>L\u2019apaisement<\/h3>\n<p>Un sc\u00e9nario d\u2019apaisement, bien que peu probable, n\u2019est pas \u00e0 exclure. Un r\u00e9armement contenu limiterait les pressions inflationnistes, avec une dette publique moins explosive, et calmerait les tensions entre grandes puissances. Si les droits de douane se stabilisent autour de +10\u202f%, la croissance mondiale ralentirait mais sans effondrement durable des cha\u00eenes de valeur. Ce climat de relative stabilit\u00e9 pourrait ouvrir la voie \u00e0 la coop\u00e9ration internationale sur des enjeux communs. Sur le climat, par exemple, l\u2019\u00e9cart entre une trajectoire sans coop\u00e9ration (\u20131 point de croissance annuelle) et une trajectoire coop\u00e9rative (+0,5 point) n\u2019est pas n\u00e9gligeable. Sur le plan mon\u00e9taire \u00e9galement, de nouvelles r\u00e8gles globales \u2014 r\u00e9\u00e9valuer le yuan, renforcer la capacit\u00e9 europ\u00e9enne \u00e0 fournir des liquidit\u00e9s, et contenir le d\u00e9ficit am\u00e9ricain \u2014 am\u00e8neraient davantage de stabilit\u00e9.<\/p>\n<p>&nbsp;<\/p>\n<h2>Cinq voies vers l\u2019apaisement<\/h2>\n<p>\u00c0 horizon 2030, le monde conna\u00eetra une \u00e9volution dont nous ne connaissons pas encore le ton. Entre embrasement g\u00e9n\u00e9ralis\u00e9, course au r\u00e9armement, fragmentation \u00e9conomique, les trajectoires possibles sont contrast\u00e9es, mais loin d\u2019\u00eatre fig\u00e9es. Nous tra\u00e7ons ici cinq pistes de r\u00e9flexion pour l\u2019avenir.<\/p>\n<h3>Promouvoir un r\u00e9armement et un protectionnisme raisonnables<\/h3>\n<p>Nous privil\u00e9gions une trajectoire d\u2019apaisement. Cela implique un recul de l\u2019escalade militaire \u00e0 l\u2019\u00e9chelle mondiale et une posture europ\u00e9enne ferme, mais responsable.<\/p>\n<p>Fer de lance de l\u2019autonomie strat\u00e9gique europ\u00e9enne, la France est un pilier de la d\u00e9fense du Vieux Continent. Pour respecter ses engagements envers l\u2019OTAN, la France devrait porter ses d\u00e9penses de d\u00e9fense \u00e0 100 milliards d\u2019euros d\u2019ici 2030 &#8211; soit un effort annuel de 45 \u00e0 50 milliards. Un objectif ambitieux, voire difficilement tenable, alors que la Cour des comptes appelle \u00e0 r\u00e9aliser 105 milliards d\u2019euros d\u2019\u00e9conomies d\u2019ici 2029 pour ramener le d\u00e9ficit public sous la barre des 3 %. La France en Europe doit se faire la voix d\u2019un r\u00e9armement responsable, soutenable et raisonnable.<\/p>\n<p>Sur les tensions commerciales, la position fran\u00e7aise doit \u00e9galement concilier fermet\u00e9 et responsabilit\u00e9. Il faut qu\u2019elle d\u00e9fende un accord plafonnant les droits de douane \u00e0 10 %, tout en r\u00e9sistant fermement aux pressions extraterritoriales am\u00e9ricaines \u2014 mena\u00e7ant directement l\u2019int\u00e9grit\u00e9 de la r\u00e9gulation europ\u00e9enne du num\u00e9rique, le Digital Markets Act et le Digital Services Act \u2014 dans le cadre des n\u00e9gociations.<\/p>\n<h3>R\u00e9inventer les formats de coop\u00e9ration<\/h3>\n<p>La nouvelle donne mondiale fragilise l\u2019ordre international h\u00e9rit\u00e9 de 1945, mais ouvre aussi la voie \u00e0 des coop\u00e9rations multiples sur des enjeux cibl\u00e9s. Les cartes sont rebattues. La fracturation du bloc occidental doit inciter les Europ\u00e9ens, et singuli\u00e8rement la France, dont c\u2019est la position historique, \u00e0 se tourner r\u00e9solument vers les pays du Sud global. Mettons \u00e0 l\u2019ordre du jour un vaste accord de coop\u00e9ration climatique entre la Chine et l\u2019UE, acc\u00e9l\u00e9rons les n\u00e9gociations commerciales avec l\u2019Inde, rapprochons-nous de tous les pays, en Am\u00e9rique latine, en Asie centrale et ailleurs, qui, comme nous, ne veulent pas du retour des empires et sont pr\u00eats \u00e0 coop\u00e9rer avec pragmatisme sur des sujets d\u2019int\u00e9r\u00eat commun.<\/p>\n<p>Cette souplesse doit \u00e9galement jouer \u00e0 l\u2019int\u00e9rieur m\u00eame des fronti\u00e8res de l\u2019Europe. N\u2019attendons pas l\u2019unanimit\u00e9 des 27 pour faire face \u00e0 tous les d\u00e9fis urgents. Certains sujets, commerciaux ou climatiques, n\u00e9cessitent une approche commune. D\u2019autres concernent certains \u00c9tats membres bien plus que d\u2019autres et appellent, sur le mod\u00e8le de ce qui a \u00e9t\u00e9 fait pour l\u2019Ukraine avec le Royaume-Uni, des \u00ab\u00a0coalitions de volontaires\u00a0\u00bb. Le d\u00e9veloppement africain est d\u2019abord un enjeu pour les pays m\u00e9diterran\u00e9ens, la d\u00e9fense une urgence pour les pays de l\u2019Est, organisons-nous avec la souplesse requise par ce monde en voie de profonde recomposition.<\/p>\n<h3>Repartir de la jeunesse<\/h3>\n<p>Il n\u2019y aura d\u2019apaisement global que si nous parvenons \u00e0 faire baisser les tensions au sein de nos soci\u00e9t\u00e9s. L\u2019avenir n\u2019est que ce que la jeunesse d\u00e9cidera d\u2019en faire, si tant est qu\u2019on lui en donne les moyens. Les Agoras Jeunesse(s) des Rencontres, nourries d\u2019une grande consultation de plus de 127 000 jeunes \u00e0 travers la France, ont trac\u00e9 une voie.<\/p>\n<p>Les difficult\u00e9s socio-\u00e9conomiques des jeunes s\u2019accentuent. 1,3 million d\u2019entre eux ne sont ni en formation ni en emploi. Pour ceux qui sont int\u00e9gr\u00e9s au march\u00e9 du travail, la perspective d\u2019acc\u00e9der \u00e0 la propri\u00e9t\u00e9 autrement que par l\u2019h\u00e9ritage s\u2019\u00e9loigne. 54% des jeunes interrog\u00e9s estiment m\u00eame qu\u2019ils n\u2019auront pas de retraite plus tard, alors que les retrait\u00e9s d\u2019aujourd\u2019hui sont relativement plus riches que les actifs. Sans parler du d\u00e9r\u00e8glement climatique, qui assombrit consid\u00e9rablement leur avenir. Un effort contributif de solidarit\u00e9 interg\u00e9n\u00e9rationnelle s\u2019impose, qui pourrait prendre la forme d\u2019un fonds abond\u00e9 par l\u2019\u00e9pargne patrimoniale et fl\u00e9ch\u00e9 sur le logement et la formation des jeunes.<\/p>\n<h3>Se confronter \u00e0 la d\u00e9fiance d\u00e9mocratique<\/h3>\n<p>L\u2019apaisement suppose de rebattre les cartes de la participation d\u00e9mocratique. Le foss\u00e9 entre les institutions et les citoyens ne cesse de se creuser, nourrissant col\u00e8re, abstention et tentation autoritaire. Il faut inventer de nouvelles formes de repr\u00e9sentation plus horizontales. Pourquoi ne pas imaginer, \u00e0 l\u2019\u00e9chelle fran\u00e7aise, un m\u00e9canisme inspir\u00e9 de l\u2019Initiative citoyenne europ\u00e9enne, qui permet, avec un million de signatures issues de plusieurs pays, d\u2019obliger la Commission europ\u00e9enne \u00e0 examiner un sujet port\u00e9 par les citoyens ? Contrairement au R\u00e9f\u00e9rendum d\u2019initiative partag\u00e9e, cette initiative reposerait enti\u00e8rement sur les citoyens, sans besoin d\u2019un appui parlementaire. Une d\u00e9mocratie vivante n\u2019a pas peur d\u2019\u00eatre bouscul\u00e9e. C\u2019est \u00e0 cette condition qu\u2019elle pourra redevenir d\u00e9sirable.<\/p>\n<h3>Innover dans le dialogue<\/h3>\n<p>Soyons inventifs. \u00c0 notre \u00e9chelle, en donnant la parole \u00e0 la jeunesse, en r\u00e9unissant 33 think tanks du monde entier cette ann\u00e9e \u00e0 Aix, nous croyons avoir trac\u00e9 un chemin. Nous avons besoin de formats alternatifs aux enceintes traditionnelles, ouverts \u00e0 tous les courants de pens\u00e9e. Nous souhaitons amplifier et ancrer dans la dur\u00e9e ce dialogue avec les think tanks. Notre ambition est d\u2019\u00e9largir ce format, avec l\u2019objectif de doubler le nombre de think tanks pr\u00e9sents \u00e0 Aix l\u2019an prochain. Nous appelons d\u2019autres institutions, forums et \u00e9v\u00e8nements \u00e0 suivre cette voie, afin de p\u00e9renniser l\u2019\u00e9change de points de vue venus de tous les continents qui, d\u2019ordinaire, ne se confrontent jamais.<\/p>\n<\/p><\/div>\n<\/p><\/div>\n<\/p><\/div>\n<\/p><\/div>\n","protected":false},"excerpt":{"rendered":"<p>Nous vivons des temps confus. Les chocs se succ\u00e8dent et s\u2019accumulent, l\u00e9zardant chaque jour davantage les \u00e9quilibres patiemment \u00e9difi\u00e9s \u00e0 la fin de la Seconde Guerre mondiale. Plus que jamais, les \u00e9conomistes ont un r\u00f4le clef \u00e0 jouer. La science est aujourd\u2019hui contest\u00e9e, voire prise pour cible par les autorit\u00e9s de la premi\u00e8re puissance mondiale. [&hellip;]<\/p>\n","protected":false},"author":2,"featured_media":0,"parent":2346,"menu_order":0,"comment_status":"closed","ping_status":"closed","template":"","meta":{"_acf_changed":false,"footnotes":""},"class_list":["post-24756","page","type-page","status-publish","hentry"],"acf":[],"yoast_head":"<!-- This site is optimized with the Yoast SEO plugin v26.5 - https:\/\/yoast.com\/wordpress\/plugins\/seo\/ -->\n<title>Propos conclusifs - Les Rencontres \u00c9conomiques<\/title>\n<meta name=\"robots\" content=\"index, follow, max-snippet:-1, max-image-preview:large, max-video-preview:-1\" \/>\n<link rel=\"canonical\" href=\"https:\/\/www.lesrencontreseconomiques.fr\/programme\/propos-conclusifs\/\" \/>\n<meta property=\"og:locale\" content=\"fr_FR\" \/>\n<meta property=\"og:type\" content=\"article\" \/>\n<meta property=\"og:description\" content=\"Nous vivons des temps confus. Les chocs se succ\u00e8dent et s\u2019accumulent, l\u00e9zardant chaque jour davantage les \u00e9quilibres patiemment \u00e9difi\u00e9s \u00e0 la fin de la Seconde Guerre mondiale. Plus que jamais, les \u00e9conomistes ont un r\u00f4le clef \u00e0 jouer. La science est aujourd\u2019hui contest\u00e9e, voire prise pour cible par les autorit\u00e9s de la premi\u00e8re puissance mondiale. [&hellip;]\" \/>\n<meta property=\"og:url\" content=\"https:\/\/www.lesrencontreseconomiques.fr\/programme\/propos-conclusifs\/\" \/>\n<meta property=\"og:site_name\" content=\"Les Rencontres \u00c9conomiques\" \/>\n<meta property=\"article:publisher\" content=\"https:\/\/www.facebook.com\/Le.Cercle.des.Economistes\/\" \/>\n<meta property=\"article:modified_time\" content=\"2025-07-05T17:10:29+00:00\" \/>\n<meta name=\"twitter:card\" content=\"summary_large_image\" \/>\n<meta name=\"twitter:site\" content=\"@Cercle_eco\" \/>\n<script type=\"application\/ld+json\" class=\"yoast-schema-graph\">{\"@context\":\"https:\/\/schema.org\",\"@graph\":[{\"@type\":\"WebPage\",\"@id\":\"https:\/\/www.lesrencontreseconomiques.fr\/programme\/propos-conclusifs\/\",\"url\":\"https:\/\/www.lesrencontreseconomiques.fr\/programme\/propos-conclusifs\/\",\"name\":\"Propos conclusifs - Les Rencontres \u00c9conomiques\",\"isPartOf\":{\"@id\":\"https:\/\/www.lesrencontreseconomiques.fr\/#website\"},\"datePublished\":\"2025-07-05T17:10:28+00:00\",\"dateModified\":\"2025-07-05T17:10:29+00:00\",\"breadcrumb\":{\"@id\":\"https:\/\/www.lesrencontreseconomiques.fr\/programme\/propos-conclusifs\/#breadcrumb\"},\"inLanguage\":\"fr-FR\",\"potentialAction\":[{\"@type\":\"ReadAction\",\"target\":[\"https:\/\/www.lesrencontreseconomiques.fr\/programme\/propos-conclusifs\/\"]}]},{\"@type\":\"BreadcrumbList\",\"@id\":\"https:\/\/www.lesrencontreseconomiques.fr\/programme\/propos-conclusifs\/#breadcrumb\",\"itemListElement\":[{\"@type\":\"ListItem\",\"position\":1,\"name\":\"Accueil\",\"item\":\"https:\/\/www.lesrencontreseconomiques.fr\/\"},{\"@type\":\"ListItem\",\"position\":2,\"name\":\"Programme\",\"item\":\"https:\/\/www.lesrencontreseconomiques.fr\/programme\/\"},{\"@type\":\"ListItem\",\"position\":3,\"name\":\"Propos conclusifs\"}]},{\"@type\":\"WebSite\",\"@id\":\"https:\/\/www.lesrencontreseconomiques.fr\/#website\",\"url\":\"https:\/\/www.lesrencontreseconomiques.fr\/\",\"name\":\"Les Rencontres \u00c9conomiques\",\"description\":\"\",\"potentialAction\":[{\"@type\":\"SearchAction\",\"target\":{\"@type\":\"EntryPoint\",\"urlTemplate\":\"https:\/\/www.lesrencontreseconomiques.fr\/?s={search_term_string}\"},\"query-input\":{\"@type\":\"PropertyValueSpecification\",\"valueRequired\":true,\"valueName\":\"search_term_string\"}}],\"inLanguage\":\"fr-FR\"}]}<\/script>\n<!-- \/ Yoast SEO plugin. -->","yoast_head_json":{"title":"Propos conclusifs - Les Rencontres \u00c9conomiques","robots":{"index":"index","follow":"follow","max-snippet":"max-snippet:-1","max-image-preview":"max-image-preview:large","max-video-preview":"max-video-preview:-1"},"canonical":"https:\/\/www.lesrencontreseconomiques.fr\/programme\/propos-conclusifs\/","og_locale":"fr_FR","og_type":"article","og_description":"Nous vivons des temps confus. Les chocs se succ\u00e8dent et s\u2019accumulent, l\u00e9zardant chaque jour davantage les \u00e9quilibres patiemment \u00e9difi\u00e9s \u00e0 la fin de la Seconde Guerre mondiale. Plus que jamais, les \u00e9conomistes ont un r\u00f4le clef \u00e0 jouer. La science est aujourd\u2019hui contest\u00e9e, voire prise pour cible par les autorit\u00e9s de la premi\u00e8re puissance mondiale. [&hellip;]","og_url":"https:\/\/www.lesrencontreseconomiques.fr\/programme\/propos-conclusifs\/","og_site_name":"Les Rencontres \u00c9conomiques","article_publisher":"https:\/\/www.facebook.com\/Le.Cercle.des.Economistes\/","article_modified_time":"2025-07-05T17:10:29+00:00","twitter_card":"summary_large_image","twitter_site":"@Cercle_eco","schema":{"@context":"https:\/\/schema.org","@graph":[{"@type":"WebPage","@id":"https:\/\/www.lesrencontreseconomiques.fr\/programme\/propos-conclusifs\/","url":"https:\/\/www.lesrencontreseconomiques.fr\/programme\/propos-conclusifs\/","name":"Propos conclusifs - Les Rencontres \u00c9conomiques","isPartOf":{"@id":"https:\/\/www.lesrencontreseconomiques.fr\/#website"},"datePublished":"2025-07-05T17:10:28+00:00","dateModified":"2025-07-05T17:10:29+00:00","breadcrumb":{"@id":"https:\/\/www.lesrencontreseconomiques.fr\/programme\/propos-conclusifs\/#breadcrumb"},"inLanguage":"fr-FR","potentialAction":[{"@type":"ReadAction","target":["https:\/\/www.lesrencontreseconomiques.fr\/programme\/propos-conclusifs\/"]}]},{"@type":"BreadcrumbList","@id":"https:\/\/www.lesrencontreseconomiques.fr\/programme\/propos-conclusifs\/#breadcrumb","itemListElement":[{"@type":"ListItem","position":1,"name":"Accueil","item":"https:\/\/www.lesrencontreseconomiques.fr\/"},{"@type":"ListItem","position":2,"name":"Programme","item":"https:\/\/www.lesrencontreseconomiques.fr\/programme\/"},{"@type":"ListItem","position":3,"name":"Propos conclusifs"}]},{"@type":"WebSite","@id":"https:\/\/www.lesrencontreseconomiques.fr\/#website","url":"https:\/\/www.lesrencontreseconomiques.fr\/","name":"Les Rencontres \u00c9conomiques","description":"","potentialAction":[{"@type":"SearchAction","target":{"@type":"EntryPoint","urlTemplate":"https:\/\/www.lesrencontreseconomiques.fr\/?s={search_term_string}"},"query-input":{"@type":"PropertyValueSpecification","valueRequired":true,"valueName":"search_term_string"}}],"inLanguage":"fr-FR"}]}},"_links":{"self":[{"href":"https:\/\/www.lesrencontreseconomiques.fr\/wp-json\/wp\/v2\/pages\/24756","targetHints":{"allow":["GET"]}}],"collection":[{"href":"https:\/\/www.lesrencontreseconomiques.fr\/wp-json\/wp\/v2\/pages"}],"about":[{"href":"https:\/\/www.lesrencontreseconomiques.fr\/wp-json\/wp\/v2\/types\/page"}],"author":[{"embeddable":true,"href":"https:\/\/www.lesrencontreseconomiques.fr\/wp-json\/wp\/v2\/users\/2"}],"replies":[{"embeddable":true,"href":"https:\/\/www.lesrencontreseconomiques.fr\/wp-json\/wp\/v2\/comments?post=24756"}],"version-history":[{"count":4,"href":"https:\/\/www.lesrencontreseconomiques.fr\/wp-json\/wp\/v2\/pages\/24756\/revisions"}],"predecessor-version":[{"id":24760,"href":"https:\/\/www.lesrencontreseconomiques.fr\/wp-json\/wp\/v2\/pages\/24756\/revisions\/24760"}],"up":[{"embeddable":true,"href":"https:\/\/www.lesrencontreseconomiques.fr\/wp-json\/wp\/v2\/pages\/2346"}],"wp:attachment":[{"href":"https:\/\/www.lesrencontreseconomiques.fr\/wp-json\/wp\/v2\/media?parent=24756"}],"curies":[{"name":"wp","href":"https:\/\/api.w.org\/{rel}","templated":true}]}}