{"id":2255,"date":"2021-12-03T13:12:18","date_gmt":"2021-12-03T12:12:18","guid":{"rendered":"https:\/\/www.lesrencontreseconomiques.fr\/?page_id=2255"},"modified":"2025-07-07T17:02:03","modified_gmt":"2025-07-07T15:02:03","slug":"media","status":"publish","type":"page","link":"https:\/\/www.lesrencontreseconomiques.fr\/media\/","title":{"rendered":"Media"},"content":{"rendered":"<div class=\"-wrapper -846 -mt-90 -mb-90\">\n<div class=\"cp-intro -texte\">\n<div class=\"description\">\n<div class=\"cp-texte\">\n<h3>Les Rencontres \u00c9conomiques d\u2019Aix-en-Provence auront lieu les 3, 4 et 5 juillet 2025. Organis\u00e9s \u00e0 Aix-en-Provence, les d\u00e9bats seront int\u00e9gralement diffus\u00e9s en ligne et accessibles \u00e0 tous.<\/h3>\n<p>&nbsp;<\/p>\n<p>Pour toute question relative \u00e0 la couverture presse des Rencontres, contactez <a href=\"mailto:reaix@enderby.fr\">reaix@enderby.fr<\/a> ou <a href=\"mailto:anne.bidoli@cercledeseconomistes.fr\" target=\"_blank\" rel=\"noopener\">anne.bidoli@cercledeseconomistes.fr<\/a><\/p>\n<p>&nbsp;<\/p>\n<p>Vous recherchez\u2026<\/p>\n<h3><a href=\"#cp\">Communiqu\u00e9s de presse<\/a>\u00a0\u2013 <a href=\"#chiffres\">Chiffres cl\u00e9s<\/a> \u2013 <a href=\"#logos-photos\">Logos &amp; Photos<\/a> \u2013 <a href=\"#social\">R\u00e9seaux sociaux<\/a> \u2013 <a href=\"#contact\">Contacts<\/a><\/h3>\n<p>&nbsp;<\/p>\n<p><a class=\"cp-cta-bouton\" href=\"https:\/\/www.lesrencontreseconomiques.fr\/media\/accreditation\/\">Demandez votre accr\u00e9ditation<\/a><\/p>\n<\/p><\/div>\n<\/p><\/div>\n<\/p><\/div>\n<\/p><\/div>\n<div class=\"-wrapper -846 -is-hr -mt-90 -mb-90\">\n<hr>\n<\/div>\n<div class=\"-wrapper -846 -mt-90 -mb-90\">\n<div class=\"cp-intro -texte\">\n<div class=\"description\">\n<div class=\"cp-texte\">\n<h2><a id=\"cp\" class=\"c-anchor\"><\/a>Communiqu\u00e9s de presse<\/h2>\n<p style=\"text-align: left;\"><a class=\"cp-cta-bouton -telecharger -fullwidth\" href=\"https:\/\/www.lesrencontreseconomiques.fr\/wp-content\/uploads\/2025\/05\/250515_Communique-de-Presse-REAIX-2025_FR.pdf\" target=\"_blank\" rel=\"noopener\">15.05.2025 &#8211; Le plus grand forum \u00e9conomique europ\u00e9en choisit d\u2019Affronter le choc des r\u00e9alit\u00e9s<\/a><\/p>\n<p><a class=\"cp-cta-bouton -telecharger -fullwidth\" href=\"https:\/\/www.lesrencontreseconomiques.fr\/wp-content\/uploads\/2025\/07\/250705_CP_Cloture-des-25emes-Rencontres-Economiques-dAix-en-Provence_VF-1-1.pdf\" target=\"_blank\" rel=\"noopener\">05.07.2025 &#8211; Les Rencontres \u00c9conomiques esquissent les chemins de l\u2019apaisement mondial<\/a><\/p>\n<\/p><\/div>\n<\/p><\/div>\n<\/p><\/div>\n<\/p><\/div>\n<div class=\"-wrapper -846 -is-hr -mt-90 -mb-90\">\n<hr>\n<\/div>\n<div class=\"-wrapper -846 -mt-90 -mb-90\">\n<div class=\"cp-intro -texte\">\n<div class=\"description\">\n<div class=\"cp-texte\">\n<h2><a id=\"chiffres\" class=\"c-anchor\"><\/a>Chiffres cl\u00e9s<\/h2>\n<\/p><\/div>\n<\/p><\/div>\n<\/p><\/div>\n<\/p><\/div>\n<div class=\"-wrapper -846 -mt-90 -mb-90\">\n<div class=\"cp-chiffres-rouges\" data-reaix-uid-1>\n<div class=\"titre\" data-aos=\"fade-right\" data-aos-anchor-placement=\"top-bottom\" data-aos-offset=\"200\" data-aos-anchor=\"[data-reaix-uid-1]\">\n\t\t\tLes Rencontres \u00c9conomiques c&rsquo;est\t\t<\/div>\n<div class=\"focus\" data-aos=\"fade-up\" data-aos-anchor-placement=\"top-bottom\" data-aos-offset=\"200\" data-aos-delay=\"200\" data-aos-anchor=\"[data-reaix-uid-1]\">\n<div class=\"data\">380<\/div>\n<div class=\"texte\">intervenants de 51 nationalit\u00e9s<\/div>\n<\/p><\/div>\n<div class=\"focus\" data-aos=\"fade-up\" data-aos-anchor-placement=\"top-bottom\" data-aos-offset=\"200\" data-aos-delay=\"400\" data-aos-anchor=\"[data-reaix-uid-1]\">\n<div class=\"data\">7000<\/div>\n<div class=\"texte\">participants sur place<\/div>\n<\/p><\/div>\n<div class=\"focus\" data-aos=\"fade-up\" data-aos-anchor-placement=\"top-bottom\" data-aos-offset=\"200\" data-aos-delay=\"600\" data-aos-anchor=\"[data-reaix-uid-1]\">\n<div class=\"data\">73<\/div>\n<div class=\"texte\">sessions et controverses<\/div>\n<\/p><\/div>\n<\/p><\/div>\n<\/div>\n<div class=\"-wrapper -846 -is-hr -mt-90 -mb-90\">\n<hr>\n<\/div>\n<div class=\"-wrapper -846 -mt-90 -mb-minus-50\">\n<h2 class=\"cp-titre-rouge\">Mais aussi&#8230;<\/h2>\n<\/div>\n<div class=\"-wrapper -846 -mt-90 -mb-90\">\n<div class=\"cp-chiffres-gris\" data-reaix-uid-2>\n\t\t\t\t<span class=\"chiffre\" data-aos=\"fade-left\" data-aos-anchor-placement=\"top-bottom\" data-aos-offset=\"200\" data-aos-anchor=\"[data-reaix-uid-2]\"><br \/>\n\t\t\t<strong>6<\/strong> agoras jeunesses\t\t<\/span><br \/>\n\t\t\t\t<span class=\"chiffre\" data-aos=\"fade-left\" data-aos-anchor-placement=\"top-bottom\" data-aos-offset=\"200\" data-aos-delay=\"400\" data-aos-anchor=\"[data-reaix-uid-2]\"><br \/>\n\t\t\t<strong>34<\/strong> think tanks internationaux\t\t<\/span><br \/>\n\t\t\t\t<span class=\"chiffre\" data-aos=\"fade-left\" data-aos-anchor-placement=\"top-bottom\" data-aos-offset=\"200\" data-aos-delay=\"800\" data-aos-anchor=\"[data-reaix-uid-2]\"><br \/>\n\t\t\t<strong>1<\/strong> semaine d&rsquo;animations dans la ville\t\t<\/span><br \/>\n\t\t\t\t<span class=\"chiffre\" data-aos=\"fade-left\" data-aos-anchor-placement=\"top-bottom\" data-aos-offset=\"200\" data-aos-delay=\"1200\" data-aos-anchor=\"[data-reaix-uid-2]\"><br \/>\n\t\t\t<strong>25<\/strong> ans de d\u00e9bats\t\t<\/span>\n\t\t\t<\/div>\n<\/div>\n<div class=\"-wrapper -846 -is-hr -mt-90 -mb-90\">\n<hr>\n<\/div>\n<div class=\"-wrapper -1024 -mt-90 -mb-90\">\n<div class=\"cp-partenaires-v2 -all\">\n<div class=\"en-tete\">\n<h2 class=\"cp-titre-2\">Partenaires M\u00e9dias<\/h2>\n<\/p><\/div>\n<div class=\"logos-wrap\">\n<ul class=\"logos\">\n<li>\n\t\t\t\t\t<a href=\"https:\/\/www.aktionnaire.com\/\" target=\"_blank\"><br \/>\n\t\t\t\t\t\t<img width=\"250\" height=\"59\" src=\"https:\/\/www.lesrencontreseconomiques.fr\/wp-content\/uploads\/2025\/06\/Logo-Aktionnaire-250x59.png\" class=\"attachment-partner-small size-partner-small\" alt=\"Aktionnaire\" title=\"Aktionnaire\" decoding=\"async\" loading=\"lazy\" srcset=\"https:\/\/www.lesrencontreseconomiques.fr\/wp-content\/uploads\/2025\/06\/Logo-Aktionnaire-250x59.png 250w, https:\/\/www.lesrencontreseconomiques.fr\/wp-content\/uploads\/2025\/06\/Logo-Aktionnaire-490x115.png 490w, https:\/\/www.lesrencontreseconomiques.fr\/wp-content\/uploads\/2025\/06\/Logo-Aktionnaire-668x157.png 668w, https:\/\/www.lesrencontreseconomiques.fr\/wp-content\/uploads\/2025\/06\/Logo-Aktionnaire-1536x361.png 1536w, https:\/\/www.lesrencontreseconomiques.fr\/wp-content\/uploads\/2025\/06\/Logo-Aktionnaire-224x53.png 224w, https:\/\/www.lesrencontreseconomiques.fr\/wp-content\/uploads\/2025\/06\/Logo-Aktionnaire.png 1600w\" sizes=\"auto, (max-width: 250px) 100vw, 250px\" \/>\t\t\t\t\t<\/a>\n\t\t\t\t<\/li>\n<li>\n\t\t\t\t\t<a href=\"https:\/\/www.bfmtv.com\/economie\/\" target=\"_blank\"><br \/>\n\t\t\t\t\t\t<img width=\"250\" height=\"140\" src=\"https:\/\/www.lesrencontreseconomiques.fr\/wp-content\/uploads\/2025\/05\/Capture-decran-2025-05-16-a-11.25.49-250x140.png\" class=\"attachment-partner-small size-partner-small\" alt=\"BFM Business\" title=\"BFM Business\" decoding=\"async\" loading=\"lazy\" srcset=\"https:\/\/www.lesrencontreseconomiques.fr\/wp-content\/uploads\/2025\/05\/Capture-decran-2025-05-16-a-11.25.49-250x140.png 250w, https:\/\/www.lesrencontreseconomiques.fr\/wp-content\/uploads\/2025\/05\/Capture-decran-2025-05-16-a-11.25.49-490x273.png 490w, https:\/\/www.lesrencontreseconomiques.fr\/wp-content\/uploads\/2025\/05\/Capture-decran-2025-05-16-a-11.25.49-668x372.png 668w, https:\/\/www.lesrencontreseconomiques.fr\/wp-content\/uploads\/2025\/05\/Capture-decran-2025-05-16-a-11.25.49-1536x856.png 1536w, https:\/\/www.lesrencontreseconomiques.fr\/wp-content\/uploads\/2025\/05\/Capture-decran-2025-05-16-a-11.25.49-224x125.png 224w, https:\/\/www.lesrencontreseconomiques.fr\/wp-content\/uploads\/2025\/05\/Capture-decran-2025-05-16-a-11.25.49.png 1600w\" sizes=\"auto, (max-width: 250px) 100vw, 250px\" \/>\t\t\t\t\t<\/a>\n\t\t\t\t<\/li>\n<li>\n\t\t\t\t\t<a href=\"https:\/\/cestquilaboss.com\" target=\"_blank\"><br \/>\n\t\t\t\t\t\t<img width=\"210\" height=\"140\" src=\"https:\/\/www.lesrencontreseconomiques.fr\/wp-content\/uploads\/2025\/06\/ED65E1A1-1359-4E56-BD98-C208FF90E873-export-210x140.png\" class=\"attachment-partner-small size-partner-small\" alt=\"C&#039;est Qui La Boss ?\" title=\"C&#039;est Qui La Boss ?\" decoding=\"async\" loading=\"lazy\" srcset=\"https:\/\/www.lesrencontreseconomiques.fr\/wp-content\/uploads\/2025\/06\/ED65E1A1-1359-4E56-BD98-C208FF90E873-export-210x140.png 210w, https:\/\/www.lesrencontreseconomiques.fr\/wp-content\/uploads\/2025\/06\/ED65E1A1-1359-4E56-BD98-C208FF90E873-export-490x327.png 490w, https:\/\/www.lesrencontreseconomiques.fr\/wp-content\/uploads\/2025\/06\/ED65E1A1-1359-4E56-BD98-C208FF90E873-export-668x445.png 668w, https:\/\/www.lesrencontreseconomiques.fr\/wp-content\/uploads\/2025\/06\/ED65E1A1-1359-4E56-BD98-C208FF90E873-export-1536x1025.png 1536w, https:\/\/www.lesrencontreseconomiques.fr\/wp-content\/uploads\/2025\/06\/ED65E1A1-1359-4E56-BD98-C208FF90E873-export-224x150.png 224w, https:\/\/www.lesrencontreseconomiques.fr\/wp-content\/uploads\/2025\/06\/ED65E1A1-1359-4E56-BD98-C208FF90E873-export-312x208.png 312w, https:\/\/www.lesrencontreseconomiques.fr\/wp-content\/uploads\/2025\/06\/ED65E1A1-1359-4E56-BD98-C208FF90E873-export.png 1600w\" sizes=\"auto, (max-width: 210px) 100vw, 210px\" \/>\t\t\t\t\t<\/a>\n\t\t\t\t<\/li>\n<li>\n\t\t\t\t\t<a href=\"https:\/\/www.cityzmedia.fr\/\" target=\"_blank\"><br \/>\n\t\t\t\t\t\t<img width=\"240\" height=\"140\" src=\"https:\/\/www.lesrencontreseconomiques.fr\/wp-content\/uploads\/2025\/06\/logo-cityz-240x140.png\" class=\"attachment-partner-small size-partner-small\" alt=\"Cityz Media\" title=\"Cityz Media\" decoding=\"async\" loading=\"lazy\" srcset=\"https:\/\/www.lesrencontreseconomiques.fr\/wp-content\/uploads\/2025\/06\/logo-cityz-240x140.png 240w, https:\/\/www.lesrencontreseconomiques.fr\/wp-content\/uploads\/2025\/06\/logo-cityz-490x286.png 490w, https:\/\/www.lesrencontreseconomiques.fr\/wp-content\/uploads\/2025\/06\/logo-cityz-668x390.png 668w, https:\/\/www.lesrencontreseconomiques.fr\/wp-content\/uploads\/2025\/06\/logo-cityz-1536x896.png 1536w, https:\/\/www.lesrencontreseconomiques.fr\/wp-content\/uploads\/2025\/06\/logo-cityz-224x131.png 224w, https:\/\/www.lesrencontreseconomiques.fr\/wp-content\/uploads\/2025\/06\/logo-cityz.png 1600w\" sizes=\"auto, (max-width: 240px) 100vw, 240px\" \/>\t\t\t\t\t<\/a>\n\t\t\t\t<\/li>\n<li>\n\t\t\t\t\t<a href=\"https:\/\/www.cnbc.com\/world\/?region=world\" target=\"_blank\"><br \/>\n\t\t\t\t\t\t<img width=\"178\" height=\"140\" src=\"https:\/\/www.lesrencontreseconomiques.fr\/wp-content\/uploads\/2025\/06\/CNBC_NETWORK_LOGO_STACKED_1C_BROADCAST_BLUE_RGB_small-178x140.png\" class=\"attachment-partner-small size-partner-small\" alt=\"CNBC\" title=\"CNBC\" decoding=\"async\" loading=\"lazy\" srcset=\"https:\/\/www.lesrencontreseconomiques.fr\/wp-content\/uploads\/2025\/06\/CNBC_NETWORK_LOGO_STACKED_1C_BROADCAST_BLUE_RGB_small-178x140.png 178w, https:\/\/www.lesrencontreseconomiques.fr\/wp-content\/uploads\/2025\/06\/CNBC_NETWORK_LOGO_STACKED_1C_BROADCAST_BLUE_RGB_small-490x386.png 490w, https:\/\/www.lesrencontreseconomiques.fr\/wp-content\/uploads\/2025\/06\/CNBC_NETWORK_LOGO_STACKED_1C_BROADCAST_BLUE_RGB_small-224x177.png 224w, https:\/\/www.lesrencontreseconomiques.fr\/wp-content\/uploads\/2025\/06\/CNBC_NETWORK_LOGO_STACKED_1C_BROADCAST_BLUE_RGB_small.png 600w\" sizes=\"auto, (max-width: 178px) 100vw, 178px\" \/>\t\t\t\t\t<\/a>\n\t\t\t\t<\/li>\n<li>\n\t\t\t\t\t<a href=\"https:\/\/datagora.fr\" target=\"_blank\"><br \/>\n\t\t\t\t\t\t<img width=\"250\" height=\"67\" src=\"https:\/\/www.lesrencontreseconomiques.fr\/wp-content\/uploads\/2025\/05\/images-9-250x67.png\" class=\"attachment-partner-small size-partner-small\" alt=\"Datagora\" title=\"Datagora\" decoding=\"async\" loading=\"lazy\" srcset=\"https:\/\/www.lesrencontreseconomiques.fr\/wp-content\/uploads\/2025\/05\/images-9-250x67.png 250w, https:\/\/www.lesrencontreseconomiques.fr\/wp-content\/uploads\/2025\/05\/images-9-224x60.png 224w, https:\/\/www.lesrencontreseconomiques.fr\/wp-content\/uploads\/2025\/05\/images-9.png 435w\" sizes=\"auto, (max-width: 250px) 100vw, 250px\" \/>\t\t\t\t\t<\/a>\n\t\t\t\t<\/li>\n<li>\n\t\t\t\t\t<a href=\"https:\/\/www.ebra.frhttps:\/\/www.ebra.fr\" target=\"_blank\"><br \/>\n\t\t\t\t\t\t<img width=\"250\" height=\"88\" src=\"https:\/\/www.lesrencontreseconomiques.fr\/wp-content\/uploads\/2025\/05\/images-1-5-250x88.png\" class=\"attachment-partner-small size-partner-small\" alt=\"Ebra Groupe\" title=\"Ebra Groupe\" decoding=\"async\" loading=\"lazy\" srcset=\"https:\/\/www.lesrencontreseconomiques.fr\/wp-content\/uploads\/2025\/05\/images-1-5-250x88.png 250w, https:\/\/www.lesrencontreseconomiques.fr\/wp-content\/uploads\/2025\/05\/images-1-5-224x78.png 224w, https:\/\/www.lesrencontreseconomiques.fr\/wp-content\/uploads\/2025\/05\/images-1-5.png 380w\" sizes=\"auto, (max-width: 250px) 100vw, 250px\" \/>\t\t\t\t\t<\/a>\n\t\t\t\t<\/li>\n<li>\n\t\t\t\t\t<a href=\"https:\/\/www.boursorama.com\/videos\/tv\/ecorama\" target=\"_blank\"><br \/>\n\t\t\t\t\t\t<img width=\"140\" height=\"140\" src=\"https:\/\/www.lesrencontreseconomiques.fr\/wp-content\/uploads\/2025\/05\/ecorama-logo-140x140.jpg\" class=\"attachment-partner-small size-partner-small\" alt=\"Ecorama\" title=\"Ecorama\" decoding=\"async\" loading=\"lazy\" srcset=\"https:\/\/www.lesrencontreseconomiques.fr\/wp-content\/uploads\/2025\/05\/ecorama-logo-140x140.jpg 140w, https:\/\/www.lesrencontreseconomiques.fr\/wp-content\/uploads\/2025\/05\/ecorama-logo-150x150.jpg 150w, https:\/\/www.lesrencontreseconomiques.fr\/wp-content\/uploads\/2025\/05\/ecorama-logo-224x224.jpg 224w, https:\/\/www.lesrencontreseconomiques.fr\/wp-content\/uploads\/2025\/05\/ecorama-logo-290x290.jpg 290w, https:\/\/www.lesrencontreseconomiques.fr\/wp-content\/uploads\/2025\/05\/ecorama-logo.jpg 399w\" sizes=\"auto, (max-width: 140px) 100vw, 140px\" \/>\t\t\t\t\t<\/a>\n\t\t\t\t<\/li>\n<li>\n\t\t\t\t\t<a href=\"https:\/\/www.franceinfo.fr\" target=\"_blank\"><br \/>\n\t\t\t\t\t\t<img width=\"250\" height=\"140\" src=\"https:\/\/www.lesrencontreseconomiques.fr\/wp-content\/uploads\/2025\/05\/franceinfo-250x140.jpg\" class=\"attachment-partner-small size-partner-small\" alt=\"France Info\" title=\"France Info\" decoding=\"async\" loading=\"lazy\" srcset=\"https:\/\/www.lesrencontreseconomiques.fr\/wp-content\/uploads\/2025\/05\/franceinfo-250x140.jpg 250w, https:\/\/www.lesrencontreseconomiques.fr\/wp-content\/uploads\/2025\/05\/franceinfo-490x276.jpg 490w, https:\/\/www.lesrencontreseconomiques.fr\/wp-content\/uploads\/2025\/05\/franceinfo-668x376.jpg 668w, https:\/\/www.lesrencontreseconomiques.fr\/wp-content\/uploads\/2025\/05\/franceinfo-224x126.jpg 224w, https:\/\/www.lesrencontreseconomiques.fr\/wp-content\/uploads\/2025\/05\/franceinfo.jpg 1280w\" sizes=\"auto, (max-width: 250px) 100vw, 250px\" \/>\t\t\t\t\t<\/a>\n\t\t\t\t<\/li>\n<li>\n\t\t\t\t\t<a href=\"https:\/\/www.francebleu.fr\" target=\"_blank\"><br \/>\n\t\t\t\t\t\t<img width=\"140\" height=\"140\" src=\"https:\/\/www.lesrencontreseconomiques.fr\/wp-content\/uploads\/2025\/05\/channels4_profile-1-140x140.jpg\" class=\"attachment-partner-small size-partner-small\" alt=\"Ici\" title=\"Ici\" decoding=\"async\" loading=\"lazy\" srcset=\"https:\/\/www.lesrencontreseconomiques.fr\/wp-content\/uploads\/2025\/05\/channels4_profile-1-140x140.jpg 140w, https:\/\/www.lesrencontreseconomiques.fr\/wp-content\/uploads\/2025\/05\/channels4_profile-1-490x490.jpg 490w, https:\/\/www.lesrencontreseconomiques.fr\/wp-content\/uploads\/2025\/05\/channels4_profile-1-668x668.jpg 668w, https:\/\/www.lesrencontreseconomiques.fr\/wp-content\/uploads\/2025\/05\/channels4_profile-1-150x150.jpg 150w, https:\/\/www.lesrencontreseconomiques.fr\/wp-content\/uploads\/2025\/05\/channels4_profile-1-224x224.jpg 224w, https:\/\/www.lesrencontreseconomiques.fr\/wp-content\/uploads\/2025\/05\/channels4_profile-1-290x290.jpg 290w, https:\/\/www.lesrencontreseconomiques.fr\/wp-content\/uploads\/2025\/05\/channels4_profile-1.jpg 900w\" sizes=\"auto, (max-width: 140px) 100vw, 140px\" \/>\t\t\t\t\t<\/a>\n\t\t\t\t<\/li>\n<li>\n\t\t\t\t\t<a href=\"https:\/\/www.la-croix.com\" target=\"_blank\"><br \/>\n\t\t\t\t\t\t<img width=\"250\" height=\"70\" src=\"https:\/\/www.lesrencontreseconomiques.fr\/wp-content\/uploads\/2025\/05\/Logo-La-croix-250x70.png\" class=\"attachment-partner-small size-partner-small\" alt=\"La Croix\" title=\"La Croix\" decoding=\"async\" loading=\"lazy\" srcset=\"https:\/\/www.lesrencontreseconomiques.fr\/wp-content\/uploads\/2025\/05\/Logo-La-croix-250x70.png 250w, https:\/\/www.lesrencontreseconomiques.fr\/wp-content\/uploads\/2025\/05\/Logo-La-croix-490x137.png 490w, https:\/\/www.lesrencontreseconomiques.fr\/wp-content\/uploads\/2025\/05\/Logo-La-croix-668x186.png 668w, https:\/\/www.lesrencontreseconomiques.fr\/wp-content\/uploads\/2025\/05\/Logo-La-croix-1536x428.png 1536w, https:\/\/www.lesrencontreseconomiques.fr\/wp-content\/uploads\/2025\/05\/Logo-La-croix-224x62.png 224w, https:\/\/www.lesrencontreseconomiques.fr\/wp-content\/uploads\/2025\/05\/Logo-La-croix.png 1600w\" sizes=\"auto, (max-width: 250px) 100vw, 250px\" \/>\t\t\t\t\t<\/a>\n\t\t\t\t<\/li>\n<li>\n\t\t\t\t\t<a href=\"https:\/\/www.laprovence.com\" target=\"_blank\"><br \/>\n\t\t\t\t\t\t<img width=\"250\" height=\"140\" src=\"https:\/\/www.lesrencontreseconomiques.fr\/wp-content\/uploads\/2025\/05\/Copie-de-Illustration-Articles-Upgrade-Media8-250x140.jpg\" class=\"attachment-partner-small size-partner-small\" alt=\"La Provence\" title=\"La Provence\" decoding=\"async\" loading=\"lazy\" srcset=\"https:\/\/www.lesrencontreseconomiques.fr\/wp-content\/uploads\/2025\/05\/Copie-de-Illustration-Articles-Upgrade-Media8-250x140.jpg 250w, https:\/\/www.lesrencontreseconomiques.fr\/wp-content\/uploads\/2025\/05\/Copie-de-Illustration-Articles-Upgrade-Media8-490x276.jpg 490w, https:\/\/www.lesrencontreseconomiques.fr\/wp-content\/uploads\/2025\/05\/Copie-de-Illustration-Articles-Upgrade-Media8-668x376.jpg 668w, https:\/\/www.lesrencontreseconomiques.fr\/wp-content\/uploads\/2025\/05\/Copie-de-Illustration-Articles-Upgrade-Media8-1536x864.jpg 1536w, https:\/\/www.lesrencontreseconomiques.fr\/wp-content\/uploads\/2025\/05\/Copie-de-Illustration-Articles-Upgrade-Media8-224x126.jpg 224w, https:\/\/www.lesrencontreseconomiques.fr\/wp-content\/uploads\/2025\/05\/Copie-de-Illustration-Articles-Upgrade-Media8.jpg 1600w\" sizes=\"auto, (max-width: 250px) 100vw, 250px\" \/>\t\t\t\t\t<\/a>\n\t\t\t\t<\/li>\n<li>\n\t\t\t\t\t<a href=\"https:\/\/www.latribune.frhttps:\/\/www.latribune.fr\" target=\"_blank\"><br \/>\n\t\t\t\t\t\t<img width=\"250\" height=\"113\" src=\"https:\/\/www.lesrencontreseconomiques.fr\/wp-content\/uploads\/2025\/05\/1200px-Logo-la-tribune-250x113.jpg\" class=\"attachment-partner-small size-partner-small\" alt=\"La Tribune\" title=\"La Tribune\" decoding=\"async\" loading=\"lazy\" srcset=\"https:\/\/www.lesrencontreseconomiques.fr\/wp-content\/uploads\/2025\/05\/1200px-Logo-la-tribune-250x113.jpg 250w, https:\/\/www.lesrencontreseconomiques.fr\/wp-content\/uploads\/2025\/05\/1200px-Logo-la-tribune-490x222.jpg 490w, https:\/\/www.lesrencontreseconomiques.fr\/wp-content\/uploads\/2025\/05\/1200px-Logo-la-tribune-668x302.jpg 668w, https:\/\/www.lesrencontreseconomiques.fr\/wp-content\/uploads\/2025\/05\/1200px-Logo-la-tribune-224x101.jpg 224w, https:\/\/www.lesrencontreseconomiques.fr\/wp-content\/uploads\/2025\/05\/1200px-Logo-la-tribune.jpg 1200w\" sizes=\"auto, (max-width: 250px) 100vw, 250px\" \/>\t\t\t\t\t<\/a>\n\t\t\t\t<\/li>\n<li>\n\t\t\t\t\t<a href=\"https:\/\/lcp.fr\" target=\"_blank\"><br \/>\n\t\t\t\t\t\t<img width=\"140\" height=\"140\" src=\"https:\/\/www.lesrencontreseconomiques.fr\/wp-content\/uploads\/2025\/05\/channels4_profile-1-1-140x140.jpg\" class=\"attachment-partner-small size-partner-small\" alt=\"LCP Assembl\u00e9e Nationale\" title=\"LCP Assembl\u00e9e Nationale\" decoding=\"async\" loading=\"lazy\" srcset=\"https:\/\/www.lesrencontreseconomiques.fr\/wp-content\/uploads\/2025\/05\/channels4_profile-1-1-140x140.jpg 140w, https:\/\/www.lesrencontreseconomiques.fr\/wp-content\/uploads\/2025\/05\/channels4_profile-1-1-490x490.jpg 490w, https:\/\/www.lesrencontreseconomiques.fr\/wp-content\/uploads\/2025\/05\/channels4_profile-1-1-668x668.jpg 668w, https:\/\/www.lesrencontreseconomiques.fr\/wp-content\/uploads\/2025\/05\/channels4_profile-1-1-150x150.jpg 150w, https:\/\/www.lesrencontreseconomiques.fr\/wp-content\/uploads\/2025\/05\/channels4_profile-1-1-224x224.jpg 224w, https:\/\/www.lesrencontreseconomiques.fr\/wp-content\/uploads\/2025\/05\/channels4_profile-1-1-290x290.jpg 290w, https:\/\/www.lesrencontreseconomiques.fr\/wp-content\/uploads\/2025\/05\/channels4_profile-1-1.jpg 900w\" sizes=\"auto, (max-width: 140px) 100vw, 140px\" \/>\t\t\t\t\t<\/a>\n\t\t\t\t<\/li>\n<li>\n\t\t\t\t\t<a href=\"https:\/\/www.tf1info.fr\" target=\"_blank\"><br \/>\n\t\t\t\t\t\t<img width=\"250\" height=\"97\" src=\"https:\/\/www.lesrencontreseconomiques.fr\/wp-content\/uploads\/2025\/05\/LCI_-_Logo_Aout_2017.svg_-250x97.png\" class=\"attachment-partner-small size-partner-small\" alt=\"LCI\" title=\"LCI\" decoding=\"async\" loading=\"lazy\" srcset=\"https:\/\/www.lesrencontreseconomiques.fr\/wp-content\/uploads\/2025\/05\/LCI_-_Logo_Aout_2017.svg_-250x97.png 250w, https:\/\/www.lesrencontreseconomiques.fr\/wp-content\/uploads\/2025\/05\/LCI_-_Logo_Aout_2017.svg_-490x190.png 490w, https:\/\/www.lesrencontreseconomiques.fr\/wp-content\/uploads\/2025\/05\/LCI_-_Logo_Aout_2017.svg_-668x259.png 668w, https:\/\/www.lesrencontreseconomiques.fr\/wp-content\/uploads\/2025\/05\/LCI_-_Logo_Aout_2017.svg_-224x87.png 224w, https:\/\/www.lesrencontreseconomiques.fr\/wp-content\/uploads\/2025\/05\/LCI_-_Logo_Aout_2017.svg_.png 1200w\" sizes=\"auto, (max-width: 250px) 100vw, 250px\" \/>\t\t\t\t\t<\/a>\n\t\t\t\t<\/li>\n<li>\n\t\t\t\t\t<a href=\"https:\/\/www.lefigaro.fr\" target=\"_blank\"><br \/>\n\t\t\t\t\t\t<img width=\"250\" height=\"138\" src=\"https:\/\/www.lesrencontreseconomiques.fr\/wp-content\/uploads\/2025\/05\/QUADRI-LE-GIGARO-250x138.png\" class=\"attachment-partner-small size-partner-small\" alt=\"Le Figaro\" title=\"Le Figaro\" decoding=\"async\" loading=\"lazy\" srcset=\"https:\/\/www.lesrencontreseconomiques.fr\/wp-content\/uploads\/2025\/05\/QUADRI-LE-GIGARO-250x138.png 250w, https:\/\/www.lesrencontreseconomiques.fr\/wp-content\/uploads\/2025\/05\/QUADRI-LE-GIGARO-490x270.png 490w, https:\/\/www.lesrencontreseconomiques.fr\/wp-content\/uploads\/2025\/05\/QUADRI-LE-GIGARO-668x369.png 668w, https:\/\/www.lesrencontreseconomiques.fr\/wp-content\/uploads\/2025\/05\/QUADRI-LE-GIGARO-224x124.png 224w, https:\/\/www.lesrencontreseconomiques.fr\/wp-content\/uploads\/2025\/05\/QUADRI-LE-GIGARO.png 1254w\" sizes=\"auto, (max-width: 250px) 100vw, 250px\" \/>\t\t\t\t\t<\/a>\n\t\t\t\t<\/li>\n<li>\n\t\t\t\t\t<a href=\"https:\/\/www.lesechos.fr\" target=\"_blank\"><br \/>\n\t\t\t\t\t\t<img width=\"250\" height=\"59\" src=\"https:\/\/www.lesrencontreseconomiques.fr\/wp-content\/uploads\/2025\/05\/Les_echos_logo.svg_-250x59.png\" class=\"attachment-partner-small size-partner-small\" alt=\"Les Echos\" title=\"Les Echos\" decoding=\"async\" loading=\"lazy\" srcset=\"https:\/\/www.lesrencontreseconomiques.fr\/wp-content\/uploads\/2025\/05\/Les_echos_logo.svg_-250x59.png 250w, https:\/\/www.lesrencontreseconomiques.fr\/wp-content\/uploads\/2025\/05\/Les_echos_logo.svg_-490x115.png 490w, https:\/\/www.lesrencontreseconomiques.fr\/wp-content\/uploads\/2025\/05\/Les_echos_logo.svg_-668x157.png 668w, https:\/\/www.lesrencontreseconomiques.fr\/wp-content\/uploads\/2025\/05\/Les_echos_logo.svg_-1536x360.png 1536w, https:\/\/www.lesrencontreseconomiques.fr\/wp-content\/uploads\/2025\/05\/Les_echos_logo.svg_-224x53.png 224w, https:\/\/www.lesrencontreseconomiques.fr\/wp-content\/uploads\/2025\/05\/Les_echos_logo.svg_.png 1600w\" sizes=\"auto, (max-width: 250px) 100vw, 250px\" \/>\t\t\t\t\t<\/a>\n\t\t\t\t<\/li>\n<li>\n\t\t\t\t\t<a href=\"https:\/\/www.lexpress.fr\" target=\"_blank\"><br \/>\n\t\t\t\t\t\t<img width=\"250\" height=\"122\" src=\"https:\/\/www.lesrencontreseconomiques.fr\/wp-content\/uploads\/2025\/05\/979863fcdd43b2e500b7f6e15baccb2e_fgraphic-250x122.png\" class=\"attachment-partner-small size-partner-small\" alt=\"L&#039;Express\" title=\"L&#039;Express\" decoding=\"async\" loading=\"lazy\" srcset=\"https:\/\/www.lesrencontreseconomiques.fr\/wp-content\/uploads\/2025\/05\/979863fcdd43b2e500b7f6e15baccb2e_fgraphic-250x122.png 250w, https:\/\/www.lesrencontreseconomiques.fr\/wp-content\/uploads\/2025\/05\/979863fcdd43b2e500b7f6e15baccb2e_fgraphic-490x239.png 490w, https:\/\/www.lesrencontreseconomiques.fr\/wp-content\/uploads\/2025\/05\/979863fcdd43b2e500b7f6e15baccb2e_fgraphic-668x326.png 668w, https:\/\/www.lesrencontreseconomiques.fr\/wp-content\/uploads\/2025\/05\/979863fcdd43b2e500b7f6e15baccb2e_fgraphic-224x109.png 224w, https:\/\/www.lesrencontreseconomiques.fr\/wp-content\/uploads\/2025\/05\/979863fcdd43b2e500b7f6e15baccb2e_fgraphic.png 1024w\" sizes=\"auto, (max-width: 250px) 100vw, 250px\" \/>\t\t\t\t\t<\/a>\n\t\t\t\t<\/li>\n<li>\n\t\t\t\t\t<a href=\"https:\/\/www.lopinion.fr\" target=\"_blank\"><br \/>\n\t\t\t\t\t\t<img width=\"250\" height=\"61\" src=\"https:\/\/www.lesrencontreseconomiques.fr\/wp-content\/uploads\/2025\/05\/90-250x61.png\" class=\"attachment-partner-small size-partner-small\" alt=\"l&#039;Opinion\" title=\"l&#039;Opinion\" decoding=\"async\" loading=\"lazy\" srcset=\"https:\/\/www.lesrencontreseconomiques.fr\/wp-content\/uploads\/2025\/05\/90-250x61.png 250w, https:\/\/www.lesrencontreseconomiques.fr\/wp-content\/uploads\/2025\/05\/90-490x119.png 490w, https:\/\/www.lesrencontreseconomiques.fr\/wp-content\/uploads\/2025\/05\/90-668x162.png 668w, https:\/\/www.lesrencontreseconomiques.fr\/wp-content\/uploads\/2025\/05\/90-224x54.png 224w, https:\/\/www.lesrencontreseconomiques.fr\/wp-content\/uploads\/2025\/05\/90.png 813w\" sizes=\"auto, (max-width: 250px) 100vw, 250px\" \/>\t\t\t\t\t<\/a>\n\t\t\t\t<\/li>\n<li>\n\t\t\t\t\t<a href=\"https:\/\/www.maddyness.com\" target=\"_blank\"><br \/>\n\t\t\t\t\t\t<img width=\"250\" height=\"65\" src=\"https:\/\/www.lesrencontreseconomiques.fr\/wp-content\/uploads\/2025\/07\/Logo_Maddyness-250x65.png\" class=\"attachment-partner-small size-partner-small\" alt=\"Maddyness\" title=\"Maddyness\" decoding=\"async\" loading=\"lazy\" srcset=\"https:\/\/www.lesrencontreseconomiques.fr\/wp-content\/uploads\/2025\/07\/Logo_Maddyness-250x65.png 250w, https:\/\/www.lesrencontreseconomiques.fr\/wp-content\/uploads\/2025\/07\/Logo_Maddyness-490x126.png 490w, https:\/\/www.lesrencontreseconomiques.fr\/wp-content\/uploads\/2025\/07\/Logo_Maddyness-668x172.png 668w, https:\/\/www.lesrencontreseconomiques.fr\/wp-content\/uploads\/2025\/07\/Logo_Maddyness-224x58.png 224w, https:\/\/www.lesrencontreseconomiques.fr\/wp-content\/uploads\/2025\/07\/Logo_Maddyness.png 1000w\" sizes=\"auto, (max-width: 250px) 100vw, 250px\" \/>\t\t\t\t\t<\/a>\n\t\t\t\t<\/li>\n<li>\n\t\t\t\t\t<a href=\"https:\/\/www.nicematin.com\" target=\"_blank\"><br \/>\n\t\t\t\t\t\t<img width=\"250\" height=\"125\" src=\"https:\/\/www.lesrencontreseconomiques.fr\/wp-content\/uploads\/2025\/05\/Nice-matin-1.png-250x125.webp\" class=\"attachment-partner-small size-partner-small\" alt=\"Nice-Matin\" title=\"Nice-Matin\" decoding=\"async\" loading=\"lazy\" srcset=\"https:\/\/www.lesrencontreseconomiques.fr\/wp-content\/uploads\/2025\/05\/Nice-matin-1.png-250x125.webp 250w, https:\/\/www.lesrencontreseconomiques.fr\/wp-content\/uploads\/2025\/05\/Nice-matin-1.png-224x112.webp 224w, https:\/\/www.lesrencontreseconomiques.fr\/wp-content\/uploads\/2025\/05\/Nice-matin-1.png.webp 400w\" sizes=\"auto, (max-width: 250px) 100vw, 250px\" \/>\t\t\t\t\t<\/a>\n\t\t\t\t<\/li>\n<li>\n\t\t\t\t\t<a href=\"https:\/\/www.ouest-france.fr\" target=\"_blank\"><br \/>\n\t\t\t\t\t\t<img width=\"250\" height=\"84\" src=\"https:\/\/www.lesrencontreseconomiques.fr\/wp-content\/uploads\/2025\/05\/Logo_Ouest-France.svg_-250x84.png\" class=\"attachment-partner-small size-partner-small\" alt=\"Ouest-France\" title=\"Ouest-France\" decoding=\"async\" loading=\"lazy\" srcset=\"https:\/\/www.lesrencontreseconomiques.fr\/wp-content\/uploads\/2025\/05\/Logo_Ouest-France.svg_-250x84.png 250w, https:\/\/www.lesrencontreseconomiques.fr\/wp-content\/uploads\/2025\/05\/Logo_Ouest-France.svg_-490x165.png 490w, https:\/\/www.lesrencontreseconomiques.fr\/wp-content\/uploads\/2025\/05\/Logo_Ouest-France.svg_-668x224.png 668w, https:\/\/www.lesrencontreseconomiques.fr\/wp-content\/uploads\/2025\/05\/Logo_Ouest-France.svg_-224x75.png 224w, https:\/\/www.lesrencontreseconomiques.fr\/wp-content\/uploads\/2025\/05\/Logo_Ouest-France.svg_.png 1200w\" sizes=\"auto, (max-width: 250px) 100vw, 250px\" \/>\t\t\t\t\t<\/a>\n\t\t\t\t<\/li>\n<li>\n\t\t\t\t\t<a href=\"https:\/\/www.politico.com\" target=\"_blank\"><br \/>\n\t\t\t\t\t\t<img width=\"250\" height=\"140\" src=\"https:\/\/www.lesrencontreseconomiques.fr\/wp-content\/uploads\/2025\/05\/politico-logo_evergreen-1440x810-1-250x140.png\" class=\"attachment-partner-small size-partner-small\" alt=\"Politico\" title=\"Politico\" decoding=\"async\" loading=\"lazy\" srcset=\"https:\/\/www.lesrencontreseconomiques.fr\/wp-content\/uploads\/2025\/05\/politico-logo_evergreen-1440x810-1-250x140.png 250w, https:\/\/www.lesrencontreseconomiques.fr\/wp-content\/uploads\/2025\/05\/politico-logo_evergreen-1440x810-1-490x276.png 490w, https:\/\/www.lesrencontreseconomiques.fr\/wp-content\/uploads\/2025\/05\/politico-logo_evergreen-1440x810-1-668x376.png 668w, https:\/\/www.lesrencontreseconomiques.fr\/wp-content\/uploads\/2025\/05\/politico-logo_evergreen-1440x810-1-224x126.png 224w, https:\/\/www.lesrencontreseconomiques.fr\/wp-content\/uploads\/2025\/05\/politico-logo_evergreen-1440x810-1.png 1440w\" sizes=\"auto, (max-width: 250px) 100vw, 250px\" \/>\t\t\t\t\t<\/a>\n\t\t\t\t<\/li>\n<li>\n\t\t\t\t\t<a href=\"https:\/\/www.publicsenat.fr\/\" target=\"_blank\"><br \/>\n\t\t\t\t\t\t<img width=\"250\" height=\"140\" src=\"https:\/\/www.lesrencontreseconomiques.fr\/wp-content\/uploads\/2025\/06\/pubic-senat-250x140.png\" class=\"attachment-partner-small size-partner-small\" alt=\"Public S\u00e9nat\" title=\"Public S\u00e9nat\" decoding=\"async\" loading=\"lazy\" srcset=\"https:\/\/www.lesrencontreseconomiques.fr\/wp-content\/uploads\/2025\/06\/pubic-senat-250x140.png 250w, https:\/\/www.lesrencontreseconomiques.fr\/wp-content\/uploads\/2025\/06\/pubic-senat-490x274.png 490w, https:\/\/www.lesrencontreseconomiques.fr\/wp-content\/uploads\/2025\/06\/pubic-senat-224x125.png 224w, https:\/\/www.lesrencontreseconomiques.fr\/wp-content\/uploads\/2025\/06\/pubic-senat.png 566w\" sizes=\"auto, (max-width: 250px) 100vw, 250px\" \/>\t\t\t\t\t<\/a>\n\t\t\t\t<\/li>\n<li>\n\t\t\t\t\t<a href=\"https:\/\/www.radioclassique.frhttps:\/\/www.radioclassique.fr\" target=\"_blank\"><br \/>\n\t\t\t\t\t\t<img width=\"140\" height=\"140\" src=\"https:\/\/www.lesrencontreseconomiques.fr\/wp-content\/uploads\/2025\/05\/Logo_Radio_Classique.svg_-140x140.png\" class=\"attachment-partner-small size-partner-small\" alt=\"Radio Classique\" title=\"Radio Classique\" decoding=\"async\" loading=\"lazy\" srcset=\"https:\/\/www.lesrencontreseconomiques.fr\/wp-content\/uploads\/2025\/05\/Logo_Radio_Classique.svg_-140x140.png 140w, https:\/\/www.lesrencontreseconomiques.fr\/wp-content\/uploads\/2025\/05\/Logo_Radio_Classique.svg_-490x490.png 490w, https:\/\/www.lesrencontreseconomiques.fr\/wp-content\/uploads\/2025\/05\/Logo_Radio_Classique.svg_-668x668.png 668w, https:\/\/www.lesrencontreseconomiques.fr\/wp-content\/uploads\/2025\/05\/Logo_Radio_Classique.svg_-150x150.png 150w, https:\/\/www.lesrencontreseconomiques.fr\/wp-content\/uploads\/2025\/05\/Logo_Radio_Classique.svg_-224x224.png 224w, https:\/\/www.lesrencontreseconomiques.fr\/wp-content\/uploads\/2025\/05\/Logo_Radio_Classique.svg_-290x290.png 290w, https:\/\/www.lesrencontreseconomiques.fr\/wp-content\/uploads\/2025\/05\/Logo_Radio_Classique.svg_.png 1200w\" sizes=\"auto, (max-width: 140px) 100vw, 140px\" \/>\t\t\t\t\t<\/a>\n\t\t\t\t<\/li>\n<li>\n\t\t\t\t\t<a href=\"https:\/\/www.rtl.fr\" target=\"_blank\"><br \/>\n\t\t\t\t\t\t<img width=\"200\" height=\"140\" src=\"https:\/\/www.lesrencontreseconomiques.fr\/wp-content\/uploads\/2025\/05\/RTL_logo.svg_-200x140.png\" class=\"attachment-partner-small size-partner-small\" alt=\"RTL\" title=\"RTL\" decoding=\"async\" loading=\"lazy\" srcset=\"https:\/\/www.lesrencontreseconomiques.fr\/wp-content\/uploads\/2025\/05\/RTL_logo.svg_-200x140.png 200w, https:\/\/www.lesrencontreseconomiques.fr\/wp-content\/uploads\/2025\/05\/RTL_logo.svg_-490x343.png 490w, https:\/\/www.lesrencontreseconomiques.fr\/wp-content\/uploads\/2025\/05\/RTL_logo.svg_-668x468.png 668w, https:\/\/www.lesrencontreseconomiques.fr\/wp-content\/uploads\/2025\/05\/RTL_logo.svg_-224x157.png 224w, https:\/\/www.lesrencontreseconomiques.fr\/wp-content\/uploads\/2025\/05\/RTL_logo.svg_.png 1200w\" sizes=\"auto, (max-width: 200px) 100vw, 200px\" \/>\t\t\t\t\t<\/a>\n\t\t\t\t<\/li>\n<li>\n\t\t\t\t\t<a href=\"https:\/\/theconversation.com\/fr\" target=\"_blank\"><br \/>\n\t\t\t\t\t\t<img width=\"250\" height=\"38\" src=\"https:\/\/www.lesrencontreseconomiques.fr\/wp-content\/uploads\/2025\/05\/TC_Horizontal-ENG_0-250x38.png\" class=\"attachment-partner-small size-partner-small\" alt=\"The Conversation\" title=\"The Conversation\" decoding=\"async\" loading=\"lazy\" srcset=\"https:\/\/www.lesrencontreseconomiques.fr\/wp-content\/uploads\/2025\/05\/TC_Horizontal-ENG_0-250x38.png 250w, https:\/\/www.lesrencontreseconomiques.fr\/wp-content\/uploads\/2025\/05\/TC_Horizontal-ENG_0-490x74.png 490w, https:\/\/www.lesrencontreseconomiques.fr\/wp-content\/uploads\/2025\/05\/TC_Horizontal-ENG_0-668x101.png 668w, https:\/\/www.lesrencontreseconomiques.fr\/wp-content\/uploads\/2025\/05\/TC_Horizontal-ENG_0-1536x233.png 1536w, https:\/\/www.lesrencontreseconomiques.fr\/wp-content\/uploads\/2025\/05\/TC_Horizontal-ENG_0-224x34.png 224w, https:\/\/www.lesrencontreseconomiques.fr\/wp-content\/uploads\/2025\/05\/TC_Horizontal-ENG_0.png 1600w\" sizes=\"auto, (max-width: 250px) 100vw, 250px\" \/>\t\t\t\t\t<\/a>\n\t\t\t\t<\/li>\n<li>\n\t\t\t\t\t<a href=\"https:\/\/www.thewomensvoices.fr\/\" target=\"_blank\"><br \/>\n\t\t\t\t\t\t<img width=\"250\" height=\"94\" src=\"https:\/\/www.lesrencontreseconomiques.fr\/wp-content\/uploads\/2025\/06\/the-womens-voices-sans-contour-250x94.png\" class=\"attachment-partner-small size-partner-small\" alt=\"The Women&#039;s Voices\" title=\"The Women&#039;s Voices\" decoding=\"async\" loading=\"lazy\" srcset=\"https:\/\/www.lesrencontreseconomiques.fr\/wp-content\/uploads\/2025\/06\/the-womens-voices-sans-contour-250x94.png 250w, https:\/\/www.lesrencontreseconomiques.fr\/wp-content\/uploads\/2025\/06\/the-womens-voices-sans-contour-490x184.png 490w, https:\/\/www.lesrencontreseconomiques.fr\/wp-content\/uploads\/2025\/06\/the-womens-voices-sans-contour-668x251.png 668w, https:\/\/www.lesrencontreseconomiques.fr\/wp-content\/uploads\/2025\/06\/the-womens-voices-sans-contour-224x84.png 224w, https:\/\/www.lesrencontreseconomiques.fr\/wp-content\/uploads\/2025\/06\/the-womens-voices-sans-contour.png 1268w\" sizes=\"auto, (max-width: 250px) 100vw, 250px\" \/>\t\t\t\t\t<\/a>\n\t\t\t\t<\/li>\n<\/ul><\/div>\n<\/p><\/div>\n<\/div>\n<div class=\"-wrapper -846 -is-hr -mt-90 -mb-90\">\n<hr>\n<\/div>\n<div class=\"cp-section-header -wrapper -846 -mt-90\">\n<h2 class=\"cp-titre-2 -section\">Logos &#038; photos<\/h2>\n<\/div>\n<div class=\"-wrapper -846 -mb-90\">\n<div class=\"cp-photo-grid -photoswipe\">\n<p>\t\t<a href=\"https:\/\/www.lesrencontreseconomiques.fr\/wp-content\/uploads\/2024\/03\/REAix_logo-horizontal-bleu_RVB.png\" target=\"_blank\" data-width=\"1600\" data-height=\"676\"><br \/>\n\t\t\t<img class=\"lazy\" data-src=\"https:\/\/www.lesrencontreseconomiques.fr\/wp-content\/uploads\/2024\/03\/REAix_logo-horizontal-bleu_RVB-490x207.png\" width=\"490\" height=\"207\" alt=\"\"><br \/>\n\t\t<\/a><\/p>\n<p>\t\t<a href=\"https:\/\/www.lesrencontreseconomiques.fr\/wp-content\/uploads\/2024\/03\/REAix_logo-vertical-bleu_RVB.png\" target=\"_blank\" data-width=\"1429\" data-height=\"1398\"><br \/>\n\t\t\t<img class=\"lazy\" data-src=\"https:\/\/www.lesrencontreseconomiques.fr\/wp-content\/uploads\/2024\/03\/REAix_logo-vertical-bleu_RVB-490x479.png\" width=\"490\" height=\"479\" alt=\"\"><br \/>\n\t\t<\/a><\/p><\/div>\n<\/div>\n<div class=\"-wrapper -846 -mt-90 -mb-90\">\n<div class=\"cp-intro -texte\">\n<div class=\"description\">\n<div class=\"cp-texte\">\n<p>Retrouvez toutes les photos des sessions 2025 en parcourant <strong><a href=\"https:\/\/www.lesrencontreseconomiques.fr\/programme\/\">la grille du programme<\/a><\/strong>.<\/p>\n<p>Vous ne trouvez pas la photo que vous recherchez ? Vous avez besoin de photos des pr\u00e9c\u00e9dentes \u00e9ditions ? N&rsquo;h\u00e9sitez pas \u00e0 adresser vos demandes \u00e0 <strong><a href=\"mailto:reaix@enderby.fr\">reaix@enderby.fr<\/a><\/strong> ou <a href=\"mailto:anne.bidoli@cercledeseconomistes.fr\"><strong>anne.bidoli@cercledeseconomistes.fr<\/strong><\/a><\/p>\n<\/p><\/div>\n<\/p><\/div>\n<\/p><\/div>\n<\/p><\/div>\n<div class=\"-wrapper -846 -is-hr -mt-90 -mb-90\">\n<hr>\n<\/div>\n<div class=\"-wrapper -846 -mt-90 -mb-90\">\n<div class=\"cp-intro -texte\">\n<div class=\"description\">\n<div class=\"cp-texte\">\n<h2><a id=\"social\" class=\"c-anchor\"><\/a>R\u00e9seaux sociaux<\/h2>\n<p>Communiquez sur les r\u00e9seaux sociaux en utilisant le <strong>#REAix<\/strong>.<\/p>\n<p>Suivez les derni\u00e8res actualit\u00e9s de l\u2019\u00e9v\u00e9nement sur <a href=\"https:\/\/www.linkedin.com\/company\/cercle-des-\u00e9conomistes\/\" target=\"_blank\" rel=\"noopener\">Linkedin et<\/a>\u00a0<a href=\"https:\/\/www.instagram.com\/cercle_eco\/\" target=\"_blank\" rel=\"noopener\">Instagram<\/a><\/p>\n<\/p><\/div>\n<\/p><\/div>\n<\/p><\/div>\n<\/p><\/div>\n<div class=\"-wrapper -846 -is-hr -mt-90 -mb-90\">\n<hr>\n<\/div>\n<div class=\"-wrapper -846 -mt-90 -mb-90\">\n<div class=\"cp-intro -texte\">\n<div class=\"description\">\n<div class=\"cp-texte\">\n<h2><a id=\"contact\" class=\"c-anchor\"><\/a>Contacts<\/h2>\n<p>Pour toute demande, contactez : <a href=\"mailto:anne.bidoli@cercledeseconomistes.fr\"><strong>anne.bidoli@cercledeseconomistes.fr<\/strong><\/a><\/p>\n<\/p><\/div>\n<\/p><\/div>\n<\/p><\/div>\n<\/p><\/div>\n","protected":false},"excerpt":{"rendered":"<p>Les Rencontres \u00c9conomiques d\u2019Aix-en-Provence auront lieu les 3, 4 et 5 juillet 2025. Organis\u00e9s \u00e0 Aix-en-Provence, les d\u00e9bats seront int\u00e9gralement diffus\u00e9s en ligne et accessibles \u00e0 tous. &nbsp; Pour toute question relative \u00e0 la couverture presse des Rencontres, contactez reaix@enderby.fr ou anne.bidoli@cercledeseconomistes.fr &nbsp; Vous recherchez\u2026 Communiqu\u00e9s de presse\u00a0\u2013 Chiffres cl\u00e9s \u2013 Logos &amp; Photos \u2013 [&hellip;]<\/p>\n","protected":false},"author":2,"featured_media":0,"parent":0,"menu_order":0,"comment_status":"closed","ping_status":"closed","template":"","meta":{"_acf_changed":false,"footnotes":""},"class_list":["post-2255","page","type-page","status-publish","hentry"],"acf":[],"yoast_head":"<!-- This site is optimized with the Yoast SEO plugin v26.5 - https:\/\/yoast.com\/wordpress\/plugins\/seo\/ -->\n<title>Media - Les Rencontres \u00c9conomiques<\/title>\n<meta name=\"robots\" content=\"index, follow, max-snippet:-1, max-image-preview:large, max-video-preview:-1\" \/>\n<link rel=\"canonical\" href=\"https:\/\/www.lesrencontreseconomiques.fr\/media\/\" \/>\n<meta property=\"og:locale\" content=\"fr_FR\" \/>\n<meta property=\"og:type\" content=\"article\" \/>\n<meta property=\"og:description\" content=\"Les Rencontres \u00c9conomiques d\u2019Aix-en-Provence auront lieu les 3, 4 et 5 juillet 2025. Organis\u00e9s \u00e0 Aix-en-Provence, les d\u00e9bats seront int\u00e9gralement diffus\u00e9s en ligne et accessibles \u00e0 tous. &nbsp; Pour toute question relative \u00e0 la couverture presse des Rencontres, contactez reaix@enderby.fr ou anne.bidoli@cercledeseconomistes.fr &nbsp; Vous recherchez\u2026 Communiqu\u00e9s de presse\u00a0\u2013 Chiffres cl\u00e9s \u2013 Logos &amp; Photos \u2013 [&hellip;]\" \/>\n<meta property=\"og:url\" content=\"https:\/\/www.lesrencontreseconomiques.fr\/media\/\" \/>\n<meta property=\"og:site_name\" content=\"Les Rencontres \u00c9conomiques\" \/>\n<meta property=\"article:publisher\" content=\"https:\/\/www.facebook.com\/Le.Cercle.des.Economistes\/\" \/>\n<meta property=\"article:modified_time\" content=\"2025-07-07T15:02:03+00:00\" \/>\n<meta name=\"twitter:card\" content=\"summary_large_image\" \/>\n<meta name=\"twitter:site\" content=\"@Cercle_eco\" \/>\n<script type=\"application\/ld+json\" class=\"yoast-schema-graph\">{\"@context\":\"https:\/\/schema.org\",\"@graph\":[{\"@type\":\"WebPage\",\"@id\":\"https:\/\/www.lesrencontreseconomiques.fr\/media\/\",\"url\":\"https:\/\/www.lesrencontreseconomiques.fr\/media\/\",\"name\":\"Media - Les Rencontres \u00c9conomiques\",\"isPartOf\":{\"@id\":\"https:\/\/www.lesrencontreseconomiques.fr\/#website\"},\"primaryImageOfPage\":{\"@id\":\"https:\/\/www.lesrencontreseconomiques.fr\/media\/#primaryimage\"},\"image\":{\"@id\":\"https:\/\/www.lesrencontreseconomiques.fr\/media\/#primaryimage\"},\"thumbnailUrl\":\"https:\/\/www.lesrencontreseconomiques.fr\/wp-content\/uploads\/2025\/06\/Logo-Aktionnaire-250x59.png\",\"datePublished\":\"2021-12-03T12:12:18+00:00\",\"dateModified\":\"2025-07-07T15:02:03+00:00\",\"breadcrumb\":{\"@id\":\"https:\/\/www.lesrencontreseconomiques.fr\/media\/#breadcrumb\"},\"inLanguage\":\"fr-FR\",\"potentialAction\":[{\"@type\":\"ReadAction\",\"target\":[\"https:\/\/www.lesrencontreseconomiques.fr\/media\/\"]}]},{\"@type\":\"ImageObject\",\"inLanguage\":\"fr-FR\",\"@id\":\"https:\/\/www.lesrencontreseconomiques.fr\/media\/#primaryimage\",\"url\":\"https:\/\/www.lesrencontreseconomiques.fr\/wp-content\/uploads\/2025\/06\/Logo-Aktionnaire.png\",\"contentUrl\":\"https:\/\/www.lesrencontreseconomiques.fr\/wp-content\/uploads\/2025\/06\/Logo-Aktionnaire.png\",\"width\":1600,\"height\":376},{\"@type\":\"BreadcrumbList\",\"@id\":\"https:\/\/www.lesrencontreseconomiques.fr\/media\/#breadcrumb\",\"itemListElement\":[{\"@type\":\"ListItem\",\"position\":1,\"name\":\"Accueil\",\"item\":\"https:\/\/www.lesrencontreseconomiques.fr\/\"},{\"@type\":\"ListItem\",\"position\":2,\"name\":\"Media\"}]},{\"@type\":\"WebSite\",\"@id\":\"https:\/\/www.lesrencontreseconomiques.fr\/#website\",\"url\":\"https:\/\/www.lesrencontreseconomiques.fr\/\",\"name\":\"Les Rencontres \u00c9conomiques\",\"description\":\"\",\"potentialAction\":[{\"@type\":\"SearchAction\",\"target\":{\"@type\":\"EntryPoint\",\"urlTemplate\":\"https:\/\/www.lesrencontreseconomiques.fr\/?s={search_term_string}\"},\"query-input\":{\"@type\":\"PropertyValueSpecification\",\"valueRequired\":true,\"valueName\":\"search_term_string\"}}],\"inLanguage\":\"fr-FR\"}]}<\/script>\n<!-- \/ Yoast SEO plugin. -->","yoast_head_json":{"title":"Media - Les Rencontres \u00c9conomiques","robots":{"index":"index","follow":"follow","max-snippet":"max-snippet:-1","max-image-preview":"max-image-preview:large","max-video-preview":"max-video-preview:-1"},"canonical":"https:\/\/www.lesrencontreseconomiques.fr\/media\/","og_locale":"fr_FR","og_type":"article","og_description":"Les Rencontres \u00c9conomiques d\u2019Aix-en-Provence auront lieu les 3, 4 et 5 juillet 2025. Organis\u00e9s \u00e0 Aix-en-Provence, les d\u00e9bats seront int\u00e9gralement diffus\u00e9s en ligne et accessibles \u00e0 tous. &nbsp; Pour toute question relative \u00e0 la couverture presse des Rencontres, contactez reaix@enderby.fr ou anne.bidoli@cercledeseconomistes.fr &nbsp; Vous recherchez\u2026 Communiqu\u00e9s de presse\u00a0\u2013 Chiffres cl\u00e9s \u2013 Logos &amp; Photos \u2013 [&hellip;]","og_url":"https:\/\/www.lesrencontreseconomiques.fr\/media\/","og_site_name":"Les Rencontres \u00c9conomiques","article_publisher":"https:\/\/www.facebook.com\/Le.Cercle.des.Economistes\/","article_modified_time":"2025-07-07T15:02:03+00:00","twitter_card":"summary_large_image","twitter_site":"@Cercle_eco","schema":{"@context":"https:\/\/schema.org","@graph":[{"@type":"WebPage","@id":"https:\/\/www.lesrencontreseconomiques.fr\/media\/","url":"https:\/\/www.lesrencontreseconomiques.fr\/media\/","name":"Media - Les Rencontres \u00c9conomiques","isPartOf":{"@id":"https:\/\/www.lesrencontreseconomiques.fr\/#website"},"primaryImageOfPage":{"@id":"https:\/\/www.lesrencontreseconomiques.fr\/media\/#primaryimage"},"image":{"@id":"https:\/\/www.lesrencontreseconomiques.fr\/media\/#primaryimage"},"thumbnailUrl":"https:\/\/www.lesrencontreseconomiques.fr\/wp-content\/uploads\/2025\/06\/Logo-Aktionnaire-250x59.png","datePublished":"2021-12-03T12:12:18+00:00","dateModified":"2025-07-07T15:02:03+00:00","breadcrumb":{"@id":"https:\/\/www.lesrencontreseconomiques.fr\/media\/#breadcrumb"},"inLanguage":"fr-FR","potentialAction":[{"@type":"ReadAction","target":["https:\/\/www.lesrencontreseconomiques.fr\/media\/"]}]},{"@type":"ImageObject","inLanguage":"fr-FR","@id":"https:\/\/www.lesrencontreseconomiques.fr\/media\/#primaryimage","url":"https:\/\/www.lesrencontreseconomiques.fr\/wp-content\/uploads\/2025\/06\/Logo-Aktionnaire.png","contentUrl":"https:\/\/www.lesrencontreseconomiques.fr\/wp-content\/uploads\/2025\/06\/Logo-Aktionnaire.png","width":1600,"height":376},{"@type":"BreadcrumbList","@id":"https:\/\/www.lesrencontreseconomiques.fr\/media\/#breadcrumb","itemListElement":[{"@type":"ListItem","position":1,"name":"Accueil","item":"https:\/\/www.lesrencontreseconomiques.fr\/"},{"@type":"ListItem","position":2,"name":"Media"}]},{"@type":"WebSite","@id":"https:\/\/www.lesrencontreseconomiques.fr\/#website","url":"https:\/\/www.lesrencontreseconomiques.fr\/","name":"Les Rencontres \u00c9conomiques","description":"","potentialAction":[{"@type":"SearchAction","target":{"@type":"EntryPoint","urlTemplate":"https:\/\/www.lesrencontreseconomiques.fr\/?s={search_term_string}"},"query-input":{"@type":"PropertyValueSpecification","valueRequired":true,"valueName":"search_term_string"}}],"inLanguage":"fr-FR"}]}},"_links":{"self":[{"href":"https:\/\/www.lesrencontreseconomiques.fr\/wp-json\/wp\/v2\/pages\/2255","targetHints":{"allow":["GET"]}}],"collection":[{"href":"https:\/\/www.lesrencontreseconomiques.fr\/wp-json\/wp\/v2\/pages"}],"about":[{"href":"https:\/\/www.lesrencontreseconomiques.fr\/wp-json\/wp\/v2\/types\/page"}],"author":[{"embeddable":true,"href":"https:\/\/www.lesrencontreseconomiques.fr\/wp-json\/wp\/v2\/users\/2"}],"replies":[{"embeddable":true,"href":"https:\/\/www.lesrencontreseconomiques.fr\/wp-json\/wp\/v2\/comments?post=2255"}],"version-history":[{"count":65,"href":"https:\/\/www.lesrencontreseconomiques.fr\/wp-json\/wp\/v2\/pages\/2255\/revisions"}],"predecessor-version":[{"id":25129,"href":"https:\/\/www.lesrencontreseconomiques.fr\/wp-json\/wp\/v2\/pages\/2255\/revisions\/25129"}],"wp:attachment":[{"href":"https:\/\/www.lesrencontreseconomiques.fr\/wp-json\/wp\/v2\/media?parent=2255"}],"curies":[{"name":"wp","href":"https:\/\/api.w.org\/{rel}","templated":true}]}}