{"id":21953,"date":"2025-06-28T10:55:56","date_gmt":"2025-06-28T08:55:56","guid":{"rendered":"https:\/\/www.lesrencontreseconomiques.fr\/?page_id=21953"},"modified":"2025-06-29T18:57:47","modified_gmt":"2025-06-29T16:57:47","slug":"les-cafes-signatures","status":"publish","type":"page","link":"https:\/\/www.lesrencontreseconomiques.fr\/les-cafes-signatures\/","title":{"rendered":"Les caf\u00e9s signatures"},"content":{"rendered":"<div class=\"-wrapper -668 -mt-90 -mb-90\">\n<div class=\"cp-intro -texte\">\n<div class=\"description\">\n<div class=\"cp-texte\">\n<p>Rejoignez-nous aux Caf\u00e9s signatures, \u00e0 c\u00f4t\u00e9 de la librairie Fnac, pour rencontrer les auteurs qui font l\u2019actualit\u00e9 des id\u00e9es. Autour d\u2019un caf\u00e9, \u00e9changez sur des sujets passionnants \u2014 du capitalisme \u00e0 la g\u00e9opolitique en passant par les fake news \u2014 en compagnie d\u2019une vingtaine d\u2019\u00e9crivains et de cr\u00e9ateurs de contenu. Une autre fa\u00e7on de plonger dans les livres d\u2019\u00e9conomie, de poser vos questions\u2026 et de repartir avec une d\u00e9dicace !<\/p>\n<p>&nbsp;<\/p>\n<h2>Vendredi 4 juillet<\/h2>\n<h3>12h-12h15 | Quelle \u00e9conomie pour la France ?<\/h3>\n<p>Avec Philippe AGHION (<em>IA, notre ambition pour la France<\/em>), Patrick ARTUS (<em>La France en 2050<\/em>) et Ludovic Subran (<em>L\u2019export fait vivre<\/em>). Mod\u00e9r\u00e9 par Aktionnaire.<\/p>\n<h3>12h15-12h30 | Naviguer dans le nouvel ordre international<\/h3>\n<p>Avec Christian SAINT-ETIENNE (<em>Trump et nous<\/em>), Jean PISANI-FERRY (<em>Les nouvelles r\u00e8gles du jeu. Comment \u00e9viter le chaos plan\u00e9taire<\/em>) et Kako NUBUKPO (<em>L\u2019Afrique et le reste du monde<\/em>). Mod\u00e9r\u00e9 par Aktionnaire.<\/p>\n<h3>16h30-16h50 | L\u2019\u00e9conomie sans intox<\/h3>\n<p>Avec Hippolyte D\u2019ALBIS (<em>Immigration de travail : les faits et les effets<\/em>), Fran\u00e7oise BENHAMOU (<em>D\u00e9pense-t-on trop d\u2019argent public pour la culture ?<\/em>), St\u00e9phane CARCILLO (<em>Travaille-t-on trop peu en France ?<\/em>), Patrice GEOFFRON (<em>La transition \u00e9nerg\u00e9tique : une assurance collective pour la France et l\u2019Europe<\/em>), Pierre JACQUET (<em>Que disent les comptes ext\u00e9rieurs de la France ?<\/em>), Anne PERROT (<em>O\u00f9 va l\u2019information ?<\/em>) et Akiko SUWA-EISENMANN (<em>Peut-on nourrir les hommes, prot\u00e9ger la plan\u00e8te et sauvegarder notre souverainet\u00e9 alimentaire ?<\/em>). Mod\u00e9r\u00e9 par Nino Baraton.<\/p>\n<h3>18h-18h20 | Construire la soci\u00e9t\u00e9 de demain<\/h3>\n<p>Avec Claudia SENIK (<em>Enfanter. Natalit\u00e9, d\u00e9mographie et politiques publiques<\/em>), Bertrand BADRE (<em>Des femmes et des hommes : le pouvoir en partage<\/em>), Daniel BAAL (<em>Pour une soci\u00e9t\u00e9 plus mutuelle<\/em>), Mickael BERREBI (<em>Un monde de violence : et apr\u00e8s ?<\/em>) et Pierre DONNERSBERG (<em>Mon \u00e9cole de la vie<\/em>).<\/p>\n<p>&nbsp;<\/p>\n<h2>Samedi 5 juillet<\/h2>\n<h3>10h30-10h45 | Temps longs, cycles et ruptures : repenser l\u2019\u00e9conomie \u00e0 l\u2019\u00e9chelle de l\u2019Histoire<\/h3>\n<p>Avec Val\u00e9rie MIGNON (<em>Les cycles \u00e9conomiques : une analyse empirique<\/em>) et Pierre DOCK\u00c8S (<em>Le capitalisme et ses rythmes 4 si\u00e8cles en perspective<\/em>). Mod\u00e9r\u00e9 par Cynthia Illouz.<\/p>\n<h3>10h45-11h | Temps longs, cycles et ruptures : repenser l\u2019\u00e9conomie \u00e0 l\u2019\u00e9chelle de l\u2019Histoire<\/h3>\n<p>Avec Olivier PASTRE (<em>Napol\u00e9on III, l\u2019incompris<\/em>), Antoine LEFEBURE (<em>Vie et mort du secret d\u2019Etat<\/em>) et Alain TRANNOY (<em>\u00c9conomistes et historiens, un dialogue de sourds ?<\/em>). Mod\u00e9r\u00e9 par Cynthia Illouz.<\/p>\n<h3>11h30-11h50 | Monnaies, salaires, r\u00e9gulation : b\u00e2tir de nouveaux \u00e9quilibres \u00e9conomiques<\/h3>\n<p>Avec Gabrielle HALPERN (<em>Cr\u00e9er des ponts entre les mondes. Une philosophe sur le terrain<\/em>), Christian DE BOISSIEU (<em>La nouvelle guerre des monnaies<\/em>), Alain VILLEMEUR (<em>Partage vertueux entre salaires et profits<\/em>), Jo\u00eblle TOLEDANO (<em>Ab\u00e9c\u00e9daire de la r\u00e9gulation<\/em>) et Gilles BENEPLANC (<em>Manuel d\u2019assurance<\/em>). Mod\u00e9r\u00e9 par Cynthia Illouz.<\/p>\n<h3>16h30-16h50 | L\u2019\u00e9conomie est-elle encore utile ?<\/h3>\n<p>Avec Pierre DOCK\u00c8S, Laurence BOONE, Pierre-Henri DE MENTHON et Patrick POUYANN\u00c9. Mod\u00e9r\u00e9 par la revue Mermoz.<\/p>\n<h3>17h30-17h50 | M\u00e9tropoles et territoires : construire une gouvernance plus \u00e9quitable<\/h3>\n<p>Avec V\u00e9ronique BEDAGUE (<em>Eloge des villes &#8211; Huit convictions pour transformer et aimer \u00e0 nouveau la ville<\/em>) et Francis BROCHET (<em>Le parisianisme \u00e9crase la France<\/em>). Mod\u00e9r\u00e9 par Cynthia Illouz.<\/p>\n<\/p><\/div>\n<\/p><\/div>\n<\/p><\/div>\n<\/p><\/div>\n","protected":false},"excerpt":{"rendered":"<p>Rejoignez-nous aux Caf\u00e9s signatures, \u00e0 c\u00f4t\u00e9 de la librairie Fnac, pour rencontrer les auteurs qui font l\u2019actualit\u00e9 des id\u00e9es. Autour d\u2019un caf\u00e9, \u00e9changez sur des sujets passionnants \u2014 du capitalisme \u00e0 la g\u00e9opolitique en passant par les fake news \u2014 en compagnie d\u2019une vingtaine d\u2019\u00e9crivains et de cr\u00e9ateurs de contenu. Une autre fa\u00e7on de plonger [&hellip;]<\/p>\n","protected":false},"author":2,"featured_media":0,"parent":0,"menu_order":0,"comment_status":"closed","ping_status":"closed","template":"","meta":{"_acf_changed":false,"footnotes":""},"class_list":["post-21953","page","type-page","status-publish","hentry"],"acf":[],"yoast_head":"<!-- This site is optimized with the Yoast SEO plugin v26.5 - https:\/\/yoast.com\/wordpress\/plugins\/seo\/ -->\n<title>Les caf\u00e9s signatures - Les Rencontres \u00c9conomiques<\/title>\n<meta name=\"robots\" content=\"index, follow, max-snippet:-1, max-image-preview:large, max-video-preview:-1\" \/>\n<link rel=\"canonical\" href=\"https:\/\/www.lesrencontreseconomiques.fr\/les-cafes-signatures\/\" \/>\n<meta property=\"og:locale\" content=\"fr_FR\" \/>\n<meta property=\"og:type\" content=\"article\" \/>\n<meta property=\"og:description\" content=\"Rejoignez-nous aux Caf\u00e9s signatures, \u00e0 c\u00f4t\u00e9 de la librairie Fnac, pour rencontrer les auteurs qui font l\u2019actualit\u00e9 des id\u00e9es. Autour d\u2019un caf\u00e9, \u00e9changez sur des sujets passionnants \u2014 du capitalisme \u00e0 la g\u00e9opolitique en passant par les fake news \u2014 en compagnie d\u2019une vingtaine d\u2019\u00e9crivains et de cr\u00e9ateurs de contenu. Une autre fa\u00e7on de plonger [&hellip;]\" \/>\n<meta property=\"og:url\" content=\"https:\/\/www.lesrencontreseconomiques.fr\/les-cafes-signatures\/\" \/>\n<meta property=\"og:site_name\" content=\"Les Rencontres \u00c9conomiques\" \/>\n<meta property=\"article:publisher\" content=\"https:\/\/www.facebook.com\/Le.Cercle.des.Economistes\/\" \/>\n<meta property=\"article:modified_time\" content=\"2025-06-29T16:57:47+00:00\" \/>\n<meta name=\"twitter:card\" content=\"summary_large_image\" \/>\n<meta name=\"twitter:site\" content=\"@Cercle_eco\" \/>\n<script type=\"application\/ld+json\" class=\"yoast-schema-graph\">{\"@context\":\"https:\/\/schema.org\",\"@graph\":[{\"@type\":\"WebPage\",\"@id\":\"https:\/\/www.lesrencontreseconomiques.fr\/les-cafes-signatures\/\",\"url\":\"https:\/\/www.lesrencontreseconomiques.fr\/les-cafes-signatures\/\",\"name\":\"Les caf\u00e9s signatures - Les Rencontres \u00c9conomiques\",\"isPartOf\":{\"@id\":\"https:\/\/www.lesrencontreseconomiques.fr\/#website\"},\"datePublished\":\"2025-06-28T08:55:56+00:00\",\"dateModified\":\"2025-06-29T16:57:47+00:00\",\"breadcrumb\":{\"@id\":\"https:\/\/www.lesrencontreseconomiques.fr\/les-cafes-signatures\/#breadcrumb\"},\"inLanguage\":\"fr-FR\",\"potentialAction\":[{\"@type\":\"ReadAction\",\"target\":[\"https:\/\/www.lesrencontreseconomiques.fr\/les-cafes-signatures\/\"]}]},{\"@type\":\"BreadcrumbList\",\"@id\":\"https:\/\/www.lesrencontreseconomiques.fr\/les-cafes-signatures\/#breadcrumb\",\"itemListElement\":[{\"@type\":\"ListItem\",\"position\":1,\"name\":\"Accueil\",\"item\":\"https:\/\/www.lesrencontreseconomiques.fr\/\"},{\"@type\":\"ListItem\",\"position\":2,\"name\":\"Les caf\u00e9s signatures\"}]},{\"@type\":\"WebSite\",\"@id\":\"https:\/\/www.lesrencontreseconomiques.fr\/#website\",\"url\":\"https:\/\/www.lesrencontreseconomiques.fr\/\",\"name\":\"Les Rencontres \u00c9conomiques\",\"description\":\"\",\"potentialAction\":[{\"@type\":\"SearchAction\",\"target\":{\"@type\":\"EntryPoint\",\"urlTemplate\":\"https:\/\/www.lesrencontreseconomiques.fr\/?s={search_term_string}\"},\"query-input\":{\"@type\":\"PropertyValueSpecification\",\"valueRequired\":true,\"valueName\":\"search_term_string\"}}],\"inLanguage\":\"fr-FR\"}]}<\/script>\n<!-- \/ Yoast SEO plugin. -->","yoast_head_json":{"title":"Les caf\u00e9s signatures - Les Rencontres \u00c9conomiques","robots":{"index":"index","follow":"follow","max-snippet":"max-snippet:-1","max-image-preview":"max-image-preview:large","max-video-preview":"max-video-preview:-1"},"canonical":"https:\/\/www.lesrencontreseconomiques.fr\/les-cafes-signatures\/","og_locale":"fr_FR","og_type":"article","og_description":"Rejoignez-nous aux Caf\u00e9s signatures, \u00e0 c\u00f4t\u00e9 de la librairie Fnac, pour rencontrer les auteurs qui font l\u2019actualit\u00e9 des id\u00e9es. Autour d\u2019un caf\u00e9, \u00e9changez sur des sujets passionnants \u2014 du capitalisme \u00e0 la g\u00e9opolitique en passant par les fake news \u2014 en compagnie d\u2019une vingtaine d\u2019\u00e9crivains et de cr\u00e9ateurs de contenu. Une autre fa\u00e7on de plonger [&hellip;]","og_url":"https:\/\/www.lesrencontreseconomiques.fr\/les-cafes-signatures\/","og_site_name":"Les Rencontres \u00c9conomiques","article_publisher":"https:\/\/www.facebook.com\/Le.Cercle.des.Economistes\/","article_modified_time":"2025-06-29T16:57:47+00:00","twitter_card":"summary_large_image","twitter_site":"@Cercle_eco","schema":{"@context":"https:\/\/schema.org","@graph":[{"@type":"WebPage","@id":"https:\/\/www.lesrencontreseconomiques.fr\/les-cafes-signatures\/","url":"https:\/\/www.lesrencontreseconomiques.fr\/les-cafes-signatures\/","name":"Les caf\u00e9s signatures - Les Rencontres \u00c9conomiques","isPartOf":{"@id":"https:\/\/www.lesrencontreseconomiques.fr\/#website"},"datePublished":"2025-06-28T08:55:56+00:00","dateModified":"2025-06-29T16:57:47+00:00","breadcrumb":{"@id":"https:\/\/www.lesrencontreseconomiques.fr\/les-cafes-signatures\/#breadcrumb"},"inLanguage":"fr-FR","potentialAction":[{"@type":"ReadAction","target":["https:\/\/www.lesrencontreseconomiques.fr\/les-cafes-signatures\/"]}]},{"@type":"BreadcrumbList","@id":"https:\/\/www.lesrencontreseconomiques.fr\/les-cafes-signatures\/#breadcrumb","itemListElement":[{"@type":"ListItem","position":1,"name":"Accueil","item":"https:\/\/www.lesrencontreseconomiques.fr\/"},{"@type":"ListItem","position":2,"name":"Les caf\u00e9s signatures"}]},{"@type":"WebSite","@id":"https:\/\/www.lesrencontreseconomiques.fr\/#website","url":"https:\/\/www.lesrencontreseconomiques.fr\/","name":"Les Rencontres \u00c9conomiques","description":"","potentialAction":[{"@type":"SearchAction","target":{"@type":"EntryPoint","urlTemplate":"https:\/\/www.lesrencontreseconomiques.fr\/?s={search_term_string}"},"query-input":{"@type":"PropertyValueSpecification","valueRequired":true,"valueName":"search_term_string"}}],"inLanguage":"fr-FR"}]}},"_links":{"self":[{"href":"https:\/\/www.lesrencontreseconomiques.fr\/wp-json\/wp\/v2\/pages\/21953","targetHints":{"allow":["GET"]}}],"collection":[{"href":"https:\/\/www.lesrencontreseconomiques.fr\/wp-json\/wp\/v2\/pages"}],"about":[{"href":"https:\/\/www.lesrencontreseconomiques.fr\/wp-json\/wp\/v2\/types\/page"}],"author":[{"embeddable":true,"href":"https:\/\/www.lesrencontreseconomiques.fr\/wp-json\/wp\/v2\/users\/2"}],"replies":[{"embeddable":true,"href":"https:\/\/www.lesrencontreseconomiques.fr\/wp-json\/wp\/v2\/comments?post=21953"}],"version-history":[{"count":15,"href":"https:\/\/www.lesrencontreseconomiques.fr\/wp-json\/wp\/v2\/pages\/21953\/revisions"}],"predecessor-version":[{"id":22585,"href":"https:\/\/www.lesrencontreseconomiques.fr\/wp-json\/wp\/v2\/pages\/21953\/revisions\/22585"}],"wp:attachment":[{"href":"https:\/\/www.lesrencontreseconomiques.fr\/wp-json\/wp\/v2\/media?parent=21953"}],"curies":[{"name":"wp","href":"https:\/\/api.w.org\/{rel}","templated":true}]}}