{"id":181,"date":"2020-12-02T20:51:03","date_gmt":"2020-12-02T19:51:03","guid":{"rendered":"https:\/\/www.lesrencontreseconomiques.fr\/?page_id=181"},"modified":"2025-05-12T08:36:56","modified_gmt":"2025-05-12T06:36:56","slug":"confidentialite","status":"publish","type":"page","link":"https:\/\/www.lesrencontreseconomiques.fr\/confidentialite\/","title":{"rendered":"Politique de confidentialit\u00e9"},"content":{"rendered":"<div class=\"-wrapper -668 -mt-90 -mb-90\">\n<div class=\"cp-intro -texte\">\n<div class=\"description\">\n<div class=\"cp-texte\">\n<h2>1. Politique de protection des donn\u00e9es personnelles par le Cercle des \u00e9conomistes<\/h2>\n<p>Le Cercle des \u00e9conomistes est soucieux d\u2019assurer la s\u00e9curit\u00e9 et la confidentialit\u00e9 des donn\u00e9es personnelles qui peuvent \u00eatre trait\u00e9es dans le cadre de l\u2019exercice de ses activit\u00e9s et des services fournis.<\/p>\n<p>La pr\u00e9sente politique de protection des donn\u00e9es personnelles a pour objectif de vous informer sur les engagements pris par le Cercle des \u00e9conomistes afin de prot\u00e9ger la vie priv\u00e9e des citoyens.<\/p>\n<p>&nbsp;<\/p>\n<p>&nbsp;<\/p>\n<p><strong>1.1 Quelles sont les donn\u00e9es collect\u00e9es\u00a0? <\/strong><\/p>\n<p>&nbsp;<\/p>\n<p>Le Cercle des \u00e9conomistes minimise la collecte de toutes donn\u00e9es et veille \u00e0 ne traiter que des donn\u00e9es strictement n\u00e9cessaires au regard de la finalit\u00e9 pour laquelle elles sont collect\u00e9es. Le Cercle des \u00e9conomistes veille \u00e0 ne pas traiter de donn\u00e9es sensibles.<\/p>\n<p>Lorsque vous proc\u00e9dez directement \u00e0 leur saisie (notamment via les formulaires), les informations vous concernant sont fournies en toute connaissance de cause.<\/p>\n<p>Aucune information personnelle de toute personne et notamment de tout utilisateur du site <a href=\"http:\/\/lecercledeseconomistes.fr\">http:\/\/lecercledeseconomistes.fr<\/a> ou <a href=\"https:\/\/www.lesrencontreseconomiques.fr\">https:\/\/www.lesrencontreseconomiques.fr<\/a> n\u2019est publi\u00e9e \u00e0 votre insu, \u00e9chang\u00e9e, transf\u00e9r\u00e9e, c\u00e9d\u00e9e ou vendue sur un support quelconque \u00e0 des tiers. Seule l\u2019hypoth\u00e8se du rachat du Cercle des \u00e9conomistes ou de ses droits permettrait la transmission de ces informations \u00e0 l\u2019\u00e9ventuel acqu\u00e9reur qui serait, \u00e0 son tour, tenu de la m\u00eame obligation de conservation et de protection des donn\u00e9es.<\/p>\n<p>A l\u2019occasion de l\u2019utilisation du site internet <a href=\"http:\/\/lecercledeseconomistes.fr\">http:\/\/lecercledeseconomistes.fr<\/a> ou <a href=\"https:\/\/www.lesrencontreseconomiques.fr\">https:\/\/www.lesrencontreseconomiques.fr<\/a>, peuvent \u00eatres recueillis :<\/p>\n<ul>\n<li>l\u2019URL des liens par l\u2019interm\u00e9diaire desquels l\u2019utilisateur a acc\u00e9d\u00e9 au site <a href=\"http:\/\/lecercledeseconomistes.fr\">http:\/\/lecercledeseconomistes.fr<\/a> ou <a href=\"https:\/\/www.lesrencontreseconomiques.fr\">https:\/\/www.lesrencontreseconomiques.fr<\/a>,<\/li>\n<li>le fournisseur d\u2019acc\u00e8s de l\u2019utilisateur,<\/li>\n<li>l\u2019adresse de protocole Internet (IP) de l\u2019utilisateur.<\/li>\n<\/ul>\n<p>La navigation sur le site <a href=\"http:\/\/lecercledeseconomistes.fr\">http:\/\/lecercledeseconomistes.fr<\/a> ou <a href=\"https:\/\/www.lesrencontreseconomiques.fr\">https:\/\/www.lesrencontreseconomiques.fr<\/a> est susceptible de provoquer l\u2019installation de cookie(s) sur l\u2019ordinateur de l\u2019utilisateur. Un cookie est un fichier de petite taille, qui ne permet pas l\u2019identification de l\u2019utilisateur, mais qui enregistre des informations relatives \u00e0 la navigation d\u2019un ordinateur sur un site. Les donn\u00e9es ainsi obtenues visent \u00e0 faciliter la navigation ult\u00e9rieure sur le site, et ont \u00e9galement vocation \u00e0 permettre diverses mesures de fr\u00e9quentation.<\/p>\n<p>Le refus d\u2019installation d\u2019un cookie peut entra\u00eener l\u2019impossibilit\u00e9 d\u2019acc\u00e9der \u00e0 certains services. L\u2019utilisateur peut toutefois configurer son ordinateur de la mani\u00e8re suivante, pour refuser l\u2019installation des cookies :<\/p>\n<ul>\n<li>Sous Internet Explorer : onglet outil (pictogramme en forme de rouage en haut \u00e0 droite) \/ options internet. Cliquez sur Confidentialit\u00e9 et choisissez Bloquer tous les cookies. Validez sur Ok.<\/li>\n<li>Sous Firefox : en haut de la fen\u00eatre du navigateur, cliquez sur le bouton Firefox, puis aller dans l\u2019onglet Options. Cliquez sur l\u2019onglet Vie priv\u00e9e. Param\u00e9trez les R\u00e8gles de conservation sur : utiliser les param\u00e8tres personnalis\u00e9s pour l\u2019historique. Enfin d\u00e9cochez-la pour d\u00e9sactiver les cookies.<\/li>\n<li>Sous Safari : Cliquez en haut \u00e0 droite du navigateur sur le pictogramme de menu (symbolis\u00e9 par un rouage). S\u00e9lectionnez Param\u00e8tres. Cliquez sur Afficher les param\u00e8tres avanc\u00e9s. Dans la section \u00ab Confidentialit\u00e9 \u00bb, cliquez sur Param\u00e8tres de contenu. Dans la section \u00ab Cookies \u00bb, vous pouvez bloquer les cookies.<\/li>\n<\/ul>\n<p>Sous Chrome : Cliquez en haut \u00e0 droite du navigateur sur le pictogramme de menu (symbolis\u00e9 par trois lignes horizontales). S\u00e9lectionnez Param\u00e8tres. Cliquez sur Afficher les param\u00e8tres avanc\u00e9s. Dans la section \u00ab Confidentialit\u00e9 \u00bb, cliquez sur pr\u00e9f\u00e9rences. Dans l\u2019onglet \u00ab Confidentialit\u00e9 \u00bb, vous pouvez bloquer les cookies.<\/p>\n<p>&nbsp;<\/p>\n<p>&nbsp;<\/p>\n<p><strong>1.2 Quelles sont les finalit\u00e9s du traitement des donn\u00e9es personnelles\u00a0? <\/strong><\/p>\n<p>&nbsp;<\/p>\n<p>Les traitements mis en \u0153uvre par le Cercle des \u00e9conomistes r\u00e9pondent \u00e0 une finalit\u00e9 explicite, l\u00e9gitime et d\u00e9termin\u00e9e. Les donn\u00e9es collect\u00e9es sont principalement utilis\u00e9es pour les finalit\u00e9s suivantes\u00a0:<\/p>\n<ul>\n<li>la gestion de votre inscription aux \u00e9v\u00e9nements organis\u00e9s par le Cercle des \u00e9conomistes ;<\/li>\n<li>la gestion de vos abonnements aux publications du Cercle des \u00e9conomistes\u00a0;<\/li>\n<li>l\u2019am\u00e9lioration de votre exp\u00e9rience digitale sur nos supports et en particulier nos sites internet.<\/li>\n<\/ul>\n<p>&nbsp;<\/p>\n<p><strong>1.3 Quelles sont les droits des personnes concern\u00e9es\u00a0? <\/strong><\/p>\n<p>&nbsp;<\/p>\n<p>Toute personne concern\u00e9e par un traitement de ses donn\u00e9es personnelles dispose des droits suivants\u00a0:<\/p>\n<p>&nbsp;<\/p>\n<ul>\n<li><strong><em>Un droit \u00e0 l\u2019information <\/em><\/strong><\/li>\n<\/ul>\n<p>Le Cercle des \u00e9conomistes vous informe sur les traitements de donn\u00e9es \u00e0 caract\u00e8re personnel qu\u2019elle met en \u0153uvre de mani\u00e8re claire d\u00e8s la collecte de vos donn\u00e9es. Ces informations portent sur\u00a0:<\/p>\n<ul>\n<li>l\u2019identit\u00e9 et les coordonn\u00e9es du responsable du traitement et, le cas \u00e9ch\u00e9ant, du repr\u00e9sentant du responsable du traitement ;<\/li>\n<li>le cas \u00e9ch\u00e9ant, les coordonn\u00e9es du d\u00e9l\u00e9gu\u00e9 \u00e0 la protection des donn\u00e9es ;<\/li>\n<li>les finalit\u00e9s du traitement auquel sont destin\u00e9es les donn\u00e9es \u00e0 caract\u00e8re personnel ainsi que la base juridique du traitement ;<\/li>\n<li>le cas \u00e9ch\u00e9ant les int\u00e9r\u00eats l\u00e9gitimes poursuivis par le Cercle des \u00e9conomistes ou par un tiers ;<\/li>\n<li>les destinataires ou les cat\u00e9gories de destinataires des donn\u00e9es \u00e0 caract\u00e8re personnel ;<\/li>\n<li>le cas \u00e9ch\u00e9ant, le fait que le Cercle des \u00e9conomistes a l\u2019intention d\u2019effectuer un transfert de donn\u00e9es \u00e0 caract\u00e8re personnel vers un pays tiers ou \u00e0 une organisation internationale ;<\/li>\n<li>la dur\u00e9e de conservation des donn\u00e9es \u00e0 caract\u00e8re personnel ou les crit\u00e8res utilis\u00e9s pour d\u00e9terminer cette dur\u00e9e ;<\/li>\n<li>l\u2019existence du droit de demander au Cercle des \u00e9conomistes l\u2019acc\u00e8s aux donn\u00e9es \u00e0 caract\u00e8re personnel, la rectification ou l\u2019effacement de celles-ci, ou une limitation du traitement, ou du droit de s\u2019opposer au traitement et du droit \u00e0 la portabilit\u00e9 des donn\u00e9es ainsi la possibilit\u00e9 de d\u00e9finir le sort de ses donn\u00e9es apr\u00e8s son d\u00e9c\u00e8s ;<\/li>\n<li>l\u2019existence du droit de retirer son consentement \u00e0 tout moment, sans porter atteinte \u00e0 la lic\u00e9it\u00e9 du traitement fond\u00e9 sur le consentement effectu\u00e9 avant le retrait de celui-ci ;<\/li>\n<li>le droit d\u2019introduire une r\u00e9clamation aupr\u00e8s de la CNIL ;<\/li>\n<li>les informations sur la question de savoir si l\u2019exigence de fourniture de donn\u00e9es \u00e0 caract\u00e8re personnel a un caract\u00e8re r\u00e9glementaire ou contractuel ou si elle conditionne la conclusion d\u2019un contrat et si la personne concern\u00e9e est tenue de fournir les donn\u00e9es \u00e0 caract\u00e8re personnel, ainsi que sur les cons\u00e9quences \u00e9ventuelles de la non-fourniture de ces donn\u00e9es ;<\/li>\n<li>l\u2019existence d\u2019une prise de d\u00e9cision automatis\u00e9e, y compris un profilage, ainsi que les informations utiles concernant la logique sous-jacente, ainsi que l\u2019importance et les cons\u00e9quences pr\u00e9vues de ce traitement.<\/li>\n<\/ul>\n<p>Le support de cette information varie en fonction des caract\u00e9ristiques du traitement (formulaire de collecte, panneau d\u2019information pour la vid\u00e9o, \u2026).<\/p>\n<p>&nbsp;<\/p>\n<ul>\n<li><strong><em>Un droit d\u2019opposition <\/em><\/strong><\/li>\n<\/ul>\n<p>Vous pouvez vous opposer, pour des motifs l\u00e9gitimes, au traitement de vos donn\u00e9es, sauf si celui-ci r\u00e9pond \u00e0 une obligation l\u00e9gale.<\/p>\n<p>&nbsp;<\/p>\n<ul>\n<li><strong><em>Un droit d\u2019acc\u00e8s<\/em><\/strong><\/li>\n<\/ul>\n<p>Vous pouvez interroger le Cercle des \u00e9conomistes afin de savoir si des donn\u00e9es vous concernant font l\u2019objet d\u2019un traitement.<br \/>\nLe Cercle des \u00e9conomistes peut cependant refuser la demande d\u2019acc\u00e8s dans les cas d\u00e9termin\u00e9s par les dispositions l\u00e9gales.<\/p>\n<p>Le Cercle des \u00e9conomistes n\u2019est en outre pas tenu de r\u00e9pondre aux demandes qui sont manifestement abusives notamment par leur nombre, leur caract\u00e8re r\u00e9p\u00e9titif ou syst\u00e9matique (par exemple, demande d\u2019une copie int\u00e9grale d\u2019un enregistrement toutes les semaines).<\/p>\n<p>&nbsp;<\/p>\n<ul>\n<li><strong><em>Un droit de rectification <\/em><\/strong><\/li>\n<\/ul>\n<p>Vous pouvez demander au Cercle des \u00e9conomistes la rectification de vos donn\u00e9es \u00e0 caract\u00e8re personnel inexactes ou incompl\u00e8tes.<\/p>\n<p>&nbsp;<\/p>\n<ul>\n<li><strong><em>Un droit \u00e0 l\u2019oubli<\/em><\/strong><\/li>\n<\/ul>\n<p>Vous pouvez demander au Cercle des \u00e9conomistes l\u2019effacement de vos donn\u00e9es dans le respect des dispositions applicables en mati\u00e8re de protection des donn\u00e9es personnelles.<\/p>\n<p>&nbsp;<\/p>\n<ul>\n<li><strong><em>Un droit \u00e0 la limitation du traitement <\/em><\/strong><\/li>\n<\/ul>\n<p>Vous pouvez demander au Cercle des \u00e9conomistes la limitation du traitement dans le respect des dispositions applicables en mati\u00e8re de protection des donn\u00e9es personnelles.<\/p>\n<p>&nbsp;<\/p>\n<ul>\n<li><strong><em>Un droit \u00e0 la portabilit\u00e9 des donn\u00e9es<\/em><\/strong><\/li>\n<\/ul>\n<p>Vous pouvez demander au Cercle des \u00e9conomistes la portabilit\u00e9 de vos donn\u00e9es sous r\u00e9serve de justifier du respect des conditions l\u00e9gales applicables en mati\u00e8re de portabilit\u00e9 des donn\u00e9es.<\/p>\n<p>&nbsp;<\/p>\n<p>&nbsp;<\/p>\n<p><strong>1.4 O\u00f9 peut-on exercer ses droits\u00a0? <\/strong><\/p>\n<p>&nbsp;<\/p>\n<p>Vos droits peuvent \u00eatre exerc\u00e9s par courrier envoy\u00e9 au\u00a0:<\/p>\n<p><strong>Cercle des \u00e9conomistes SAS<br \/>\n<\/strong><strong>16 rue Jean Mermoz<br \/>\n<\/strong><strong>75008 Paris<\/strong><\/p>\n<p>ou par courriel \u00e0 l\u2019adresse : contact@cercledeseconomistes.fr<\/p>\n<div id=\"matomo-opt-out\"><\/div>\n<p>Pour exercer vos droits, vous devez nous adresser votre demande accompagn\u00e9e d\u2019une copie d\u2019une pi\u00e8ce d\u2019identit\u00e9.<\/p>\n<\/p><\/div>\n<\/p><\/div>\n<\/p><\/div>\n<\/p><\/div>\n","protected":false},"excerpt":{"rendered":"<p>1. Politique de protection des donn\u00e9es personnelles par le Cercle des \u00e9conomistes Le Cercle des \u00e9conomistes est soucieux d\u2019assurer la s\u00e9curit\u00e9 et la confidentialit\u00e9 des donn\u00e9es personnelles qui peuvent \u00eatre trait\u00e9es dans le cadre de l\u2019exercice de ses activit\u00e9s et des services fournis. La pr\u00e9sente politique de protection des donn\u00e9es personnelles a pour objectif de [&hellip;]<\/p>\n","protected":false},"author":2,"featured_media":0,"parent":0,"menu_order":0,"comment_status":"closed","ping_status":"closed","template":"","meta":{"_acf_changed":false,"footnotes":""},"class_list":["post-181","page","type-page","status-publish","hentry"],"acf":[],"yoast_head":"<!-- This site is optimized with the Yoast SEO plugin v26.5 - https:\/\/yoast.com\/wordpress\/plugins\/seo\/ -->\n<title>Politique de confidentialit\u00e9 - Les Rencontres \u00c9conomiques<\/title>\n<meta name=\"robots\" content=\"index, follow, max-snippet:-1, max-image-preview:large, max-video-preview:-1\" \/>\n<link rel=\"canonical\" href=\"https:\/\/www.lesrencontreseconomiques.fr\/confidentialite\/\" \/>\n<meta property=\"og:locale\" content=\"fr_FR\" \/>\n<meta property=\"og:type\" content=\"article\" \/>\n<meta property=\"og:description\" content=\"1. Politique de protection des donn\u00e9es personnelles par le Cercle des \u00e9conomistes Le Cercle des \u00e9conomistes est soucieux d\u2019assurer la s\u00e9curit\u00e9 et la confidentialit\u00e9 des donn\u00e9es personnelles qui peuvent \u00eatre trait\u00e9es dans le cadre de l\u2019exercice de ses activit\u00e9s et des services fournis. La pr\u00e9sente politique de protection des donn\u00e9es personnelles a pour objectif de [&hellip;]\" \/>\n<meta property=\"og:url\" content=\"https:\/\/www.lesrencontreseconomiques.fr\/confidentialite\/\" \/>\n<meta property=\"og:site_name\" content=\"Les Rencontres \u00c9conomiques\" \/>\n<meta property=\"article:publisher\" content=\"https:\/\/www.facebook.com\/Le.Cercle.des.Economistes\/\" \/>\n<meta property=\"article:modified_time\" content=\"2025-05-12T06:36:56+00:00\" \/>\n<meta name=\"twitter:card\" content=\"summary_large_image\" \/>\n<meta name=\"twitter:site\" content=\"@Cercle_eco\" \/>\n<script type=\"application\/ld+json\" class=\"yoast-schema-graph\">{\"@context\":\"https:\/\/schema.org\",\"@graph\":[{\"@type\":\"WebPage\",\"@id\":\"https:\/\/www.lesrencontreseconomiques.fr\/confidentialite\/\",\"url\":\"https:\/\/www.lesrencontreseconomiques.fr\/confidentialite\/\",\"name\":\"Politique de confidentialit\u00e9 - Les Rencontres \u00c9conomiques\",\"isPartOf\":{\"@id\":\"https:\/\/www.lesrencontreseconomiques.fr\/#website\"},\"datePublished\":\"2020-12-02T19:51:03+00:00\",\"dateModified\":\"2025-05-12T06:36:56+00:00\",\"breadcrumb\":{\"@id\":\"https:\/\/www.lesrencontreseconomiques.fr\/confidentialite\/#breadcrumb\"},\"inLanguage\":\"fr-FR\",\"potentialAction\":[{\"@type\":\"ReadAction\",\"target\":[\"https:\/\/www.lesrencontreseconomiques.fr\/confidentialite\/\"]}]},{\"@type\":\"BreadcrumbList\",\"@id\":\"https:\/\/www.lesrencontreseconomiques.fr\/confidentialite\/#breadcrumb\",\"itemListElement\":[{\"@type\":\"ListItem\",\"position\":1,\"name\":\"Accueil\",\"item\":\"https:\/\/www.lesrencontreseconomiques.fr\/\"},{\"@type\":\"ListItem\",\"position\":2,\"name\":\"Politique de confidentialit\u00e9\"}]},{\"@type\":\"WebSite\",\"@id\":\"https:\/\/www.lesrencontreseconomiques.fr\/#website\",\"url\":\"https:\/\/www.lesrencontreseconomiques.fr\/\",\"name\":\"Les Rencontres \u00c9conomiques\",\"description\":\"\",\"potentialAction\":[{\"@type\":\"SearchAction\",\"target\":{\"@type\":\"EntryPoint\",\"urlTemplate\":\"https:\/\/www.lesrencontreseconomiques.fr\/?s={search_term_string}\"},\"query-input\":{\"@type\":\"PropertyValueSpecification\",\"valueRequired\":true,\"valueName\":\"search_term_string\"}}],\"inLanguage\":\"fr-FR\"}]}<\/script>\n<!-- \/ Yoast SEO plugin. -->","yoast_head_json":{"title":"Politique de confidentialit\u00e9 - Les Rencontres \u00c9conomiques","robots":{"index":"index","follow":"follow","max-snippet":"max-snippet:-1","max-image-preview":"max-image-preview:large","max-video-preview":"max-video-preview:-1"},"canonical":"https:\/\/www.lesrencontreseconomiques.fr\/confidentialite\/","og_locale":"fr_FR","og_type":"article","og_description":"1. Politique de protection des donn\u00e9es personnelles par le Cercle des \u00e9conomistes Le Cercle des \u00e9conomistes est soucieux d\u2019assurer la s\u00e9curit\u00e9 et la confidentialit\u00e9 des donn\u00e9es personnelles qui peuvent \u00eatre trait\u00e9es dans le cadre de l\u2019exercice de ses activit\u00e9s et des services fournis. La pr\u00e9sente politique de protection des donn\u00e9es personnelles a pour objectif de [&hellip;]","og_url":"https:\/\/www.lesrencontreseconomiques.fr\/confidentialite\/","og_site_name":"Les Rencontres \u00c9conomiques","article_publisher":"https:\/\/www.facebook.com\/Le.Cercle.des.Economistes\/","article_modified_time":"2025-05-12T06:36:56+00:00","twitter_card":"summary_large_image","twitter_site":"@Cercle_eco","schema":{"@context":"https:\/\/schema.org","@graph":[{"@type":"WebPage","@id":"https:\/\/www.lesrencontreseconomiques.fr\/confidentialite\/","url":"https:\/\/www.lesrencontreseconomiques.fr\/confidentialite\/","name":"Politique de confidentialit\u00e9 - Les Rencontres \u00c9conomiques","isPartOf":{"@id":"https:\/\/www.lesrencontreseconomiques.fr\/#website"},"datePublished":"2020-12-02T19:51:03+00:00","dateModified":"2025-05-12T06:36:56+00:00","breadcrumb":{"@id":"https:\/\/www.lesrencontreseconomiques.fr\/confidentialite\/#breadcrumb"},"inLanguage":"fr-FR","potentialAction":[{"@type":"ReadAction","target":["https:\/\/www.lesrencontreseconomiques.fr\/confidentialite\/"]}]},{"@type":"BreadcrumbList","@id":"https:\/\/www.lesrencontreseconomiques.fr\/confidentialite\/#breadcrumb","itemListElement":[{"@type":"ListItem","position":1,"name":"Accueil","item":"https:\/\/www.lesrencontreseconomiques.fr\/"},{"@type":"ListItem","position":2,"name":"Politique de confidentialit\u00e9"}]},{"@type":"WebSite","@id":"https:\/\/www.lesrencontreseconomiques.fr\/#website","url":"https:\/\/www.lesrencontreseconomiques.fr\/","name":"Les Rencontres \u00c9conomiques","description":"","potentialAction":[{"@type":"SearchAction","target":{"@type":"EntryPoint","urlTemplate":"https:\/\/www.lesrencontreseconomiques.fr\/?s={search_term_string}"},"query-input":{"@type":"PropertyValueSpecification","valueRequired":true,"valueName":"search_term_string"}}],"inLanguage":"fr-FR"}]}},"_links":{"self":[{"href":"https:\/\/www.lesrencontreseconomiques.fr\/wp-json\/wp\/v2\/pages\/181","targetHints":{"allow":["GET"]}}],"collection":[{"href":"https:\/\/www.lesrencontreseconomiques.fr\/wp-json\/wp\/v2\/pages"}],"about":[{"href":"https:\/\/www.lesrencontreseconomiques.fr\/wp-json\/wp\/v2\/types\/page"}],"author":[{"embeddable":true,"href":"https:\/\/www.lesrencontreseconomiques.fr\/wp-json\/wp\/v2\/users\/2"}],"replies":[{"embeddable":true,"href":"https:\/\/www.lesrencontreseconomiques.fr\/wp-json\/wp\/v2\/comments?post=181"}],"version-history":[{"count":8,"href":"https:\/\/www.lesrencontreseconomiques.fr\/wp-json\/wp\/v2\/pages\/181\/revisions"}],"predecessor-version":[{"id":17647,"href":"https:\/\/www.lesrencontreseconomiques.fr\/wp-json\/wp\/v2\/pages\/181\/revisions\/17647"}],"wp:attachment":[{"href":"https:\/\/www.lesrencontreseconomiques.fr\/wp-json\/wp\/v2\/media?parent=181"}],"curies":[{"name":"wp","href":"https:\/\/api.w.org\/{rel}","templated":true}]}}