{"id":180,"date":"2020-12-02T20:50:39","date_gmt":"2020-12-02T19:50:39","guid":{"rendered":"https:\/\/www.lesrencontreseconomiques.fr\/?page_id=180"},"modified":"2023-01-11T16:07:23","modified_gmt":"2023-01-11T15:07:23","slug":"qui-sommes-nous","status":"publish","type":"page","link":"https:\/\/www.lesrencontreseconomiques.fr\/qui-sommes-nous\/","title":{"rendered":"Qui sommes-nous ?"},"content":{"rendered":"<div class=\"-wrapper -668 -mt-90 -mb-minus-50\">\n<h2 class=\"cp-titre-rouge\">Les Rencontres \u00c9conomiques d&rsquo;Aix-en-Provence<\/h2>\n<\/div>\n<div class=\"-wrapper -668 -mt-90 -mb-90\">\n<div class=\"cp-intro -texte\">\n<div class=\"description\">\n<div class=\"cp-texte\">\n<p>Les Rencontres \u00c9conomiques d&rsquo;Aix-en-Provence ont \u00e9t\u00e9 cr\u00e9\u00e9es en 2001 par le Cercle des \u00e9conomistes. Cet \u00e9v\u00e9nement \u00e9conomique majeur r\u00e9unit pendant trois jours des universitaires, des responsables politiques, \u00e9conomiques et associatifs, des repr\u00e9sentants d&rsquo;institutions internationales et des militants du monde entier autour d&rsquo;un th\u00e8me cl\u00e9. Ils sont \u00e9galement un espace d&rsquo;expression et de r\u00e9flexion pour les jeunes, qui font partie int\u00e9grante des d\u00e9bats.<\/p>\n<p>Chaque ann\u00e9e, un th\u00e8me ambitieux est choisi et d\u00e9velopp\u00e9 dans un programme de 50 sessions et d\u00e9bats avec plus de 300 intervenants : universitaires, personnalit\u00e9s politiques, repr\u00e9sentants d\u2019institutions internationales et chefs d\u2019entreprises du monde entier. A l&rsquo;issue de ces trois jours de d\u00e9bats, une D\u00e9claration finale formule des propositions de politique \u00e9conomique.<\/p>\n<p>Au-del\u00e0 des sessions, les Rencontres sont aussi un moment unique, o\u00f9 tombent les barri\u00e8res habituelles entre les disciplines, les m\u00e9tiers, les \u00e2ges et les nations. Elles sont aussi une formidable occasion de rencontres informelles entre les leaders d\u2019opinion et le public.<\/p>\n<p>Le Forum \u00e9conomique d&rsquo;Aix-en-Provence est un \u00e9v\u00e9nement ouvert \u00e0 tous et gratuit.<\/p>\n<\/p><\/div>\n<\/p><\/div>\n<\/p><\/div>\n<\/p><\/div>\n<div class=\"-wrapper -668 -is-hr -mt-90 -mb-90\">\n<hr>\n<\/div>\n<div class=\"-wrapper -668 -mt-90 -mb-minus-50\">\n<h2 class=\"cp-titre-rouge\">Le Cercle des \u00e9conomistes<\/h2>\n<\/div>\n<div class=\"-wrapper -668 -mt-90 -mb-90\">\n<div class=\"cp-intro -texte\">\n<div class=\"description\">\n<div class=\"cp-texte\">\n<p>Fond\u00e9 en 1992 par Jean-Herv\u00e9 Lorenzi, le Cercle des \u00e9conomistes r\u00e9unit une trentaine d&rsquo;\u00e9conomistes aux approches et aux comp\u00e9tences diff\u00e9rentes, mais avec la m\u00eame conviction : c&rsquo;est en ouvrant le d\u00e9bat \u00e9conomique au plus grand nombre que l&rsquo;on r\u00e9soudra les probl\u00e8mes de notre temps.<\/p>\n<p>Depuis sa cr\u00e9ation, le Cercle des \u00e9conomistes anime le d\u00e9bat par l\u2019organisation de discussions, d\u2019\u00e9v\u00e9nements majeurs dans la vie \u00e9conomique fran\u00e7aise et internationale. Depuis 23 ans, il organise les Rencontres Economiques d&rsquo;Aix-en-Provence.<\/p>\n<p>Gr\u00e2ce \u00e0 la diversit\u00e9 des opinions de ses membres, tous universitaires exer\u00e7ant ou ayant exerc\u00e9 des fonctions publiques ou priv\u00e9es, et aux nombreuses activit\u00e9s d\u00e9velopp\u00e9es au fil des ans, le Cercle des \u00e9conomistes est aujourd&rsquo;hui un acteur reconnu du monde \u00e9conomique.<\/p>\n<p>&nbsp;<\/p>\n<p><a class=\"cp-cta-bouton\" href=\"https:\/\/lecercledeseconomistes.fr\/en\/\" target=\"_blank\" rel=\"noopener\">En savoir plus<\/a><\/p>\n<\/p><\/div>\n<\/p><\/div>\n<\/p><\/div>\n<\/p><\/div>\n","protected":false},"excerpt":{"rendered":"<p>Les Rencontres \u00c9conomiques d&rsquo;Aix-en-Provence Les Rencontres \u00c9conomiques d&rsquo;Aix-en-Provence ont \u00e9t\u00e9 cr\u00e9\u00e9es en 2001 par le Cercle des \u00e9conomistes. Cet \u00e9v\u00e9nement \u00e9conomique majeur r\u00e9unit pendant trois jours des universitaires, des responsables politiques, \u00e9conomiques et associatifs, des repr\u00e9sentants d&rsquo;institutions internationales et des militants du monde entier autour d&rsquo;un th\u00e8me cl\u00e9. Ils sont \u00e9galement un espace d&rsquo;expression et [&hellip;]<\/p>\n","protected":false},"author":2,"featured_media":0,"parent":0,"menu_order":0,"comment_status":"closed","ping_status":"closed","template":"","meta":{"_acf_changed":false,"footnotes":""},"class_list":["post-180","page","type-page","status-publish","hentry"],"acf":[],"yoast_head":"<!-- This site is optimized with the Yoast SEO plugin v26.5 - https:\/\/yoast.com\/wordpress\/plugins\/seo\/ -->\n<title>Qui sommes-nous ? - Les Rencontres \u00c9conomiques<\/title>\n<meta name=\"robots\" content=\"index, follow, max-snippet:-1, max-image-preview:large, max-video-preview:-1\" \/>\n<link rel=\"canonical\" href=\"https:\/\/www.lesrencontreseconomiques.fr\/qui-sommes-nous\/\" \/>\n<meta property=\"og:locale\" content=\"fr_FR\" \/>\n<meta property=\"og:type\" content=\"article\" \/>\n<meta property=\"og:description\" content=\"Les Rencontres \u00c9conomiques d&rsquo;Aix-en-Provence Les Rencontres \u00c9conomiques d&rsquo;Aix-en-Provence ont \u00e9t\u00e9 cr\u00e9\u00e9es en 2001 par le Cercle des \u00e9conomistes. Cet \u00e9v\u00e9nement \u00e9conomique majeur r\u00e9unit pendant trois jours des universitaires, des responsables politiques, \u00e9conomiques et associatifs, des repr\u00e9sentants d&rsquo;institutions internationales et des militants du monde entier autour d&rsquo;un th\u00e8me cl\u00e9. Ils sont \u00e9galement un espace d&rsquo;expression et [&hellip;]\" \/>\n<meta property=\"og:url\" content=\"https:\/\/www.lesrencontreseconomiques.fr\/qui-sommes-nous\/\" \/>\n<meta property=\"og:site_name\" content=\"Les Rencontres \u00c9conomiques\" \/>\n<meta property=\"article:publisher\" content=\"https:\/\/www.facebook.com\/Le.Cercle.des.Economistes\/\" \/>\n<meta property=\"article:modified_time\" content=\"2023-01-11T15:07:23+00:00\" \/>\n<meta name=\"twitter:card\" content=\"summary_large_image\" \/>\n<meta name=\"twitter:site\" content=\"@Cercle_eco\" \/>\n<script type=\"application\/ld+json\" class=\"yoast-schema-graph\">{\"@context\":\"https:\/\/schema.org\",\"@graph\":[{\"@type\":\"WebPage\",\"@id\":\"https:\/\/www.lesrencontreseconomiques.fr\/qui-sommes-nous\/\",\"url\":\"https:\/\/www.lesrencontreseconomiques.fr\/qui-sommes-nous\/\",\"name\":\"Qui sommes-nous ? - Les Rencontres \u00c9conomiques\",\"isPartOf\":{\"@id\":\"https:\/\/www.lesrencontreseconomiques.fr\/#website\"},\"datePublished\":\"2020-12-02T19:50:39+00:00\",\"dateModified\":\"2023-01-11T15:07:23+00:00\",\"breadcrumb\":{\"@id\":\"https:\/\/www.lesrencontreseconomiques.fr\/qui-sommes-nous\/#breadcrumb\"},\"inLanguage\":\"fr-FR\",\"potentialAction\":[{\"@type\":\"ReadAction\",\"target\":[\"https:\/\/www.lesrencontreseconomiques.fr\/qui-sommes-nous\/\"]}]},{\"@type\":\"BreadcrumbList\",\"@id\":\"https:\/\/www.lesrencontreseconomiques.fr\/qui-sommes-nous\/#breadcrumb\",\"itemListElement\":[{\"@type\":\"ListItem\",\"position\":1,\"name\":\"Accueil\",\"item\":\"https:\/\/www.lesrencontreseconomiques.fr\/\"},{\"@type\":\"ListItem\",\"position\":2,\"name\":\"Qui sommes-nous ?\"}]},{\"@type\":\"WebSite\",\"@id\":\"https:\/\/www.lesrencontreseconomiques.fr\/#website\",\"url\":\"https:\/\/www.lesrencontreseconomiques.fr\/\",\"name\":\"Les Rencontres \u00c9conomiques\",\"description\":\"\",\"potentialAction\":[{\"@type\":\"SearchAction\",\"target\":{\"@type\":\"EntryPoint\",\"urlTemplate\":\"https:\/\/www.lesrencontreseconomiques.fr\/?s={search_term_string}\"},\"query-input\":{\"@type\":\"PropertyValueSpecification\",\"valueRequired\":true,\"valueName\":\"search_term_string\"}}],\"inLanguage\":\"fr-FR\"}]}<\/script>\n<!-- \/ Yoast SEO plugin. -->","yoast_head_json":{"title":"Qui sommes-nous ? - Les Rencontres \u00c9conomiques","robots":{"index":"index","follow":"follow","max-snippet":"max-snippet:-1","max-image-preview":"max-image-preview:large","max-video-preview":"max-video-preview:-1"},"canonical":"https:\/\/www.lesrencontreseconomiques.fr\/qui-sommes-nous\/","og_locale":"fr_FR","og_type":"article","og_description":"Les Rencontres \u00c9conomiques d&rsquo;Aix-en-Provence Les Rencontres \u00c9conomiques d&rsquo;Aix-en-Provence ont \u00e9t\u00e9 cr\u00e9\u00e9es en 2001 par le Cercle des \u00e9conomistes. Cet \u00e9v\u00e9nement \u00e9conomique majeur r\u00e9unit pendant trois jours des universitaires, des responsables politiques, \u00e9conomiques et associatifs, des repr\u00e9sentants d&rsquo;institutions internationales et des militants du monde entier autour d&rsquo;un th\u00e8me cl\u00e9. Ils sont \u00e9galement un espace d&rsquo;expression et [&hellip;]","og_url":"https:\/\/www.lesrencontreseconomiques.fr\/qui-sommes-nous\/","og_site_name":"Les Rencontres \u00c9conomiques","article_publisher":"https:\/\/www.facebook.com\/Le.Cercle.des.Economistes\/","article_modified_time":"2023-01-11T15:07:23+00:00","twitter_card":"summary_large_image","twitter_site":"@Cercle_eco","schema":{"@context":"https:\/\/schema.org","@graph":[{"@type":"WebPage","@id":"https:\/\/www.lesrencontreseconomiques.fr\/qui-sommes-nous\/","url":"https:\/\/www.lesrencontreseconomiques.fr\/qui-sommes-nous\/","name":"Qui sommes-nous ? - Les Rencontres \u00c9conomiques","isPartOf":{"@id":"https:\/\/www.lesrencontreseconomiques.fr\/#website"},"datePublished":"2020-12-02T19:50:39+00:00","dateModified":"2023-01-11T15:07:23+00:00","breadcrumb":{"@id":"https:\/\/www.lesrencontreseconomiques.fr\/qui-sommes-nous\/#breadcrumb"},"inLanguage":"fr-FR","potentialAction":[{"@type":"ReadAction","target":["https:\/\/www.lesrencontreseconomiques.fr\/qui-sommes-nous\/"]}]},{"@type":"BreadcrumbList","@id":"https:\/\/www.lesrencontreseconomiques.fr\/qui-sommes-nous\/#breadcrumb","itemListElement":[{"@type":"ListItem","position":1,"name":"Accueil","item":"https:\/\/www.lesrencontreseconomiques.fr\/"},{"@type":"ListItem","position":2,"name":"Qui sommes-nous ?"}]},{"@type":"WebSite","@id":"https:\/\/www.lesrencontreseconomiques.fr\/#website","url":"https:\/\/www.lesrencontreseconomiques.fr\/","name":"Les Rencontres \u00c9conomiques","description":"","potentialAction":[{"@type":"SearchAction","target":{"@type":"EntryPoint","urlTemplate":"https:\/\/www.lesrencontreseconomiques.fr\/?s={search_term_string}"},"query-input":{"@type":"PropertyValueSpecification","valueRequired":true,"valueName":"search_term_string"}}],"inLanguage":"fr-FR"}]}},"_links":{"self":[{"href":"https:\/\/www.lesrencontreseconomiques.fr\/wp-json\/wp\/v2\/pages\/180","targetHints":{"allow":["GET"]}}],"collection":[{"href":"https:\/\/www.lesrencontreseconomiques.fr\/wp-json\/wp\/v2\/pages"}],"about":[{"href":"https:\/\/www.lesrencontreseconomiques.fr\/wp-json\/wp\/v2\/types\/page"}],"author":[{"embeddable":true,"href":"https:\/\/www.lesrencontreseconomiques.fr\/wp-json\/wp\/v2\/users\/2"}],"replies":[{"embeddable":true,"href":"https:\/\/www.lesrencontreseconomiques.fr\/wp-json\/wp\/v2\/comments?post=180"}],"version-history":[{"count":1,"href":"https:\/\/www.lesrencontreseconomiques.fr\/wp-json\/wp\/v2\/pages\/180\/revisions"}],"predecessor-version":[{"id":3724,"href":"https:\/\/www.lesrencontreseconomiques.fr\/wp-json\/wp\/v2\/pages\/180\/revisions\/3724"}],"wp:attachment":[{"href":"https:\/\/www.lesrencontreseconomiques.fr\/wp-json\/wp\/v2\/media?parent=180"}],"curies":[{"name":"wp","href":"https:\/\/api.w.org\/{rel}","templated":true}]}}