{"id":17537,"date":"2025-05-14T16:48:00","date_gmt":"2025-05-14T14:48:00","guid":{"rendered":"https:\/\/www.lesrencontreseconomiques.fr\/?page_id=17537"},"modified":"2025-07-03T14:14:55","modified_gmt":"2025-07-03T12:14:55","slug":"aix-ville-de-leconomie","status":"publish","type":"page","link":"https:\/\/www.lesrencontreseconomiques.fr\/autour-des-rencontres\/aix-ville-de-leconomie\/","title":{"rendered":"Aix, ville de l&rsquo;\u00e9conomie"},"content":{"rendered":"<div class=\"-wrapper -668 -mt-90 -mb-90\">\n<div class=\"cp-intro -texte\">\n<div class=\"description\">\n<div class=\"cp-texte\">\n<h3>Du 28 juin au 7 juillet 2025, Aix-en-Provence vibrera au rythme des Rencontres \u00c9conomiques, bien au-del\u00e0 du Parc Jourdan, avec une programmation culturelle et p\u00e9dagogique accessible \u00e0 tous dans toute la ville.<\/h3>\n<\/p><\/div>\n<\/p><\/div>\n<\/p><\/div>\n<\/p><\/div>\n<div class=\"-wrapper -846 -is-hr -mt-90 -mb-90\">\n<hr>\n<\/div>\n<div class=\"-wrapper -846 -mt-90 -mb-90\">\n<div class=\"cp-best-of -video\">\n<div class=\"description cp-texte\" data-aos=\"fade-right\" data-aos-anchor-placement=\"top-bottom\" data-aos-offset=\"200\">\n<h2>LE POINT INFO<\/h2>\n<p><strong>La Rotonde, du 28 juin au 5 juillet<\/strong><\/p>\n<p>Programme, carte des animations, r\u00e9ponse \u00e0 vos questions\u2026 venez \u00e0 notre rencontre pour tout savoir sur le programme des conf\u00e9rences et sur le dispositif \u00ab\u00a0Aix, ville de l\u2019\u00e9conomie\u00a0\u00bb.<\/p>\n<\/p><\/div>\n<div class=\"media \" data-aos=\"fade-up\" data-aos-anchor-placement=\"top-bottom\" data-aos-offset=\"200\">\n<div class=\"image -walc \" style=\"padding-top:56.32653%\"><img width=\"490\" height=\"276\" src=\"https:\/\/www.lesrencontreseconomiques.fr\/wp-content\/uploads\/2025\/05\/Fontaine-de-la-Rotonde_Daniel-Kapikian_BDef-490x276.jpg\" class=\"attachment-medium size-medium\" alt=\"\" decoding=\"async\" loading=\"lazy\" srcset=\"https:\/\/www.lesrencontreseconomiques.fr\/wp-content\/uploads\/2025\/05\/Fontaine-de-la-Rotonde_Daniel-Kapikian_BDef-490x276.jpg 490w, https:\/\/www.lesrencontreseconomiques.fr\/wp-content\/uploads\/2025\/05\/Fontaine-de-la-Rotonde_Daniel-Kapikian_BDef-668x376.jpg 668w, https:\/\/www.lesrencontreseconomiques.fr\/wp-content\/uploads\/2025\/05\/Fontaine-de-la-Rotonde_Daniel-Kapikian_BDef-1536x864.jpg 1536w, https:\/\/www.lesrencontreseconomiques.fr\/wp-content\/uploads\/2025\/05\/Fontaine-de-la-Rotonde_Daniel-Kapikian_BDef-250x140.jpg 250w, https:\/\/www.lesrencontreseconomiques.fr\/wp-content\/uploads\/2025\/05\/Fontaine-de-la-Rotonde_Daniel-Kapikian_BDef-224x126.jpg 224w, https:\/\/www.lesrencontreseconomiques.fr\/wp-content\/uploads\/2025\/05\/Fontaine-de-la-Rotonde_Daniel-Kapikian_BDef.jpg 1600w\" sizes=\"auto, (max-width: 490px) 100vw, 490px\" \/><\/div>\n<\/p><\/div>\n<\/p><\/div>\n<\/div>\n<div class=\"-wrapper -846 -mt-90 -mb-90\">\n<div class=\"cp-cta-focus\" data-reaix-uid-1>\n<div class=\"photo\" data-aos=\"fade-up\" data-aos-anchor-placement=\"top-bottom\" data-aos-offset=\"200\" data-aos-delay=\"1\">\n<div class=\"image -walc \" style=\"padding-top:66.61677%\"><img width=\"668\" height=\"445\" src=\"https:\/\/www.lesrencontreseconomiques.fr\/wp-content\/uploads\/2025\/05\/Archeveche-4424-scaled-1-668x445.jpg\" class=\"attachment-large_landscape_crop size-large_landscape_crop\" alt=\"\" decoding=\"async\" loading=\"lazy\" srcset=\"https:\/\/www.lesrencontreseconomiques.fr\/wp-content\/uploads\/2025\/05\/Archeveche-4424-scaled-1-668x445.jpg 668w, https:\/\/www.lesrencontreseconomiques.fr\/wp-content\/uploads\/2025\/05\/Archeveche-4424-scaled-1-312x208.jpg 312w\" sizes=\"auto, (max-width: 668px) 100vw, 668px\" \/><\/div>\n<\/p><\/div>\n<div class=\"description cp-texte\" data-aos=\"fade-up\" data-aos-anchor-placement=\"top-bottom\" data-aos-offset=\"200\" data-aos-delay=\"300\" data-aos-anchor=\"[data-reaix-uid-1]\">\n<h2>LES TERRASSES \u00c9CONOMIQUES<span class=\"Apple-converted-space\">\u00a0<\/span><\/h2>\n<p><strong>Brasserie de L\u2019Archev\u00each\u00e9 et L\u2019Escargot, les 2 et 3 juillet<\/strong><\/p>\n<p>Le temps d\u2019un caf\u00e9, venez d\u00e9battre des sujets \u00e9conomiques qui vous concernent avec des \u00e9conomistes et des acteurs de la vie \u00e9conomique d\u2019Aix.<\/p>\n<p><strong>\u2192 Acc\u00e8s libre<\/strong><\/p>\n<p>&nbsp;<\/p>\n<p><a class=\"cp-cta-bouton\" href=\"https:\/\/www.lesrencontreseconomiques.fr\/autour-des-rencontres\/aix-ville-de-leconomie\/les-terrasses-economiques\/\">D\u00e9couvrir la programmation<\/a><\/p>\n<\/p><\/div>\n<\/p><\/div>\n<\/div>\n<div class=\"-wrapper -846 -mt-90 -mb-90\">\n<div class=\"cp-best-of -video\">\n<div class=\"description cp-texte\" data-aos=\"fade-right\" data-aos-anchor-placement=\"top-bottom\" data-aos-offset=\"200\">\n<h2>LES BALADES \u00c9CONOMIQUES<span class=\"Apple-converted-space\">\u00a0<\/span><\/h2>\n<p><strong>Office de Tourisme, les 4 et 5 juillet, \u00e0 10h et 14h (dur\u00e9e : 2h). Visite suppl\u00e9mentaire le 5 juillet \u00e0 17h.<\/strong><\/p>\n<p>D\u00e9couvrez l\u2019histoire \u00e9conomique de la ville au cours d\u2019une visite guid\u00e9e cr\u00e9\u00e9e sp\u00e9cialement par Fr\u00e9d\u00e9ric Paul pour les 25 ans des Rencontres, \u00ab\u00a0Aix-en-Provence, comment l\u2019\u00e9conomie a dessin\u00e9 la ville \u00bb. Vous comprendrez le lien entre C\u00e9zanne et les chapeaux, apprendrez l\u2019histoire du Calisson et d\u00e9couvrirez les activit\u00e9s qui font l\u2019\u00e9conomie aixoise moderne.<\/p>\n<p><strong>\u2192 R\u00e9servation gratuite sur <a href=\"https:\/\/reservation.aixenprovencetourism.com\/aix-en-provence-comment-l-economie-a-dessine-la-ville.html\" target=\"_blank\" rel=\"noopener\">aixenprovencetourism.com<\/a><\/strong><\/p>\n<\/p><\/div>\n<div class=\"media \" data-aos=\"fade-up\" data-aos-anchor-placement=\"top-bottom\" data-aos-offset=\"200\">\n<div class=\"image -walc \" style=\"padding-top:66.93878%\"><img width=\"490\" height=\"328\" src=\"https:\/\/www.lesrencontreseconomiques.fr\/wp-content\/uploads\/2025\/05\/aix-en-provence.jpg__2000x1339_q85_crop_subsampling-2-490x328.jpg\" class=\"attachment-medium size-medium\" alt=\"\" decoding=\"async\" loading=\"lazy\" srcset=\"https:\/\/www.lesrencontreseconomiques.fr\/wp-content\/uploads\/2025\/05\/aix-en-provence.jpg__2000x1339_q85_crop_subsampling-2-490x328.jpg 490w, https:\/\/www.lesrencontreseconomiques.fr\/wp-content\/uploads\/2025\/05\/aix-en-provence.jpg__2000x1339_q85_crop_subsampling-2-668x447.jpg 668w, https:\/\/www.lesrencontreseconomiques.fr\/wp-content\/uploads\/2025\/05\/aix-en-provence.jpg__2000x1339_q85_crop_subsampling-2-1536x1028.jpg 1536w, https:\/\/www.lesrencontreseconomiques.fr\/wp-content\/uploads\/2025\/05\/aix-en-provence.jpg__2000x1339_q85_crop_subsampling-2-209x140.jpg 209w, https:\/\/www.lesrencontreseconomiques.fr\/wp-content\/uploads\/2025\/05\/aix-en-provence.jpg__2000x1339_q85_crop_subsampling-2-224x150.jpg 224w, https:\/\/www.lesrencontreseconomiques.fr\/wp-content\/uploads\/2025\/05\/aix-en-provence.jpg__2000x1339_q85_crop_subsampling-2-312x208.jpg 312w, https:\/\/www.lesrencontreseconomiques.fr\/wp-content\/uploads\/2025\/05\/aix-en-provence.jpg__2000x1339_q85_crop_subsampling-2.jpg 1600w\" sizes=\"auto, (max-width: 490px) 100vw, 490px\" \/><\/div>\n<\/p><\/div>\n<\/p><\/div>\n<\/div>\n<div class=\"-wrapper -846 -mt-90 -mb-90\">\n<div class=\"cp-cta-focus\" data-reaix-uid-2>\n<div class=\"photo\" data-aos=\"fade-up\" data-aos-anchor-placement=\"top-bottom\" data-aos-offset=\"200\" data-aos-delay=\"2\">\n<div class=\"image -walc \" style=\"padding-top:66.61677%\"><img width=\"668\" height=\"445\" src=\"https:\/\/www.lesrencontreseconomiques.fr\/wp-content\/uploads\/2025\/05\/Street-art-a-Darwin\u00a9Teddy-Verneuil-@lezbroz.jpg-668x445.webp\" class=\"attachment-large_landscape_crop size-large_landscape_crop\" alt=\"\" decoding=\"async\" loading=\"lazy\" srcset=\"https:\/\/www.lesrencontreseconomiques.fr\/wp-content\/uploads\/2025\/05\/Street-art-a-Darwin\u00a9Teddy-Verneuil-@lezbroz.jpg-668x445.webp 668w, https:\/\/www.lesrencontreseconomiques.fr\/wp-content\/uploads\/2025\/05\/Street-art-a-Darwin\u00a9Teddy-Verneuil-@lezbroz.jpg-312x208.webp 312w\" sizes=\"auto, (max-width: 668px) 100vw, 668px\" \/><\/div>\n<\/p><\/div>\n<div class=\"description cp-texte\" data-aos=\"fade-up\" data-aos-anchor-placement=\"top-bottom\" data-aos-offset=\"200\" data-aos-delay=\"300\" data-aos-anchor=\"[data-reaix-uid-2]\">\n<h2>LA FRESQUE \u00ab\u00a0AFFRONTER LE CHOC DES R\u00c9ALIT\u00c9S\u00a0\u00bb<span class=\"Apple-converted-space\">\u00a0<\/span><\/h2>\n<p><strong>Parc Jourdan, du 3 au 5 juillet<\/strong><\/p>\n<p>Des \u00e9tudiants en arts de l\u2019\u00e9cole ESAAIX ont carte blanche pour r\u00e9aliser une fresque sur une toile g\u00e9ante autour de la th\u00e9matique 2025.<\/p>\n<p><b><span class=\"Apple-converted-space\">\u00a0<\/span><\/b><\/p>\n<\/p><\/div>\n<\/p><\/div>\n<\/div>\n<div class=\"-wrapper -846 -mt-90 -mb-90\">\n<div class=\"cp-best-of -video\">\n<div class=\"description cp-texte\" data-aos=\"fade-right\" data-aos-anchor-placement=\"top-bottom\" data-aos-offset=\"200\">\n<h2>CIN\u2019\u00c9CO<span class=\"Apple-converted-space\">\u00a0<\/span><b><\/b><\/h2>\n<p><strong>Cin\u00e9ma Le C\u00e9zanne, du 3 au 7 juillet <\/strong><\/p>\n<p>D\u00e9couvrez une programmation sp\u00e9ciale \u00e9conomie en cinq films.<\/p>\n<p><strong>\u2192 8 \u20ac et 6 \u20ac pour les -14 ans \/ R\u00e9servation sur <a href=\"https:\/\/www.pathe.fr\/cinemas\/cinema-le-cezanne\" target=\"_blank\" rel=\"noopener\">pathe.fr<\/a><\/strong><\/p>\n<p>&nbsp;<\/p>\n<\/p><\/div>\n<div class=\"media \" data-aos=\"fade-up\" data-aos-anchor-placement=\"top-bottom\" data-aos-offset=\"200\">\n<div class=\"image -walc \" style=\"padding-top:75.10204%\"><img width=\"490\" height=\"368\" src=\"https:\/\/www.lesrencontreseconomiques.fr\/wp-content\/uploads\/2025\/05\/IMG_0120-490x368.jpg\" class=\"attachment-medium size-medium\" alt=\"\" decoding=\"async\" loading=\"lazy\" srcset=\"https:\/\/www.lesrencontreseconomiques.fr\/wp-content\/uploads\/2025\/05\/IMG_0120-490x368.jpg 490w, https:\/\/www.lesrencontreseconomiques.fr\/wp-content\/uploads\/2025\/05\/IMG_0120-668x501.jpg 668w, https:\/\/www.lesrencontreseconomiques.fr\/wp-content\/uploads\/2025\/05\/IMG_0120-1536x1152.jpg 1536w, https:\/\/www.lesrencontreseconomiques.fr\/wp-content\/uploads\/2025\/05\/IMG_0120-187x140.jpg 187w, https:\/\/www.lesrencontreseconomiques.fr\/wp-content\/uploads\/2025\/05\/IMG_0120-224x168.jpg 224w, https:\/\/www.lesrencontreseconomiques.fr\/wp-content\/uploads\/2025\/05\/IMG_0120.jpg 1600w\" sizes=\"auto, (max-width: 490px) 100vw, 490px\" \/><\/div>\n<\/p><\/div>\n<\/p><\/div>\n<\/div>\n<div class=\"-wrapper -668 -mt-90 -mb-90\">\n<div class=\"cp-intro -texte\">\n<div class=\"description\">\n<div class=\"cp-texte\">\n<p><strong>Le Loup de Wall Street<\/strong>, de Martin Scorsese : jeudi 03\/07 \u00e0 14h et samedi 05\/07 \u00e0 20h<\/p>\n<p><strong>The Social Network<\/strong>, de David Fincher : jeudi 03\/07 \u00e0 19h et dimanche 06\/07 \u00e0 14h \u2013 S\u00e9ance du jeudi suivie d\u2019un d\u00e9bat avec <strong>Jacques Attali<\/strong>, <strong>Fran\u00e7oise Benhamou<\/strong> et <strong>Nino Baraton<\/strong> (<em>Nino les mots<\/em>)<\/p>\n<p><strong>Margin Call<\/strong>, de J.C. Chandor : vendredi 04\/07 \u00e0 14h et dimanche 06\/07 \u00e0 19h<\/p>\n<p><strong>Une affaire de principe<\/strong>, d\u2019Antoine Raimbault : vendredi 04\/07 \u00e0 19h00 lundi 07\/07 \u00e0 14h \u2013 S\u00e9ance du vendredi suivie d&rsquo;un d\u00e9bat avec <strong>Aurore Lalucq<\/strong> (pr\u00e9sidente de la Commission des affaires \u00e9conomiques et mon\u00e9taires du Parlement europ\u00e9en)<\/p>\n<p>[S\u00e9ance enfants] <strong>Sauvages !<\/strong>, de Claude Barras : samedi 05\/07 \u00e0 14h00 dimanche 06\/07 \u00e0 10h30 et lundi 07\/07 \u00e0 16h30<\/p>\n<\/p><\/div>\n<\/p><\/div>\n<\/p><\/div>\n<\/p><\/div>\n<div class=\"-wrapper -846 -mt-90 -mb-90\">\n<div class=\"cp-cta-focus\" data-reaix-uid-3>\n<div class=\"photo\" data-aos=\"fade-up\" data-aos-anchor-placement=\"top-bottom\" data-aos-offset=\"200\" data-aos-delay=\"3\">\n<div class=\"image -walc \" style=\"padding-top:66.61677%\"><img width=\"668\" height=\"445\" src=\"https:\/\/www.lesrencontreseconomiques.fr\/wp-content\/uploads\/2025\/05\/13377-1542283404-shutterstock-1170155062-668x445.jpg\" class=\"attachment-large_landscape_crop size-large_landscape_crop\" alt=\"\" decoding=\"async\" loading=\"lazy\" srcset=\"https:\/\/www.lesrencontreseconomiques.fr\/wp-content\/uploads\/2025\/05\/13377-1542283404-shutterstock-1170155062-668x445.jpg 668w, https:\/\/www.lesrencontreseconomiques.fr\/wp-content\/uploads\/2025\/05\/13377-1542283404-shutterstock-1170155062-312x208.jpg 312w\" sizes=\"auto, (max-width: 668px) 100vw, 668px\" \/><\/div>\n<\/p><\/div>\n<div class=\"description cp-texte\" data-aos=\"fade-up\" data-aos-anchor-placement=\"top-bottom\" data-aos-offset=\"200\" data-aos-delay=\"300\" data-aos-anchor=\"[data-reaix-uid-3]\">\n<h2>CONCOURS D\u2019\u00c9LOQUENCE<\/h2>\n<p><strong>Sciences Po Aix le 1<sup>er<\/sup> juillet \u00e0 18h<\/strong><\/p>\n<p>Les \u00e9tudiants de Sciences Po Aix s\u2019affrontent par plaidoiries interpos\u00e9es autour d\u2019une question \u00e9conomique. Ils tenteront de convaincre un jury gr\u00e2ce \u00e0 la puissance de leur argumentation et l\u2019impact de leur discours.<\/p>\n<p><strong>\u2192 Acc\u00e8s libre<\/strong><\/p>\n<\/p><\/div>\n<\/p><\/div>\n<\/div>\n<div class=\"-wrapper -846 -mt-90 -mb-90\">\n<div class=\"cp-best-of -video\">\n<div class=\"description cp-texte\" data-aos=\"fade-right\" data-aos-anchor-placement=\"top-bottom\" data-aos-offset=\"200\">\n<h2>JEUX D\u2019\u00c9CONOMIE<\/h2>\n<p><b>Du 1er au 4 juillet<\/b><\/p>\n<p>Accompagn\u00e9 par une m\u00e9diatrice agr\u00e9\u00e9e, le public scolaire d\u00e9couvrira les grandes notions d\u2019\u00e9conomie par le jeu, en utilisant les mallettes p\u00e9dagogiques d\u00e9velopp\u00e9es par la Cit\u00e9 de l\u2019\u00e9conomie. Une activit\u00e9 \u00e9galement propos\u00e9e au public des associations en faveur de l\u2019insertion sociale.<span class=\"Apple-converted-space\">\u00a0<\/span><\/p>\n<p>Des mallettes de jeu seront \u00e9galement propos\u00e9es au grand public dans un caf\u00e9 et une librairie.<\/p>\n<\/p><\/div>\n<div class=\"media \" data-aos=\"fade-up\" data-aos-anchor-placement=\"top-bottom\" data-aos-offset=\"200\">\n<div class=\"image -walc \" style=\"padding-top:128.57143%\"><img width=\"490\" height=\"630\" src=\"https:\/\/www.lesrencontreseconomiques.fr\/wp-content\/uploads\/2025\/06\/Capture-decran-2025-06-26-a-12.26.17-490x630.png\" class=\"attachment-medium size-medium\" alt=\"\" decoding=\"async\" loading=\"lazy\" srcset=\"https:\/\/www.lesrencontreseconomiques.fr\/wp-content\/uploads\/2025\/06\/Capture-decran-2025-06-26-a-12.26.17-490x630.png 490w, https:\/\/www.lesrencontreseconomiques.fr\/wp-content\/uploads\/2025\/06\/Capture-decran-2025-06-26-a-12.26.17-668x860.png 668w, https:\/\/www.lesrencontreseconomiques.fr\/wp-content\/uploads\/2025\/06\/Capture-decran-2025-06-26-a-12.26.17-109x140.png 109w, https:\/\/www.lesrencontreseconomiques.fr\/wp-content\/uploads\/2025\/06\/Capture-decran-2025-06-26-a-12.26.17-224x288.png 224w, https:\/\/www.lesrencontreseconomiques.fr\/wp-content\/uploads\/2025\/06\/Capture-decran-2025-06-26-a-12.26.17.png 886w\" sizes=\"auto, (max-width: 490px) 100vw, 490px\" \/><\/div>\n<\/p><\/div>\n<\/p><\/div>\n<\/div>\n<div class=\"-wrapper -846 -mt-90 -mb-90\">\n<div class=\"cp-cta-focus\" data-reaix-uid-4>\n<div class=\"photo\" data-aos=\"fade-up\" data-aos-anchor-placement=\"top-bottom\" data-aos-offset=\"200\" data-aos-delay=\"4\">\n<div class=\"image -walc \" style=\"padding-top:66.61677%\"><img width=\"668\" height=\"445\" src=\"https:\/\/www.lesrencontreseconomiques.fr\/wp-content\/uploads\/2025\/05\/expo_saintevictoire_001-668x445.webp\" class=\"attachment-large_landscape_crop size-large_landscape_crop\" alt=\"\" decoding=\"async\" loading=\"lazy\" srcset=\"https:\/\/www.lesrencontreseconomiques.fr\/wp-content\/uploads\/2025\/05\/expo_saintevictoire_001-668x445.webp 668w, https:\/\/www.lesrencontreseconomiques.fr\/wp-content\/uploads\/2025\/05\/expo_saintevictoire_001-312x208.webp 312w\" sizes=\"auto, (max-width: 668px) 100vw, 668px\" \/><\/div>\n<\/p><\/div>\n<div class=\"description cp-texte\" data-aos=\"fade-up\" data-aos-anchor-placement=\"top-bottom\" data-aos-offset=\"200\" data-aos-delay=\"300\" data-aos-anchor=\"[data-reaix-uid-4]\">\n<h2>PHOTO : L\u2019HISTOIRE \u00c9CONOMIQUE D\u2019AIX<span class=\"Apple-converted-space\">\u00a0<\/span><\/h2>\n<p><strong>Cour d&rsquo;Appel, du 28 juin au 5 juillet<\/strong><\/p>\n<p>\u00c0 travers 15 photos, prises au d\u00e9but du XX<sup>e<\/sup> si\u00e8cle, la cit\u00e9 aux mille fontaines, souvent c\u00e9l\u00e9br\u00e9e pour son patrimoine architectural et culturel, nous pr\u00e9sente un autre visage : celui d\u2019une ville dont l\u2019histoire \u00e9conomique continue d\u2019impr\u00e9gner l\u2019identit\u00e9 locale.<\/p>\n<p><strong>\u2192 Acc\u00e8s libre<\/strong><\/p>\n<p>&nbsp;<\/p>\n<\/p><\/div>\n<\/p><\/div>\n<\/div>\n","protected":false},"excerpt":{"rendered":"<p>Du 28 juin au 7 juillet 2025, Aix-en-Provence vibrera au rythme des Rencontres \u00c9conomiques, bien au-del\u00e0 du Parc Jourdan, avec une programmation culturelle et p\u00e9dagogique accessible \u00e0 tous dans toute la ville. LE POINT INFO La Rotonde, du 28 juin au 5 juillet Programme, carte des animations, r\u00e9ponse \u00e0 vos questions\u2026 venez \u00e0 notre rencontre [&hellip;]<\/p>\n","protected":false},"author":2,"featured_media":0,"parent":7846,"menu_order":0,"comment_status":"closed","ping_status":"closed","template":"","meta":{"_acf_changed":false,"footnotes":""},"class_list":["post-17537","page","type-page","status-publish","hentry"],"acf":[],"yoast_head":"<!-- This site is optimized with the Yoast SEO plugin v26.5 - https:\/\/yoast.com\/wordpress\/plugins\/seo\/ -->\n<title>Aix, ville de l&#039;\u00e9conomie - Les Rencontres \u00c9conomiques<\/title>\n<meta name=\"robots\" content=\"index, follow, max-snippet:-1, max-image-preview:large, max-video-preview:-1\" \/>\n<link rel=\"canonical\" href=\"https:\/\/www.lesrencontreseconomiques.fr\/autour-des-rencontres\/aix-ville-de-leconomie\/\" \/>\n<meta property=\"og:locale\" content=\"fr_FR\" \/>\n<meta property=\"og:type\" content=\"article\" \/>\n<meta property=\"og:description\" content=\"Du 28 juin au 7 juillet 2025, Aix-en-Provence vibrera au rythme des Rencontres \u00c9conomiques, bien au-del\u00e0 du Parc Jourdan, avec une programmation culturelle et p\u00e9dagogique accessible \u00e0 tous dans toute la ville. LE POINT INFO La Rotonde, du 28 juin au 5 juillet Programme, carte des animations, r\u00e9ponse \u00e0 vos questions\u2026 venez \u00e0 notre rencontre [&hellip;]\" \/>\n<meta property=\"og:url\" content=\"https:\/\/www.lesrencontreseconomiques.fr\/autour-des-rencontres\/aix-ville-de-leconomie\/\" \/>\n<meta property=\"og:site_name\" content=\"Les Rencontres \u00c9conomiques\" \/>\n<meta property=\"article:publisher\" content=\"https:\/\/www.facebook.com\/Le.Cercle.des.Economistes\/\" \/>\n<meta property=\"article:modified_time\" content=\"2025-07-03T12:14:55+00:00\" \/>\n<meta property=\"og:image\" content=\"https:\/\/www.lesrencontreseconomiques.fr\/wp-content\/uploads\/2025\/05\/Fontaine-de-la-Rotonde_Daniel-Kapikian_BDef-490x276.jpg\" \/>\n<meta name=\"twitter:card\" content=\"summary_large_image\" \/>\n<meta name=\"twitter:site\" content=\"@Cercle_eco\" \/>\n<script type=\"application\/ld+json\" class=\"yoast-schema-graph\">{\"@context\":\"https:\/\/schema.org\",\"@graph\":[{\"@type\":\"WebPage\",\"@id\":\"https:\/\/www.lesrencontreseconomiques.fr\/autour-des-rencontres\/aix-ville-de-leconomie\/\",\"url\":\"https:\/\/www.lesrencontreseconomiques.fr\/autour-des-rencontres\/aix-ville-de-leconomie\/\",\"name\":\"Aix, ville de l'\u00e9conomie - Les Rencontres \u00c9conomiques\",\"isPartOf\":{\"@id\":\"https:\/\/www.lesrencontreseconomiques.fr\/#website\"},\"primaryImageOfPage\":{\"@id\":\"https:\/\/www.lesrencontreseconomiques.fr\/autour-des-rencontres\/aix-ville-de-leconomie\/#primaryimage\"},\"image\":{\"@id\":\"https:\/\/www.lesrencontreseconomiques.fr\/autour-des-rencontres\/aix-ville-de-leconomie\/#primaryimage\"},\"thumbnailUrl\":\"https:\/\/www.lesrencontreseconomiques.fr\/wp-content\/uploads\/2025\/05\/Fontaine-de-la-Rotonde_Daniel-Kapikian_BDef-490x276.jpg\",\"datePublished\":\"2025-05-14T14:48:00+00:00\",\"dateModified\":\"2025-07-03T12:14:55+00:00\",\"breadcrumb\":{\"@id\":\"https:\/\/www.lesrencontreseconomiques.fr\/autour-des-rencontres\/aix-ville-de-leconomie\/#breadcrumb\"},\"inLanguage\":\"fr-FR\",\"potentialAction\":[{\"@type\":\"ReadAction\",\"target\":[\"https:\/\/www.lesrencontreseconomiques.fr\/autour-des-rencontres\/aix-ville-de-leconomie\/\"]}]},{\"@type\":\"ImageObject\",\"inLanguage\":\"fr-FR\",\"@id\":\"https:\/\/www.lesrencontreseconomiques.fr\/autour-des-rencontres\/aix-ville-de-leconomie\/#primaryimage\",\"url\":\"https:\/\/www.lesrencontreseconomiques.fr\/wp-content\/uploads\/2025\/05\/Fontaine-de-la-Rotonde_Daniel-Kapikian_BDef.jpg\",\"contentUrl\":\"https:\/\/www.lesrencontreseconomiques.fr\/wp-content\/uploads\/2025\/05\/Fontaine-de-la-Rotonde_Daniel-Kapikian_BDef.jpg\",\"width\":1600,\"height\":900},{\"@type\":\"BreadcrumbList\",\"@id\":\"https:\/\/www.lesrencontreseconomiques.fr\/autour-des-rencontres\/aix-ville-de-leconomie\/#breadcrumb\",\"itemListElement\":[{\"@type\":\"ListItem\",\"position\":1,\"name\":\"Accueil\",\"item\":\"https:\/\/www.lesrencontreseconomiques.fr\/\"},{\"@type\":\"ListItem\",\"position\":2,\"name\":\"Autour des Rencontres\",\"item\":\"https:\/\/www.lesrencontreseconomiques.fr\/autour-des-rencontres\/\"},{\"@type\":\"ListItem\",\"position\":3,\"name\":\"Aix, ville de l&rsquo;\u00e9conomie\"}]},{\"@type\":\"WebSite\",\"@id\":\"https:\/\/www.lesrencontreseconomiques.fr\/#website\",\"url\":\"https:\/\/www.lesrencontreseconomiques.fr\/\",\"name\":\"Les Rencontres \u00c9conomiques\",\"description\":\"\",\"potentialAction\":[{\"@type\":\"SearchAction\",\"target\":{\"@type\":\"EntryPoint\",\"urlTemplate\":\"https:\/\/www.lesrencontreseconomiques.fr\/?s={search_term_string}\"},\"query-input\":{\"@type\":\"PropertyValueSpecification\",\"valueRequired\":true,\"valueName\":\"search_term_string\"}}],\"inLanguage\":\"fr-FR\"}]}<\/script>\n<!-- \/ Yoast SEO plugin. -->","yoast_head_json":{"title":"Aix, ville de l'\u00e9conomie - Les Rencontres \u00c9conomiques","robots":{"index":"index","follow":"follow","max-snippet":"max-snippet:-1","max-image-preview":"max-image-preview:large","max-video-preview":"max-video-preview:-1"},"canonical":"https:\/\/www.lesrencontreseconomiques.fr\/autour-des-rencontres\/aix-ville-de-leconomie\/","og_locale":"fr_FR","og_type":"article","og_description":"Du 28 juin au 7 juillet 2025, Aix-en-Provence vibrera au rythme des Rencontres \u00c9conomiques, bien au-del\u00e0 du Parc Jourdan, avec une programmation culturelle et p\u00e9dagogique accessible \u00e0 tous dans toute la ville. LE POINT INFO La Rotonde, du 28 juin au 5 juillet Programme, carte des animations, r\u00e9ponse \u00e0 vos questions\u2026 venez \u00e0 notre rencontre [&hellip;]","og_url":"https:\/\/www.lesrencontreseconomiques.fr\/autour-des-rencontres\/aix-ville-de-leconomie\/","og_site_name":"Les Rencontres \u00c9conomiques","article_publisher":"https:\/\/www.facebook.com\/Le.Cercle.des.Economistes\/","article_modified_time":"2025-07-03T12:14:55+00:00","og_image":[{"url":"https:\/\/www.lesrencontreseconomiques.fr\/wp-content\/uploads\/2025\/05\/Fontaine-de-la-Rotonde_Daniel-Kapikian_BDef-490x276.jpg","type":"","width":"","height":""}],"twitter_card":"summary_large_image","twitter_site":"@Cercle_eco","schema":{"@context":"https:\/\/schema.org","@graph":[{"@type":"WebPage","@id":"https:\/\/www.lesrencontreseconomiques.fr\/autour-des-rencontres\/aix-ville-de-leconomie\/","url":"https:\/\/www.lesrencontreseconomiques.fr\/autour-des-rencontres\/aix-ville-de-leconomie\/","name":"Aix, ville de l'\u00e9conomie - Les Rencontres \u00c9conomiques","isPartOf":{"@id":"https:\/\/www.lesrencontreseconomiques.fr\/#website"},"primaryImageOfPage":{"@id":"https:\/\/www.lesrencontreseconomiques.fr\/autour-des-rencontres\/aix-ville-de-leconomie\/#primaryimage"},"image":{"@id":"https:\/\/www.lesrencontreseconomiques.fr\/autour-des-rencontres\/aix-ville-de-leconomie\/#primaryimage"},"thumbnailUrl":"https:\/\/www.lesrencontreseconomiques.fr\/wp-content\/uploads\/2025\/05\/Fontaine-de-la-Rotonde_Daniel-Kapikian_BDef-490x276.jpg","datePublished":"2025-05-14T14:48:00+00:00","dateModified":"2025-07-03T12:14:55+00:00","breadcrumb":{"@id":"https:\/\/www.lesrencontreseconomiques.fr\/autour-des-rencontres\/aix-ville-de-leconomie\/#breadcrumb"},"inLanguage":"fr-FR","potentialAction":[{"@type":"ReadAction","target":["https:\/\/www.lesrencontreseconomiques.fr\/autour-des-rencontres\/aix-ville-de-leconomie\/"]}]},{"@type":"ImageObject","inLanguage":"fr-FR","@id":"https:\/\/www.lesrencontreseconomiques.fr\/autour-des-rencontres\/aix-ville-de-leconomie\/#primaryimage","url":"https:\/\/www.lesrencontreseconomiques.fr\/wp-content\/uploads\/2025\/05\/Fontaine-de-la-Rotonde_Daniel-Kapikian_BDef.jpg","contentUrl":"https:\/\/www.lesrencontreseconomiques.fr\/wp-content\/uploads\/2025\/05\/Fontaine-de-la-Rotonde_Daniel-Kapikian_BDef.jpg","width":1600,"height":900},{"@type":"BreadcrumbList","@id":"https:\/\/www.lesrencontreseconomiques.fr\/autour-des-rencontres\/aix-ville-de-leconomie\/#breadcrumb","itemListElement":[{"@type":"ListItem","position":1,"name":"Accueil","item":"https:\/\/www.lesrencontreseconomiques.fr\/"},{"@type":"ListItem","position":2,"name":"Autour des Rencontres","item":"https:\/\/www.lesrencontreseconomiques.fr\/autour-des-rencontres\/"},{"@type":"ListItem","position":3,"name":"Aix, ville de l&rsquo;\u00e9conomie"}]},{"@type":"WebSite","@id":"https:\/\/www.lesrencontreseconomiques.fr\/#website","url":"https:\/\/www.lesrencontreseconomiques.fr\/","name":"Les Rencontres \u00c9conomiques","description":"","potentialAction":[{"@type":"SearchAction","target":{"@type":"EntryPoint","urlTemplate":"https:\/\/www.lesrencontreseconomiques.fr\/?s={search_term_string}"},"query-input":{"@type":"PropertyValueSpecification","valueRequired":true,"valueName":"search_term_string"}}],"inLanguage":"fr-FR"}]}},"_links":{"self":[{"href":"https:\/\/www.lesrencontreseconomiques.fr\/wp-json\/wp\/v2\/pages\/17537","targetHints":{"allow":["GET"]}}],"collection":[{"href":"https:\/\/www.lesrencontreseconomiques.fr\/wp-json\/wp\/v2\/pages"}],"about":[{"href":"https:\/\/www.lesrencontreseconomiques.fr\/wp-json\/wp\/v2\/types\/page"}],"author":[{"embeddable":true,"href":"https:\/\/www.lesrencontreseconomiques.fr\/wp-json\/wp\/v2\/users\/2"}],"replies":[{"embeddable":true,"href":"https:\/\/www.lesrencontreseconomiques.fr\/wp-json\/wp\/v2\/comments?post=17537"}],"version-history":[{"count":65,"href":"https:\/\/www.lesrencontreseconomiques.fr\/wp-json\/wp\/v2\/pages\/17537\/revisions"}],"predecessor-version":[{"id":22808,"href":"https:\/\/www.lesrencontreseconomiques.fr\/wp-json\/wp\/v2\/pages\/17537\/revisions\/22808"}],"up":[{"embeddable":true,"href":"https:\/\/www.lesrencontreseconomiques.fr\/wp-json\/wp\/v2\/pages\/7846"}],"wp:attachment":[{"href":"https:\/\/www.lesrencontreseconomiques.fr\/wp-json\/wp\/v2\/media?parent=17537"}],"curies":[{"name":"wp","href":"https:\/\/api.w.org\/{rel}","templated":true}]}}