{"id":16502,"date":"2025-05-15T10:37:16","date_gmt":"2025-05-15T08:37:16","guid":{"rendered":"https:\/\/www.lesrencontreseconomiques.fr\/?page_id=16502"},"modified":"2025-07-03T18:26:37","modified_gmt":"2025-07-03T16:26:37","slug":"global-economic-dialogue","status":"publish","type":"page","link":"https:\/\/www.lesrencontreseconomiques.fr\/autour-des-rencontres\/global-economic-dialogue\/","title":{"rendered":"Le dialogue \u00e9conomique mondial"},"content":{"rendered":"<div class=\"-wrapper -668 -mt-90 -mb-90\">\n<div class=\"cp-intro -texte\">\n<div class=\"description\">\n<div class=\"cp-texte\">\n<h2>Faire dialoguer les id\u00e9es pour penser l\u2019\u00e9conomie mondiale face aux chocs<\/h2>\n<p>Ces derni\u00e8res ann\u00e9es, entre retour de la guerre en Europe, retour au pouvoir de Donald Trump, opposition croissante entre les blocs et au sein m\u00eame de ceux-ci, ont vu les cadres traditionnels de la pens\u00e9e \u00e9conomique et politique perdre de leur pertinence. Il en d\u00e9coule un besoin sans pr\u00e9c\u00e9dent de compr\u00e9hension du nouveau monde naissant et des nouveaux cadres de pens\u00e9e.<\/p>\n<p>C&rsquo;est \u00e0 partir de ce constat qu&rsquo;est n\u00e9 le <i>dialogue \u00e9conomique mondial<\/i>\u00a0un espace unique de r\u00e9flexion collective, r\u00e9unissant des think tanks venus du monde entier, porteurs de regards diff\u00e9rents et parfois contradictoires sur les mutations de l\u2019\u00e9conomie mondiale.<\/p>\n<p>Cette initiative unique, lanc\u00e9e dans le cadre des Rencontres \u00c9conomiques d\u2019Aix-en-Provence, vise \u00e0 d\u00e9montrer qu&rsquo;un dialogue est possible, malgr\u00e9 des analyses diff\u00e9rentes sur les grands enjeux contemporains : transitions \u00e9nerg\u00e9tiques, recompositions g\u00e9opolitiques, avenir du travail, justice sociale, r\u00f4le de l\u2019\u00c9tat, d\u00e9fis d\u00e9mocratiques\u2026<\/p>\n<p>Loin d\u2019une vision uniforme, le <i>dialogue \u00e9conomique mondial<\/i>\u00a0revendique la confrontation f\u00e9conde des id\u00e9es. Il offre un cadre de discussion o\u00f9 se croisent les grands courants de pens\u00e9e actuels, qu&rsquo;ils soient conservateurs, lib\u00e9raux, socio-d\u00e9mocrates&#8230; Un espace o\u00f9 les d\u00e9saccords \u00e9clairent autant que les convergences.<\/p>\n<p>Parce que nous ne pouvons pas penser l\u2019\u00e9conomie uniquement du point de vue de la France ou de l&rsquo;Europe, parce qu&rsquo;un seul mod\u00e8le ne peut plus offrir seul de r\u00e9ponse aux d\u00e9fis globaux, nous avons souhait\u00e9 donner la parole \u00e0 des institutions intellectuelles issues de toutes les r\u00e9gions du monde \u2013 Am\u00e9riques, Europe, Afrique, Asie, Moyen-Orient \u2013 et engag\u00e9es dans un dialogue exigeant et constructif.<\/p>\n<p>Les 34 institutions membres du <i>dialogue \u00e9conomique mondial<\/i>\u00a0interviendront dans le programme et dans des sessions d\u00e9di\u00e9es. Elles formuleront, \u00e0 l&rsquo;issue des Rencontres, un appel commun.<\/p>\n<\/p><\/div>\n<\/p><\/div>\n<\/p><\/div>\n<\/p><\/div>\n<div class=\"-wrapper -846 -is-hr -mt-90 -mb-90\">\n<hr>\n<\/div>\n<div class=\"cp-section-header -wrapper -846 -mt-90\" data-reaix-uid-1>\n<h2 class=\"cp-titre-2 -section\" data-aos=\"fade-right\" data-aos-anchor-placement=\"top-bottom\" data-aos-offset=\"200\">Le Global Economic Dialogue aux Rencontres<\/h2>\n<p>\t\t\t\t<a href=\"https:\/\/www.lesrencontreseconomiques.fr\/programme\/\"  class=\"cp-cta-plus -rouge\" data-aos=\"fade-in\" data-aos-anchor-placement=\"top-bottom\" data-aos-offset=\"200\" data-aos-delay=\"600\" data-aos-anchor=\"[data-reaix-uid-1]\"><br \/>\n\t\t\t<span>Tout le programme<\/span><br \/>\n\t\t<\/a>\n\t\t\t<\/div>\n<div class=\"-wrapper -846  -mb-90\" data-reaix-uid-2>\n<div class=\"cp-remontee-events\">\n<div class=\"events -grid\">\n<div class=\"event\">\n<div class=\"media\" data-aos=\"flip-left\" data-aos-anchor-placement=\"top-bottom\" data-aos-offset=\"200\" data-aos-anchor=\"[data-reaix-uid-2]\">\n<div class=\"image -walc \" style=\"padding-top:100%\"><img width=\"290\" height=\"290\" src=\"https:\/\/www.lesrencontreseconomiques.fr\/wp-content\/uploads\/2025\/05\/Vignettes-site-web-4-290x290.png\" class=\"attachment-small_square_crop size-small_square_crop\" alt=\"\" decoding=\"async\" loading=\"lazy\" srcset=\"https:\/\/www.lesrencontreseconomiques.fr\/wp-content\/uploads\/2025\/05\/Vignettes-site-web-4-290x290.png 290w, https:\/\/www.lesrencontreseconomiques.fr\/wp-content\/uploads\/2025\/05\/Vignettes-site-web-4-490x490.png 490w, https:\/\/www.lesrencontreseconomiques.fr\/wp-content\/uploads\/2025\/05\/Vignettes-site-web-4-668x668.png 668w, https:\/\/www.lesrencontreseconomiques.fr\/wp-content\/uploads\/2025\/05\/Vignettes-site-web-4-150x150.png 150w, https:\/\/www.lesrencontreseconomiques.fr\/wp-content\/uploads\/2025\/05\/Vignettes-site-web-4-140x140.png 140w, https:\/\/www.lesrencontreseconomiques.fr\/wp-content\/uploads\/2025\/05\/Vignettes-site-web-4-224x224.png 224w, https:\/\/www.lesrencontreseconomiques.fr\/wp-content\/uploads\/2025\/05\/Vignettes-site-web-4.png 1080w\" sizes=\"auto, (max-width: 290px) 100vw, 290px\" \/><\/div>\n<\/p><\/div>\n<div class=\"contenu\" data-aos=\"zoom-in\" data-aos-anchor-placement=\"top-bottom\" data-aos-offset=\"200\" data-aos-delay=\"200\" data-aos-anchor=\"[data-reaix-uid-2]\">\n<div class=\"date\">\n\t\t\t\t\t\t4 juillet |<br \/>\n\t\t\t\t\t\t<img decoding=\"async\" src=\"https:\/\/www.lesrencontreseconomiques.fr\/wp-content\/themes\/reaix\/assets\/img\/pictos\/clock-grey-cercle.png\" alt=\"\"><br \/>\n\t\t\t\t\t\t12:00 &#8211;<br \/>\n\t\t\t\t\t\t13:00\t\t\t\t\t<\/div>\n<div class=\"type\">Semi-pl\u00e9ni\u00e8re 04<\/div>\n<p>\t\t\t\t\t\t\t\t\t\t<a class=\"titre\" href=\"https:\/\/www.lesrencontreseconomiques.fr\/evenements\/semi-pleniere-04-vers-la-naissance-de-nouvelles-alliances\/\"><br \/>\n\t\t\t\t\t\tVers la naissance de nouvelles alliances ?\t\t\t\t\t<\/a><\/p>\n<div class=\"accroche\">L\u2019ordre international h\u00e9rit\u00e9 de la Seconde Guerre mondiale, fond\u00e9 sur l\u2019h\u00e9g\u00e9monie occidentale\u2026<\/div>\n<div class=\"lien\">\n\t\t\t\t\t\t<span class=\"cp-cta-plus -rouge -fs-14\"><span>En savoir plus<\/span><\/span>\n\t\t\t\t\t<\/div>\n<\/p><\/div>\n<\/p><\/div>\n<div class=\"event -vertical\">\n<div class=\"media\" data-aos=\"flip-left\" data-aos-anchor-placement=\"top-bottom\" data-aos-offset=\"200\" data-aos-delay=\"400\" data-aos-anchor=\"[data-reaix-uid-2]\">\n<div class=\"image -walc \" style=\"padding-top:100%\"><img width=\"290\" height=\"290\" src=\"https:\/\/www.lesrencontreseconomiques.fr\/wp-content\/uploads\/2025\/05\/Vignettes-site-web-1-1-290x290.png\" class=\"attachment-small_square_crop size-small_square_crop\" alt=\"\" decoding=\"async\" loading=\"lazy\" srcset=\"https:\/\/www.lesrencontreseconomiques.fr\/wp-content\/uploads\/2025\/05\/Vignettes-site-web-1-1-290x290.png 290w, https:\/\/www.lesrencontreseconomiques.fr\/wp-content\/uploads\/2025\/05\/Vignettes-site-web-1-1-490x490.png 490w, https:\/\/www.lesrencontreseconomiques.fr\/wp-content\/uploads\/2025\/05\/Vignettes-site-web-1-1-668x668.png 668w, https:\/\/www.lesrencontreseconomiques.fr\/wp-content\/uploads\/2025\/05\/Vignettes-site-web-1-1-150x150.png 150w, https:\/\/www.lesrencontreseconomiques.fr\/wp-content\/uploads\/2025\/05\/Vignettes-site-web-1-1-140x140.png 140w, https:\/\/www.lesrencontreseconomiques.fr\/wp-content\/uploads\/2025\/05\/Vignettes-site-web-1-1-224x224.png 224w, https:\/\/www.lesrencontreseconomiques.fr\/wp-content\/uploads\/2025\/05\/Vignettes-site-web-1-1.png 1080w\" sizes=\"auto, (max-width: 290px) 100vw, 290px\" \/><\/div>\n<\/p><\/div>\n<div class=\"contenu\" data-aos=\"zoom-in\" data-aos-anchor-placement=\"top-bottom\" data-aos-offset=\"200\" data-aos-delay=\"1000\" data-aos-anchor=\"[data-reaix-uid-2]\">\n<div class=\"date\">\n\t\t\t\t\t\t5 juillet |<br \/>\n\t\t\t\t\t\t<img decoding=\"async\" src=\"https:\/\/www.lesrencontreseconomiques.fr\/wp-content\/themes\/reaix\/assets\/img\/pictos\/clock-grey-cercle.png\" alt=\"\"><br \/>\n\t\t\t\t\t\t10:00 &#8211;<br \/>\n\t\t\t\t\t\t11:00\t\t\t\t\t<\/div>\n<p>\t\t\t\t\t\t\t\t\t\t<a class=\"titre\" href=\"https:\/\/www.lesrencontreseconomiques.fr\/evenements\/ged3-financer-le-developpement-dans-les-suds\/\"><br \/>\n\t\t\t\t\t\tGED3 \u2013 Financer le d\u00e9veloppement dans les Suds\t\t\t\t\t<\/a><\/p>\n<div class=\"accroche\"><\/div>\n<div class=\"lien\">\n\t\t\t\t\t\t<span class=\"cp-cta-plus -rouge -fs-14\"><span>En savoir plus<\/span><\/span>\n\t\t\t\t\t<\/div>\n<\/p><\/div>\n<\/p><\/div>\n<div class=\"event -switch\">\n<div class=\"media\" data-aos=\"flip-left\" data-aos-anchor-placement=\"top-bottom\" data-aos-offset=\"200\" data-aos-delay=\"800\" data-aos-anchor=\"[data-reaix-uid-2]\">\n<div class=\"image -walc \" style=\"padding-top:100%\"><img width=\"290\" height=\"290\" src=\"https:\/\/www.lesrencontreseconomiques.fr\/wp-content\/uploads\/2025\/05\/Vignettes-site-web-2-1-290x290.png\" class=\"attachment-small_square_crop size-small_square_crop\" alt=\"\" decoding=\"async\" loading=\"lazy\" srcset=\"https:\/\/www.lesrencontreseconomiques.fr\/wp-content\/uploads\/2025\/05\/Vignettes-site-web-2-1-290x290.png 290w, https:\/\/www.lesrencontreseconomiques.fr\/wp-content\/uploads\/2025\/05\/Vignettes-site-web-2-1-490x490.png 490w, https:\/\/www.lesrencontreseconomiques.fr\/wp-content\/uploads\/2025\/05\/Vignettes-site-web-2-1-668x668.png 668w, https:\/\/www.lesrencontreseconomiques.fr\/wp-content\/uploads\/2025\/05\/Vignettes-site-web-2-1-150x150.png 150w, https:\/\/www.lesrencontreseconomiques.fr\/wp-content\/uploads\/2025\/05\/Vignettes-site-web-2-1-140x140.png 140w, https:\/\/www.lesrencontreseconomiques.fr\/wp-content\/uploads\/2025\/05\/Vignettes-site-web-2-1-224x224.png 224w, https:\/\/www.lesrencontreseconomiques.fr\/wp-content\/uploads\/2025\/05\/Vignettes-site-web-2-1.png 1080w\" sizes=\"auto, (max-width: 290px) 100vw, 290px\" \/><\/div>\n<\/p><\/div>\n<div class=\"contenu\" data-aos=\"zoom-in\" data-aos-anchor-placement=\"top-bottom\" data-aos-offset=\"200\" data-aos-delay=\"600\" data-aos-anchor=\"[data-reaix-uid-2]\">\n<div class=\"date\">\n\t\t\t\t\t\t4 juillet |<br \/>\n\t\t\t\t\t\t<img decoding=\"async\" src=\"https:\/\/www.lesrencontreseconomiques.fr\/wp-content\/themes\/reaix\/assets\/img\/pictos\/clock-grey-cercle.png\" alt=\"\"><br \/>\n\t\t\t\t\t\t10:00 &#8211;<br \/>\n\t\t\t\t\t\t11:00\t\t\t\t\t<\/div>\n<p>\t\t\t\t\t\t\t\t\t\t<a class=\"titre\" href=\"https:\/\/www.lesrencontreseconomiques.fr\/evenements\/ged-1-la-fin-du-libre-echange\/\"><br \/>\n\t\t\t\t\t\tGED 1 \u2013 La fin du libre-\u00e9change\t\t\t\t\t<\/a><\/p>\n<div class=\"accroche\"><\/div>\n<div class=\"lien\">\n\t\t\t\t\t\t<span class=\"cp-cta-plus -rouge -fs-14\"><span>En savoir plus<\/span><\/span>\n\t\t\t\t\t<\/div>\n<\/p><\/div>\n<\/p><\/div>\n<\/p><\/div>\n<\/p><\/div>\n<\/div>\n<div class=\"-wrapper -1024 -is-hr -mt-90 -mb-90\">\n<hr>\n<\/div>\n<div class=\"-wrapper -1024 -mt-90 -mb-90\">\n<div class=\"cp-partenaires-v2 -all\">\n<div class=\"en-tete\">\n<h2 class=\"cp-titre-2\">Partenaires Acad\u00e9miques<\/h2>\n<\/p><\/div>\n<div class=\"logos-wrap\">\n<ul class=\"logos\">\n<li>\n\t\t\t\t\t<a href=\"https:\/\/www.atlanticcouncil.org\" target=\"_blank\"><br \/>\n\t\t\t\t\t\t<img width=\"250\" height=\"125\" src=\"https:\/\/www.lesrencontreseconomiques.fr\/wp-content\/uploads\/2025\/05\/Atlantic-Council-250x125.png\" class=\"attachment-partner-small size-partner-small\" alt=\"Atlantic Council\" title=\"Atlantic Council\" decoding=\"async\" loading=\"lazy\" srcset=\"https:\/\/www.lesrencontreseconomiques.fr\/wp-content\/uploads\/2025\/05\/Atlantic-Council-250x125.png 250w, https:\/\/www.lesrencontreseconomiques.fr\/wp-content\/uploads\/2025\/05\/Atlantic-Council-490x245.png 490w, https:\/\/www.lesrencontreseconomiques.fr\/wp-content\/uploads\/2025\/05\/Atlantic-Council-668x334.png 668w, https:\/\/www.lesrencontreseconomiques.fr\/wp-content\/uploads\/2025\/05\/Atlantic-Council-224x112.png 224w, https:\/\/www.lesrencontreseconomiques.fr\/wp-content\/uploads\/2025\/05\/Atlantic-Council.png 800w\" sizes=\"auto, (max-width: 250px) 100vw, 250px\" \/>\t\t\t\t\t<\/a>\n\t\t\t\t<\/li>\n<li>\n\t\t\t\t\t<a href=\"https:\/\/www.brookings.edu\" target=\"_blank\"><br \/>\n\t\t\t\t\t\t<img width=\"250\" height=\"32\" src=\"https:\/\/www.lesrencontreseconomiques.fr\/wp-content\/uploads\/2025\/05\/Brookings-250x32.png\" class=\"attachment-partner-small size-partner-small\" alt=\"Brookings Institution\" title=\"Brookings Institution\" decoding=\"async\" loading=\"lazy\" srcset=\"https:\/\/www.lesrencontreseconomiques.fr\/wp-content\/uploads\/2025\/05\/Brookings-250x32.png 250w, https:\/\/www.lesrencontreseconomiques.fr\/wp-content\/uploads\/2025\/05\/Brookings-490x63.png 490w, https:\/\/www.lesrencontreseconomiques.fr\/wp-content\/uploads\/2025\/05\/Brookings-668x86.png 668w, https:\/\/www.lesrencontreseconomiques.fr\/wp-content\/uploads\/2025\/05\/Brookings-1536x197.png 1536w, https:\/\/www.lesrencontreseconomiques.fr\/wp-content\/uploads\/2025\/05\/Brookings-224x29.png 224w, https:\/\/www.lesrencontreseconomiques.fr\/wp-content\/uploads\/2025\/05\/Brookings.png 1600w\" sizes=\"auto, (max-width: 250px) 100vw, 250px\" \/>\t\t\t\t\t<\/a>\n\t\t\t\t<\/li>\n<li>\n\t\t\t\t\t<a href=\"https:\/\/www.bruegel.org\" target=\"_blank\"><br \/>\n\t\t\t\t\t\t<img width=\"140\" height=\"140\" src=\"https:\/\/www.lesrencontreseconomiques.fr\/wp-content\/uploads\/2025\/06\/BRUEGEL-logo-140x140.png\" class=\"attachment-partner-small size-partner-small\" alt=\"Bruegel\" title=\"Bruegel\" decoding=\"async\" loading=\"lazy\" srcset=\"https:\/\/www.lesrencontreseconomiques.fr\/wp-content\/uploads\/2025\/06\/BRUEGEL-logo-140x140.png 140w, https:\/\/www.lesrencontreseconomiques.fr\/wp-content\/uploads\/2025\/06\/BRUEGEL-logo-150x150.png 150w, https:\/\/www.lesrencontreseconomiques.fr\/wp-content\/uploads\/2025\/06\/BRUEGEL-logo-224x224.png 224w, https:\/\/www.lesrencontreseconomiques.fr\/wp-content\/uploads\/2025\/06\/BRUEGEL-logo-290x290.png 290w, https:\/\/www.lesrencontreseconomiques.fr\/wp-content\/uploads\/2025\/06\/BRUEGEL-logo.png 316w\" sizes=\"auto, (max-width: 140px) 100vw, 140px\" \/>\t\t\t\t\t<\/a>\n\t\t\t\t<\/li>\n<li>\n\t\t\t\t\t<a href=\"https:\/\/cebri.org\/en\" target=\"_blank\"><br \/>\n\t\t\t\t\t\t<img width=\"250\" height=\"140\" src=\"https:\/\/www.lesrencontreseconomiques.fr\/wp-content\/uploads\/2025\/05\/maxresdefault-250x140.jpg\" class=\"attachment-partner-small size-partner-small\" alt=\"CEBRI\" title=\"CEBRI\" decoding=\"async\" loading=\"lazy\" srcset=\"https:\/\/www.lesrencontreseconomiques.fr\/wp-content\/uploads\/2025\/05\/maxresdefault-250x140.jpg 250w, https:\/\/www.lesrencontreseconomiques.fr\/wp-content\/uploads\/2025\/05\/maxresdefault-490x276.jpg 490w, https:\/\/www.lesrencontreseconomiques.fr\/wp-content\/uploads\/2025\/05\/maxresdefault-668x376.jpg 668w, https:\/\/www.lesrencontreseconomiques.fr\/wp-content\/uploads\/2025\/05\/maxresdefault-224x126.jpg 224w, https:\/\/www.lesrencontreseconomiques.fr\/wp-content\/uploads\/2025\/05\/maxresdefault.jpg 1280w\" sizes=\"auto, (max-width: 250px) 100vw, 250px\" \/>\t\t\t\t\t<\/a>\n\t\t\t\t<\/li>\n<li>\n\t\t\t\t\t<a href=\"https:\/\/www.cires-ci.com\" target=\"_blank\"><br \/>\n\t\t\t\t\t\t<img width=\"175\" height=\"140\" src=\"https:\/\/www.lesrencontreseconomiques.fr\/wp-content\/uploads\/2025\/05\/Logo_CIRES-175x140.png\" class=\"attachment-partner-small size-partner-small\" alt=\"Centre Ivoirien de Recherches Economiques et sociales\" title=\"Centre Ivoirien de Recherches Economiques et sociales\" decoding=\"async\" loading=\"lazy\" srcset=\"https:\/\/www.lesrencontreseconomiques.fr\/wp-content\/uploads\/2025\/05\/Logo_CIRES-175x140.png 175w, https:\/\/www.lesrencontreseconomiques.fr\/wp-content\/uploads\/2025\/05\/Logo_CIRES.png 217w\" sizes=\"auto, (max-width: 175px) 100vw, 175px\" \/>\t\t\t\t\t<\/a>\n\t\t\t\t<\/li>\n<li>\n\t\t\t\t\t<a href=\"https:\/\/www.chathamhouse.org\" target=\"_blank\"><br \/>\n\t\t\t\t\t\t<img width=\"250\" height=\"101\" src=\"https:\/\/www.lesrencontreseconomiques.fr\/wp-content\/uploads\/2025\/05\/Chatham_House_logo_blue-250x101.jpg\" class=\"attachment-partner-small size-partner-small\" alt=\"Chatham House\" title=\"Chatham House\" decoding=\"async\" loading=\"lazy\" srcset=\"https:\/\/www.lesrencontreseconomiques.fr\/wp-content\/uploads\/2025\/05\/Chatham_House_logo_blue-250x101.jpg 250w, https:\/\/www.lesrencontreseconomiques.fr\/wp-content\/uploads\/2025\/05\/Chatham_House_logo_blue-490x198.jpg 490w, https:\/\/www.lesrencontreseconomiques.fr\/wp-content\/uploads\/2025\/05\/Chatham_House_logo_blue-668x271.jpg 668w, https:\/\/www.lesrencontreseconomiques.fr\/wp-content\/uploads\/2025\/05\/Chatham_House_logo_blue-224x91.jpg 224w, https:\/\/www.lesrencontreseconomiques.fr\/wp-content\/uploads\/2025\/05\/Chatham_House_logo_blue.jpg 1000w\" sizes=\"auto, (max-width: 250px) 100vw, 250px\" \/>\t\t\t\t\t<\/a>\n\t\t\t\t<\/li>\n<li>\n\t\t\t\t\t<a href=\"https:\/\/cepr.org\" target=\"_blank\"><br \/>\n\t\t\t\t\t\t<img width=\"224\" height=\"140\" src=\"https:\/\/www.lesrencontreseconomiques.fr\/wp-content\/uploads\/2025\/05\/CEPR-logo-solid-blue-RGB-224x140.png\" class=\"attachment-partner-small size-partner-small\" alt=\"Centre for Economic Policy Research (CEPR)\" title=\"Centre for Economic Policy Research (CEPR)\" decoding=\"async\" loading=\"lazy\" srcset=\"https:\/\/www.lesrencontreseconomiques.fr\/wp-content\/uploads\/2025\/05\/CEPR-logo-solid-blue-RGB-224x140.png 224w, https:\/\/www.lesrencontreseconomiques.fr\/wp-content\/uploads\/2025\/05\/CEPR-logo-solid-blue-RGB-490x307.png 490w, https:\/\/www.lesrencontreseconomiques.fr\/wp-content\/uploads\/2025\/05\/CEPR-logo-solid-blue-RGB-668x418.png 668w, https:\/\/www.lesrencontreseconomiques.fr\/wp-content\/uploads\/2025\/05\/CEPR-logo-solid-blue-RGB.png 728w\" sizes=\"auto, (max-width: 224px) 100vw, 224px\" \/>\t\t\t\t\t<\/a>\n\t\t\t\t<\/li>\n<li>\n\t\t\t\t\t<a href=\"https:\/\/www.caitec.org.cn\/\" target=\"_blank\"><br \/>\n\t\t\t\t\t\t<img width=\"219\" height=\"140\" src=\"https:\/\/www.lesrencontreseconomiques.fr\/wp-content\/uploads\/2025\/05\/Chinese-Academy-of-International-Trade-and-Economic-Cooperation-219x140.png\" class=\"attachment-partner-small size-partner-small\" alt=\"Chinese Academy of International Trade and Economic\u00a0Cooperation\" title=\"Chinese Academy of International Trade and Economic\u00a0Cooperation\" decoding=\"async\" loading=\"lazy\" srcset=\"https:\/\/www.lesrencontreseconomiques.fr\/wp-content\/uploads\/2025\/05\/Chinese-Academy-of-International-Trade-and-Economic-Cooperation-219x140.png 219w, https:\/\/www.lesrencontreseconomiques.fr\/wp-content\/uploads\/2025\/05\/Chinese-Academy-of-International-Trade-and-Economic-Cooperation-490x313.png 490w, https:\/\/www.lesrencontreseconomiques.fr\/wp-content\/uploads\/2025\/05\/Chinese-Academy-of-International-Trade-and-Economic-Cooperation-668x426.png 668w, https:\/\/www.lesrencontreseconomiques.fr\/wp-content\/uploads\/2025\/05\/Chinese-Academy-of-International-Trade-and-Economic-Cooperation-224x143.png 224w, https:\/\/www.lesrencontreseconomiques.fr\/wp-content\/uploads\/2025\/05\/Chinese-Academy-of-International-Trade-and-Economic-Cooperation.png 1158w\" sizes=\"auto, (max-width: 219px) 100vw, 219px\" \/>\t\t\t\t\t<\/a>\n\t\t\t\t<\/li>\n<li>\n\t\t\t\t\t<a href=\"https:\/\/www.bertelsmann-stiftung.de\/en\/home\" target=\"_blank\"><br \/>\n\t\t\t\t\t\t<img width=\"250\" height=\"32\" src=\"https:\/\/www.lesrencontreseconomiques.fr\/wp-content\/uploads\/2025\/06\/Bertelsmann_Stiftung_Logo.svg_-250x32.png\" class=\"attachment-partner-small size-partner-small\" alt=\"Bertelsmann Stiftung\" title=\"Bertelsmann Stiftung\" decoding=\"async\" loading=\"lazy\" srcset=\"https:\/\/www.lesrencontreseconomiques.fr\/wp-content\/uploads\/2025\/06\/Bertelsmann_Stiftung_Logo.svg_-250x32.png 250w, https:\/\/www.lesrencontreseconomiques.fr\/wp-content\/uploads\/2025\/06\/Bertelsmann_Stiftung_Logo.svg_-490x62.png 490w, https:\/\/www.lesrencontreseconomiques.fr\/wp-content\/uploads\/2025\/06\/Bertelsmann_Stiftung_Logo.svg_-668x85.png 668w, https:\/\/www.lesrencontreseconomiques.fr\/wp-content\/uploads\/2025\/06\/Bertelsmann_Stiftung_Logo.svg_-224x29.png 224w, https:\/\/www.lesrencontreseconomiques.fr\/wp-content\/uploads\/2025\/06\/Bertelsmann_Stiftung_Logo.svg_.png 1280w\" sizes=\"auto, (max-width: 250px) 100vw, 250px\" \/>\t\t\t\t\t<\/a>\n\t\t\t\t<\/li>\n<li>\n\t\t\t\t\t<a href=\"http:\/\/casseng.cssn.cn\" target=\"_blank\"><br \/>\n\t\t\t\t\t\t<img width=\"123\" height=\"140\" src=\"https:\/\/www.lesrencontreseconomiques.fr\/wp-content\/uploads\/2025\/05\/images-2-4-123x140.png\" class=\"attachment-partner-small size-partner-small\" alt=\"Chinese Academy of Social Sciences\" title=\"Chinese Academy of Social Sciences\" decoding=\"async\" loading=\"lazy\" srcset=\"https:\/\/www.lesrencontreseconomiques.fr\/wp-content\/uploads\/2025\/05\/images-2-4-123x140.png 123w, https:\/\/www.lesrencontreseconomiques.fr\/wp-content\/uploads\/2025\/05\/images-2-4.png 210w\" sizes=\"auto, (max-width: 123px) 100vw, 123px\" \/>\t\t\t\t\t<\/a>\n\t\t\t\t<\/li>\n<li>\n\t\t\t\t\t<a href=\"https:\/\/clubmadrid.org\" target=\"_blank\"><br \/>\n\t\t\t\t\t\t<img width=\"152\" height=\"140\" src=\"https:\/\/www.lesrencontreseconomiques.fr\/wp-content\/uploads\/2025\/05\/01_Logo_Club-de-Madrid-e1613484078382-1400x1291-1-152x140.png\" class=\"attachment-partner-small size-partner-small\" alt=\"Club de Madrid\" title=\"Club de Madrid\" decoding=\"async\" loading=\"lazy\" srcset=\"https:\/\/www.lesrencontreseconomiques.fr\/wp-content\/uploads\/2025\/05\/01_Logo_Club-de-Madrid-e1613484078382-1400x1291-1-152x140.png 152w, https:\/\/www.lesrencontreseconomiques.fr\/wp-content\/uploads\/2025\/05\/01_Logo_Club-de-Madrid-e1613484078382-1400x1291-1-490x452.png 490w, https:\/\/www.lesrencontreseconomiques.fr\/wp-content\/uploads\/2025\/05\/01_Logo_Club-de-Madrid-e1613484078382-1400x1291-1-668x616.png 668w, https:\/\/www.lesrencontreseconomiques.fr\/wp-content\/uploads\/2025\/05\/01_Logo_Club-de-Madrid-e1613484078382-1400x1291-1-224x207.png 224w, https:\/\/www.lesrencontreseconomiques.fr\/wp-content\/uploads\/2025\/05\/01_Logo_Club-de-Madrid-e1613484078382-1400x1291-1.png 1400w\" sizes=\"auto, (max-width: 152px) 100vw, 152px\" \/>\t\t\t\t\t<\/a>\n\t\t\t\t<\/li>\n<li>\n\t\t\t\t\t<a href=\"https:\/\/www.consejomexicano.org\" target=\"_blank\"><br \/>\n\t\t\t\t\t\t<img width=\"202\" height=\"140\" src=\"https:\/\/www.lesrencontreseconomiques.fr\/wp-content\/uploads\/2025\/05\/images-1-4-202x140.png\" class=\"attachment-partner-small size-partner-small\" alt=\"COMEXI\" title=\"COMEXI\" decoding=\"async\" loading=\"lazy\" srcset=\"https:\/\/www.lesrencontreseconomiques.fr\/wp-content\/uploads\/2025\/05\/images-1-4-202x140.png 202w, https:\/\/www.lesrencontreseconomiques.fr\/wp-content\/uploads\/2025\/05\/images-1-4-224x155.png 224w, https:\/\/www.lesrencontreseconomiques.fr\/wp-content\/uploads\/2025\/05\/images-1-4.png 244w\" sizes=\"auto, (max-width: 202px) 100vw, 202px\" \/>\t\t\t\t\t<\/a>\n\t\t\t\t<\/li>\n<li>\n\t\t\t\t\t<a href=\"https:\/\/www.cfr.org\" target=\"_blank\"><br \/>\n\t\t\t\t\t\t<img width=\"250\" height=\"121\" src=\"https:\/\/www.lesrencontreseconomiques.fr\/wp-content\/uploads\/2025\/05\/images-8-250x121.png\" class=\"attachment-partner-small size-partner-small\" alt=\"Council on Foreign Relations\" title=\"Council on Foreign Relations\" decoding=\"async\" loading=\"lazy\" srcset=\"https:\/\/www.lesrencontreseconomiques.fr\/wp-content\/uploads\/2025\/05\/images-8-250x121.png 250w, https:\/\/www.lesrencontreseconomiques.fr\/wp-content\/uploads\/2025\/05\/images-8-224x108.png 224w, https:\/\/www.lesrencontreseconomiques.fr\/wp-content\/uploads\/2025\/05\/images-8.png 319w\" sizes=\"auto, (max-width: 250px) 100vw, 250px\" \/>\t\t\t\t\t<\/a>\n\t\t\t\t<\/li>\n<li>\n\t\t\t\t\t<a href=\"https:\/\/www.csis.org\" target=\"_blank\"><br \/>\n\t\t\t\t\t\t<img width=\"140\" height=\"140\" src=\"https:\/\/www.lesrencontreseconomiques.fr\/wp-content\/uploads\/2025\/05\/DigitalCollectionThumbnailHandler.ashx_-140x140.jpeg\" class=\"attachment-partner-small size-partner-small\" alt=\"Center for Strategic and International Studies (CSIS)\" title=\"Center for Strategic and International Studies (CSIS)\" decoding=\"async\" loading=\"lazy\" srcset=\"https:\/\/www.lesrencontreseconomiques.fr\/wp-content\/uploads\/2025\/05\/DigitalCollectionThumbnailHandler.ashx_-140x140.jpeg 140w, https:\/\/www.lesrencontreseconomiques.fr\/wp-content\/uploads\/2025\/05\/DigitalCollectionThumbnailHandler.ashx_-490x490.jpeg 490w, https:\/\/www.lesrencontreseconomiques.fr\/wp-content\/uploads\/2025\/05\/DigitalCollectionThumbnailHandler.ashx_-668x668.jpeg 668w, https:\/\/www.lesrencontreseconomiques.fr\/wp-content\/uploads\/2025\/05\/DigitalCollectionThumbnailHandler.ashx_-150x150.jpeg 150w, https:\/\/www.lesrencontreseconomiques.fr\/wp-content\/uploads\/2025\/05\/DigitalCollectionThumbnailHandler.ashx_-224x224.jpeg 224w, https:\/\/www.lesrencontreseconomiques.fr\/wp-content\/uploads\/2025\/05\/DigitalCollectionThumbnailHandler.ashx_-290x290.jpeg 290w, https:\/\/www.lesrencontreseconomiques.fr\/wp-content\/uploads\/2025\/05\/DigitalCollectionThumbnailHandler.ashx_.jpeg 1024w\" sizes=\"auto, (max-width: 140px) 100vw, 140px\" \/>\t\t\t\t\t<\/a>\n\t\t\t\t<\/li>\n<li>\n\t\t\t\t\t<a href=\"https:\/\/www.dohainstitute.edu.qa\/en\/pages\/default.aspx\" target=\"_blank\"><br \/>\n\t\t\t\t\t\t<img width=\"210\" height=\"140\" src=\"https:\/\/www.lesrencontreseconomiques.fr\/wp-content\/uploads\/2025\/06\/62e7922bd985e-210x140.png\" class=\"attachment-partner-small size-partner-small\" alt=\"Doha Institute for Graduate Studies\" title=\"Doha Institute for Graduate Studies\" decoding=\"async\" loading=\"lazy\" srcset=\"https:\/\/www.lesrencontreseconomiques.fr\/wp-content\/uploads\/2025\/06\/62e7922bd985e-210x140.png 210w, https:\/\/www.lesrencontreseconomiques.fr\/wp-content\/uploads\/2025\/06\/62e7922bd985e-224x149.png 224w, https:\/\/www.lesrencontreseconomiques.fr\/wp-content\/uploads\/2025\/06\/62e7922bd985e-312x208.png 312w, https:\/\/www.lesrencontreseconomiques.fr\/wp-content\/uploads\/2025\/06\/62e7922bd985e.png 450w\" sizes=\"auto, (max-width: 210px) 100vw, 210px\" \/>\t\t\t\t\t<\/a>\n\t\t\t\t<\/li>\n<li>\n\t\t\t\t\t<a href=\"http:\/\/first-www.ihep.ac.cn\/ins\/DRC\/drcyw.html\" target=\"_blank\"><br \/>\n\t\t\t\t\t\t<img width=\"196\" height=\"140\" src=\"https:\/\/www.lesrencontreseconomiques.fr\/wp-content\/uploads\/2025\/05\/t0145edd7f8acfe763d-196x140.png\" class=\"attachment-partner-small size-partner-small\" alt=\"Development Research Center of the State Council\" title=\"Development Research Center of the State Council\" decoding=\"async\" loading=\"lazy\" srcset=\"https:\/\/www.lesrencontreseconomiques.fr\/wp-content\/uploads\/2025\/05\/t0145edd7f8acfe763d-196x140.png 196w, https:\/\/www.lesrencontreseconomiques.fr\/wp-content\/uploads\/2025\/05\/t0145edd7f8acfe763d-490x350.png 490w, https:\/\/www.lesrencontreseconomiques.fr\/wp-content\/uploads\/2025\/05\/t0145edd7f8acfe763d-224x160.png 224w, https:\/\/www.lesrencontreseconomiques.fr\/wp-content\/uploads\/2025\/05\/t0145edd7f8acfe763d.png 567w\" sizes=\"auto, (max-width: 196px) 100vw, 196px\" \/>\t\t\t\t\t<\/a>\n\t\t\t\t<\/li>\n<li>\n\t\t\t\t\t<a href=\"https:\/\/fiia.fi\/en\/\" target=\"_blank\"><br \/>\n\t\t\t\t\t\t<img width=\"250\" height=\"116\" src=\"https:\/\/www.lesrencontreseconomiques.fr\/wp-content\/uploads\/2025\/05\/Capture-decran-2025-05-14-a-12.13.07-250x116.png\" class=\"attachment-partner-small size-partner-small\" alt=\"Finnish Institute of International Affairs (FIIA)\" title=\"Finnish Institute of International Affairs (FIIA)\" decoding=\"async\" loading=\"lazy\" srcset=\"https:\/\/www.lesrencontreseconomiques.fr\/wp-content\/uploads\/2025\/05\/Capture-decran-2025-05-14-a-12.13.07-250x116.png 250w, https:\/\/www.lesrencontreseconomiques.fr\/wp-content\/uploads\/2025\/05\/Capture-decran-2025-05-14-a-12.13.07-490x227.png 490w, https:\/\/www.lesrencontreseconomiques.fr\/wp-content\/uploads\/2025\/05\/Capture-decran-2025-05-14-a-12.13.07-668x309.png 668w, https:\/\/www.lesrencontreseconomiques.fr\/wp-content\/uploads\/2025\/05\/Capture-decran-2025-05-14-a-12.13.07-224x104.png 224w, https:\/\/www.lesrencontreseconomiques.fr\/wp-content\/uploads\/2025\/05\/Capture-decran-2025-05-14-a-12.13.07.png 1362w\" sizes=\"auto, (max-width: 250px) 100vw, 250px\" \/>\t\t\t\t\t<\/a>\n\t\t\t\t<\/li>\n<li>\n\t\t\t\t\t<a href=\"https:\/\/fundacioncapital.org\" target=\"_blank\"><br \/>\n\t\t\t\t\t\t<img width=\"250\" height=\"91\" src=\"https:\/\/www.lesrencontreseconomiques.fr\/wp-content\/uploads\/2025\/05\/Fundacion_Logo-250x91.png\" class=\"attachment-partner-small size-partner-small\" alt=\"Fundacion Capital\" title=\"Fundacion Capital\" decoding=\"async\" loading=\"lazy\" srcset=\"https:\/\/www.lesrencontreseconomiques.fr\/wp-content\/uploads\/2025\/05\/Fundacion_Logo-250x91.png 250w, https:\/\/www.lesrencontreseconomiques.fr\/wp-content\/uploads\/2025\/05\/Fundacion_Logo-224x81.png 224w, https:\/\/www.lesrencontreseconomiques.fr\/wp-content\/uploads\/2025\/05\/Fundacion_Logo.png 444w\" sizes=\"auto, (max-width: 250px) 100vw, 250px\" \/>\t\t\t\t\t<\/a>\n\t\t\t\t<\/li>\n<li>\n\t\t\t\t\t<a href=\"https:\/\/www.heritage.org\" target=\"_blank\"><br \/>\n\t\t\t\t\t\t<img width=\"250\" height=\"97\" src=\"https:\/\/www.lesrencontreseconomiques.fr\/wp-content\/uploads\/2025\/05\/Heritage-Foundation-for-Web-e1505424522536-250x97.png\" class=\"attachment-partner-small size-partner-small\" alt=\"Heritage Foundation\" title=\"Heritage Foundation\" decoding=\"async\" loading=\"lazy\" srcset=\"https:\/\/www.lesrencontreseconomiques.fr\/wp-content\/uploads\/2025\/05\/Heritage-Foundation-for-Web-e1505424522536-250x97.png 250w, https:\/\/www.lesrencontreseconomiques.fr\/wp-content\/uploads\/2025\/05\/Heritage-Foundation-for-Web-e1505424522536-490x190.png 490w, https:\/\/www.lesrencontreseconomiques.fr\/wp-content\/uploads\/2025\/05\/Heritage-Foundation-for-Web-e1505424522536-668x259.png 668w, https:\/\/www.lesrencontreseconomiques.fr\/wp-content\/uploads\/2025\/05\/Heritage-Foundation-for-Web-e1505424522536-224x87.png 224w, https:\/\/www.lesrencontreseconomiques.fr\/wp-content\/uploads\/2025\/05\/Heritage-Foundation-for-Web-e1505424522536.png 798w\" sizes=\"auto, (max-width: 250px) 100vw, 250px\" \/>\t\t\t\t\t<\/a>\n\t\t\t\t<\/li>\n<li>\n\t\t\t\t\t<a href=\"https:\/\/www.delorscentre.eu\/en\/\" target=\"_blank\"><br \/>\n\t\t\t\t\t\t<img width=\"250\" height=\"113\" src=\"https:\/\/www.lesrencontreseconomiques.fr\/wp-content\/uploads\/2025\/05\/EKyDU3FWsAEh5S0-250x113.png\" class=\"attachment-partner-small size-partner-small\" alt=\"Jacques Delors Center, Hertie School\" title=\"Jacques Delors Center, Hertie School\" decoding=\"async\" loading=\"lazy\" srcset=\"https:\/\/www.lesrencontreseconomiques.fr\/wp-content\/uploads\/2025\/05\/EKyDU3FWsAEh5S0-250x113.png 250w, https:\/\/www.lesrencontreseconomiques.fr\/wp-content\/uploads\/2025\/05\/EKyDU3FWsAEh5S0-224x101.png 224w, https:\/\/www.lesrencontreseconomiques.fr\/wp-content\/uploads\/2025\/05\/EKyDU3FWsAEh5S0.png 484w\" sizes=\"auto, (max-width: 250px) 100vw, 250px\" \/>\t\t\t\t\t<\/a>\n\t\t\t\t<\/li>\n<li>\n\t\t\t\t\t<a href=\"https:\/\/www.hudson.org\" target=\"_blank\"><br \/>\n\t\t\t\t\t\t<img width=\"140\" height=\"140\" src=\"https:\/\/www.lesrencontreseconomiques.fr\/wp-content\/uploads\/2025\/05\/Hudson_Institute_logo.svg_-140x140.png\" class=\"attachment-partner-small size-partner-small\" alt=\"Hudson Institute\" title=\"Hudson Institute\" decoding=\"async\" loading=\"lazy\" srcset=\"https:\/\/www.lesrencontreseconomiques.fr\/wp-content\/uploads\/2025\/05\/Hudson_Institute_logo.svg_-140x140.png 140w, https:\/\/www.lesrencontreseconomiques.fr\/wp-content\/uploads\/2025\/05\/Hudson_Institute_logo.svg_-490x490.png 490w, https:\/\/www.lesrencontreseconomiques.fr\/wp-content\/uploads\/2025\/05\/Hudson_Institute_logo.svg_-668x669.png 668w, https:\/\/www.lesrencontreseconomiques.fr\/wp-content\/uploads\/2025\/05\/Hudson_Institute_logo.svg_-150x150.png 150w, https:\/\/www.lesrencontreseconomiques.fr\/wp-content\/uploads\/2025\/05\/Hudson_Institute_logo.svg_-224x224.png 224w, https:\/\/www.lesrencontreseconomiques.fr\/wp-content\/uploads\/2025\/05\/Hudson_Institute_logo.svg_-290x290.png 290w, https:\/\/www.lesrencontreseconomiques.fr\/wp-content\/uploads\/2025\/05\/Hudson_Institute_logo.svg_.png 1200w\" sizes=\"auto, (max-width: 140px) 100vw, 140px\" \/>\t\t\t\t\t<\/a>\n\t\t\t\t<\/li>\n<li>\n\t\t\t\t\t<a href=\"https:\/\/www.iiss.org\" target=\"_blank\"><br \/>\n\t\t\t\t\t\t<img width=\"100\" height=\"140\" src=\"https:\/\/www.lesrencontreseconomiques.fr\/wp-content\/uploads\/2025\/05\/iissf72b-100x140.png\" class=\"attachment-partner-small size-partner-small\" alt=\"International Institute for Strategic Studies (IISS)\" title=\"International Institute for Strategic Studies (IISS)\" decoding=\"async\" loading=\"lazy\" srcset=\"https:\/\/www.lesrencontreseconomiques.fr\/wp-content\/uploads\/2025\/05\/iissf72b-100x140.png 100w, https:\/\/www.lesrencontreseconomiques.fr\/wp-content\/uploads\/2025\/05\/iissf72b.png 200w\" sizes=\"auto, (max-width: 100px) 100vw, 100px\" \/>\t\t\t\t\t<\/a>\n\t\t\t\t<\/li>\n<li>\n\t\t\t\t\t<a href=\"https:\/\/iegindia.org\" target=\"_blank\"><br \/>\n\t\t\t\t\t\t<img width=\"250\" height=\"64\" src=\"https:\/\/www.lesrencontreseconomiques.fr\/wp-content\/uploads\/2025\/05\/ieg-1-250x64.png\" class=\"attachment-partner-small size-partner-small\" alt=\"Institute for Economic Growth\" title=\"Institute for Economic Growth\" decoding=\"async\" loading=\"lazy\" srcset=\"https:\/\/www.lesrencontreseconomiques.fr\/wp-content\/uploads\/2025\/05\/ieg-1-250x64.png 250w, https:\/\/www.lesrencontreseconomiques.fr\/wp-content\/uploads\/2025\/05\/ieg-1-490x126.png 490w, https:\/\/www.lesrencontreseconomiques.fr\/wp-content\/uploads\/2025\/05\/ieg-1-668x172.png 668w, https:\/\/www.lesrencontreseconomiques.fr\/wp-content\/uploads\/2025\/05\/ieg-1-224x58.png 224w, https:\/\/www.lesrencontreseconomiques.fr\/wp-content\/uploads\/2025\/05\/ieg-1.png 1060w\" sizes=\"auto, (max-width: 250px) 100vw, 250px\" \/>\t\t\t\t\t<\/a>\n\t\t\t\t<\/li>\n<li>\n\t\t\t\t\t<a href=\"https:\/\/www.ispionline.it\/en\" target=\"_blank\"><br \/>\n\t\t\t\t\t\t<img width=\"163\" height=\"140\" src=\"https:\/\/www.lesrencontreseconomiques.fr\/wp-content\/uploads\/2025\/05\/Ispi_marchio_def_2_7_2017_blueing-163x140.png\" class=\"attachment-partner-small size-partner-small\" alt=\"Italian Institute for International Political Studies (ISPI)Italian Institute for International Political Studies (ISPI)\" title=\"Italian Institute for International Political Studies (ISPI)Italian Institute for International Political Studies (ISPI)\" decoding=\"async\" loading=\"lazy\" srcset=\"https:\/\/www.lesrencontreseconomiques.fr\/wp-content\/uploads\/2025\/05\/Ispi_marchio_def_2_7_2017_blueing-163x140.png 163w, https:\/\/www.lesrencontreseconomiques.fr\/wp-content\/uploads\/2025\/05\/Ispi_marchio_def_2_7_2017_blueing-490x421.png 490w, https:\/\/www.lesrencontreseconomiques.fr\/wp-content\/uploads\/2025\/05\/Ispi_marchio_def_2_7_2017_blueing-668x574.png 668w, https:\/\/www.lesrencontreseconomiques.fr\/wp-content\/uploads\/2025\/05\/Ispi_marchio_def_2_7_2017_blueing-224x193.png 224w, https:\/\/www.lesrencontreseconomiques.fr\/wp-content\/uploads\/2025\/05\/Ispi_marchio_def_2_7_2017_blueing.png 1012w\" sizes=\"auto, (max-width: 163px) 100vw, 163px\" \/>\t\t\t\t\t<\/a>\n\t\t\t\t<\/li>\n<li>\n\t\t\t\t\t<a href=\"https:\/\/www.jedi.foundation\" target=\"_blank\"><br \/>\n\t\t\t\t\t\t<img width=\"250\" height=\"118\" src=\"https:\/\/www.lesrencontreseconomiques.fr\/wp-content\/uploads\/2025\/06\/JEDI-250x118.png\" class=\"attachment-partner-small size-partner-small\" alt=\"Joint European Disruptive Initiative \" title=\"Joint European Disruptive Initiative \" decoding=\"async\" loading=\"lazy\" srcset=\"https:\/\/www.lesrencontreseconomiques.fr\/wp-content\/uploads\/2025\/06\/JEDI-250x118.png 250w, https:\/\/www.lesrencontreseconomiques.fr\/wp-content\/uploads\/2025\/06\/JEDI-490x230.png 490w, https:\/\/www.lesrencontreseconomiques.fr\/wp-content\/uploads\/2025\/06\/JEDI-668x314.png 668w, https:\/\/www.lesrencontreseconomiques.fr\/wp-content\/uploads\/2025\/06\/JEDI-224x105.png 224w, https:\/\/www.lesrencontreseconomiques.fr\/wp-content\/uploads\/2025\/06\/JEDI.png 1336w\" sizes=\"auto, (max-width: 250px) 100vw, 250px\" \/>\t\t\t\t\t<\/a>\n\t\t\t\t<\/li>\n<li>\n\t\t\t\t\t<a href=\"https:\/\/www.kas.de\/fr\/web\/frankreich\" target=\"_blank\"><br \/>\n\t\t\t\t\t\t<img width=\"250\" height=\"140\" src=\"https:\/\/www.lesrencontreseconomiques.fr\/wp-content\/uploads\/2025\/05\/kas-250x140.png\" class=\"attachment-partner-small size-partner-small\" alt=\"Konrad Adenauer Foundation (KAF)\" title=\"Konrad Adenauer Foundation (KAF)\" decoding=\"async\" loading=\"lazy\" srcset=\"https:\/\/www.lesrencontreseconomiques.fr\/wp-content\/uploads\/2025\/05\/kas-250x140.png 250w, https:\/\/www.lesrencontreseconomiques.fr\/wp-content\/uploads\/2025\/05\/kas-224x126.png 224w, https:\/\/www.lesrencontreseconomiques.fr\/wp-content\/uploads\/2025\/05\/kas.png 450w\" sizes=\"auto, (max-width: 250px) 100vw, 250px\" \/>\t\t\t\t\t<\/a>\n\t\t\t\t<\/li>\n<li>\n\t\t\t\t\t<a href=\"https:\/\/www.larem-ucad.org\" target=\"_blank\"><br \/>\n\t\t\t\t\t\t<img width=\"250\" height=\"110\" src=\"https:\/\/www.lesrencontreseconomiques.fr\/wp-content\/uploads\/2025\/05\/Capture-decran-2025-05-14-a-12.10.46-250x110.png\" class=\"attachment-partner-small size-partner-small\" alt=\"LAREM\" title=\"LAREM\" decoding=\"async\" loading=\"lazy\" srcset=\"https:\/\/www.lesrencontreseconomiques.fr\/wp-content\/uploads\/2025\/05\/Capture-decran-2025-05-14-a-12.10.46-250x110.png 250w, https:\/\/www.lesrencontreseconomiques.fr\/wp-content\/uploads\/2025\/05\/Capture-decran-2025-05-14-a-12.10.46-490x215.png 490w, https:\/\/www.lesrencontreseconomiques.fr\/wp-content\/uploads\/2025\/05\/Capture-decran-2025-05-14-a-12.10.46-668x293.png 668w, https:\/\/www.lesrencontreseconomiques.fr\/wp-content\/uploads\/2025\/05\/Capture-decran-2025-05-14-a-12.10.46-224x98.png 224w, https:\/\/www.lesrencontreseconomiques.fr\/wp-content\/uploads\/2025\/05\/Capture-decran-2025-05-14-a-12.10.46.png 866w\" sizes=\"auto, (max-width: 250px) 100vw, 250px\" \/>\t\t\t\t\t<\/a>\n\t\t\t\t<\/li>\n<li>\n\t\t\t\t\t<a href=\"https:\/\/mo.ibrahim.foundation\" target=\"_blank\"><br \/>\n\t\t\t\t\t\t<img width=\"140\" height=\"140\" src=\"https:\/\/www.lesrencontreseconomiques.fr\/wp-content\/uploads\/2025\/05\/moibrahim-140x140.png\" class=\"attachment-partner-small size-partner-small\" alt=\"Fondation Mo Ibrahim\" title=\"Fondation Mo Ibrahim\" decoding=\"async\" loading=\"lazy\" srcset=\"https:\/\/www.lesrencontreseconomiques.fr\/wp-content\/uploads\/2025\/05\/moibrahim-140x140.png 140w, https:\/\/www.lesrencontreseconomiques.fr\/wp-content\/uploads\/2025\/05\/moibrahim-150x150.png 150w, https:\/\/www.lesrencontreseconomiques.fr\/wp-content\/uploads\/2025\/05\/moibrahim.png 225w\" sizes=\"auto, (max-width: 140px) 100vw, 140px\" \/>\t\t\t\t\t<\/a>\n\t\t\t\t<\/li>\n<li>\n\t\t\t\t\t<a href=\"https:\/\/odi.org\/fr\/\" target=\"_blank\"><br \/>\n\t\t\t\t\t\t<img width=\"250\" height=\"94\" src=\"https:\/\/www.lesrencontreseconomiques.fr\/wp-content\/uploads\/2025\/05\/ODI-Europe_logo_large-250x94.png\" class=\"attachment-partner-small size-partner-small\" alt=\"ODI\" title=\"ODI\" decoding=\"async\" loading=\"lazy\" srcset=\"https:\/\/www.lesrencontreseconomiques.fr\/wp-content\/uploads\/2025\/05\/ODI-Europe_logo_large-250x94.png 250w, https:\/\/www.lesrencontreseconomiques.fr\/wp-content\/uploads\/2025\/05\/ODI-Europe_logo_large-490x184.png 490w, https:\/\/www.lesrencontreseconomiques.fr\/wp-content\/uploads\/2025\/05\/ODI-Europe_logo_large-224x84.png 224w, https:\/\/www.lesrencontreseconomiques.fr\/wp-content\/uploads\/2025\/05\/ODI-Europe_logo_large.png 500w\" sizes=\"auto, (max-width: 250px) 100vw, 250px\" \/>\t\t\t\t\t<\/a>\n\t\t\t\t<\/li>\n<li>\n\t\t\t\t\t<a href=\"https:\/\/parispeaceforum.org\/fr\/\" target=\"_blank\"><br \/>\n\t\t\t\t\t\t<img width=\"250\" height=\"131\" src=\"https:\/\/www.lesrencontreseconomiques.fr\/wp-content\/uploads\/2025\/05\/26f64bc72f4e412a7576cf107f8595-00532-250x131.png\" class=\"attachment-partner-small size-partner-small\" alt=\"Forum de Paris sur la Paix\" title=\"Forum de Paris sur la Paix\" decoding=\"async\" loading=\"lazy\" srcset=\"https:\/\/www.lesrencontreseconomiques.fr\/wp-content\/uploads\/2025\/05\/26f64bc72f4e412a7576cf107f8595-00532-250x131.png 250w, https:\/\/www.lesrencontreseconomiques.fr\/wp-content\/uploads\/2025\/05\/26f64bc72f4e412a7576cf107f8595-00532-490x257.png 490w, https:\/\/www.lesrencontreseconomiques.fr\/wp-content\/uploads\/2025\/05\/26f64bc72f4e412a7576cf107f8595-00532-668x351.png 668w, https:\/\/www.lesrencontreseconomiques.fr\/wp-content\/uploads\/2025\/05\/26f64bc72f4e412a7576cf107f8595-00532-224x118.png 224w, https:\/\/www.lesrencontreseconomiques.fr\/wp-content\/uploads\/2025\/05\/26f64bc72f4e412a7576cf107f8595-00532.png 800w\" sizes=\"auto, (max-width: 250px) 100vw, 250px\" \/>\t\t\t\t\t<\/a>\n\t\t\t\t<\/li>\n<li>\n\t\t\t\t\t<a href=\"https:\/\/www.policycenter.ma\" target=\"_blank\"><br \/>\n\t\t\t\t\t\t<img width=\"250\" height=\"58\" src=\"https:\/\/www.lesrencontreseconomiques.fr\/wp-content\/uploads\/2025\/05\/logo_0-250x58.png\" class=\"attachment-partner-small size-partner-small\" alt=\"Policy Center for the New South (PCNS)\" title=\"Policy Center for the New South (PCNS)\" decoding=\"async\" loading=\"lazy\" srcset=\"https:\/\/www.lesrencontreseconomiques.fr\/wp-content\/uploads\/2025\/05\/logo_0-250x58.png 250w, https:\/\/www.lesrencontreseconomiques.fr\/wp-content\/uploads\/2025\/05\/logo_0-490x114.png 490w, https:\/\/www.lesrencontreseconomiques.fr\/wp-content\/uploads\/2025\/05\/logo_0-224x52.png 224w, https:\/\/www.lesrencontreseconomiques.fr\/wp-content\/uploads\/2025\/05\/logo_0.png 548w\" sizes=\"auto, (max-width: 250px) 100vw, 250px\" \/>\t\t\t\t\t<\/a>\n\t\t\t\t<\/li>\n<li>\n\t\t\t\t\t<a href=\"https:\/\/ireform.eu\/en\/\" target=\"_blank\"><br \/>\n\t\t\t\t\t\t<img width=\"250\" height=\"131\" src=\"https:\/\/www.lesrencontreseconomiques.fr\/wp-content\/uploads\/2025\/05\/og-image-250x131.png\" class=\"attachment-partner-small size-partner-small\" alt=\"Reform Institute\" title=\"Reform Institute\" decoding=\"async\" loading=\"lazy\" srcset=\"https:\/\/www.lesrencontreseconomiques.fr\/wp-content\/uploads\/2025\/05\/og-image-250x131.png 250w, https:\/\/www.lesrencontreseconomiques.fr\/wp-content\/uploads\/2025\/05\/og-image-490x257.png 490w, https:\/\/www.lesrencontreseconomiques.fr\/wp-content\/uploads\/2025\/05\/og-image-668x351.png 668w, https:\/\/www.lesrencontreseconomiques.fr\/wp-content\/uploads\/2025\/05\/og-image-1536x806.png 1536w, https:\/\/www.lesrencontreseconomiques.fr\/wp-content\/uploads\/2025\/05\/og-image-224x118.png 224w, https:\/\/www.lesrencontreseconomiques.fr\/wp-content\/uploads\/2025\/05\/og-image.png 1600w\" sizes=\"auto, (max-width: 250px) 100vw, 250px\" \/>\t\t\t\t\t<\/a>\n\t\t\t\t<\/li>\n<li>\n\t\t\t\t\t<a href=\"https:\/\/saiia.org.za\" target=\"_blank\"><br \/>\n\t\t\t\t\t\t<img width=\"250\" height=\"127\" src=\"https:\/\/www.lesrencontreseconomiques.fr\/wp-content\/uploads\/2025\/05\/SAIIA-logo-colour-2-250x127.jpg\" class=\"attachment-partner-small size-partner-small\" alt=\"South African Institute of International Affairs (SAIIA)\" title=\"South African Institute of International Affairs (SAIIA)\" decoding=\"async\" loading=\"lazy\" srcset=\"https:\/\/www.lesrencontreseconomiques.fr\/wp-content\/uploads\/2025\/05\/SAIIA-logo-colour-2-250x127.jpg 250w, https:\/\/www.lesrencontreseconomiques.fr\/wp-content\/uploads\/2025\/05\/SAIIA-logo-colour-2-490x249.jpg 490w, https:\/\/www.lesrencontreseconomiques.fr\/wp-content\/uploads\/2025\/05\/SAIIA-logo-colour-2-668x339.jpg 668w, https:\/\/www.lesrencontreseconomiques.fr\/wp-content\/uploads\/2025\/05\/SAIIA-logo-colour-2-224x114.jpg 224w, https:\/\/www.lesrencontreseconomiques.fr\/wp-content\/uploads\/2025\/05\/SAIIA-logo-colour-2.jpg 1024w\" sizes=\"auto, (max-width: 250px) 100vw, 250px\" \/>\t\t\t\t\t<\/a>\n\t\t\t\t<\/li>\n<\/ul><\/div>\n<\/p><\/div>\n<\/div>\n","protected":false},"excerpt":{"rendered":"<p>Faire dialoguer les id\u00e9es pour penser l\u2019\u00e9conomie mondiale face aux chocs Ces derni\u00e8res ann\u00e9es, entre retour de la guerre en Europe, retour au pouvoir de Donald Trump, opposition croissante entre les blocs et au sein m\u00eame de ceux-ci, ont vu les cadres traditionnels de la pens\u00e9e \u00e9conomique et politique perdre de leur pertinence. Il en [&hellip;]<\/p>\n","protected":false},"author":2,"featured_media":0,"parent":7846,"menu_order":0,"comment_status":"closed","ping_status":"closed","template":"","meta":{"_acf_changed":false,"footnotes":""},"class_list":["post-16502","page","type-page","status-publish","hentry"],"acf":[],"yoast_head":"<!-- This site is optimized with the Yoast SEO plugin v26.5 - https:\/\/yoast.com\/wordpress\/plugins\/seo\/ -->\n<title>Le dialogue \u00e9conomique mondial - Les Rencontres \u00c9conomiques<\/title>\n<meta name=\"robots\" content=\"index, follow, max-snippet:-1, max-image-preview:large, max-video-preview:-1\" \/>\n<link rel=\"canonical\" href=\"https:\/\/www.lesrencontreseconomiques.fr\/autour-des-rencontres\/global-economic-dialogue\/\" \/>\n<meta property=\"og:locale\" content=\"fr_FR\" \/>\n<meta property=\"og:type\" content=\"article\" \/>\n<meta property=\"og:description\" content=\"Faire dialoguer les id\u00e9es pour penser l\u2019\u00e9conomie mondiale face aux chocs Ces derni\u00e8res ann\u00e9es, entre retour de la guerre en Europe, retour au pouvoir de Donald Trump, opposition croissante entre les blocs et au sein m\u00eame de ceux-ci, ont vu les cadres traditionnels de la pens\u00e9e \u00e9conomique et politique perdre de leur pertinence. Il en [&hellip;]\" \/>\n<meta property=\"og:url\" content=\"https:\/\/www.lesrencontreseconomiques.fr\/autour-des-rencontres\/global-economic-dialogue\/\" \/>\n<meta property=\"og:site_name\" content=\"Les Rencontres \u00c9conomiques\" \/>\n<meta property=\"article:publisher\" content=\"https:\/\/www.facebook.com\/Le.Cercle.des.Economistes\/\" \/>\n<meta property=\"article:modified_time\" content=\"2025-07-03T16:26:37+00:00\" \/>\n<meta property=\"og:image\" content=\"https:\/\/www.lesrencontreseconomiques.fr\/wp-content\/uploads\/2025\/05\/Vignettes-site-web-4-290x290.png\" \/>\n<meta name=\"twitter:card\" content=\"summary_large_image\" \/>\n<meta name=\"twitter:site\" content=\"@Cercle_eco\" \/>\n<script type=\"application\/ld+json\" class=\"yoast-schema-graph\">{\"@context\":\"https:\/\/schema.org\",\"@graph\":[{\"@type\":\"WebPage\",\"@id\":\"https:\/\/www.lesrencontreseconomiques.fr\/autour-des-rencontres\/global-economic-dialogue\/\",\"url\":\"https:\/\/www.lesrencontreseconomiques.fr\/autour-des-rencontres\/global-economic-dialogue\/\",\"name\":\"Le dialogue \u00e9conomique mondial - Les Rencontres \u00c9conomiques\",\"isPartOf\":{\"@id\":\"https:\/\/www.lesrencontreseconomiques.fr\/#website\"},\"primaryImageOfPage\":{\"@id\":\"https:\/\/www.lesrencontreseconomiques.fr\/autour-des-rencontres\/global-economic-dialogue\/#primaryimage\"},\"image\":{\"@id\":\"https:\/\/www.lesrencontreseconomiques.fr\/autour-des-rencontres\/global-economic-dialogue\/#primaryimage\"},\"thumbnailUrl\":\"https:\/\/www.lesrencontreseconomiques.fr\/wp-content\/uploads\/2025\/05\/Vignettes-site-web-4-290x290.png\",\"datePublished\":\"2025-05-15T08:37:16+00:00\",\"dateModified\":\"2025-07-03T16:26:37+00:00\",\"breadcrumb\":{\"@id\":\"https:\/\/www.lesrencontreseconomiques.fr\/autour-des-rencontres\/global-economic-dialogue\/#breadcrumb\"},\"inLanguage\":\"fr-FR\",\"potentialAction\":[{\"@type\":\"ReadAction\",\"target\":[\"https:\/\/www.lesrencontreseconomiques.fr\/autour-des-rencontres\/global-economic-dialogue\/\"]}]},{\"@type\":\"ImageObject\",\"inLanguage\":\"fr-FR\",\"@id\":\"https:\/\/www.lesrencontreseconomiques.fr\/autour-des-rencontres\/global-economic-dialogue\/#primaryimage\",\"url\":\"https:\/\/www.lesrencontreseconomiques.fr\/wp-content\/uploads\/2025\/05\/Vignettes-site-web-4.png\",\"contentUrl\":\"https:\/\/www.lesrencontreseconomiques.fr\/wp-content\/uploads\/2025\/05\/Vignettes-site-web-4.png\",\"width\":1080,\"height\":1080},{\"@type\":\"BreadcrumbList\",\"@id\":\"https:\/\/www.lesrencontreseconomiques.fr\/autour-des-rencontres\/global-economic-dialogue\/#breadcrumb\",\"itemListElement\":[{\"@type\":\"ListItem\",\"position\":1,\"name\":\"Accueil\",\"item\":\"https:\/\/www.lesrencontreseconomiques.fr\/\"},{\"@type\":\"ListItem\",\"position\":2,\"name\":\"Autour des Rencontres\",\"item\":\"https:\/\/www.lesrencontreseconomiques.fr\/autour-des-rencontres\/\"},{\"@type\":\"ListItem\",\"position\":3,\"name\":\"Le dialogue \u00e9conomique mondial\"}]},{\"@type\":\"WebSite\",\"@id\":\"https:\/\/www.lesrencontreseconomiques.fr\/#website\",\"url\":\"https:\/\/www.lesrencontreseconomiques.fr\/\",\"name\":\"Les Rencontres \u00c9conomiques\",\"description\":\"\",\"potentialAction\":[{\"@type\":\"SearchAction\",\"target\":{\"@type\":\"EntryPoint\",\"urlTemplate\":\"https:\/\/www.lesrencontreseconomiques.fr\/?s={search_term_string}\"},\"query-input\":{\"@type\":\"PropertyValueSpecification\",\"valueRequired\":true,\"valueName\":\"search_term_string\"}}],\"inLanguage\":\"fr-FR\"}]}<\/script>\n<!-- \/ Yoast SEO plugin. -->","yoast_head_json":{"title":"Le dialogue \u00e9conomique mondial - Les Rencontres \u00c9conomiques","robots":{"index":"index","follow":"follow","max-snippet":"max-snippet:-1","max-image-preview":"max-image-preview:large","max-video-preview":"max-video-preview:-1"},"canonical":"https:\/\/www.lesrencontreseconomiques.fr\/autour-des-rencontres\/global-economic-dialogue\/","og_locale":"fr_FR","og_type":"article","og_description":"Faire dialoguer les id\u00e9es pour penser l\u2019\u00e9conomie mondiale face aux chocs Ces derni\u00e8res ann\u00e9es, entre retour de la guerre en Europe, retour au pouvoir de Donald Trump, opposition croissante entre les blocs et au sein m\u00eame de ceux-ci, ont vu les cadres traditionnels de la pens\u00e9e \u00e9conomique et politique perdre de leur pertinence. Il en [&hellip;]","og_url":"https:\/\/www.lesrencontreseconomiques.fr\/autour-des-rencontres\/global-economic-dialogue\/","og_site_name":"Les Rencontres \u00c9conomiques","article_publisher":"https:\/\/www.facebook.com\/Le.Cercle.des.Economistes\/","article_modified_time":"2025-07-03T16:26:37+00:00","og_image":[{"url":"https:\/\/www.lesrencontreseconomiques.fr\/wp-content\/uploads\/2025\/05\/Vignettes-site-web-4-290x290.png","type":"","width":"","height":""}],"twitter_card":"summary_large_image","twitter_site":"@Cercle_eco","schema":{"@context":"https:\/\/schema.org","@graph":[{"@type":"WebPage","@id":"https:\/\/www.lesrencontreseconomiques.fr\/autour-des-rencontres\/global-economic-dialogue\/","url":"https:\/\/www.lesrencontreseconomiques.fr\/autour-des-rencontres\/global-economic-dialogue\/","name":"Le dialogue \u00e9conomique mondial - Les Rencontres \u00c9conomiques","isPartOf":{"@id":"https:\/\/www.lesrencontreseconomiques.fr\/#website"},"primaryImageOfPage":{"@id":"https:\/\/www.lesrencontreseconomiques.fr\/autour-des-rencontres\/global-economic-dialogue\/#primaryimage"},"image":{"@id":"https:\/\/www.lesrencontreseconomiques.fr\/autour-des-rencontres\/global-economic-dialogue\/#primaryimage"},"thumbnailUrl":"https:\/\/www.lesrencontreseconomiques.fr\/wp-content\/uploads\/2025\/05\/Vignettes-site-web-4-290x290.png","datePublished":"2025-05-15T08:37:16+00:00","dateModified":"2025-07-03T16:26:37+00:00","breadcrumb":{"@id":"https:\/\/www.lesrencontreseconomiques.fr\/autour-des-rencontres\/global-economic-dialogue\/#breadcrumb"},"inLanguage":"fr-FR","potentialAction":[{"@type":"ReadAction","target":["https:\/\/www.lesrencontreseconomiques.fr\/autour-des-rencontres\/global-economic-dialogue\/"]}]},{"@type":"ImageObject","inLanguage":"fr-FR","@id":"https:\/\/www.lesrencontreseconomiques.fr\/autour-des-rencontres\/global-economic-dialogue\/#primaryimage","url":"https:\/\/www.lesrencontreseconomiques.fr\/wp-content\/uploads\/2025\/05\/Vignettes-site-web-4.png","contentUrl":"https:\/\/www.lesrencontreseconomiques.fr\/wp-content\/uploads\/2025\/05\/Vignettes-site-web-4.png","width":1080,"height":1080},{"@type":"BreadcrumbList","@id":"https:\/\/www.lesrencontreseconomiques.fr\/autour-des-rencontres\/global-economic-dialogue\/#breadcrumb","itemListElement":[{"@type":"ListItem","position":1,"name":"Accueil","item":"https:\/\/www.lesrencontreseconomiques.fr\/"},{"@type":"ListItem","position":2,"name":"Autour des Rencontres","item":"https:\/\/www.lesrencontreseconomiques.fr\/autour-des-rencontres\/"},{"@type":"ListItem","position":3,"name":"Le dialogue \u00e9conomique mondial"}]},{"@type":"WebSite","@id":"https:\/\/www.lesrencontreseconomiques.fr\/#website","url":"https:\/\/www.lesrencontreseconomiques.fr\/","name":"Les Rencontres \u00c9conomiques","description":"","potentialAction":[{"@type":"SearchAction","target":{"@type":"EntryPoint","urlTemplate":"https:\/\/www.lesrencontreseconomiques.fr\/?s={search_term_string}"},"query-input":{"@type":"PropertyValueSpecification","valueRequired":true,"valueName":"search_term_string"}}],"inLanguage":"fr-FR"}]}},"_links":{"self":[{"href":"https:\/\/www.lesrencontreseconomiques.fr\/wp-json\/wp\/v2\/pages\/16502","targetHints":{"allow":["GET"]}}],"collection":[{"href":"https:\/\/www.lesrencontreseconomiques.fr\/wp-json\/wp\/v2\/pages"}],"about":[{"href":"https:\/\/www.lesrencontreseconomiques.fr\/wp-json\/wp\/v2\/types\/page"}],"author":[{"embeddable":true,"href":"https:\/\/www.lesrencontreseconomiques.fr\/wp-json\/wp\/v2\/users\/2"}],"replies":[{"embeddable":true,"href":"https:\/\/www.lesrencontreseconomiques.fr\/wp-json\/wp\/v2\/comments?post=16502"}],"version-history":[{"count":42,"href":"https:\/\/www.lesrencontreseconomiques.fr\/wp-json\/wp\/v2\/pages\/16502\/revisions"}],"predecessor-version":[{"id":22830,"href":"https:\/\/www.lesrencontreseconomiques.fr\/wp-json\/wp\/v2\/pages\/16502\/revisions\/22830"}],"up":[{"embeddable":true,"href":"https:\/\/www.lesrencontreseconomiques.fr\/wp-json\/wp\/v2\/pages\/7846"}],"wp:attachment":[{"href":"https:\/\/www.lesrencontreseconomiques.fr\/wp-json\/wp\/v2\/media?parent=16502"}],"curies":[{"name":"wp","href":"https:\/\/api.w.org\/{rel}","templated":true}]}}