{"id":16311,"date":"2025-03-20T10:19:55","date_gmt":"2025-03-20T09:19:55","guid":{"rendered":"https:\/\/www.lesrencontreseconomiques.fr\/?page_id=16311"},"modified":"2025-06-18T14:55:37","modified_gmt":"2025-06-18T12:55:37","slug":"les-150-jeunes-selectionnes","status":"publish","type":"page","link":"https:\/\/www.lesrencontreseconomiques.fr\/jeunesses\/les-150-jeunes-selectionnes\/","title":{"rendered":"Les 150 jeunes s\u00e9l\u00e9ctionn\u00e9s"},"content":{"rendered":"<div class=\"-wrapper -668 -mt-90 -mb-90\">\n<div class=\"cp-intro -texte\">\n<div class=\"description\">\n<div class=\"cp-texte\">\n<h2>D\u00e9couvrez les 150 jeunes du projet Jeunesse(s)<\/h2>\n<table>\n<tbody>\n<tr>\n<td>ABDI MOKTARIA<\/td>\n<td>In\u00e8s<\/td>\n<td><\/td>\n<\/tr>\n<tr>\n<td>AL RASHID<\/td>\n<td>Fayed<\/td>\n<td>Etudiant en Management, HEC Paris<\/td>\n<\/tr>\n<tr>\n<td>ALBOUY<\/td>\n<td>Matylda<\/td>\n<td><\/td>\n<\/tr>\n<tr>\n<td>ALLA0UI<\/td>\n<td>Yasmine<\/td>\n<td>Etudiante en profession immobili\u00e8re<\/td>\n<\/tr>\n<tr>\n<td>AMANTE<\/td>\n<td>Capucine<\/td>\n<td>Etudiante en M\u00e9tiers de la construction et du Patrimoine b\u00e2ti, Campus Versailles<\/td>\n<\/tr>\n<tr>\n<td>AMEGROUD<\/td>\n<td>Sarah<\/td>\n<td>Etudiante en Commerce internationale<\/td>\n<\/tr>\n<tr>\n<td>ANANTHARAJAH<\/td>\n<td>Athithiya<\/td>\n<td>Elue conseill\u00e8re municipale en charge de la jeunesse, Pontault Combault<\/td>\n<\/tr>\n<tr>\n<td>ARIAS<\/td>\n<td>Juan<\/td>\n<td>Analyste Associ\u00e9, Moody\u2019s Ratings<\/td>\n<\/tr>\n<tr>\n<td>ARUNASIRI<\/td>\n<td>Rakavi<\/td>\n<td>Dipl\u00f4m\u00e9e en marketing et relations internationales \u2013 ancienne alternante chez EDF et au Conseil r\u00e9gional d\u2019\u00cele-de-France<\/td>\n<\/tr>\n<tr>\n<td>ASRARGUIS<\/td>\n<td>Yasmina<\/td>\n<td>Chercheur associ\u00e9, Universit\u00e9 de Princeton<\/td>\n<\/tr>\n<tr>\n<td>BACKAR<\/td>\n<td>Fassir<\/td>\n<td><\/td>\n<\/tr>\n<tr>\n<td>BARBAUD<\/td>\n<td>Alexia<\/td>\n<td>Etudiante en Commerce<\/td>\n<\/tr>\n<tr>\n<td>BARREYRE<\/td>\n<td>El\u00e9onore<\/td>\n<td>Consultante Senior en communication strat\u00e9gique et corporate, Cabinet Alva<\/td>\n<\/tr>\n<tr>\n<td>BARRIER<\/td>\n<td>John-John<\/td>\n<td>Etudiant en Affaires publiques<\/td>\n<\/tr>\n<tr>\n<td>BASTIT<\/td>\n<td>Agathe<\/td>\n<td>Membre de la G\u00e9n\u00e9ration Europe2025 (OFAJ)<\/td>\n<\/tr>\n<tr>\n<td>BAYSAL<\/td>\n<td>Sinem<\/td>\n<td>Etudiante en Etudes politiques<\/td>\n<\/tr>\n<tr>\n<td>BEGOT<\/td>\n<td>Lilou<\/td>\n<td>Service civique, Minist\u00e8re des Arm\u00e9es<\/td>\n<\/tr>\n<tr>\n<td>BEGUE-TURON<\/td>\n<td>Raphael<\/td>\n<td>Vice-Pr\u00e9sident, HEC Economic Advisory<\/td>\n<\/tr>\n<tr>\n<td>BEILLARD<\/td>\n<td>Rapha\u00ebl<\/td>\n<td>Etudiant en Politiques publiques, SciencesPo Paris<\/td>\n<\/tr>\n<tr>\n<td>BELARBI<\/td>\n<td>Mohamed<\/td>\n<td><\/td>\n<\/tr>\n<tr>\n<td>BENICOURT-BENAMER<\/td>\n<td>F\u00e9rielle<\/td>\n<td><\/td>\n<\/tr>\n<tr>\n<td>BENOIT<\/td>\n<td>Manon<\/td>\n<td>Etudiante en vente<\/td>\n<\/tr>\n<tr>\n<td>BENTOUMI<\/td>\n<td>Hsan<\/td>\n<td>Directeur adjoint op\u00e9rationnel, Melting Pot<\/td>\n<\/tr>\n<tr>\n<td>BERNADINE<\/td>\n<td>Anne-Laure<\/td>\n<td>Etudiante engag\u00e9e pour une soci\u00e9t\u00e9 plus solidaire<\/td>\n<\/tr>\n<tr>\n<td>BLASCO<\/td>\n<td>Timoth\u00e9e<\/td>\n<td>Dipl\u00f4m\u00e9 en Droit public des affaires et Economie, Universit\u00e9 Panth\u00e9on-Assas<\/td>\n<\/tr>\n<tr>\n<td>BONACINA<\/td>\n<td>Niccolo Francesco<\/td>\n<td>Analyste ESG, Vauban Infrastructure Partners<\/td>\n<\/tr>\n<tr>\n<td>BORTOLI<\/td>\n<td>Valentin<\/td>\n<td>Dirigeant, I\u00c9SEG CONSEIL Paris<\/td>\n<\/tr>\n<tr>\n<td>BOUCHET<\/td>\n<td>Isis<\/td>\n<td>Athl\u00e8te membre, Climatosportifs<\/td>\n<\/tr>\n<tr>\n<td>BOUJNANE<\/td>\n<td>Karim<\/td>\n<td>Membre, Mouvement Destins Li\u00e9s<\/td>\n<\/tr>\n<tr>\n<td>BOUKHALFI<\/td>\n<td>Maissane<\/td>\n<td>Etudiante en Math\u00e9matiques et Economie<\/td>\n<\/tr>\n<tr>\n<td>BOUKHOBZA<\/td>\n<td>Anis<\/td>\n<td>Etudiant en Affaires publiques<\/td>\n<\/tr>\n<tr>\n<td>BOURDIN<\/td>\n<td>Lina<\/td>\n<td>Etudiante en Commerce international<\/td>\n<\/tr>\n<tr>\n<td>BOURSET<\/td>\n<td>Anna<\/td>\n<td>Etudiante en classe pr\u00e9paratoire aux grandes \u00e9coles de management<\/td>\n<\/tr>\n<tr>\n<td>BUCESCU<\/td>\n<td>Oana<\/td>\n<td>Jeune Chambre Economique Fran\u00e7aise<\/td>\n<\/tr>\n<tr>\n<td>BUTSCHER<\/td>\n<td>K\u00e9ann<\/td>\n<td>Analyste Strat\u00e9gie Climat &amp; Durabilit\u00e9<\/td>\n<\/tr>\n<tr>\n<td>CABALLE<\/td>\n<td>Vitali<\/td>\n<td>Membre, HEC Economic Advisory<\/td>\n<\/tr>\n<tr>\n<td>CAMARA<\/td>\n<td>Mohamed<\/td>\n<td>Etudiant en Finance<\/td>\n<\/tr>\n<tr>\n<td>CATELAIN<\/td>\n<td>Alexis<\/td>\n<td>Repr\u00e9sentant Initiatives jeunes CNCDH<\/td>\n<\/tr>\n<tr>\n<td>CELA<\/td>\n<td>Esteban<\/td>\n<td>Cr\u00e9ateur de contenu Esport \/ Pr\u00e9sident, Association Universal Esport<\/td>\n<\/tr>\n<tr>\n<td>CHAABANE<\/td>\n<td>Hager<\/td>\n<td>Etudiante en Licence de Sciences politiques<\/td>\n<\/tr>\n<tr>\n<td>CHAIGNEAU<\/td>\n<td>Martin<\/td>\n<td>Etudiant en \u00e9cole de commerce<\/td>\n<\/tr>\n<tr>\n<td>CHALIN<\/td>\n<td>Alexandre<\/td>\n<td>Etudiant<\/td>\n<\/tr>\n<tr>\n<td>CHARPENTIER<\/td>\n<td>Victor<\/td>\n<td>PDG, Stayfluence<\/td>\n<\/tr>\n<tr>\n<td>CHIBKO<\/td>\n<td>Loli<\/td>\n<td>Dipl\u00f4m\u00e9ee d&rsquo;un Master en Relations internationales<\/td>\n<\/tr>\n<tr>\n<td>CONAN<\/td>\n<td>Titouan<\/td>\n<td>Pr\u00e9sident, Economique ESCP<\/td>\n<\/tr>\n<tr>\n<td>COZETTE<\/td>\n<td>Louis<\/td>\n<td>Chef d&rsquo;entreprise<\/td>\n<\/tr>\n<tr>\n<td>DAHMANE<\/td>\n<td>Ichem<\/td>\n<td><\/td>\n<\/tr>\n<tr>\n<td>DAUTREY<\/td>\n<td>Ma\u00efann<\/td>\n<td>Co-fondatrice Ars\u00e8ne, alternative caf\u00e9<\/td>\n<\/tr>\n<tr>\n<td>DEBONG<\/td>\n<td>Jessica<\/td>\n<td><\/td>\n<\/tr>\n<tr>\n<td>DELOT<\/td>\n<td>Evan<\/td>\n<td>Pr\u00e9sident, Cercle Domitia<\/td>\n<\/tr>\n<tr>\n<td>DJERABI<\/td>\n<td>Lina<\/td>\n<td>\u00c9tudiante en Master Conseil et Management Strat\u00e9gique \u00e0 l\u2019International, Universit\u00e9 Panth\u00e9on-Sorbonne<\/td>\n<\/tr>\n<tr>\n<td>DOLFI<\/td>\n<td>Virgile<\/td>\n<td>Etudiant, ESSCA<\/td>\n<\/tr>\n<tr>\n<td>DURIN<\/td>\n<td>Marvin<\/td>\n<td><\/td>\n<\/tr>\n<tr>\n<td>DUTREL<\/td>\n<td>Kim<\/td>\n<td>Charg\u00e9 de projet ESS et Education, Solidarit\u00e9 La\u00efque Tunisie<\/td>\n<\/tr>\n<tr>\n<td>EL MAHMOUDI<\/td>\n<td>Achraf<\/td>\n<td>Cofondateur, Destin Li\u00e9 \/ Membre des Different Leaders, Article 1<\/td>\n<\/tr>\n<tr>\n<td>EL MAHMOUDI<\/td>\n<td>Wissal<\/td>\n<td>Etudiante en Droit \u00e9conomique, SciencesPo Paris<\/td>\n<\/tr>\n<tr>\n<td>ELIAZORD<\/td>\n<td>Erika<\/td>\n<td>Co-fondatrice, Mad Madeleine, les madeleines XXL gourmandes et g\u00e9n\u00e9reuses<\/td>\n<\/tr>\n<tr>\n<td>ELISABETH<\/td>\n<td>Jade<\/td>\n<td>Membre, Association Re.boot engag\u00e9e dans la finance durable<\/td>\n<\/tr>\n<tr>\n<td>ESSAM<\/td>\n<td>Elda<\/td>\n<td>Lyc\u00e9enne en Bac STMG &#8211; Marketing<\/td>\n<\/tr>\n<tr>\n<td>FIDAIRE<\/td>\n<td>Mathis<\/td>\n<td>Pr\u00e9sident, R\u00e9seau \u00e9tudiant pour une soci\u00e9t\u00e9 \u00e9cologique et solidaire (RESES)<\/td>\n<\/tr>\n<tr>\n<td>FOFANA<\/td>\n<td>Fatoumata<\/td>\n<td>Etudiante en Sciences politiques<\/td>\n<\/tr>\n<tr>\n<td>FONTANEL<\/td>\n<td>Emilie<\/td>\n<td>Charg\u00e9e de mission politique actionnariale, Agence des participations de l&rsquo;Etat (Minist\u00e8re de l&rsquo;Economie)<\/td>\n<\/tr>\n<tr>\n<td>FORA-PORTHAULT<\/td>\n<td>Johanne<\/td>\n<td>Pr\u00e9sidente, Association Fonction Publique du 21\u00e8me si\u00e8cle<\/td>\n<\/tr>\n<tr>\n<td>GHALEB<\/td>\n<td>Sarah<\/td>\n<td>Laur\u00e9ate, Institut de l&rsquo;Engagement<\/td>\n<\/tr>\n<tr>\n<td>GICQUEL<\/td>\n<td>Rapha\u00ebl<\/td>\n<td>Jeunes Chambre Economique Fran\u00e7aise<\/td>\n<\/tr>\n<tr>\n<td>GNAFOUA<\/td>\n<td>L\u00e9zy<\/td>\n<td>Tr\u00e9sori\u00e8re, Association Cit\u00e9 des Chances<\/td>\n<\/tr>\n<tr>\n<td>GORAM<\/td>\n<td>Ma\u00e9lie<\/td>\n<td>Etudiante en Master 2 Sciences politiques, Universit\u00e9 de Bordeaux<\/td>\n<\/tr>\n<tr>\n<td>GRIFFET<\/td>\n<td>Maxence<\/td>\n<td><\/td>\n<\/tr>\n<tr>\n<td>GUYONNET<\/td>\n<td>Manon<\/td>\n<td>Etudiante en Sciences politiques<\/td>\n<\/tr>\n<tr>\n<td>HADDAD<\/td>\n<td>Elisa<\/td>\n<td>Vice-Pr\u00e9sidente, Association Fonction Publique 21\u00e8me si\u00e8cle<\/td>\n<\/tr>\n<tr>\n<td>HAMMADI<\/td>\n<td>Rayane<\/td>\n<td>Etudiant en Licence Economie<\/td>\n<\/tr>\n<tr>\n<td>HAMMOUR<\/td>\n<td>Lydia<\/td>\n<td>Etudiante en M\u00e9tiers de la construction et du Patrimoine b\u00e2ti, Campus Versailles<\/td>\n<\/tr>\n<tr>\n<td>HASSIDE<\/td>\n<td>C. Gildas<\/td>\n<td>Producteur principal de \u00ab\u00a0Parcours &amp; R\u00e9silience\u00a0\u00bb<\/td>\n<\/tr>\n<tr>\n<td>HEDROUG<\/td>\n<td>Racha<\/td>\n<td>Etudiante en BTS SAM<\/td>\n<\/tr>\n<tr>\n<td>HENRY<\/td>\n<td>Valentin<\/td>\n<td>Master \u00c9conomie, Sciences Po Paris<\/td>\n<\/tr>\n<tr>\n<td>HOURCADE<\/td>\n<td>Iban<\/td>\n<td>Charg\u00e9 de mission en comp\u00e9titivit\u00e9 des entreprises \u00e0 la Direction des entreprises, Minist\u00e8re de l&rsquo;Economie et des Finances<\/td>\n<\/tr>\n<tr>\n<td>HUANG<\/td>\n<td>Catherine<\/td>\n<td>Etudiante en Economie de l&rsquo;\u00e9nergie<\/td>\n<\/tr>\n<tr>\n<td>IDBAIA<\/td>\n<td>Salima<\/td>\n<td>Juriste<\/td>\n<\/tr>\n<tr>\n<td>JANVIER NOEL<\/td>\n<td>Laurie<\/td>\n<td>Lyc\u00e9enne sp\u00e9cialit\u00e9 SES et HGGSP<\/td>\n<\/tr>\n<tr>\n<td>JAVEL<\/td>\n<td>Chiara<\/td>\n<td>Jeune engag\u00e9e, ancienne Elue au Conseil acad\u00e9mique de la Vie lyc\u00e9enne<\/td>\n<\/tr>\n<tr>\n<td>KERTOBI<\/td>\n<td>Lina<\/td>\n<td>Etudiante en Droit<\/td>\n<\/tr>\n<tr>\n<td>KUETE<\/td>\n<td>Sheril<\/td>\n<td>Ing\u00e9nieur de l&rsquo;\u00e9cole des Mines<\/td>\n<\/tr>\n<tr>\n<td>LAFFLY<\/td>\n<td>Marc<\/td>\n<td>Etudiant en Management, ESCP Business School<\/td>\n<\/tr>\n<tr>\n<td>LAISSAOUI<\/td>\n<td>Ghita<\/td>\n<td>Senior Consultante \/ Ing\u00e9nieure des Arts et M\u00e9tiers<\/td>\n<\/tr>\n<tr>\n<td>LAKHDAR<\/td>\n<td>Ossama<\/td>\n<td>Analyste Private Equity<\/td>\n<\/tr>\n<tr>\n<td>LAMNAOUAR<\/td>\n<td>Anniela<\/td>\n<td>Membre, Conseil National de la Protection de l&rsquo;Enfance<\/td>\n<\/tr>\n<tr>\n<td>LAMRI<\/td>\n<td>Amina<\/td>\n<td>Etudiante en double cursus PGE-Math\u00e9matiques<\/td>\n<\/tr>\n<tr>\n<td>LANDRE<\/td>\n<td>Gaspard<\/td>\n<td>Etudiant en Economie<\/td>\n<\/tr>\n<tr>\n<td>LEGRAND<\/td>\n<td>Pierrick<\/td>\n<td>Co-fondateur et CEO, NeoSense<\/td>\n<\/tr>\n<tr>\n<td>LEPSOY<\/td>\n<td>Sofia<\/td>\n<td>Etudiante en Transformation durable<\/td>\n<\/tr>\n<tr>\n<td>LESME<\/td>\n<td>Ma\u00ebly<\/td>\n<td><\/td>\n<\/tr>\n<tr>\n<td>LEVI-VALENSI<\/td>\n<td>Ethan<\/td>\n<td>Elu au Conseil acad\u00e9mique de la Vie lyc\u00e9enne<\/td>\n<\/tr>\n<tr>\n<td>LHACHIMI<\/td>\n<td>Sheryanne<\/td>\n<td>Etudiante en BTS<\/td>\n<\/tr>\n<tr>\n<td>LOISELEUR<\/td>\n<td>Florent<\/td>\n<td>Etudiant, ESSCA<\/td>\n<\/tr>\n<tr>\n<td>LOPES TAVARES<\/td>\n<td>Leonilde<\/td>\n<td>Etudiante M2, HEC<\/td>\n<\/tr>\n<tr>\n<td>MAHLER<\/td>\n<td>Pierre-Loup<\/td>\n<td>Etudiant en Bachelor Management, ICN Business School<\/td>\n<\/tr>\n<tr>\n<td>MAHMOUDI<\/td>\n<td>Youness<\/td>\n<td>Etudiant en Master Finance, Universit\u00e9 Paris Dauphine-PSL<\/td>\n<\/tr>\n<tr>\n<td>MAQRAN<\/td>\n<td>Fady<\/td>\n<td>Etudiant en Economie et Droit des affaires<\/td>\n<\/tr>\n<tr>\n<td>MARANDIN<\/td>\n<td>Tristan<\/td>\n<td>Ing\u00e9nieur GenAI, IBM<\/td>\n<\/tr>\n<tr>\n<td>MARIN<\/td>\n<td>Pablo<\/td>\n<td>Fondateur, Habitat Essentiel Tiny House<\/td>\n<\/tr>\n<tr>\n<td>MATER<\/td>\n<td>Hugo<\/td>\n<td>Vice-Pr\u00e9sident, Conf\u00e9d\u00e9ration Nationale des Junior-Entreprises<\/td>\n<\/tr>\n<tr>\n<td>MATHIEU<\/td>\n<td>T\u00e9ony<\/td>\n<td>Pr\u00e9sident 2024, Junior Conseil AQSE<\/td>\n<\/tr>\n<tr>\n<td>MAUFRAIS<\/td>\n<td>Marin<\/td>\n<td>Fondateur, La For\u00eat des Possibles<\/td>\n<\/tr>\n<tr>\n<td>MEITE<\/td>\n<td>Mohamed Kader<\/td>\n<td>Etudiant en double diplomation Gestion des entreprises et des administrations<\/td>\n<\/tr>\n<tr>\n<td>MENDY<\/td>\n<td>Noah<\/td>\n<td>Etudiant en BTS SAM<\/td>\n<\/tr>\n<tr>\n<td>MO\u00cbNNE-LOCCOZ<\/td>\n<td>Julie<\/td>\n<td>Etudiante, ESSCA<\/td>\n<\/tr>\n<tr>\n<td>MONTREAU<\/td>\n<td>Maurane<\/td>\n<td>Responsable des programmes entreprenariaux, Diversidays<\/td>\n<\/tr>\n<tr>\n<td>MOUTSALOV<\/td>\n<td>Tourpal<\/td>\n<td>Cadre, Banlieue Climat<\/td>\n<\/tr>\n<tr>\n<td>MYARD<\/td>\n<td>Clara<\/td>\n<td>Responsable des partenariats publics, Adie<\/td>\n<\/tr>\n<tr>\n<td>NAIM<\/td>\n<td>Sofia<\/td>\n<td>Etudiante en Economie<\/td>\n<\/tr>\n<tr>\n<td>NARDO<\/td>\n<td>Robin<\/td>\n<td>Etudiant en licence de journalisme, Universit\u00e9 Grenoble Alpes<\/td>\n<\/tr>\n<tr>\n<td>NAY<\/td>\n<td>Alexis<\/td>\n<td>Etudiant en classe pr\u00e9paratoire<\/td>\n<\/tr>\n<tr>\n<td>NEMRI<\/td>\n<td>Sonia<\/td>\n<td>Etudiante en Politiques publique sp\u00e9cialit\u00e9 Sant\u00e9, SciencesPo Paris<\/td>\n<\/tr>\n<tr>\n<td>NOUFE-VOISIN<\/td>\n<td>Noha<\/td>\n<td>UNESCO x Women@Dior Mentee 2024-25<\/td>\n<\/tr>\n<tr>\n<td>OMRANE<\/td>\n<td>Mostafa<\/td>\n<td>Ing\u00e9nieur logiciel et b\u00e9n\u00e9vole Ghett&rsquo;up<\/td>\n<\/tr>\n<tr>\n<td>OTMANE<\/td>\n<td>Kamilia<\/td>\n<td>Etudiante en Economie du d\u00e9veloppement, Universit\u00e9 Paris 1 Panth\u00e9on Sorbonne<\/td>\n<\/tr>\n<tr>\n<td>OUERTANI<\/td>\n<td>Hedy<\/td>\n<td>Jeune passionn\u00e9 d&rsquo;\u00e9conomie, Bac STMG option Gestions et finances<\/td>\n<\/tr>\n<tr>\n<td>PERRIN<\/td>\n<td>Florian<\/td>\n<td>Responsable projet ing\u00e9nieur<\/td>\n<\/tr>\n<tr>\n<td>PERROT-LIGODIERES<\/td>\n<td>Lucas<\/td>\n<td>Dirigeant, I\u00c9SEG CONSEIL Paris<\/td>\n<\/tr>\n<tr>\n<td>PICHAVANT<\/td>\n<td>Emma<\/td>\n<td>Charg\u00e9e d&rsquo;Affaires publiques et Communication, Nesl\u00e9 France<\/td>\n<\/tr>\n<tr>\n<td>RACHIDI<\/td>\n<td>Sarah<\/td>\n<td>Pr\u00e9sidente,Association Rise and Shine<\/td>\n<\/tr>\n<tr>\n<td>SABER<\/td>\n<td>Karim<\/td>\n<td>Ambassadeur alumni T\u00e9l\u00e9maque<\/td>\n<\/tr>\n<tr>\n<td>SAID ABASS<\/td>\n<td>Outhmane<\/td>\n<td>Jeune visionnaire \u00e9conomiste, Bac STMG mention Ambition<\/td>\n<\/tr>\n<tr>\n<td>SAMJEE<\/td>\n<td>Pierre-Louis<\/td>\n<td>Membre, Conf\u00e9rence Olivaint<\/td>\n<\/tr>\n<tr>\n<td>SANCHEZ<\/td>\n<td>Maxime<\/td>\n<td>Etudiant en alternance, PwC \/ ESSCA<\/td>\n<\/tr>\n<tr>\n<td>SANTONI<\/td>\n<td>Lorene<\/td>\n<td>Etudiante en BTS SAM<\/td>\n<\/tr>\n<tr>\n<td>SEKRANE<\/td>\n<td>Rayane<\/td>\n<td>Etudiant en Droit public<\/td>\n<\/tr>\n<tr>\n<td>SEMMARI<\/td>\n<td>Siham<\/td>\n<td><\/td>\n<\/tr>\n<tr>\n<td>SIDI-AISSA<\/td>\n<td>Sid-Ahmed<\/td>\n<td>Charg\u00e9 d&rsquo;acquisition<\/td>\n<\/tr>\n<tr>\n<td>SINGH<\/td>\n<td>Jasmine<\/td>\n<td>Etudiante en classe pr\u00e9paratoire ENS D2<\/td>\n<\/tr>\n<tr>\n<td>SOULAMA<\/td>\n<td>Passi<\/td>\n<td>Etudiant, HEC Paris<\/td>\n<\/tr>\n<tr>\n<td>STEVENOT<\/td>\n<td>Y\u00e9l\u00e9na<\/td>\n<td>Sp\u00e9cialiste Relations internationales et G\u00e9opolitique<\/td>\n<\/tr>\n<tr>\n<td>SUCH<\/td>\n<td>Aurore<\/td>\n<td>Consultante senior en transformation durable, Forvis Mazars<\/td>\n<\/tr>\n<tr>\n<td>TOMIETTO<\/td>\n<td>Oc\u00e9ane<\/td>\n<td>Pr\u00e9sidente, Conf\u00e9d\u00e9ration Nationale des Junior-Entreprises<\/td>\n<\/tr>\n<tr>\n<td>TOUIL<\/td>\n<td>Lilia<\/td>\n<td>Dipl\u00f4m\u00e9e en droit et engag\u00e9e pour l\u2019\u00e9ducation et les enjeux globaux<\/td>\n<\/tr>\n<tr>\n<td>TRAORE<\/td>\n<td>Bintou<\/td>\n<td>Assistante Logistique &amp; Stock, Marine Serre<\/td>\n<\/tr>\n<tr>\n<td>VICQ<\/td>\n<td>Leopold<\/td>\n<td>Etudiant en Sciences humaines et sociales<\/td>\n<\/tr>\n<tr>\n<td>VILLAIN<\/td>\n<td>Jeanne<\/td>\n<td>Co-pr\u00e9sidente, CliMates<\/td>\n<\/tr>\n<tr>\n<td>VOGEL<\/td>\n<td>Adrien<\/td>\n<td>Pr\u00e9sident, Association Vivre Villelaure<\/td>\n<\/tr>\n<tr>\n<td>VOLLAUSCHEK<\/td>\n<td>Cosmo<\/td>\n<td>Co-fondateur, Equity<\/td>\n<\/tr>\n<tr>\n<td>VOLLET<\/td>\n<td>Agathe<\/td>\n<td>Etudiante en BTS Environnement Nucl\u00e9aire<\/td>\n<\/tr>\n<tr>\n<td>WICIKOWSKI<\/td>\n<td>Alexis<\/td>\n<td>Pr\u00e9sident, Think Tank Zolty<\/td>\n<\/tr>\n<tr>\n<td>XIA<\/td>\n<td>Chaochao<\/td>\n<td>Dipl\u00f4m\u00e9e de l&rsquo;Universit\u00e9 Paris-Dauphine<\/td>\n<\/tr>\n<tr>\n<td>ZOUAOUI<\/td>\n<td>Imen<\/td>\n<td>Cheffe de projet interpellation &#8211; Villeurbanne \/ Destins li\u00e9s<\/td>\n<\/tr>\n<\/tbody>\n<\/table><\/div>\n<\/p><\/div>\n<\/p><\/div>\n<\/p><\/div>\n","protected":false},"excerpt":{"rendered":"<p>D\u00e9couvrez les 150 jeunes du projet Jeunesse(s) ABDI MOKTARIA In\u00e8s AL RASHID Fayed Etudiant en Management, HEC Paris ALBOUY Matylda ALLA0UI Yasmine Etudiante en profession immobili\u00e8re AMANTE Capucine Etudiante en M\u00e9tiers de la construction et du Patrimoine b\u00e2ti, Campus Versailles AMEGROUD Sarah Etudiante en Commerce internationale ANANTHARAJAH Athithiya Elue conseill\u00e8re municipale en charge de la [&hellip;]<\/p>\n","protected":false},"author":2,"featured_media":0,"parent":8,"menu_order":0,"comment_status":"closed","ping_status":"closed","template":"","meta":{"_acf_changed":false,"footnotes":""},"class_list":["post-16311","page","type-page","status-publish","hentry"],"acf":[],"yoast_head":"<!-- This site is optimized with the Yoast SEO plugin v26.5 - https:\/\/yoast.com\/wordpress\/plugins\/seo\/ -->\n<title>Les 150 jeunes s\u00e9l\u00e9ctionn\u00e9s - Les Rencontres \u00c9conomiques<\/title>\n<meta name=\"robots\" content=\"index, follow, max-snippet:-1, max-image-preview:large, max-video-preview:-1\" \/>\n<link rel=\"canonical\" href=\"https:\/\/www.lesrencontreseconomiques.fr\/jeunesses\/les-150-jeunes-selectionnes\/\" \/>\n<meta property=\"og:locale\" content=\"fr_FR\" \/>\n<meta property=\"og:type\" content=\"article\" \/>\n<meta property=\"og:description\" content=\"D\u00e9couvrez les 150 jeunes du projet Jeunesse(s) ABDI MOKTARIA In\u00e8s AL RASHID Fayed Etudiant en Management, HEC Paris ALBOUY Matylda ALLA0UI Yasmine Etudiante en profession immobili\u00e8re AMANTE Capucine Etudiante en M\u00e9tiers de la construction et du Patrimoine b\u00e2ti, Campus Versailles AMEGROUD Sarah Etudiante en Commerce internationale ANANTHARAJAH Athithiya Elue conseill\u00e8re municipale en charge de la [&hellip;]\" \/>\n<meta property=\"og:url\" content=\"https:\/\/www.lesrencontreseconomiques.fr\/jeunesses\/les-150-jeunes-selectionnes\/\" \/>\n<meta property=\"og:site_name\" content=\"Les Rencontres \u00c9conomiques\" \/>\n<meta property=\"article:publisher\" content=\"https:\/\/www.facebook.com\/Le.Cercle.des.Economistes\/\" \/>\n<meta property=\"article:modified_time\" content=\"2025-06-18T12:55:37+00:00\" \/>\n<meta name=\"twitter:card\" content=\"summary_large_image\" \/>\n<meta name=\"twitter:site\" content=\"@Cercle_eco\" \/>\n<script type=\"application\/ld+json\" class=\"yoast-schema-graph\">{\"@context\":\"https:\/\/schema.org\",\"@graph\":[{\"@type\":\"WebPage\",\"@id\":\"https:\/\/www.lesrencontreseconomiques.fr\/jeunesses\/les-150-jeunes-selectionnes\/\",\"url\":\"https:\/\/www.lesrencontreseconomiques.fr\/jeunesses\/les-150-jeunes-selectionnes\/\",\"name\":\"Les 150 jeunes s\u00e9l\u00e9ctionn\u00e9s - Les Rencontres \u00c9conomiques\",\"isPartOf\":{\"@id\":\"https:\/\/www.lesrencontreseconomiques.fr\/#website\"},\"datePublished\":\"2025-03-20T09:19:55+00:00\",\"dateModified\":\"2025-06-18T12:55:37+00:00\",\"breadcrumb\":{\"@id\":\"https:\/\/www.lesrencontreseconomiques.fr\/jeunesses\/les-150-jeunes-selectionnes\/#breadcrumb\"},\"inLanguage\":\"fr-FR\",\"potentialAction\":[{\"@type\":\"ReadAction\",\"target\":[\"https:\/\/www.lesrencontreseconomiques.fr\/jeunesses\/les-150-jeunes-selectionnes\/\"]}]},{\"@type\":\"BreadcrumbList\",\"@id\":\"https:\/\/www.lesrencontreseconomiques.fr\/jeunesses\/les-150-jeunes-selectionnes\/#breadcrumb\",\"itemListElement\":[{\"@type\":\"ListItem\",\"position\":1,\"name\":\"Accueil\",\"item\":\"https:\/\/www.lesrencontreseconomiques.fr\/\"},{\"@type\":\"ListItem\",\"position\":2,\"name\":\"Jeunesses\",\"item\":\"https:\/\/www.lesrencontreseconomiques.fr\/jeunesses\/\"},{\"@type\":\"ListItem\",\"position\":3,\"name\":\"Les 150 jeunes s\u00e9l\u00e9ctionn\u00e9s\"}]},{\"@type\":\"WebSite\",\"@id\":\"https:\/\/www.lesrencontreseconomiques.fr\/#website\",\"url\":\"https:\/\/www.lesrencontreseconomiques.fr\/\",\"name\":\"Les Rencontres \u00c9conomiques\",\"description\":\"\",\"potentialAction\":[{\"@type\":\"SearchAction\",\"target\":{\"@type\":\"EntryPoint\",\"urlTemplate\":\"https:\/\/www.lesrencontreseconomiques.fr\/?s={search_term_string}\"},\"query-input\":{\"@type\":\"PropertyValueSpecification\",\"valueRequired\":true,\"valueName\":\"search_term_string\"}}],\"inLanguage\":\"fr-FR\"}]}<\/script>\n<!-- \/ Yoast SEO plugin. -->","yoast_head_json":{"title":"Les 150 jeunes s\u00e9l\u00e9ctionn\u00e9s - Les Rencontres \u00c9conomiques","robots":{"index":"index","follow":"follow","max-snippet":"max-snippet:-1","max-image-preview":"max-image-preview:large","max-video-preview":"max-video-preview:-1"},"canonical":"https:\/\/www.lesrencontreseconomiques.fr\/jeunesses\/les-150-jeunes-selectionnes\/","og_locale":"fr_FR","og_type":"article","og_description":"D\u00e9couvrez les 150 jeunes du projet Jeunesse(s) ABDI MOKTARIA In\u00e8s AL RASHID Fayed Etudiant en Management, HEC Paris ALBOUY Matylda ALLA0UI Yasmine Etudiante en profession immobili\u00e8re AMANTE Capucine Etudiante en M\u00e9tiers de la construction et du Patrimoine b\u00e2ti, Campus Versailles AMEGROUD Sarah Etudiante en Commerce internationale ANANTHARAJAH Athithiya Elue conseill\u00e8re municipale en charge de la [&hellip;]","og_url":"https:\/\/www.lesrencontreseconomiques.fr\/jeunesses\/les-150-jeunes-selectionnes\/","og_site_name":"Les Rencontres \u00c9conomiques","article_publisher":"https:\/\/www.facebook.com\/Le.Cercle.des.Economistes\/","article_modified_time":"2025-06-18T12:55:37+00:00","twitter_card":"summary_large_image","twitter_site":"@Cercle_eco","schema":{"@context":"https:\/\/schema.org","@graph":[{"@type":"WebPage","@id":"https:\/\/www.lesrencontreseconomiques.fr\/jeunesses\/les-150-jeunes-selectionnes\/","url":"https:\/\/www.lesrencontreseconomiques.fr\/jeunesses\/les-150-jeunes-selectionnes\/","name":"Les 150 jeunes s\u00e9l\u00e9ctionn\u00e9s - Les Rencontres \u00c9conomiques","isPartOf":{"@id":"https:\/\/www.lesrencontreseconomiques.fr\/#website"},"datePublished":"2025-03-20T09:19:55+00:00","dateModified":"2025-06-18T12:55:37+00:00","breadcrumb":{"@id":"https:\/\/www.lesrencontreseconomiques.fr\/jeunesses\/les-150-jeunes-selectionnes\/#breadcrumb"},"inLanguage":"fr-FR","potentialAction":[{"@type":"ReadAction","target":["https:\/\/www.lesrencontreseconomiques.fr\/jeunesses\/les-150-jeunes-selectionnes\/"]}]},{"@type":"BreadcrumbList","@id":"https:\/\/www.lesrencontreseconomiques.fr\/jeunesses\/les-150-jeunes-selectionnes\/#breadcrumb","itemListElement":[{"@type":"ListItem","position":1,"name":"Accueil","item":"https:\/\/www.lesrencontreseconomiques.fr\/"},{"@type":"ListItem","position":2,"name":"Jeunesses","item":"https:\/\/www.lesrencontreseconomiques.fr\/jeunesses\/"},{"@type":"ListItem","position":3,"name":"Les 150 jeunes s\u00e9l\u00e9ctionn\u00e9s"}]},{"@type":"WebSite","@id":"https:\/\/www.lesrencontreseconomiques.fr\/#website","url":"https:\/\/www.lesrencontreseconomiques.fr\/","name":"Les Rencontres \u00c9conomiques","description":"","potentialAction":[{"@type":"SearchAction","target":{"@type":"EntryPoint","urlTemplate":"https:\/\/www.lesrencontreseconomiques.fr\/?s={search_term_string}"},"query-input":{"@type":"PropertyValueSpecification","valueRequired":true,"valueName":"search_term_string"}}],"inLanguage":"fr-FR"}]}},"_links":{"self":[{"href":"https:\/\/www.lesrencontreseconomiques.fr\/wp-json\/wp\/v2\/pages\/16311","targetHints":{"allow":["GET"]}}],"collection":[{"href":"https:\/\/www.lesrencontreseconomiques.fr\/wp-json\/wp\/v2\/pages"}],"about":[{"href":"https:\/\/www.lesrencontreseconomiques.fr\/wp-json\/wp\/v2\/types\/page"}],"author":[{"embeddable":true,"href":"https:\/\/www.lesrencontreseconomiques.fr\/wp-json\/wp\/v2\/users\/2"}],"replies":[{"embeddable":true,"href":"https:\/\/www.lesrencontreseconomiques.fr\/wp-json\/wp\/v2\/comments?post=16311"}],"version-history":[{"count":42,"href":"https:\/\/www.lesrencontreseconomiques.fr\/wp-json\/wp\/v2\/pages\/16311\/revisions"}],"predecessor-version":[{"id":21792,"href":"https:\/\/www.lesrencontreseconomiques.fr\/wp-json\/wp\/v2\/pages\/16311\/revisions\/21792"}],"up":[{"embeddable":true,"href":"https:\/\/www.lesrencontreseconomiques.fr\/wp-json\/wp\/v2\/pages\/8"}],"wp:attachment":[{"href":"https:\/\/www.lesrencontreseconomiques.fr\/wp-json\/wp\/v2\/media?parent=16311"}],"curies":[{"name":"wp","href":"https:\/\/api.w.org\/{rel}","templated":true}]}}