{"id":11946,"date":"2024-03-11T12:05:10","date_gmt":"2024-03-11T11:05:10","guid":{"rendered":"https:\/\/www.lesrencontreseconomiques.fr\/?page_id=11946"},"modified":"2025-05-15T12:39:54","modified_gmt":"2025-05-15T10:39:54","slug":"themes","status":"publish","type":"page","link":"https:\/\/www.lesrencontreseconomiques.fr\/programme\/themes\/","title":{"rendered":"Affronter le choc des r\u00e9alit\u00e9s"},"content":{"rendered":"<div class=\"-wrapper -668 -mt-90 -mb-90\">\n<div class=\"cp-intro -texte\">\n<div class=\"description\">\n<div class=\"cp-texte\">\n<h3>Assumer les r\u00e9alit\u00e9s : une invitation \u00e0 passer \u00e0 l\u2019action<\/h3>\n<p>Les bouleversements actuels ne rel\u00e8vent plus de crises conjoncturelles, mais de mutations structurelles. Face \u00e0 l\u2019acc\u00e9l\u00e9ration des transformations \u00e9conomiques, sociales, environnementales et g\u00e9opolitiques, il devient urgent de sortir du d\u00e9ni et de construire une lecture lucide du r\u00e9el.<\/p>\n<p>Les Rencontres \u00c9conomiques d\u2019Aix-en-Provence 2025 proposent d\u2019affronter ce \u00ab\u00a0choc des r\u00e9alit\u00e9s\u00a0\u00bb en trois temps : comprendre l\u2019obsolescence de nos grilles de lecture, analyser l\u2019enchev\u00eatrement des chocs, puis d\u00e9gager des pistes d\u2019action concr\u00e8tes.<\/p>\n<p>Car ces chocs sont multiples : environnemental, avec l\u2019impact croissant du d\u00e9r\u00e8glement climatique ; g\u00e9opolitique, \u00e0 travers la reconfiguration des alliances et des tensions r\u00e9gionales ; technologique, avec l\u2019irruption rapide de l\u2019intelligence artificielle ; de confiance, du fait de la d\u00e9fiance envers les institutions et les \u00e9lites ; d\u00e9mographique, avec le vieillissement des populations et ses effets sociaux ; et enfin financier, dans un contexte de taux \u00e9lev\u00e9s, d\u2019endettement massif et d\u2019incertitude \u00e9conomique.<\/p>\n<p>Cette accumulation cr\u00e9e un effet de saturation qui fragilise les rep\u00e8res et complexifie l\u2019action publique comme priv\u00e9e. D\u00e8s lors, penser ces r\u00e9alit\u00e9s de mani\u00e8re transversale et interconnect\u00e9e devient une condition n\u00e9cessaire pour esquisser des r\u00e9ponses collectives \u00e0 la hauteur des enjeux.<\/p>\n<\/p><\/div>\n<\/p><\/div>\n<\/p><\/div>\n<\/p><\/div>\n<div class=\"cp-section-header -wrapper -846 -mt-90\" data-reaix-uid-1>\n<h2 class=\"cp-titre-2 -section\" data-aos=\"fade-right\" data-aos-anchor-placement=\"top-bottom\" data-aos-offset=\"200\">Affronter les chocs de confiance<\/h2>\n<\/p><\/div>\n<div class=\"-wrapper -846  -mb-90\" data-reaix-uid-2>\n<div class=\"cp-remontee-events\">\n<div class=\"events -grid\">\n<div class=\"event\">\n<div class=\"media\" data-aos=\"flip-left\" data-aos-anchor-placement=\"top-bottom\" data-aos-offset=\"200\" data-aos-anchor=\"[data-reaix-uid-2]\">\n<div class=\"image -walc \" style=\"padding-top:100%\"><img width=\"290\" height=\"290\" src=\"https:\/\/www.lesrencontreseconomiques.fr\/wp-content\/uploads\/2025\/05\/Vignettes-site-web-19-290x290.png\" class=\"attachment-small_square_crop size-small_square_crop\" alt=\"\" decoding=\"async\" loading=\"lazy\" srcset=\"https:\/\/www.lesrencontreseconomiques.fr\/wp-content\/uploads\/2025\/05\/Vignettes-site-web-19-290x290.png 290w, https:\/\/www.lesrencontreseconomiques.fr\/wp-content\/uploads\/2025\/05\/Vignettes-site-web-19-490x490.png 490w, https:\/\/www.lesrencontreseconomiques.fr\/wp-content\/uploads\/2025\/05\/Vignettes-site-web-19-668x668.png 668w, https:\/\/www.lesrencontreseconomiques.fr\/wp-content\/uploads\/2025\/05\/Vignettes-site-web-19-150x150.png 150w, https:\/\/www.lesrencontreseconomiques.fr\/wp-content\/uploads\/2025\/05\/Vignettes-site-web-19-140x140.png 140w, https:\/\/www.lesrencontreseconomiques.fr\/wp-content\/uploads\/2025\/05\/Vignettes-site-web-19-224x224.png 224w, https:\/\/www.lesrencontreseconomiques.fr\/wp-content\/uploads\/2025\/05\/Vignettes-site-web-19.png 1080w\" sizes=\"auto, (max-width: 290px) 100vw, 290px\" \/><\/div>\n<\/p><\/div>\n<div class=\"contenu\" data-aos=\"zoom-in\" data-aos-anchor-placement=\"top-bottom\" data-aos-offset=\"200\" data-aos-delay=\"200\" data-aos-anchor=\"[data-reaix-uid-2]\">\n<div class=\"date\">\n\t\t\t\t\t\t4 juillet |<br \/>\n\t\t\t\t\t\t<img decoding=\"async\" src=\"https:\/\/www.lesrencontreseconomiques.fr\/wp-content\/themes\/reaix\/assets\/img\/pictos\/clock-grey-cercle.png\" alt=\"\"><br \/>\n\t\t\t\t\t\t14:00 &#8211;<br \/>\n\t\t\t\t\t\t15:00\t\t\t\t\t<\/div>\n<div class=\"type\">Pl\u00e9ni\u00e8re 03<\/div>\n<p>\t\t\t\t\t\t\t\t\t\t<a class=\"titre\" href=\"https:\/\/www.lesrencontreseconomiques.fr\/evenements\/pleniere-03-une-france-irreconciliable\/\"><br \/>\n\t\t\t\t\t\tUne France irr\u00e9conciliable ?\t\t\t\t\t<\/a><\/p>\n<div class=\"accroche\">De nombreuses donn\u00e9es attestent de l\u2019importance des fractures sociales, territoriales et culturelles.\u2026<\/div>\n<div class=\"lien\">\n\t\t\t\t\t\t<span class=\"cp-cta-plus -rouge -fs-14\"><span>En savoir plus<\/span><\/span>\n\t\t\t\t\t<\/div>\n<\/p><\/div>\n<\/p><\/div>\n<div class=\"event -vertical\">\n<div class=\"media\" data-aos=\"flip-left\" data-aos-anchor-placement=\"top-bottom\" data-aos-offset=\"200\" data-aos-delay=\"400\" data-aos-anchor=\"[data-reaix-uid-2]\">\n<div class=\"image -walc \" style=\"padding-top:100%\"><img width=\"290\" height=\"290\" src=\"https:\/\/www.lesrencontreseconomiques.fr\/wp-content\/uploads\/2025\/05\/Vignettes-site-web-20-290x290.png\" class=\"attachment-small_square_crop size-small_square_crop\" alt=\"\" decoding=\"async\" loading=\"lazy\" srcset=\"https:\/\/www.lesrencontreseconomiques.fr\/wp-content\/uploads\/2025\/05\/Vignettes-site-web-20-290x290.png 290w, https:\/\/www.lesrencontreseconomiques.fr\/wp-content\/uploads\/2025\/05\/Vignettes-site-web-20-490x490.png 490w, https:\/\/www.lesrencontreseconomiques.fr\/wp-content\/uploads\/2025\/05\/Vignettes-site-web-20-668x668.png 668w, https:\/\/www.lesrencontreseconomiques.fr\/wp-content\/uploads\/2025\/05\/Vignettes-site-web-20-150x150.png 150w, https:\/\/www.lesrencontreseconomiques.fr\/wp-content\/uploads\/2025\/05\/Vignettes-site-web-20-140x140.png 140w, https:\/\/www.lesrencontreseconomiques.fr\/wp-content\/uploads\/2025\/05\/Vignettes-site-web-20-224x224.png 224w, https:\/\/www.lesrencontreseconomiques.fr\/wp-content\/uploads\/2025\/05\/Vignettes-site-web-20.png 1080w\" sizes=\"auto, (max-width: 290px) 100vw, 290px\" \/><\/div>\n<\/p><\/div>\n<div class=\"contenu\" data-aos=\"zoom-in\" data-aos-anchor-placement=\"top-bottom\" data-aos-offset=\"200\" data-aos-delay=\"1000\" data-aos-anchor=\"[data-reaix-uid-2]\">\n<div class=\"date\">\n\t\t\t\t\t\t5 juillet |<br \/>\n\t\t\t\t\t\t<img decoding=\"async\" src=\"https:\/\/www.lesrencontreseconomiques.fr\/wp-content\/themes\/reaix\/assets\/img\/pictos\/clock-grey-cercle.png\" alt=\"\"><br \/>\n\t\t\t\t\t\t17:00 &#8211;<br \/>\n\t\t\t\t\t\t18:00\t\t\t\t\t<\/div>\n<div class=\"type\">Session 39<\/div>\n<p>\t\t\t\t\t\t\t\t\t\t<a class=\"titre\" href=\"https:\/\/www.lesrencontreseconomiques.fr\/evenements\/session-39-redonner-sa-force-au-temps-long\/\"><br \/>\n\t\t\t\t\t\tRedonner sa force au temps long\t\t\t\t\t<\/a><\/p>\n<div class=\"accroche\">Il y a dans nos d\u00e9mocraties une tension fondamentale entre un horizon\u2026<\/div>\n<div class=\"lien\">\n\t\t\t\t\t\t<span class=\"cp-cta-plus -rouge -fs-14\"><span>En savoir plus<\/span><\/span>\n\t\t\t\t\t<\/div>\n<\/p><\/div>\n<\/p><\/div>\n<div class=\"event -switch\">\n<div class=\"media\" data-aos=\"flip-left\" data-aos-anchor-placement=\"top-bottom\" data-aos-offset=\"200\" data-aos-delay=\"800\" data-aos-anchor=\"[data-reaix-uid-2]\">\n<div class=\"image -walc \" style=\"padding-top:100%\"><img width=\"290\" height=\"290\" src=\"https:\/\/www.lesrencontreseconomiques.fr\/wp-content\/uploads\/2025\/05\/Vignettes-site-web-18-290x290.png\" class=\"attachment-small_square_crop size-small_square_crop\" alt=\"\" decoding=\"async\" loading=\"lazy\" srcset=\"https:\/\/www.lesrencontreseconomiques.fr\/wp-content\/uploads\/2025\/05\/Vignettes-site-web-18-290x290.png 290w, https:\/\/www.lesrencontreseconomiques.fr\/wp-content\/uploads\/2025\/05\/Vignettes-site-web-18-490x490.png 490w, https:\/\/www.lesrencontreseconomiques.fr\/wp-content\/uploads\/2025\/05\/Vignettes-site-web-18-668x668.png 668w, https:\/\/www.lesrencontreseconomiques.fr\/wp-content\/uploads\/2025\/05\/Vignettes-site-web-18-150x150.png 150w, https:\/\/www.lesrencontreseconomiques.fr\/wp-content\/uploads\/2025\/05\/Vignettes-site-web-18-140x140.png 140w, https:\/\/www.lesrencontreseconomiques.fr\/wp-content\/uploads\/2025\/05\/Vignettes-site-web-18-224x224.png 224w, https:\/\/www.lesrencontreseconomiques.fr\/wp-content\/uploads\/2025\/05\/Vignettes-site-web-18.png 1080w\" sizes=\"auto, (max-width: 290px) 100vw, 290px\" \/><\/div>\n<\/p><\/div>\n<div class=\"contenu\" data-aos=\"zoom-in\" data-aos-anchor-placement=\"top-bottom\" data-aos-offset=\"200\" data-aos-delay=\"600\" data-aos-anchor=\"[data-reaix-uid-2]\">\n<div class=\"date\">\n\t\t\t\t\t\t3 juillet |<br \/>\n\t\t\t\t\t\t<img decoding=\"async\" src=\"https:\/\/www.lesrencontreseconomiques.fr\/wp-content\/themes\/reaix\/assets\/img\/pictos\/clock-grey-cercle.png\" alt=\"\"><br \/>\n\t\t\t\t\t\t17:00 &#8211;<br \/>\n\t\t\t\t\t\t18:00\t\t\t\t\t<\/div>\n<div class=\"type\">Session 01<\/div>\n<p>\t\t\t\t\t\t\t\t\t\t<a class=\"titre\" href=\"https:\/\/www.lesrencontreseconomiques.fr\/evenements\/session-01-information-la-guerre-des-recits\/\"><br \/>\n\t\t\t\t\t\tInformation : la guerre des r\u00e9cits\t\t\t\t\t<\/a><\/p>\n<div class=\"accroche\">L\u2019\u00e9conomie num\u00e9rique a fait subir aux m\u00e9dias de nombreuses pertes de revenus\u2026<\/div>\n<div class=\"lien\">\n\t\t\t\t\t\t<span class=\"cp-cta-plus -rouge -fs-14\"><span>En savoir plus<\/span><\/span>\n\t\t\t\t\t<\/div>\n<\/p><\/div>\n<\/p><\/div>\n<\/p><\/div>\n<\/p><\/div>\n<\/div>\n<div class=\"cp-section-header -wrapper -846 -mt-90\" data-reaix-uid-3>\n<h2 class=\"cp-titre-2 -section\" data-aos=\"fade-right\" data-aos-anchor-placement=\"top-bottom\" data-aos-offset=\"200\">Affronter les chocs environnementaux<\/h2>\n<\/p><\/div>\n<div class=\"-wrapper -846  -mb-90\" data-reaix-uid-4>\n<div class=\"cp-remontee-events\">\n<div class=\"events -grid\">\n<div class=\"event\">\n<div class=\"media\" data-aos=\"flip-left\" data-aos-anchor-placement=\"top-bottom\" data-aos-offset=\"200\" data-aos-anchor=\"[data-reaix-uid-4]\">\n<div class=\"image -walc \" style=\"padding-top:100%\"><img width=\"290\" height=\"290\" src=\"https:\/\/www.lesrencontreseconomiques.fr\/wp-content\/uploads\/2025\/05\/Vignettes-site-web-14-290x290.png\" class=\"attachment-small_square_crop size-small_square_crop\" alt=\"\" decoding=\"async\" loading=\"lazy\" srcset=\"https:\/\/www.lesrencontreseconomiques.fr\/wp-content\/uploads\/2025\/05\/Vignettes-site-web-14-290x290.png 290w, https:\/\/www.lesrencontreseconomiques.fr\/wp-content\/uploads\/2025\/05\/Vignettes-site-web-14-490x490.png 490w, https:\/\/www.lesrencontreseconomiques.fr\/wp-content\/uploads\/2025\/05\/Vignettes-site-web-14-668x668.png 668w, https:\/\/www.lesrencontreseconomiques.fr\/wp-content\/uploads\/2025\/05\/Vignettes-site-web-14-150x150.png 150w, https:\/\/www.lesrencontreseconomiques.fr\/wp-content\/uploads\/2025\/05\/Vignettes-site-web-14-140x140.png 140w, https:\/\/www.lesrencontreseconomiques.fr\/wp-content\/uploads\/2025\/05\/Vignettes-site-web-14-224x224.png 224w, https:\/\/www.lesrencontreseconomiques.fr\/wp-content\/uploads\/2025\/05\/Vignettes-site-web-14.png 1080w\" sizes=\"auto, (max-width: 290px) 100vw, 290px\" \/><\/div>\n<\/p><\/div>\n<div class=\"contenu\" data-aos=\"zoom-in\" data-aos-anchor-placement=\"top-bottom\" data-aos-offset=\"200\" data-aos-delay=\"200\" data-aos-anchor=\"[data-reaix-uid-4]\">\n<div class=\"date\">\n\t\t\t\t\t\t4 juillet |<br \/>\n\t\t\t\t\t\t<img decoding=\"async\" src=\"https:\/\/www.lesrencontreseconomiques.fr\/wp-content\/themes\/reaix\/assets\/img\/pictos\/clock-grey-cercle.png\" alt=\"\"><br \/>\n\t\t\t\t\t\t18:30 &#8211;<br \/>\n\t\t\t\t\t\t19:30\t\t\t\t\t<\/div>\n<div class=\"type\">Semi-pl\u00e9ni\u00e8re 02<\/div>\n<p>\t\t\t\t\t\t\t\t\t\t<a class=\"titre\" href=\"https:\/\/www.lesrencontreseconomiques.fr\/evenements\/semi-pleniere-02-vers-un-effondrement-irreversible-de-la-biodiversite\/\"><br \/>\n\t\t\t\t\t\tVers un effondrement irr\u00e9versible de la biodiversit\u00e9 ?\t\t\t\t\t<\/a><\/p>\n<div class=\"accroche\">La sixi\u00e8me extinction de masse est en marche : un million d\u2019esp\u00e8ces\u2026<\/div>\n<div class=\"lien\">\n\t\t\t\t\t\t<span class=\"cp-cta-plus -rouge -fs-14\"><span>En savoir plus<\/span><\/span>\n\t\t\t\t\t<\/div>\n<\/p><\/div>\n<\/p><\/div>\n<div class=\"event -vertical\">\n<div class=\"media\" data-aos=\"flip-left\" data-aos-anchor-placement=\"top-bottom\" data-aos-offset=\"200\" data-aos-delay=\"400\" data-aos-anchor=\"[data-reaix-uid-4]\">\n<div class=\"image -walc \" style=\"padding-top:100%\"><img width=\"290\" height=\"290\" src=\"https:\/\/www.lesrencontreseconomiques.fr\/wp-content\/uploads\/2025\/05\/Vignettes-site-web-16-290x290.png\" class=\"attachment-small_square_crop size-small_square_crop\" alt=\"\" decoding=\"async\" loading=\"lazy\" srcset=\"https:\/\/www.lesrencontreseconomiques.fr\/wp-content\/uploads\/2025\/05\/Vignettes-site-web-16-290x290.png 290w, https:\/\/www.lesrencontreseconomiques.fr\/wp-content\/uploads\/2025\/05\/Vignettes-site-web-16-490x490.png 490w, https:\/\/www.lesrencontreseconomiques.fr\/wp-content\/uploads\/2025\/05\/Vignettes-site-web-16-668x668.png 668w, https:\/\/www.lesrencontreseconomiques.fr\/wp-content\/uploads\/2025\/05\/Vignettes-site-web-16-150x150.png 150w, https:\/\/www.lesrencontreseconomiques.fr\/wp-content\/uploads\/2025\/05\/Vignettes-site-web-16-140x140.png 140w, https:\/\/www.lesrencontreseconomiques.fr\/wp-content\/uploads\/2025\/05\/Vignettes-site-web-16-224x224.png 224w, https:\/\/www.lesrencontreseconomiques.fr\/wp-content\/uploads\/2025\/05\/Vignettes-site-web-16.png 1080w\" sizes=\"auto, (max-width: 290px) 100vw, 290px\" \/><\/div>\n<\/p><\/div>\n<div class=\"contenu\" data-aos=\"zoom-in\" data-aos-anchor-placement=\"top-bottom\" data-aos-offset=\"200\" data-aos-delay=\"1000\" data-aos-anchor=\"[data-reaix-uid-4]\">\n<div class=\"date\">\n\t\t\t\t\t\t5 juillet |<br \/>\n\t\t\t\t\t\t<img decoding=\"async\" src=\"https:\/\/www.lesrencontreseconomiques.fr\/wp-content\/themes\/reaix\/assets\/img\/pictos\/clock-grey-cercle.png\" alt=\"\"><br \/>\n\t\t\t\t\t\t12:00 &#8211;<br \/>\n\t\t\t\t\t\t13:00\t\t\t\t\t<\/div>\n<div class=\"type\">Semi-pl\u00e9ni\u00e8re 05<\/div>\n<p>\t\t\t\t\t\t\t\t\t\t<a class=\"titre\" href=\"https:\/\/www.lesrencontreseconomiques.fr\/evenements\/semi-pleniere-05-preserver-les-biens-communs\/\"><br \/>\n\t\t\t\t\t\tPr\u00e9server les biens communs\t\t\t\t\t<\/a><\/p>\n<div class=\"accroche\">Les biens communs, qu&rsquo;ils soient naturels comme l&rsquo;eau, l&rsquo;air, les for\u00eats ou\u2026<\/div>\n<div class=\"lien\">\n\t\t\t\t\t\t<span class=\"cp-cta-plus -rouge -fs-14\"><span>En savoir plus<\/span><\/span>\n\t\t\t\t\t<\/div>\n<\/p><\/div>\n<\/p><\/div>\n<div class=\"event -switch\">\n<div class=\"media\" data-aos=\"flip-left\" data-aos-anchor-placement=\"top-bottom\" data-aos-offset=\"200\" data-aos-delay=\"800\" data-aos-anchor=\"[data-reaix-uid-4]\">\n<div class=\"image -walc \" style=\"padding-top:100%\"><img width=\"290\" height=\"290\" src=\"https:\/\/www.lesrencontreseconomiques.fr\/wp-content\/uploads\/2025\/05\/Vignettes-site-web-17-290x290.png\" class=\"attachment-small_square_crop size-small_square_crop\" alt=\"\" decoding=\"async\" loading=\"lazy\" srcset=\"https:\/\/www.lesrencontreseconomiques.fr\/wp-content\/uploads\/2025\/05\/Vignettes-site-web-17-290x290.png 290w, https:\/\/www.lesrencontreseconomiques.fr\/wp-content\/uploads\/2025\/05\/Vignettes-site-web-17-490x490.png 490w, https:\/\/www.lesrencontreseconomiques.fr\/wp-content\/uploads\/2025\/05\/Vignettes-site-web-17-668x668.png 668w, https:\/\/www.lesrencontreseconomiques.fr\/wp-content\/uploads\/2025\/05\/Vignettes-site-web-17-150x150.png 150w, https:\/\/www.lesrencontreseconomiques.fr\/wp-content\/uploads\/2025\/05\/Vignettes-site-web-17-140x140.png 140w, https:\/\/www.lesrencontreseconomiques.fr\/wp-content\/uploads\/2025\/05\/Vignettes-site-web-17-224x224.png 224w, https:\/\/www.lesrencontreseconomiques.fr\/wp-content\/uploads\/2025\/05\/Vignettes-site-web-17.png 1080w\" sizes=\"auto, (max-width: 290px) 100vw, 290px\" \/><\/div>\n<\/p><\/div>\n<div class=\"contenu\" data-aos=\"zoom-in\" data-aos-anchor-placement=\"top-bottom\" data-aos-offset=\"200\" data-aos-delay=\"600\" data-aos-anchor=\"[data-reaix-uid-4]\">\n<div class=\"date\">\n\t\t\t\t\t\t3 juillet |<br \/>\n\t\t\t\t\t\t<img decoding=\"async\" src=\"https:\/\/www.lesrencontreseconomiques.fr\/wp-content\/themes\/reaix\/assets\/img\/pictos\/clock-grey-cercle.png\" alt=\"\"><br \/>\n\t\t\t\t\t\t18:00 &#8211;<br \/>\n\t\t\t\t\t\t18:30\t\t\t\t\t<\/div>\n<div class=\"type\">Controverse 01<\/div>\n<p>\t\t\t\t\t\t\t\t\t\t<a class=\"titre\" href=\"https:\/\/www.lesrencontreseconomiques.fr\/evenements\/controverse-01-climat-une-transition-juste-est-elle-possible\/\"><br \/>\n\t\t\t\t\t\tClimat : une transition juste est-elle possible ?\t\t\t\t\t<\/a><\/p>\n<div class=\"accroche\">La transition \u00e9cologique est suppos\u00e9e r\u00e9pondre \u00e0 l\u2019urgence climatique tout en r\u00e9duisant\u2026<\/div>\n<div class=\"lien\">\n\t\t\t\t\t\t<span class=\"cp-cta-plus -rouge -fs-14\"><span>En savoir plus<\/span><\/span>\n\t\t\t\t\t<\/div>\n<\/p><\/div>\n<\/p><\/div>\n<\/p><\/div>\n<\/p><\/div>\n<\/div>\n<div class=\"cp-section-header -wrapper -846 -mt-90\" data-reaix-uid-5>\n<h2 class=\"cp-titre-2 -section\" data-aos=\"fade-right\" data-aos-anchor-placement=\"top-bottom\" data-aos-offset=\"200\">Affronter les chocs technologiques et industriels<\/h2>\n<\/p><\/div>\n<div class=\"-wrapper -846  -mb-90\" data-reaix-uid-6>\n<div class=\"cp-remontee-events\">\n<div class=\"events -grid\">\n<div class=\"event\">\n<div class=\"media\" data-aos=\"flip-left\" data-aos-anchor-placement=\"top-bottom\" data-aos-offset=\"200\" data-aos-anchor=\"[data-reaix-uid-6]\">\n<div class=\"image -walc \" style=\"padding-top:100%\"><img width=\"290\" height=\"290\" src=\"https:\/\/www.lesrencontreseconomiques.fr\/wp-content\/uploads\/2025\/05\/Vignettes-site-web-10-290x290.png\" class=\"attachment-small_square_crop size-small_square_crop\" alt=\"\" decoding=\"async\" loading=\"lazy\" srcset=\"https:\/\/www.lesrencontreseconomiques.fr\/wp-content\/uploads\/2025\/05\/Vignettes-site-web-10-290x290.png 290w, https:\/\/www.lesrencontreseconomiques.fr\/wp-content\/uploads\/2025\/05\/Vignettes-site-web-10-490x490.png 490w, https:\/\/www.lesrencontreseconomiques.fr\/wp-content\/uploads\/2025\/05\/Vignettes-site-web-10-668x668.png 668w, https:\/\/www.lesrencontreseconomiques.fr\/wp-content\/uploads\/2025\/05\/Vignettes-site-web-10-150x150.png 150w, https:\/\/www.lesrencontreseconomiques.fr\/wp-content\/uploads\/2025\/05\/Vignettes-site-web-10-140x140.png 140w, https:\/\/www.lesrencontreseconomiques.fr\/wp-content\/uploads\/2025\/05\/Vignettes-site-web-10-224x224.png 224w, https:\/\/www.lesrencontreseconomiques.fr\/wp-content\/uploads\/2025\/05\/Vignettes-site-web-10.png 1080w\" sizes=\"auto, (max-width: 290px) 100vw, 290px\" \/><\/div>\n<\/p><\/div>\n<div class=\"contenu\" data-aos=\"zoom-in\" data-aos-anchor-placement=\"top-bottom\" data-aos-offset=\"200\" data-aos-delay=\"200\" data-aos-anchor=\"[data-reaix-uid-6]\">\n<div class=\"date\">\n\t\t\t\t\t\t4 juillet |<br \/>\n\t\t\t\t\t\t<img decoding=\"async\" src=\"https:\/\/www.lesrencontreseconomiques.fr\/wp-content\/themes\/reaix\/assets\/img\/pictos\/clock-grey-cercle.png\" alt=\"\"><br \/>\n\t\t\t\t\t\t17:30 &#8211;<br \/>\n\t\t\t\t\t\t18:30\t\t\t\t\t<\/div>\n<div class=\"type\">Session 23<\/div>\n<p>\t\t\t\t\t\t\t\t\t\t<a class=\"titre\" href=\"https:\/\/www.lesrencontreseconomiques.fr\/evenements\/session-23-energie-approvisionnement-geostrategique\/\"><br \/>\n\t\t\t\t\t\t\u00c9nergie : approvisionnement g\u00e9ostrat\u00e9gique\t\t\t\t\t<\/a><\/p>\n<div class=\"accroche\">La guerre en Ukraine a, une fois de plus, r\u00e9v\u00e9l\u00e9 la vuln\u00e9rabilit\u00e9\u2026<\/div>\n<div class=\"lien\">\n\t\t\t\t\t\t<span class=\"cp-cta-plus -rouge -fs-14\"><span>En savoir plus<\/span><\/span>\n\t\t\t\t\t<\/div>\n<\/p><\/div>\n<\/p><\/div>\n<div class=\"event -vertical\">\n<div class=\"media\" data-aos=\"flip-left\" data-aos-anchor-placement=\"top-bottom\" data-aos-offset=\"200\" data-aos-delay=\"400\" data-aos-anchor=\"[data-reaix-uid-6]\">\n<div class=\"image -walc \" style=\"padding-top:100%\"><img width=\"290\" height=\"290\" src=\"https:\/\/www.lesrencontreseconomiques.fr\/wp-content\/uploads\/2025\/05\/Vignettes-site-web-12-290x290.png\" class=\"attachment-small_square_crop size-small_square_crop\" alt=\"\" decoding=\"async\" loading=\"lazy\" srcset=\"https:\/\/www.lesrencontreseconomiques.fr\/wp-content\/uploads\/2025\/05\/Vignettes-site-web-12-290x290.png 290w, https:\/\/www.lesrencontreseconomiques.fr\/wp-content\/uploads\/2025\/05\/Vignettes-site-web-12-490x490.png 490w, https:\/\/www.lesrencontreseconomiques.fr\/wp-content\/uploads\/2025\/05\/Vignettes-site-web-12-668x668.png 668w, https:\/\/www.lesrencontreseconomiques.fr\/wp-content\/uploads\/2025\/05\/Vignettes-site-web-12-150x150.png 150w, https:\/\/www.lesrencontreseconomiques.fr\/wp-content\/uploads\/2025\/05\/Vignettes-site-web-12-140x140.png 140w, https:\/\/www.lesrencontreseconomiques.fr\/wp-content\/uploads\/2025\/05\/Vignettes-site-web-12-224x224.png 224w, https:\/\/www.lesrencontreseconomiques.fr\/wp-content\/uploads\/2025\/05\/Vignettes-site-web-12.png 1080w\" sizes=\"auto, (max-width: 290px) 100vw, 290px\" \/><\/div>\n<\/p><\/div>\n<div class=\"contenu\" data-aos=\"zoom-in\" data-aos-anchor-placement=\"top-bottom\" data-aos-offset=\"200\" data-aos-delay=\"1000\" data-aos-anchor=\"[data-reaix-uid-6]\">\n<div class=\"date\">\n\t\t\t\t\t\t5 juillet |<br \/>\n\t\t\t\t\t\t<img decoding=\"async\" src=\"https:\/\/www.lesrencontreseconomiques.fr\/wp-content\/themes\/reaix\/assets\/img\/pictos\/clock-grey-cercle.png\" alt=\"\"><br \/>\n\t\t\t\t\t\t12:00 &#8211;<br \/>\n\t\t\t\t\t\t13:00\t\t\t\t\t<\/div>\n<div class=\"type\">Semi-pl\u00e9ni\u00e8re 06<\/div>\n<p>\t\t\t\t\t\t\t\t\t\t<a class=\"titre\" href=\"https:\/\/www.lesrencontreseconomiques.fr\/evenements\/semi-pleniere-06-restaurer-la-competitivite-europeenne\/\"><br \/>\n\t\t\t\t\t\tRestaurer la comp\u00e9titivit\u00e9 europ\u00e9enne\t\t\t\t\t<\/a><\/p>\n<div class=\"accroche\">Les rapports Draghi et Letta ont, chacun \u00e0 leur fa\u00e7on, pos\u00e9 cr\u00fbment\u2026<\/div>\n<div class=\"lien\">\n\t\t\t\t\t\t<span class=\"cp-cta-plus -rouge -fs-14\"><span>En savoir plus<\/span><\/span>\n\t\t\t\t\t<\/div>\n<\/p><\/div>\n<\/p><\/div>\n<div class=\"event -switch\">\n<div class=\"media\" data-aos=\"flip-left\" data-aos-anchor-placement=\"top-bottom\" data-aos-offset=\"200\" data-aos-delay=\"800\" data-aos-anchor=\"[data-reaix-uid-6]\">\n<div class=\"image -walc \" style=\"padding-top:100%\"><img width=\"290\" height=\"290\" src=\"https:\/\/www.lesrencontreseconomiques.fr\/wp-content\/uploads\/2025\/05\/Vignettes-site-web-11-290x290.png\" class=\"attachment-small_square_crop size-small_square_crop\" alt=\"\" decoding=\"async\" loading=\"lazy\" srcset=\"https:\/\/www.lesrencontreseconomiques.fr\/wp-content\/uploads\/2025\/05\/Vignettes-site-web-11-290x290.png 290w, https:\/\/www.lesrencontreseconomiques.fr\/wp-content\/uploads\/2025\/05\/Vignettes-site-web-11-490x490.png 490w, https:\/\/www.lesrencontreseconomiques.fr\/wp-content\/uploads\/2025\/05\/Vignettes-site-web-11-668x668.png 668w, https:\/\/www.lesrencontreseconomiques.fr\/wp-content\/uploads\/2025\/05\/Vignettes-site-web-11-150x150.png 150w, https:\/\/www.lesrencontreseconomiques.fr\/wp-content\/uploads\/2025\/05\/Vignettes-site-web-11-140x140.png 140w, https:\/\/www.lesrencontreseconomiques.fr\/wp-content\/uploads\/2025\/05\/Vignettes-site-web-11-224x224.png 224w, https:\/\/www.lesrencontreseconomiques.fr\/wp-content\/uploads\/2025\/05\/Vignettes-site-web-11.png 1080w\" sizes=\"auto, (max-width: 290px) 100vw, 290px\" \/><\/div>\n<\/p><\/div>\n<div class=\"contenu\" data-aos=\"zoom-in\" data-aos-anchor-placement=\"top-bottom\" data-aos-offset=\"200\" data-aos-delay=\"600\" data-aos-anchor=\"[data-reaix-uid-6]\">\n<div class=\"date\">\n\t\t\t\t\t\t3 juillet |<br \/>\n\t\t\t\t\t\t<img decoding=\"async\" src=\"https:\/\/www.lesrencontreseconomiques.fr\/wp-content\/themes\/reaix\/assets\/img\/pictos\/clock-grey-cercle.png\" alt=\"\"><br \/>\n\t\t\t\t\t\t18:00 &#8211;<br \/>\n\t\t\t\t\t\t18:30\t\t\t\t\t<\/div>\n<div class=\"type\">Controverse 04<\/div>\n<p>\t\t\t\t\t\t\t\t\t\t<a class=\"titre\" href=\"https:\/\/www.lesrencontreseconomiques.fr\/evenements\/controverse-04-robots-limpact-sur-le-marche-du-travail\/\"><br \/>\n\t\t\t\t\t\tRobots, l\u2019impact sur le march\u00e9 du travail\t\t\t\t\t<\/a><\/p>\n<div class=\"accroche\">La robotisation bouleverse le march\u00e9 du travail, mena\u00e7ant de nombreux emplois. Selon\u2026<\/div>\n<div class=\"lien\">\n\t\t\t\t\t\t<span class=\"cp-cta-plus -rouge -fs-14\"><span>En savoir plus<\/span><\/span>\n\t\t\t\t\t<\/div>\n<\/p><\/div>\n<\/p><\/div>\n<\/p><\/div>\n<\/p><\/div>\n<\/div>\n<div class=\"cp-section-header -wrapper -846 -mt-90\" data-reaix-uid-7>\n<h2 class=\"cp-titre-2 -section\" data-aos=\"fade-right\" data-aos-anchor-placement=\"top-bottom\" data-aos-offset=\"200\">Affronter les chocs sociaux et d\u00e9mographiques<\/h2>\n<\/p><\/div>\n<div class=\"-wrapper -846  -mb-90\" data-reaix-uid-8>\n<div class=\"cp-remontee-events\">\n<div class=\"events -grid\">\n<div class=\"event\">\n<div class=\"media\" data-aos=\"flip-left\" data-aos-anchor-placement=\"top-bottom\" data-aos-offset=\"200\" data-aos-anchor=\"[data-reaix-uid-8]\">\n<div class=\"image -walc \" style=\"padding-top:100%\"><img width=\"290\" height=\"290\" src=\"https:\/\/www.lesrencontreseconomiques.fr\/wp-content\/uploads\/2025\/05\/Vignettes-site-web-7-290x290.png\" class=\"attachment-small_square_crop size-small_square_crop\" alt=\"\" decoding=\"async\" loading=\"lazy\" srcset=\"https:\/\/www.lesrencontreseconomiques.fr\/wp-content\/uploads\/2025\/05\/Vignettes-site-web-7-290x290.png 290w, https:\/\/www.lesrencontreseconomiques.fr\/wp-content\/uploads\/2025\/05\/Vignettes-site-web-7-490x490.png 490w, https:\/\/www.lesrencontreseconomiques.fr\/wp-content\/uploads\/2025\/05\/Vignettes-site-web-7-668x668.png 668w, https:\/\/www.lesrencontreseconomiques.fr\/wp-content\/uploads\/2025\/05\/Vignettes-site-web-7-150x150.png 150w, https:\/\/www.lesrencontreseconomiques.fr\/wp-content\/uploads\/2025\/05\/Vignettes-site-web-7-140x140.png 140w, https:\/\/www.lesrencontreseconomiques.fr\/wp-content\/uploads\/2025\/05\/Vignettes-site-web-7-224x224.png 224w, https:\/\/www.lesrencontreseconomiques.fr\/wp-content\/uploads\/2025\/05\/Vignettes-site-web-7.png 1080w\" sizes=\"auto, (max-width: 290px) 100vw, 290px\" \/><\/div>\n<\/p><\/div>\n<div class=\"contenu\" data-aos=\"zoom-in\" data-aos-anchor-placement=\"top-bottom\" data-aos-offset=\"200\" data-aos-delay=\"200\" data-aos-anchor=\"[data-reaix-uid-8]\">\n<div class=\"date\">\n\t\t\t\t\t\t4 juillet |<br \/>\n\t\t\t\t\t\t<img decoding=\"async\" src=\"https:\/\/www.lesrencontreseconomiques.fr\/wp-content\/themes\/reaix\/assets\/img\/pictos\/clock-grey-cercle.png\" alt=\"\"><br \/>\n\t\t\t\t\t\t16:00 &#8211;<br \/>\n\t\t\t\t\t\t17:00\t\t\t\t\t<\/div>\n<div class=\"type\">Session 18<\/div>\n<p>\t\t\t\t\t\t\t\t\t\t<a class=\"titre\" href=\"https:\/\/www.lesrencontreseconomiques.fr\/evenements\/session-18-qui-se-realise-encore-dans-le-travail\/\"><br \/>\n\t\t\t\t\t\tQui se r\u00e9alise encore dans le travail ?\t\t\t\t\t<\/a><\/p>\n<div class=\"accroche\">En 1990, 60% des Fran\u00e7ais consid\u00e9raient le travail comme \u00ab tr\u00e8s important\u2026<\/div>\n<div class=\"lien\">\n\t\t\t\t\t\t<span class=\"cp-cta-plus -rouge -fs-14\"><span>En savoir plus<\/span><\/span>\n\t\t\t\t\t<\/div>\n<\/p><\/div>\n<\/p><\/div>\n<div class=\"event -vertical\">\n<div class=\"media\" data-aos=\"flip-left\" data-aos-anchor-placement=\"top-bottom\" data-aos-offset=\"200\" data-aos-delay=\"400\" data-aos-anchor=\"[data-reaix-uid-8]\">\n<div class=\"image -walc \" style=\"padding-top:100%\"><img width=\"290\" height=\"290\" src=\"https:\/\/www.lesrencontreseconomiques.fr\/wp-content\/uploads\/2025\/05\/Vignettes-site-web-9-290x290.png\" class=\"attachment-small_square_crop size-small_square_crop\" alt=\"\" decoding=\"async\" loading=\"lazy\" srcset=\"https:\/\/www.lesrencontreseconomiques.fr\/wp-content\/uploads\/2025\/05\/Vignettes-site-web-9-290x290.png 290w, https:\/\/www.lesrencontreseconomiques.fr\/wp-content\/uploads\/2025\/05\/Vignettes-site-web-9-490x490.png 490w, https:\/\/www.lesrencontreseconomiques.fr\/wp-content\/uploads\/2025\/05\/Vignettes-site-web-9-668x668.png 668w, https:\/\/www.lesrencontreseconomiques.fr\/wp-content\/uploads\/2025\/05\/Vignettes-site-web-9-150x150.png 150w, https:\/\/www.lesrencontreseconomiques.fr\/wp-content\/uploads\/2025\/05\/Vignettes-site-web-9-140x140.png 140w, https:\/\/www.lesrencontreseconomiques.fr\/wp-content\/uploads\/2025\/05\/Vignettes-site-web-9-224x224.png 224w, https:\/\/www.lesrencontreseconomiques.fr\/wp-content\/uploads\/2025\/05\/Vignettes-site-web-9.png 1080w\" sizes=\"auto, (max-width: 290px) 100vw, 290px\" \/><\/div>\n<\/p><\/div>\n<div class=\"contenu\" data-aos=\"zoom-in\" data-aos-anchor-placement=\"top-bottom\" data-aos-offset=\"200\" data-aos-delay=\"1000\" data-aos-anchor=\"[data-reaix-uid-8]\">\n<div class=\"date\">\n\t\t\t\t\t\t5 juillet |<br \/>\n\t\t\t\t\t\t<img decoding=\"async\" src=\"https:\/\/www.lesrencontreseconomiques.fr\/wp-content\/themes\/reaix\/assets\/img\/pictos\/clock-grey-cercle.png\" alt=\"\"><br \/>\n\t\t\t\t\t\t15:30 &#8211;<br \/>\n\t\t\t\t\t\t16:30\t\t\t\t\t<\/div>\n<div class=\"type\">Session 34<\/div>\n<p>\t\t\t\t\t\t\t\t\t\t<a class=\"titre\" href=\"https:\/\/www.lesrencontreseconomiques.fr\/evenements\/session-34-permettre-un-acces-au-soin-juste-et-equitable\/\"><br \/>\n\t\t\t\t\t\tPermettre un acc\u00e8s au soin juste et \u00e9quitable\t\t\t\t\t<\/a><\/p>\n<div class=\"accroche\">Les innovations r\u00e9centes et \u00e0 venir dans les techniques de soins, diagnostics\u2026<\/div>\n<div class=\"lien\">\n\t\t\t\t\t\t<span class=\"cp-cta-plus -rouge -fs-14\"><span>En savoir plus<\/span><\/span>\n\t\t\t\t\t<\/div>\n<\/p><\/div>\n<\/p><\/div>\n<div class=\"event -switch\">\n<div class=\"media\" data-aos=\"flip-left\" data-aos-anchor-placement=\"top-bottom\" data-aos-offset=\"200\" data-aos-delay=\"800\" data-aos-anchor=\"[data-reaix-uid-8]\">\n<div class=\"image -walc \" style=\"padding-top:100%\"><img width=\"290\" height=\"290\" src=\"https:\/\/www.lesrencontreseconomiques.fr\/wp-content\/uploads\/2025\/05\/Vignettes-site-web-8-290x290.png\" class=\"attachment-small_square_crop size-small_square_crop\" alt=\"\" decoding=\"async\" loading=\"lazy\" srcset=\"https:\/\/www.lesrencontreseconomiques.fr\/wp-content\/uploads\/2025\/05\/Vignettes-site-web-8-290x290.png 290w, https:\/\/www.lesrencontreseconomiques.fr\/wp-content\/uploads\/2025\/05\/Vignettes-site-web-8-490x490.png 490w, https:\/\/www.lesrencontreseconomiques.fr\/wp-content\/uploads\/2025\/05\/Vignettes-site-web-8-668x668.png 668w, https:\/\/www.lesrencontreseconomiques.fr\/wp-content\/uploads\/2025\/05\/Vignettes-site-web-8-150x150.png 150w, https:\/\/www.lesrencontreseconomiques.fr\/wp-content\/uploads\/2025\/05\/Vignettes-site-web-8-140x140.png 140w, https:\/\/www.lesrencontreseconomiques.fr\/wp-content\/uploads\/2025\/05\/Vignettes-site-web-8-224x224.png 224w, https:\/\/www.lesrencontreseconomiques.fr\/wp-content\/uploads\/2025\/05\/Vignettes-site-web-8.png 1080w\" sizes=\"auto, (max-width: 290px) 100vw, 290px\" \/><\/div>\n<\/p><\/div>\n<div class=\"contenu\" data-aos=\"zoom-in\" data-aos-anchor-placement=\"top-bottom\" data-aos-offset=\"200\" data-aos-delay=\"600\" data-aos-anchor=\"[data-reaix-uid-8]\">\n<div class=\"date\">\n\t\t\t\t\t\t3 juillet |<br \/>\n\t\t\t\t\t\t<img decoding=\"async\" src=\"https:\/\/www.lesrencontreseconomiques.fr\/wp-content\/themes\/reaix\/assets\/img\/pictos\/clock-grey-cercle.png\" alt=\"\"><br \/>\n\t\t\t\t\t\t17:00 &#8211;<br \/>\n\t\t\t\t\t\t18:00\t\t\t\t\t<\/div>\n<div class=\"type\">Session 02<\/div>\n<p>\t\t\t\t\t\t\t\t\t\t<a class=\"titre\" href=\"https:\/\/www.lesrencontreseconomiques.fr\/evenements\/session-02-immigrations-realites-et-denis\/\"><br \/>\n\t\t\t\t\t\tImmigrations : r\u00e9alit\u00e9s et d\u00e9nis\t\t\t\t\t<\/a><\/p>\n<div class=\"accroche\">Dans la plupart des d\u00e9mocraties occidentales, l\u2019immigration est un th\u00e8me \u00e9lectoral majeur\u2026<\/div>\n<div class=\"lien\">\n\t\t\t\t\t\t<span class=\"cp-cta-plus -rouge -fs-14\"><span>En savoir plus<\/span><\/span>\n\t\t\t\t\t<\/div>\n<\/p><\/div>\n<\/p><\/div>\n<\/p><\/div>\n<\/p><\/div>\n<\/div>\n<div class=\"cp-section-header -wrapper -846 -mt-90\" data-reaix-uid-9>\n<h2 class=\"cp-titre-2 -section\" data-aos=\"fade-right\" data-aos-anchor-placement=\"top-bottom\" data-aos-offset=\"200\">Affronter les chocs g\u00e9opolitiques<\/h2>\n<\/p><\/div>\n<div class=\"-wrapper -846  -mb-90\" data-reaix-uid-10>\n<div class=\"cp-remontee-events\">\n<div class=\"events -grid\">\n<div class=\"event\">\n<div class=\"media\" data-aos=\"flip-left\" data-aos-anchor-placement=\"top-bottom\" data-aos-offset=\"200\" data-aos-anchor=\"[data-reaix-uid-10]\">\n<div class=\"image -walc \" style=\"padding-top:100%\"><img width=\"290\" height=\"290\" src=\"https:\/\/www.lesrencontreseconomiques.fr\/wp-content\/uploads\/2025\/05\/Vignettes-site-web-3-290x290.png\" class=\"attachment-small_square_crop size-small_square_crop\" alt=\"\" decoding=\"async\" loading=\"lazy\" srcset=\"https:\/\/www.lesrencontreseconomiques.fr\/wp-content\/uploads\/2025\/05\/Vignettes-site-web-3-290x290.png 290w, https:\/\/www.lesrencontreseconomiques.fr\/wp-content\/uploads\/2025\/05\/Vignettes-site-web-3-490x490.png 490w, https:\/\/www.lesrencontreseconomiques.fr\/wp-content\/uploads\/2025\/05\/Vignettes-site-web-3-668x668.png 668w, https:\/\/www.lesrencontreseconomiques.fr\/wp-content\/uploads\/2025\/05\/Vignettes-site-web-3-150x150.png 150w, https:\/\/www.lesrencontreseconomiques.fr\/wp-content\/uploads\/2025\/05\/Vignettes-site-web-3-140x140.png 140w, https:\/\/www.lesrencontreseconomiques.fr\/wp-content\/uploads\/2025\/05\/Vignettes-site-web-3-224x224.png 224w, https:\/\/www.lesrencontreseconomiques.fr\/wp-content\/uploads\/2025\/05\/Vignettes-site-web-3.png 1080w\" sizes=\"auto, (max-width: 290px) 100vw, 290px\" \/><\/div>\n<\/p><\/div>\n<div class=\"contenu\" data-aos=\"zoom-in\" data-aos-anchor-placement=\"top-bottom\" data-aos-offset=\"200\" data-aos-delay=\"200\" data-aos-anchor=\"[data-reaix-uid-10]\">\n<div class=\"date\">\n\t\t\t\t\t\t4 juillet |<br \/>\n\t\t\t\t\t\t<img decoding=\"async\" src=\"https:\/\/www.lesrencontreseconomiques.fr\/wp-content\/themes\/reaix\/assets\/img\/pictos\/clock-grey-cercle.png\" alt=\"\"><br \/>\n\t\t\t\t\t\t16:00 &#8211;<br \/>\n\t\t\t\t\t\t17:00\t\t\t\t\t<\/div>\n<div class=\"type\">Session 17<\/div>\n<p>\t\t\t\t\t\t\t\t\t\t<a class=\"titre\" href=\"https:\/\/www.lesrencontreseconomiques.fr\/evenements\/session-17-chine-usa-russie-une-place-pour-leurope\/\"><br \/>\n\t\t\t\t\t\tChine\/USA\/Russie : une place pour l\u2019Europe ?\t\t\t\t\t<\/a><\/p>\n<div class=\"accroche\">Le projet de Donald Trump consiste \u00e0 placer les \u00c9tats-Unis non pas\u2026<\/div>\n<div class=\"lien\">\n\t\t\t\t\t\t<span class=\"cp-cta-plus -rouge -fs-14\"><span>En savoir plus<\/span><\/span>\n\t\t\t\t\t<\/div>\n<\/p><\/div>\n<\/p><\/div>\n<div class=\"event -vertical\">\n<div class=\"media\" data-aos=\"flip-left\" data-aos-anchor-placement=\"top-bottom\" data-aos-offset=\"200\" data-aos-delay=\"400\" data-aos-anchor=\"[data-reaix-uid-10]\">\n<div class=\"image -walc \" style=\"padding-top:100%\"><img width=\"290\" height=\"290\" src=\"https:\/\/www.lesrencontreseconomiques.fr\/wp-content\/uploads\/2025\/05\/Vignettes-site-web-6-290x290.png\" class=\"attachment-small_square_crop size-small_square_crop\" alt=\"\" decoding=\"async\" loading=\"lazy\" srcset=\"https:\/\/www.lesrencontreseconomiques.fr\/wp-content\/uploads\/2025\/05\/Vignettes-site-web-6-290x290.png 290w, https:\/\/www.lesrencontreseconomiques.fr\/wp-content\/uploads\/2025\/05\/Vignettes-site-web-6-490x490.png 490w, https:\/\/www.lesrencontreseconomiques.fr\/wp-content\/uploads\/2025\/05\/Vignettes-site-web-6-668x668.png 668w, https:\/\/www.lesrencontreseconomiques.fr\/wp-content\/uploads\/2025\/05\/Vignettes-site-web-6-150x150.png 150w, https:\/\/www.lesrencontreseconomiques.fr\/wp-content\/uploads\/2025\/05\/Vignettes-site-web-6-140x140.png 140w, https:\/\/www.lesrencontreseconomiques.fr\/wp-content\/uploads\/2025\/05\/Vignettes-site-web-6-224x224.png 224w, https:\/\/www.lesrencontreseconomiques.fr\/wp-content\/uploads\/2025\/05\/Vignettes-site-web-6.png 1080w\" sizes=\"auto, (max-width: 290px) 100vw, 290px\" \/><\/div>\n<\/p><\/div>\n<div class=\"contenu\" data-aos=\"zoom-in\" data-aos-anchor-placement=\"top-bottom\" data-aos-offset=\"200\" data-aos-delay=\"1000\" data-aos-anchor=\"[data-reaix-uid-10]\">\n<div class=\"date\">\n\t\t\t\t\t\t5 juillet |<br \/>\n\t\t\t\t\t\t<img decoding=\"async\" src=\"https:\/\/www.lesrencontreseconomiques.fr\/wp-content\/themes\/reaix\/assets\/img\/pictos\/clock-grey-cercle.png\" alt=\"\"><br \/>\n\t\t\t\t\t\t11:00 &#8211;<br \/>\n\t\t\t\t\t\t12:00\t\t\t\t\t<\/div>\n<div class=\"type\">Session 29<\/div>\n<p>\t\t\t\t\t\t\t\t\t\t<a class=\"titre\" href=\"https:\/\/www.lesrencontreseconomiques.fr\/evenements\/session-29-quelle-strategie-de-defense-europeenne\/\"><br \/>\n\t\t\t\t\t\tQuelle strat\u00e9gie de d\u00e9fense europ\u00e9enne ?\t\t\t\t\t<\/a><\/p>\n<div class=\"accroche\">La question de la strat\u00e9gie de d\u00e9fense europ\u00e9enne est au coeur des\u2026<\/div>\n<div class=\"lien\">\n\t\t\t\t\t\t<span class=\"cp-cta-plus -rouge -fs-14\"><span>En savoir plus<\/span><\/span>\n\t\t\t\t\t<\/div>\n<\/p><\/div>\n<\/p><\/div>\n<div class=\"event -switch\">\n<div class=\"media\" data-aos=\"flip-left\" data-aos-anchor-placement=\"top-bottom\" data-aos-offset=\"200\" data-aos-delay=\"800\" data-aos-anchor=\"[data-reaix-uid-10]\">\n<div class=\"image -walc \" style=\"padding-top:100%\"><img width=\"290\" height=\"290\" src=\"https:\/\/www.lesrencontreseconomiques.fr\/wp-content\/uploads\/2025\/05\/Vignettes-site-web-5-290x290.png\" class=\"attachment-small_square_crop size-small_square_crop\" alt=\"\" decoding=\"async\" loading=\"lazy\" srcset=\"https:\/\/www.lesrencontreseconomiques.fr\/wp-content\/uploads\/2025\/05\/Vignettes-site-web-5-290x290.png 290w, https:\/\/www.lesrencontreseconomiques.fr\/wp-content\/uploads\/2025\/05\/Vignettes-site-web-5-490x490.png 490w, https:\/\/www.lesrencontreseconomiques.fr\/wp-content\/uploads\/2025\/05\/Vignettes-site-web-5-668x668.png 668w, https:\/\/www.lesrencontreseconomiques.fr\/wp-content\/uploads\/2025\/05\/Vignettes-site-web-5-150x150.png 150w, https:\/\/www.lesrencontreseconomiques.fr\/wp-content\/uploads\/2025\/05\/Vignettes-site-web-5-140x140.png 140w, https:\/\/www.lesrencontreseconomiques.fr\/wp-content\/uploads\/2025\/05\/Vignettes-site-web-5-224x224.png 224w, https:\/\/www.lesrencontreseconomiques.fr\/wp-content\/uploads\/2025\/05\/Vignettes-site-web-5.png 1080w\" sizes=\"auto, (max-width: 290px) 100vw, 290px\" \/><\/div>\n<\/p><\/div>\n<div class=\"contenu\" data-aos=\"zoom-in\" data-aos-anchor-placement=\"top-bottom\" data-aos-offset=\"200\" data-aos-delay=\"600\" data-aos-anchor=\"[data-reaix-uid-10]\">\n<div class=\"date\">\n\t\t\t\t\t\t3 juillet |<br \/>\n\t\t\t\t\t\t<img decoding=\"async\" src=\"https:\/\/www.lesrencontreseconomiques.fr\/wp-content\/themes\/reaix\/assets\/img\/pictos\/clock-grey-cercle.png\" alt=\"\"><br \/>\n\t\t\t\t\t\t18:30 &#8211;<br \/>\n\t\t\t\t\t\t19:40\t\t\t\t\t<\/div>\n<div class=\"type\">Pl\u00e9ni\u00e8re 01<\/div>\n<p>\t\t\t\t\t\t\t\t\t\t<a class=\"titre\" href=\"https:\/\/www.lesrencontreseconomiques.fr\/evenements\/pleniere-01-la-fiction-du-bloc-occidental\/\"><br \/>\n\t\t\t\t\t\tLa fiction du bloc occidental\t\t\t\t\t<\/a><\/p>\n<div class=\"accroche\">Face aux affronts de Donald Trump, la coh\u00e9sion et l\u2019int\u00e9grit\u00e9 de l\u2019OTAN\u2026<\/div>\n<div class=\"lien\">\n\t\t\t\t\t\t<span class=\"cp-cta-plus -rouge -fs-14\"><span>En savoir plus<\/span><\/span>\n\t\t\t\t\t<\/div>\n<\/p><\/div>\n<\/p><\/div>\n<\/p><\/div>\n<\/p><\/div>\n<\/div>\n<div class=\"cp-section-header -wrapper -846 -mt-90\" data-reaix-uid-11>\n<h2 class=\"cp-titre-2 -section\" data-aos=\"fade-right\" data-aos-anchor-placement=\"top-bottom\" data-aos-offset=\"200\">Affronter les chocs de financements<\/h2>\n<\/p><\/div>\n<div class=\"-wrapper -846  -mb-90\" data-reaix-uid-12>\n<div class=\"cp-remontee-events\">\n<div class=\"events -grid\">\n<div class=\"event\">\n<div class=\"media\" data-aos=\"flip-left\" data-aos-anchor-placement=\"top-bottom\" data-aos-offset=\"200\" data-aos-anchor=\"[data-reaix-uid-12]\">\n<div class=\"image -walc \" style=\"padding-top:100%\"><img width=\"290\" height=\"290\" src=\"https:\/\/www.lesrencontreseconomiques.fr\/wp-content\/uploads\/2025\/05\/Vignettes-site-web-2-290x290.png\" class=\"attachment-small_square_crop size-small_square_crop\" alt=\"\" decoding=\"async\" loading=\"lazy\" srcset=\"https:\/\/www.lesrencontreseconomiques.fr\/wp-content\/uploads\/2025\/05\/Vignettes-site-web-2-290x290.png 290w, https:\/\/www.lesrencontreseconomiques.fr\/wp-content\/uploads\/2025\/05\/Vignettes-site-web-2-490x490.png 490w, https:\/\/www.lesrencontreseconomiques.fr\/wp-content\/uploads\/2025\/05\/Vignettes-site-web-2-668x668.png 668w, https:\/\/www.lesrencontreseconomiques.fr\/wp-content\/uploads\/2025\/05\/Vignettes-site-web-2-150x150.png 150w, https:\/\/www.lesrencontreseconomiques.fr\/wp-content\/uploads\/2025\/05\/Vignettes-site-web-2-140x140.png 140w, https:\/\/www.lesrencontreseconomiques.fr\/wp-content\/uploads\/2025\/05\/Vignettes-site-web-2-224x224.png 224w, https:\/\/www.lesrencontreseconomiques.fr\/wp-content\/uploads\/2025\/05\/Vignettes-site-web-2.png 1080w\" sizes=\"auto, (max-width: 290px) 100vw, 290px\" \/><\/div>\n<\/p><\/div>\n<div class=\"contenu\" data-aos=\"zoom-in\" data-aos-anchor-placement=\"top-bottom\" data-aos-offset=\"200\" data-aos-delay=\"200\" data-aos-anchor=\"[data-reaix-uid-12]\">\n<div class=\"date\">\n\t\t\t\t\t\t5 juillet |<br \/>\n\t\t\t\t\t\t<img decoding=\"async\" src=\"https:\/\/www.lesrencontreseconomiques.fr\/wp-content\/themes\/reaix\/assets\/img\/pictos\/clock-grey-cercle.png\" alt=\"\"><br \/>\n\t\t\t\t\t\t14:30 &#8211;<br \/>\n\t\t\t\t\t\t15:30\t\t\t\t\t<\/div>\n<div class=\"type\">Semi-pl\u00e9ni\u00e8re 08<\/div>\n<p>\t\t\t\t\t\t\t\t\t\t<a class=\"titre\" href=\"https:\/\/www.lesrencontreseconomiques.fr\/evenements\/semi-pleniere-08-from-billions-to-trillions-financer-les-transitions-dans-les-suds\/\"><br \/>\n\t\t\t\t\t\tFrom billions to trillions\u00a0\u00bb : financer les transitions dans les Suds\t\t\t\t\t<\/a><\/p>\n<div class=\"accroche\">Les pays du Sud font face \u00e0 un d\u00e9fi financier colossal :\u2026<\/div>\n<div class=\"lien\">\n\t\t\t\t\t\t<span class=\"cp-cta-plus -rouge -fs-14\"><span>En savoir plus<\/span><\/span>\n\t\t\t\t\t<\/div>\n<\/p><\/div>\n<\/p><\/div>\n<div class=\"event -vertical\">\n<div class=\"media\" data-aos=\"flip-left\" data-aos-anchor-placement=\"top-bottom\" data-aos-offset=\"200\" data-aos-delay=\"400\" data-aos-anchor=\"[data-reaix-uid-12]\">\n<div class=\"image -walc \" style=\"padding-top:100%\"><img width=\"290\" height=\"290\" src=\"https:\/\/www.lesrencontreseconomiques.fr\/wp-content\/uploads\/2025\/05\/Vignettes-site-web-1-290x290.png\" class=\"attachment-small_square_crop size-small_square_crop\" alt=\"\" decoding=\"async\" loading=\"lazy\" srcset=\"https:\/\/www.lesrencontreseconomiques.fr\/wp-content\/uploads\/2025\/05\/Vignettes-site-web-1-290x290.png 290w, https:\/\/www.lesrencontreseconomiques.fr\/wp-content\/uploads\/2025\/05\/Vignettes-site-web-1-490x490.png 490w, https:\/\/www.lesrencontreseconomiques.fr\/wp-content\/uploads\/2025\/05\/Vignettes-site-web-1-668x668.png 668w, https:\/\/www.lesrencontreseconomiques.fr\/wp-content\/uploads\/2025\/05\/Vignettes-site-web-1-150x150.png 150w, https:\/\/www.lesrencontreseconomiques.fr\/wp-content\/uploads\/2025\/05\/Vignettes-site-web-1-140x140.png 140w, https:\/\/www.lesrencontreseconomiques.fr\/wp-content\/uploads\/2025\/05\/Vignettes-site-web-1-224x224.png 224w, https:\/\/www.lesrencontreseconomiques.fr\/wp-content\/uploads\/2025\/05\/Vignettes-site-web-1.png 1080w\" sizes=\"auto, (max-width: 290px) 100vw, 290px\" \/><\/div>\n<\/p><\/div>\n<div class=\"contenu\" data-aos=\"zoom-in\" data-aos-anchor-placement=\"top-bottom\" data-aos-offset=\"200\" data-aos-delay=\"1000\" data-aos-anchor=\"[data-reaix-uid-12]\">\n<div class=\"date\">\n\t\t\t\t\t\t5 juillet |<br \/>\n\t\t\t\t\t\t<img decoding=\"async\" src=\"https:\/\/www.lesrencontreseconomiques.fr\/wp-content\/themes\/reaix\/assets\/img\/pictos\/clock-grey-cercle.png\" alt=\"\"><br \/>\n\t\t\t\t\t\t16:30 &#8211;<br \/>\n\t\t\t\t\t\t17:00\t\t\t\t\t<\/div>\n<div class=\"type\">Controverse 09<\/div>\n<p>\t\t\t\t\t\t\t\t\t\t<a class=\"titre\" href=\"https:\/\/www.lesrencontreseconomiques.fr\/evenements\/controverse-09-la-guerre-commerciale-prelude-a-la-crise-economique\/\"><br \/>\n\t\t\t\t\t\tLa guerre commerciale, pr\u00e9lude \u00e0 la crise \u00e9conomique ?\t\t\t\t\t<\/a><\/p>\n<div class=\"accroche\">Qu\u2019il s\u2019agisse de l\u2019affrontement continu entre la Chine et les \u00c9tats-Unis, des\u2026<\/div>\n<div class=\"lien\">\n\t\t\t\t\t\t<span class=\"cp-cta-plus -rouge -fs-14\"><span>En savoir plus<\/span><\/span>\n\t\t\t\t\t<\/div>\n<\/p><\/div>\n<\/p><\/div>\n<div class=\"event -switch\">\n<div class=\"media\" data-aos=\"flip-left\" data-aos-anchor-placement=\"top-bottom\" data-aos-offset=\"200\" data-aos-delay=\"800\" data-aos-anchor=\"[data-reaix-uid-12]\">\n<div class=\"image -walc \" style=\"padding-top:100%\"><img width=\"290\" height=\"290\" src=\"https:\/\/www.lesrencontreseconomiques.fr\/wp-content\/uploads\/2025\/05\/Vignettes-site-web-290x290.png\" class=\"attachment-small_square_crop size-small_square_crop\" alt=\"\" decoding=\"async\" loading=\"lazy\" srcset=\"https:\/\/www.lesrencontreseconomiques.fr\/wp-content\/uploads\/2025\/05\/Vignettes-site-web-290x290.png 290w, https:\/\/www.lesrencontreseconomiques.fr\/wp-content\/uploads\/2025\/05\/Vignettes-site-web-490x490.png 490w, https:\/\/www.lesrencontreseconomiques.fr\/wp-content\/uploads\/2025\/05\/Vignettes-site-web-668x668.png 668w, https:\/\/www.lesrencontreseconomiques.fr\/wp-content\/uploads\/2025\/05\/Vignettes-site-web-150x150.png 150w, https:\/\/www.lesrencontreseconomiques.fr\/wp-content\/uploads\/2025\/05\/Vignettes-site-web-140x140.png 140w, https:\/\/www.lesrencontreseconomiques.fr\/wp-content\/uploads\/2025\/05\/Vignettes-site-web-224x224.png 224w, https:\/\/www.lesrencontreseconomiques.fr\/wp-content\/uploads\/2025\/05\/Vignettes-site-web.png 1080w\" sizes=\"auto, (max-width: 290px) 100vw, 290px\" \/><\/div>\n<\/p><\/div>\n<div class=\"contenu\" data-aos=\"zoom-in\" data-aos-anchor-placement=\"top-bottom\" data-aos-offset=\"200\" data-aos-delay=\"600\" data-aos-anchor=\"[data-reaix-uid-12]\">\n<div class=\"date\">\n\t\t\t\t\t\t4 juillet |<br \/>\n\t\t\t\t\t\t<img decoding=\"async\" src=\"https:\/\/www.lesrencontreseconomiques.fr\/wp-content\/themes\/reaix\/assets\/img\/pictos\/clock-grey-cercle.png\" alt=\"\"><br \/>\n\t\t\t\t\t\t09:00 &#8211;<br \/>\n\t\t\t\t\t\t10:00\t\t\t\t\t<\/div>\n<div class=\"type\">Pl\u00e9ni\u00e8re 02<\/div>\n<p>\t\t\t\t\t\t\t\t\t\t<a class=\"titre\" href=\"https:\/\/www.lesrencontreseconomiques.fr\/evenements\/pleniere-02-capital-travail-et-progres-pourquoi-la-productivite-ralentit-elle\/\"><br \/>\n\t\t\t\t\t\tCapital, travail et progr\u00e8s : pourquoi la productivit\u00e9 ralentit-elle ?\t\t\t\t\t<\/a><\/p>\n<div class=\"accroche\">Quand on compare les \u00c9tats-Unis et l&rsquo;Europe, on voit une stagnation de\u2026<\/div>\n<div class=\"lien\">\n\t\t\t\t\t\t<span class=\"cp-cta-plus -rouge -fs-14\"><span>En savoir plus<\/span><\/span>\n\t\t\t\t\t<\/div>\n<\/p><\/div>\n<\/p><\/div>\n<\/p><\/div>\n<\/p><\/div>\n<\/div>\n","protected":false},"excerpt":{"rendered":"<p>Assumer les r\u00e9alit\u00e9s : une invitation \u00e0 passer \u00e0 l\u2019action Les bouleversements actuels ne rel\u00e8vent plus de crises conjoncturelles, mais de mutations structurelles. Face \u00e0 l\u2019acc\u00e9l\u00e9ration des transformations \u00e9conomiques, sociales, environnementales et g\u00e9opolitiques, il devient urgent de sortir du d\u00e9ni et de construire une lecture lucide du r\u00e9el. Les Rencontres \u00c9conomiques d\u2019Aix-en-Provence 2025 proposent d\u2019affronter [&hellip;]<\/p>\n","protected":false},"author":2,"featured_media":0,"parent":2346,"menu_order":0,"comment_status":"closed","ping_status":"closed","template":"","meta":{"_acf_changed":false,"footnotes":""},"class_list":["post-11946","page","type-page","status-publish","hentry"],"acf":[],"yoast_head":"<!-- This site is optimized with the Yoast SEO plugin v26.5 - https:\/\/yoast.com\/wordpress\/plugins\/seo\/ -->\n<title>Affronter le choc des r\u00e9alit\u00e9s - Les Rencontres \u00c9conomiques<\/title>\n<meta name=\"robots\" content=\"index, follow, max-snippet:-1, max-image-preview:large, max-video-preview:-1\" \/>\n<link rel=\"canonical\" href=\"https:\/\/www.lesrencontreseconomiques.fr\/programme\/themes\/\" \/>\n<meta property=\"og:locale\" content=\"fr_FR\" \/>\n<meta property=\"og:type\" content=\"article\" \/>\n<meta property=\"og:description\" content=\"Assumer les r\u00e9alit\u00e9s : une invitation \u00e0 passer \u00e0 l\u2019action Les bouleversements actuels ne rel\u00e8vent plus de crises conjoncturelles, mais de mutations structurelles. Face \u00e0 l\u2019acc\u00e9l\u00e9ration des transformations \u00e9conomiques, sociales, environnementales et g\u00e9opolitiques, il devient urgent de sortir du d\u00e9ni et de construire une lecture lucide du r\u00e9el. Les Rencontres \u00c9conomiques d\u2019Aix-en-Provence 2025 proposent d\u2019affronter [&hellip;]\" \/>\n<meta property=\"og:url\" content=\"https:\/\/www.lesrencontreseconomiques.fr\/programme\/themes\/\" \/>\n<meta property=\"og:site_name\" content=\"Les Rencontres \u00c9conomiques\" \/>\n<meta property=\"article:publisher\" content=\"https:\/\/www.facebook.com\/Le.Cercle.des.Economistes\/\" \/>\n<meta property=\"article:modified_time\" content=\"2025-05-15T10:39:54+00:00\" \/>\n<meta property=\"og:image\" content=\"https:\/\/www.lesrencontreseconomiques.fr\/wp-content\/uploads\/2025\/05\/Vignettes-site-web-19-290x290.png\" \/>\n<meta name=\"twitter:card\" content=\"summary_large_image\" \/>\n<meta name=\"twitter:site\" content=\"@Cercle_eco\" \/>\n<script type=\"application\/ld+json\" class=\"yoast-schema-graph\">{\"@context\":\"https:\/\/schema.org\",\"@graph\":[{\"@type\":\"WebPage\",\"@id\":\"https:\/\/www.lesrencontreseconomiques.fr\/programme\/themes\/\",\"url\":\"https:\/\/www.lesrencontreseconomiques.fr\/programme\/themes\/\",\"name\":\"Affronter le choc des r\u00e9alit\u00e9s - Les Rencontres \u00c9conomiques\",\"isPartOf\":{\"@id\":\"https:\/\/www.lesrencontreseconomiques.fr\/#website\"},\"primaryImageOfPage\":{\"@id\":\"https:\/\/www.lesrencontreseconomiques.fr\/programme\/themes\/#primaryimage\"},\"image\":{\"@id\":\"https:\/\/www.lesrencontreseconomiques.fr\/programme\/themes\/#primaryimage\"},\"thumbnailUrl\":\"https:\/\/www.lesrencontreseconomiques.fr\/wp-content\/uploads\/2025\/05\/Vignettes-site-web-19-290x290.png\",\"datePublished\":\"2024-03-11T11:05:10+00:00\",\"dateModified\":\"2025-05-15T10:39:54+00:00\",\"breadcrumb\":{\"@id\":\"https:\/\/www.lesrencontreseconomiques.fr\/programme\/themes\/#breadcrumb\"},\"inLanguage\":\"fr-FR\",\"potentialAction\":[{\"@type\":\"ReadAction\",\"target\":[\"https:\/\/www.lesrencontreseconomiques.fr\/programme\/themes\/\"]}]},{\"@type\":\"ImageObject\",\"inLanguage\":\"fr-FR\",\"@id\":\"https:\/\/www.lesrencontreseconomiques.fr\/programme\/themes\/#primaryimage\",\"url\":\"https:\/\/www.lesrencontreseconomiques.fr\/wp-content\/uploads\/2025\/05\/Vignettes-site-web-19.png\",\"contentUrl\":\"https:\/\/www.lesrencontreseconomiques.fr\/wp-content\/uploads\/2025\/05\/Vignettes-site-web-19.png\",\"width\":1080,\"height\":1080},{\"@type\":\"BreadcrumbList\",\"@id\":\"https:\/\/www.lesrencontreseconomiques.fr\/programme\/themes\/#breadcrumb\",\"itemListElement\":[{\"@type\":\"ListItem\",\"position\":1,\"name\":\"Accueil\",\"item\":\"https:\/\/www.lesrencontreseconomiques.fr\/\"},{\"@type\":\"ListItem\",\"position\":2,\"name\":\"Programme\",\"item\":\"https:\/\/www.lesrencontreseconomiques.fr\/programme\/\"},{\"@type\":\"ListItem\",\"position\":3,\"name\":\"Affronter le choc des r\u00e9alit\u00e9s\"}]},{\"@type\":\"WebSite\",\"@id\":\"https:\/\/www.lesrencontreseconomiques.fr\/#website\",\"url\":\"https:\/\/www.lesrencontreseconomiques.fr\/\",\"name\":\"Les Rencontres \u00c9conomiques\",\"description\":\"\",\"potentialAction\":[{\"@type\":\"SearchAction\",\"target\":{\"@type\":\"EntryPoint\",\"urlTemplate\":\"https:\/\/www.lesrencontreseconomiques.fr\/?s={search_term_string}\"},\"query-input\":{\"@type\":\"PropertyValueSpecification\",\"valueRequired\":true,\"valueName\":\"search_term_string\"}}],\"inLanguage\":\"fr-FR\"}]}<\/script>\n<!-- \/ Yoast SEO plugin. -->","yoast_head_json":{"title":"Affronter le choc des r\u00e9alit\u00e9s - Les Rencontres \u00c9conomiques","robots":{"index":"index","follow":"follow","max-snippet":"max-snippet:-1","max-image-preview":"max-image-preview:large","max-video-preview":"max-video-preview:-1"},"canonical":"https:\/\/www.lesrencontreseconomiques.fr\/programme\/themes\/","og_locale":"fr_FR","og_type":"article","og_description":"Assumer les r\u00e9alit\u00e9s : une invitation \u00e0 passer \u00e0 l\u2019action Les bouleversements actuels ne rel\u00e8vent plus de crises conjoncturelles, mais de mutations structurelles. Face \u00e0 l\u2019acc\u00e9l\u00e9ration des transformations \u00e9conomiques, sociales, environnementales et g\u00e9opolitiques, il devient urgent de sortir du d\u00e9ni et de construire une lecture lucide du r\u00e9el. Les Rencontres \u00c9conomiques d\u2019Aix-en-Provence 2025 proposent d\u2019affronter [&hellip;]","og_url":"https:\/\/www.lesrencontreseconomiques.fr\/programme\/themes\/","og_site_name":"Les Rencontres \u00c9conomiques","article_publisher":"https:\/\/www.facebook.com\/Le.Cercle.des.Economistes\/","article_modified_time":"2025-05-15T10:39:54+00:00","og_image":[{"url":"https:\/\/www.lesrencontreseconomiques.fr\/wp-content\/uploads\/2025\/05\/Vignettes-site-web-19-290x290.png","type":"","width":"","height":""}],"twitter_card":"summary_large_image","twitter_site":"@Cercle_eco","schema":{"@context":"https:\/\/schema.org","@graph":[{"@type":"WebPage","@id":"https:\/\/www.lesrencontreseconomiques.fr\/programme\/themes\/","url":"https:\/\/www.lesrencontreseconomiques.fr\/programme\/themes\/","name":"Affronter le choc des r\u00e9alit\u00e9s - Les Rencontres \u00c9conomiques","isPartOf":{"@id":"https:\/\/www.lesrencontreseconomiques.fr\/#website"},"primaryImageOfPage":{"@id":"https:\/\/www.lesrencontreseconomiques.fr\/programme\/themes\/#primaryimage"},"image":{"@id":"https:\/\/www.lesrencontreseconomiques.fr\/programme\/themes\/#primaryimage"},"thumbnailUrl":"https:\/\/www.lesrencontreseconomiques.fr\/wp-content\/uploads\/2025\/05\/Vignettes-site-web-19-290x290.png","datePublished":"2024-03-11T11:05:10+00:00","dateModified":"2025-05-15T10:39:54+00:00","breadcrumb":{"@id":"https:\/\/www.lesrencontreseconomiques.fr\/programme\/themes\/#breadcrumb"},"inLanguage":"fr-FR","potentialAction":[{"@type":"ReadAction","target":["https:\/\/www.lesrencontreseconomiques.fr\/programme\/themes\/"]}]},{"@type":"ImageObject","inLanguage":"fr-FR","@id":"https:\/\/www.lesrencontreseconomiques.fr\/programme\/themes\/#primaryimage","url":"https:\/\/www.lesrencontreseconomiques.fr\/wp-content\/uploads\/2025\/05\/Vignettes-site-web-19.png","contentUrl":"https:\/\/www.lesrencontreseconomiques.fr\/wp-content\/uploads\/2025\/05\/Vignettes-site-web-19.png","width":1080,"height":1080},{"@type":"BreadcrumbList","@id":"https:\/\/www.lesrencontreseconomiques.fr\/programme\/themes\/#breadcrumb","itemListElement":[{"@type":"ListItem","position":1,"name":"Accueil","item":"https:\/\/www.lesrencontreseconomiques.fr\/"},{"@type":"ListItem","position":2,"name":"Programme","item":"https:\/\/www.lesrencontreseconomiques.fr\/programme\/"},{"@type":"ListItem","position":3,"name":"Affronter le choc des r\u00e9alit\u00e9s"}]},{"@type":"WebSite","@id":"https:\/\/www.lesrencontreseconomiques.fr\/#website","url":"https:\/\/www.lesrencontreseconomiques.fr\/","name":"Les Rencontres \u00c9conomiques","description":"","potentialAction":[{"@type":"SearchAction","target":{"@type":"EntryPoint","urlTemplate":"https:\/\/www.lesrencontreseconomiques.fr\/?s={search_term_string}"},"query-input":{"@type":"PropertyValueSpecification","valueRequired":true,"valueName":"search_term_string"}}],"inLanguage":"fr-FR"}]}},"_links":{"self":[{"href":"https:\/\/www.lesrencontreseconomiques.fr\/wp-json\/wp\/v2\/pages\/11946","targetHints":{"allow":["GET"]}}],"collection":[{"href":"https:\/\/www.lesrencontreseconomiques.fr\/wp-json\/wp\/v2\/pages"}],"about":[{"href":"https:\/\/www.lesrencontreseconomiques.fr\/wp-json\/wp\/v2\/types\/page"}],"author":[{"embeddable":true,"href":"https:\/\/www.lesrencontreseconomiques.fr\/wp-json\/wp\/v2\/users\/2"}],"replies":[{"embeddable":true,"href":"https:\/\/www.lesrencontreseconomiques.fr\/wp-json\/wp\/v2\/comments?post=11946"}],"version-history":[{"count":14,"href":"https:\/\/www.lesrencontreseconomiques.fr\/wp-json\/wp\/v2\/pages\/11946\/revisions"}],"predecessor-version":[{"id":18986,"href":"https:\/\/www.lesrencontreseconomiques.fr\/wp-json\/wp\/v2\/pages\/11946\/revisions\/18986"}],"up":[{"embeddable":true,"href":"https:\/\/www.lesrencontreseconomiques.fr\/wp-json\/wp\/v2\/pages\/2346"}],"wp:attachment":[{"href":"https:\/\/www.lesrencontreseconomiques.fr\/wp-json\/wp\/v2\/media?parent=11946"}],"curies":[{"name":"wp","href":"https:\/\/api.w.org\/{rel}","templated":true}]}}