{"id":8916,"date":"2023-06-14T19:05:42","date_gmt":"2023-06-14T17:05:42","guid":{"rendered":"https:\/\/www.lesrencontreseconomiques.fr\/parc-jourdan\/"},"modified":"2025-07-01T14:13:31","modified_gmt":"2025-07-01T12:13:31","slug":"parc-jourdan","status":"publish","type":"page","link":"https:\/\/www.lesrencontreseconomiques.fr\/en\/around-the-rencontres\/parc-jourdan\/","title":{"rendered":"The parc Jourdan"},"content":{"rendered":"<div class=\"-wrapper -846 -mt-90 -mb-90\">\n<div class=\"cp-cta-image-texte\">\n<div class=\"media \" data-aos=\"fade-right\" data-aos-anchor-placement=\"top-bottom\" data-aos-offset=\"200\">\n<div class=\"image -walc \" style=\"padding-top:100%\"><img width=\"224\" height=\"224\" src=\"https:\/\/www.lesrencontreseconomiques.fr\/wp-content\/uploads\/2025\/07\/Vignettes-NL-Cercle-4-224x224.png\" class=\"attachment-small size-small\" alt=\"\" decoding=\"async\" loading=\"lazy\" srcset=\"https:\/\/www.lesrencontreseconomiques.fr\/wp-content\/uploads\/2025\/07\/Vignettes-NL-Cercle-4-224x224.png 224w, https:\/\/www.lesrencontreseconomiques.fr\/wp-content\/uploads\/2025\/07\/Vignettes-NL-Cercle-4-150x150.png 150w, https:\/\/www.lesrencontreseconomiques.fr\/wp-content\/uploads\/2025\/07\/Vignettes-NL-Cercle-4-140x140.png 140w, https:\/\/www.lesrencontreseconomiques.fr\/wp-content\/uploads\/2025\/07\/Vignettes-NL-Cercle-4.png 290w\" sizes=\"auto, (max-width: 224px) 100vw, 224px\" \/><\/div>\n<\/p><\/div>\n<div class=\"description cp-texte\" data-aos=\"fade-up\" data-aos-anchor-placement=\"top-bottom\" data-aos-offset=\"200\">\n<h2>The \u2018Caf\u00e9s \u00e9ph\u00e9m\u00e8res\u2019<\/h2>\n<p>Two pop-up caf\u00e9s will be open during the Rencontres. You can enjoy drinks and snacks there throughout the day.<\/p>\n<\/p><\/div>\n<\/p><\/div>\n<\/div>\n<div class=\"-wrapper -846 -mt-90 -mb-90\">\n<div class=\"cp-cta-image-texte\">\n<div class=\"media \" data-aos=\"fade-right\" data-aos-anchor-placement=\"top-bottom\" data-aos-offset=\"200\">\n<div class=\"image -walc \" style=\"padding-top:100%\"><img width=\"224\" height=\"224\" src=\"https:\/\/www.lesrencontreseconomiques.fr\/wp-content\/uploads\/2025\/07\/Vignettes-NL-Cercle-5-224x224.png\" class=\"attachment-small size-small\" alt=\"\" decoding=\"async\" loading=\"lazy\" srcset=\"https:\/\/www.lesrencontreseconomiques.fr\/wp-content\/uploads\/2025\/07\/Vignettes-NL-Cercle-5-224x224.png 224w, https:\/\/www.lesrencontreseconomiques.fr\/wp-content\/uploads\/2025\/07\/Vignettes-NL-Cercle-5-150x150.png 150w, https:\/\/www.lesrencontreseconomiques.fr\/wp-content\/uploads\/2025\/07\/Vignettes-NL-Cercle-5-140x140.png 140w, https:\/\/www.lesrencontreseconomiques.fr\/wp-content\/uploads\/2025\/07\/Vignettes-NL-Cercle-5.png 290w\" sizes=\"auto, (max-width: 224px) 100vw, 224px\" \/><\/div>\n<\/p><\/div>\n<div class=\"description cp-texte\" data-aos=\"fade-up\" data-aos-anchor-placement=\"top-bottom\" data-aos-offset=\"200\">\n<h2>The mural \u2018Facing reality\u2019<\/h2>\n<p>As part of the \u2018Aix, City of Economy\u2019 initiative, art students from the ESAAIX school have been given carte blanche to create a giant canvas mural during the Rencontres, based on the theme of the 2025 edition.<\/p>\n<\/p><\/div>\n<\/p><\/div>\n<\/div>\n<div class=\"-wrapper -846 -mt-90 -mb-90\">\n<div class=\"cp-cta-image-texte\">\n<div class=\"media \" data-aos=\"fade-right\" data-aos-anchor-placement=\"top-bottom\" data-aos-offset=\"200\">\n<div class=\"image -walc \" style=\"padding-top:99.10714%\"><img width=\"224\" height=\"222\" src=\"https:\/\/www.lesrencontreseconomiques.fr\/wp-content\/uploads\/2025\/07\/230626_REAix25_livret-programme_web-pap-224x222.jpeg\" class=\"attachment-small size-small\" alt=\"\" decoding=\"async\" loading=\"lazy\" srcset=\"https:\/\/www.lesrencontreseconomiques.fr\/wp-content\/uploads\/2025\/07\/230626_REAix25_livret-programme_web-pap-224x222.jpeg 224w, https:\/\/www.lesrencontreseconomiques.fr\/wp-content\/uploads\/2025\/07\/230626_REAix25_livret-programme_web-pap-490x486.jpeg 490w, https:\/\/www.lesrencontreseconomiques.fr\/wp-content\/uploads\/2025\/07\/230626_REAix25_livret-programme_web-pap-150x150.jpeg 150w, https:\/\/www.lesrencontreseconomiques.fr\/wp-content\/uploads\/2025\/07\/230626_REAix25_livret-programme_web-pap-141x140.jpeg 141w, https:\/\/www.lesrencontreseconomiques.fr\/wp-content\/uploads\/2025\/07\/230626_REAix25_livret-programme_web-pap.jpeg 669w\" sizes=\"auto, (max-width: 224px) 100vw, 224px\" \/><\/div>\n<\/p><\/div>\n<div class=\"description cp-texte\" data-aos=\"fade-up\" data-aos-anchor-placement=\"top-bottom\" data-aos-offset=\"200\">\n<h2>The Fnac bookshop<\/h2>\n<p>Fnac, France&#8217;s leading book retailer, is offering a selection of books at the Rencontres \u00c9conomiques d&#8217;Aix-en-Provence that tie in with the themes addressed at the conferences: economics, business, law, sociology, the environment, CSR, etc., as well as a space where you can have books signed by guest authors. This year, the bookshop is coming to life with Caf\u00e9s signatures: a series of mini-debates with authors to discover their works.<\/p>\n<\/p><\/div>\n<\/p><\/div>\n<\/div>\n<div class=\"-wrapper -846 -mt-90 -mb-90\">\n<div class=\"cp-cta-image-texte\">\n<div class=\"media \" data-aos=\"fade-right\" data-aos-anchor-placement=\"top-bottom\" data-aos-offset=\"200\">\n<div class=\"image -walc \" style=\"padding-top:100%\"><img width=\"224\" height=\"224\" src=\"https:\/\/www.lesrencontreseconomiques.fr\/wp-content\/uploads\/2025\/07\/Vignettes-NL-Cercle-6-224x224.png\" class=\"attachment-small size-small\" alt=\"\" decoding=\"async\" loading=\"lazy\" srcset=\"https:\/\/www.lesrencontreseconomiques.fr\/wp-content\/uploads\/2025\/07\/Vignettes-NL-Cercle-6-224x224.png 224w, https:\/\/www.lesrencontreseconomiques.fr\/wp-content\/uploads\/2025\/07\/Vignettes-NL-Cercle-6-150x150.png 150w, https:\/\/www.lesrencontreseconomiques.fr\/wp-content\/uploads\/2025\/07\/Vignettes-NL-Cercle-6-140x140.png 140w, https:\/\/www.lesrencontreseconomiques.fr\/wp-content\/uploads\/2025\/07\/Vignettes-NL-Cercle-6.png 290w\" sizes=\"auto, (max-width: 224px) 100vw, 224px\" \/><\/div>\n<\/p><\/div>\n<div class=\"description cp-texte\" data-aos=\"fade-up\" data-aos-anchor-placement=\"top-bottom\" data-aos-offset=\"200\">\n<h2>Pioneers of AI: dialogues between France and China<\/h2>\n<p>Cathay Capital brings together exceptional founders who are redefining the boundaries of innovation across the entire industrial chain. This moment is the result of a clear conviction: collaboration between international pioneers is now key to achieving a sustainable and high-impact society.<\/p>\n<p><strong>\u2192 Saturday at 8:15 a.m. (Espace Bassin)<\/strong><\/p>\n<\/p><\/div>\n<\/p><\/div>\n<\/div>\n<div class=\"-wrapper -846 -mt-90 -mb-90\">\n<div class=\"cp-cta-image-texte\">\n<div class=\"media \" data-aos=\"fade-right\" data-aos-anchor-placement=\"top-bottom\" data-aos-offset=\"200\">\n<div class=\"image -walc \" style=\"padding-top:100%\"><img width=\"224\" height=\"224\" src=\"https:\/\/www.lesrencontreseconomiques.fr\/wp-content\/uploads\/2025\/07\/Vignettes-NL-Cercle-7-224x224.png\" class=\"attachment-small size-small\" alt=\"\" decoding=\"async\" loading=\"lazy\" srcset=\"https:\/\/www.lesrencontreseconomiques.fr\/wp-content\/uploads\/2025\/07\/Vignettes-NL-Cercle-7-224x224.png 224w, https:\/\/www.lesrencontreseconomiques.fr\/wp-content\/uploads\/2025\/07\/Vignettes-NL-Cercle-7-150x150.png 150w, https:\/\/www.lesrencontreseconomiques.fr\/wp-content\/uploads\/2025\/07\/Vignettes-NL-Cercle-7-140x140.png 140w, https:\/\/www.lesrencontreseconomiques.fr\/wp-content\/uploads\/2025\/07\/Vignettes-NL-Cercle-7.png 290w\" sizes=\"auto, (max-width: 224px) 100vw, 224px\" \/><\/div>\n<\/p><\/div>\n<div class=\"description cp-texte\" data-aos=\"fade-up\" data-aos-anchor-placement=\"top-bottom\" data-aos-offset=\"200\">\n<h2>Breakfasts at Les Rencontres<\/h2>\n<p>To start the day off right, don&#8217;t miss the Rencontres breakfasts. These are friendly occasions where you can meet the other participants.<\/p>\n<p><strong>\u2192 Friday at 8:15 a.m.<\/strong><\/p>\n<p><strong>\u2192 Saturday at 8:15 a.m.<\/strong><\/p>\n<\/p><\/div>\n<\/p><\/div>\n<\/div>\n<div class=\"-wrapper -668 -mt-90 -mb-90\">\n<div class=\"cp-intro -texte\">\n<div class=\"description\">\n<div class=\"cp-texte\">\n<h2>Access to the park<\/h2>\n<p><strong>Parc Jourdan &#8211; Avenue Anatole France &#8211; 13100 Aix-en-Provence<\/strong><\/p>\n<p><iframe loading=\"lazy\" style=\"border: 0;\" src=\"https:\/\/www.google.com\/maps\/embed?pb=!1m10!1m8!1m3!1d5786.025751569379!2d5.450018789326096!3d43.5229242218129!3m2!1i1024!2i768!4f13.1!5e0!3m2!1sfr!2sfr!4v1683625184838!5m2!1sfr!2sfr\" width=\"600\" height=\"450\" allowfullscreen=\"allowfullscreen\"><\/iframe><\/p>\n<\/p><\/div>\n<\/p><\/div>\n<\/p><\/div>\n<\/p><\/div>\n","protected":false},"excerpt":{"rendered":"<p>The \u2018Caf\u00e9s \u00e9ph\u00e9m\u00e8res\u2019 Two pop-up caf\u00e9s will be open during the Rencontres. You can enjoy drinks and snacks there throughout the day. The mural \u2018Facing reality\u2019 As part of the \u2018Aix, City of Economy\u2019 initiative, art students from the ESAAIX school have been given carte blanche to create a giant canvas mural during the Rencontres, [&hellip;]<\/p>\n","protected":false},"author":2,"featured_media":0,"parent":16227,"menu_order":0,"comment_status":"closed","ping_status":"closed","template":"","meta":{"_acf_changed":false,"footnotes":""},"class_list":["post-8916","page","type-page","status-publish","hentry"],"acf":[],"yoast_head":"<!-- This site is optimized with the Yoast SEO plugin v26.5 - https:\/\/yoast.com\/wordpress\/plugins\/seo\/ -->\n<title>The parc Jourdan - Les Rencontres \u00c9conomiques<\/title>\n<meta name=\"robots\" content=\"index, follow, max-snippet:-1, max-image-preview:large, max-video-preview:-1\" \/>\n<link rel=\"canonical\" href=\"https:\/\/www.lesrencontreseconomiques.fr\/en\/around-the-rencontres\/parc-jourdan\/\" \/>\n<meta property=\"og:locale\" content=\"en_US\" \/>\n<meta property=\"og:type\" content=\"article\" \/>\n<meta property=\"og:description\" content=\"The \u2018Caf\u00e9s \u00e9ph\u00e9m\u00e8res\u2019 Two pop-up caf\u00e9s will be open during the Rencontres. You can enjoy drinks and snacks there throughout the day. The mural \u2018Facing reality\u2019 As part of the \u2018Aix, City of Economy\u2019 initiative, art students from the ESAAIX school have been given carte blanche to create a giant canvas mural during the Rencontres, [&hellip;]\" \/>\n<meta property=\"og:url\" content=\"https:\/\/www.lesrencontreseconomiques.fr\/en\/around-the-rencontres\/parc-jourdan\/\" \/>\n<meta property=\"og:site_name\" content=\"Les Rencontres \u00c9conomiques\" \/>\n<meta property=\"article:publisher\" content=\"https:\/\/www.facebook.com\/Le.Cercle.des.Economistes\/\" \/>\n<meta property=\"article:modified_time\" content=\"2025-07-01T12:13:31+00:00\" \/>\n<meta property=\"og:image\" content=\"https:\/\/www.lesrencontreseconomiques.fr\/wp-content\/uploads\/2025\/07\/Vignettes-NL-Cercle-4-224x224.png\" \/>\n<meta name=\"twitter:card\" content=\"summary_large_image\" \/>\n<meta name=\"twitter:site\" content=\"@Cercle_eco\" \/>\n<script type=\"application\/ld+json\" class=\"yoast-schema-graph\">{\"@context\":\"https:\/\/schema.org\",\"@graph\":[{\"@type\":\"WebPage\",\"@id\":\"https:\/\/www.lesrencontreseconomiques.fr\/en\/around-the-rencontres\/parc-jourdan\/\",\"url\":\"https:\/\/www.lesrencontreseconomiques.fr\/en\/around-the-rencontres\/parc-jourdan\/\",\"name\":\"The parc Jourdan - Les Rencontres \u00c9conomiques\",\"isPartOf\":{\"@id\":\"https:\/\/www.lesrencontreseconomiques.fr\/en\/#website\"},\"primaryImageOfPage\":{\"@id\":\"https:\/\/www.lesrencontreseconomiques.fr\/en\/around-the-rencontres\/parc-jourdan\/#primaryimage\"},\"image\":{\"@id\":\"https:\/\/www.lesrencontreseconomiques.fr\/en\/around-the-rencontres\/parc-jourdan\/#primaryimage\"},\"thumbnailUrl\":\"https:\/\/www.lesrencontreseconomiques.fr\/wp-content\/uploads\/2025\/07\/Vignettes-NL-Cercle-4-224x224.png\",\"datePublished\":\"2023-06-14T17:05:42+00:00\",\"dateModified\":\"2025-07-01T12:13:31+00:00\",\"breadcrumb\":{\"@id\":\"https:\/\/www.lesrencontreseconomiques.fr\/en\/around-the-rencontres\/parc-jourdan\/#breadcrumb\"},\"inLanguage\":\"en-US\",\"potentialAction\":[{\"@type\":\"ReadAction\",\"target\":[\"https:\/\/www.lesrencontreseconomiques.fr\/en\/around-the-rencontres\/parc-jourdan\/\"]}]},{\"@type\":\"ImageObject\",\"inLanguage\":\"en-US\",\"@id\":\"https:\/\/www.lesrencontreseconomiques.fr\/en\/around-the-rencontres\/parc-jourdan\/#primaryimage\",\"url\":\"https:\/\/www.lesrencontreseconomiques.fr\/wp-content\/uploads\/2025\/07\/Vignettes-NL-Cercle-4-224x224.png\",\"contentUrl\":\"https:\/\/www.lesrencontreseconomiques.fr\/wp-content\/uploads\/2025\/07\/Vignettes-NL-Cercle-4-224x224.png\"},{\"@type\":\"BreadcrumbList\",\"@id\":\"https:\/\/www.lesrencontreseconomiques.fr\/en\/around-the-rencontres\/parc-jourdan\/#breadcrumb\",\"itemListElement\":[{\"@type\":\"ListItem\",\"position\":1,\"name\":\"Home\",\"item\":\"https:\/\/www.lesrencontreseconomiques.fr\/en\/\"},{\"@type\":\"ListItem\",\"position\":2,\"name\":\"Around the Rencontres\",\"item\":\"https:\/\/www.lesrencontreseconomiques.fr\/en\/around-the-rencontres\/\"},{\"@type\":\"ListItem\",\"position\":3,\"name\":\"The parc Jourdan\"}]},{\"@type\":\"WebSite\",\"@id\":\"https:\/\/www.lesrencontreseconomiques.fr\/en\/#website\",\"url\":\"https:\/\/www.lesrencontreseconomiques.fr\/en\/\",\"name\":\"Les Rencontres \u00c9conomiques\",\"description\":\"\",\"potentialAction\":[{\"@type\":\"SearchAction\",\"target\":{\"@type\":\"EntryPoint\",\"urlTemplate\":\"https:\/\/www.lesrencontreseconomiques.fr\/en\/?s={search_term_string}\"},\"query-input\":{\"@type\":\"PropertyValueSpecification\",\"valueRequired\":true,\"valueName\":\"search_term_string\"}}],\"inLanguage\":\"en-US\"}]}<\/script>\n<!-- \/ Yoast SEO plugin. -->","yoast_head_json":{"title":"The parc Jourdan - Les Rencontres \u00c9conomiques","robots":{"index":"index","follow":"follow","max-snippet":"max-snippet:-1","max-image-preview":"max-image-preview:large","max-video-preview":"max-video-preview:-1"},"canonical":"https:\/\/www.lesrencontreseconomiques.fr\/en\/around-the-rencontres\/parc-jourdan\/","og_locale":"en_US","og_type":"article","og_description":"The \u2018Caf\u00e9s \u00e9ph\u00e9m\u00e8res\u2019 Two pop-up caf\u00e9s will be open during the Rencontres. You can enjoy drinks and snacks there throughout the day. The mural \u2018Facing reality\u2019 As part of the \u2018Aix, City of Economy\u2019 initiative, art students from the ESAAIX school have been given carte blanche to create a giant canvas mural during the Rencontres, [&hellip;]","og_url":"https:\/\/www.lesrencontreseconomiques.fr\/en\/around-the-rencontres\/parc-jourdan\/","og_site_name":"Les Rencontres \u00c9conomiques","article_publisher":"https:\/\/www.facebook.com\/Le.Cercle.des.Economistes\/","article_modified_time":"2025-07-01T12:13:31+00:00","og_image":[{"url":"https:\/\/www.lesrencontreseconomiques.fr\/wp-content\/uploads\/2025\/07\/Vignettes-NL-Cercle-4-224x224.png","type":"","width":"","height":""}],"twitter_card":"summary_large_image","twitter_site":"@Cercle_eco","schema":{"@context":"https:\/\/schema.org","@graph":[{"@type":"WebPage","@id":"https:\/\/www.lesrencontreseconomiques.fr\/en\/around-the-rencontres\/parc-jourdan\/","url":"https:\/\/www.lesrencontreseconomiques.fr\/en\/around-the-rencontres\/parc-jourdan\/","name":"The parc Jourdan - Les Rencontres \u00c9conomiques","isPartOf":{"@id":"https:\/\/www.lesrencontreseconomiques.fr\/en\/#website"},"primaryImageOfPage":{"@id":"https:\/\/www.lesrencontreseconomiques.fr\/en\/around-the-rencontres\/parc-jourdan\/#primaryimage"},"image":{"@id":"https:\/\/www.lesrencontreseconomiques.fr\/en\/around-the-rencontres\/parc-jourdan\/#primaryimage"},"thumbnailUrl":"https:\/\/www.lesrencontreseconomiques.fr\/wp-content\/uploads\/2025\/07\/Vignettes-NL-Cercle-4-224x224.png","datePublished":"2023-06-14T17:05:42+00:00","dateModified":"2025-07-01T12:13:31+00:00","breadcrumb":{"@id":"https:\/\/www.lesrencontreseconomiques.fr\/en\/around-the-rencontres\/parc-jourdan\/#breadcrumb"},"inLanguage":"en-US","potentialAction":[{"@type":"ReadAction","target":["https:\/\/www.lesrencontreseconomiques.fr\/en\/around-the-rencontres\/parc-jourdan\/"]}]},{"@type":"ImageObject","inLanguage":"en-US","@id":"https:\/\/www.lesrencontreseconomiques.fr\/en\/around-the-rencontres\/parc-jourdan\/#primaryimage","url":"https:\/\/www.lesrencontreseconomiques.fr\/wp-content\/uploads\/2025\/07\/Vignettes-NL-Cercle-4-224x224.png","contentUrl":"https:\/\/www.lesrencontreseconomiques.fr\/wp-content\/uploads\/2025\/07\/Vignettes-NL-Cercle-4-224x224.png"},{"@type":"BreadcrumbList","@id":"https:\/\/www.lesrencontreseconomiques.fr\/en\/around-the-rencontres\/parc-jourdan\/#breadcrumb","itemListElement":[{"@type":"ListItem","position":1,"name":"Home","item":"https:\/\/www.lesrencontreseconomiques.fr\/en\/"},{"@type":"ListItem","position":2,"name":"Around the Rencontres","item":"https:\/\/www.lesrencontreseconomiques.fr\/en\/around-the-rencontres\/"},{"@type":"ListItem","position":3,"name":"The parc Jourdan"}]},{"@type":"WebSite","@id":"https:\/\/www.lesrencontreseconomiques.fr\/en\/#website","url":"https:\/\/www.lesrencontreseconomiques.fr\/en\/","name":"Les Rencontres \u00c9conomiques","description":"","potentialAction":[{"@type":"SearchAction","target":{"@type":"EntryPoint","urlTemplate":"https:\/\/www.lesrencontreseconomiques.fr\/en\/?s={search_term_string}"},"query-input":{"@type":"PropertyValueSpecification","valueRequired":true,"valueName":"search_term_string"}}],"inLanguage":"en-US"}]}},"_links":{"self":[{"href":"https:\/\/www.lesrencontreseconomiques.fr\/en\/wp-json\/wp\/v2\/pages\/8916","targetHints":{"allow":["GET"]}}],"collection":[{"href":"https:\/\/www.lesrencontreseconomiques.fr\/en\/wp-json\/wp\/v2\/pages"}],"about":[{"href":"https:\/\/www.lesrencontreseconomiques.fr\/en\/wp-json\/wp\/v2\/types\/page"}],"author":[{"embeddable":true,"href":"https:\/\/www.lesrencontreseconomiques.fr\/en\/wp-json\/wp\/v2\/users\/2"}],"replies":[{"embeddable":true,"href":"https:\/\/www.lesrencontreseconomiques.fr\/en\/wp-json\/wp\/v2\/comments?post=8916"}],"version-history":[{"count":10,"href":"https:\/\/www.lesrencontreseconomiques.fr\/en\/wp-json\/wp\/v2\/pages\/8916\/revisions"}],"predecessor-version":[{"id":22716,"href":"https:\/\/www.lesrencontreseconomiques.fr\/en\/wp-json\/wp\/v2\/pages\/8916\/revisions\/22716"}],"up":[{"embeddable":true,"href":"https:\/\/www.lesrencontreseconomiques.fr\/en\/wp-json\/wp\/v2\/pages\/16227"}],"wp:attachment":[{"href":"https:\/\/www.lesrencontreseconomiques.fr\/en\/wp-json\/wp\/v2\/media?parent=8916"}],"curies":[{"name":"wp","href":"https:\/\/api.w.org\/{rel}","templated":true}]}}