{"id":7,"date":"2020-11-12T16:16:36","date_gmt":"2020-11-12T15:16:36","guid":{"rendered":"https:\/\/www.lesrencontreseconomiques.fr\/?page_id=7"},"modified":"2025-10-17T16:36:00","modified_gmt":"2025-10-17T14:36:00","slug":"accueil","status":"publish","type":"page","link":"https:\/\/www.lesrencontreseconomiques.fr\/en\/","title":{"rendered":"Home"},"content":{"rendered":"<div class=\"-wrapper -668 -mt-90 -mb-90\">\n<div class=\"cp-intro -texte\">\n<div class=\"description\">\n<div class=\"cp-texte\">\n<h3 style=\"text-align: center;\">Supported by<\/h3>\n<p><img loading=\"lazy\" decoding=\"async\" class=\"aligncenter wp-image-20292 size-large\" src=\"https:\/\/www.lesrencontreseconomiques.fr\/wp-content\/uploads\/2025\/06\/bandeau-partenaires-institutionnels-668x203.png\" alt=\"\" width=\"668\" height=\"203\" \/><\/p>\n<\/p><\/div>\n<\/p><\/div>\n<\/p><\/div>\n<\/p><\/div>\n<div class=\"-wrapper -1024 -is-hr -mt-90 -mb-90\">\n<hr>\n<\/div>\n<div class=\"bhv-hslider\">\n<div class=\"cp-section-header -wrapper -1024 -mt-90\" data-reaix-uid-1>\n<h2 class=\"cp-titre-2 -section\" data-aos=\"fade-right\" data-aos-anchor-placement=\"top-bottom\" data-aos-offset=\"200\" data-aos-anchor=\"[data-reaix-uid-1]\">They will be there<\/h2>\n<p>\t\t\t\t<a href=\"https:\/\/www.lesrencontreseconomiques.fr\/en\/speakers\/\"  class=\"cp-cta-plus -gris\" data-aos=\"fade-in\" data-aos-anchor-placement=\"top-bottom\" data-aos-offset=\"200\" data-aos-delay=\"600\" data-aos-anchor=\"[data-reaix-uid-1]\"><br \/>\n\t\t\t<span>Meet our speakers<\/span><br \/>\n\t\t<\/a><\/p>\n<div class=\"bhv-hslider__arrows cp-slideshow-controles\" data-aos=\"fade-in\" data-aos-anchor-placement=\"top-bottom\" data-aos-offset=\"200\" data-aos-delay=\"800\" data-aos-anchor=\"[data-reaix-uid-1]\">\n\t\t\t<a href=\"javascript:void(0)\"><br \/>\n\t\t\t\t<img decoding=\"async\" src=\"https:\/\/www.lesrencontreseconomiques.fr\/wp-content\/themes\/reaix\/assets\/img\/pictos\/arrow-left.svg\" alt=\"Previous\"><br \/>\n\t\t\t<\/a><br \/>\n\t\t\t<a href=\"javascript:void(0)\"><br \/>\n\t\t\t\t<img decoding=\"async\" src=\"https:\/\/www.lesrencontreseconomiques.fr\/wp-content\/themes\/reaix\/assets\/img\/pictos\/arrow-right.svg\" alt=\"Next\"><br \/>\n\t\t\t<\/a>\n\t\t<\/div>\n<\/p><\/div>\n<div class=\"-wrapper -1024 -mb-90\">\n<div class=\"cp-remontee-intervenants -grille-multi -cover-light\">\n<div class=\"bhv-hslider__items intervenants\">\n<div class=\"bhv-hslider__items__item contenu\" data-aos=\"fade-up\" data-aos-anchor-placement=\"top-bottom\" data-aos-offset=\"200\" data-aos-delay=\"100\">\n<div class=\"media\">\n<div class=\"image -walc \" style=\"padding-top:129.46429%\"><img width=\"224\" height=\"290\" src=\"https:\/\/www.lesrencontreseconomiques.fr\/wp-content\/uploads\/2024\/06\/michel-barnier-224x290.jpg\" class=\"attachment-small_portrait_crop size-small_portrait_crop\" alt=\"\" decoding=\"async\" loading=\"lazy\" \/><\/div>\n<\/p><\/div>\n<div class=\"description\">\n\t\t\t\t\t\t<a class=\"nom\" href=\"https:\/\/www.lesrencontreseconomiques.fr\/en\/speakers\/michel-barnier\/\"><br \/>\n\t\t\t\t\t\t\tMichel BARNIER\t\t\t\t\t\t<\/a><\/p>\n<div class=\"titre\">\n\t\t\t\t\t\t\t<br \/>\n\t\t\t\t\t\t\t&#8211;<br \/>\n\t\t\t\t\t\t\tFormer Prime Minister, France\t\t\t\t\t\t<\/div>\n<div class=\"lien\">\n\t\t\t\t\t\t\t<span class=\"cp-cta-plus -bio\">Bio<\/span>\n\t\t\t\t\t\t<\/div>\n<\/p><\/div>\n<\/p><\/div>\n<div class=\"bhv-hslider__items__item contenu\" data-aos=\"fade-up\" data-aos-anchor-placement=\"top-bottom\" data-aos-offset=\"200\" data-aos-delay=\"200\">\n<div class=\"media\">\n<div class=\"image -walc \" style=\"padding-top:129.46429%\"><img width=\"224\" height=\"290\" src=\"https:\/\/www.lesrencontreseconomiques.fr\/wp-content\/uploads\/2025\/06\/jean-noel-barrot-224x290.png\" class=\"attachment-small_portrait_crop size-small_portrait_crop\" alt=\"\" decoding=\"async\" loading=\"lazy\" \/><\/div>\n<\/p><\/div>\n<div class=\"description\">\n\t\t\t\t\t\t<a class=\"nom\" href=\"https:\/\/www.lesrencontreseconomiques.fr\/en\/speakers\/jean-noel-barrot\/\"><br \/>\n\t\t\t\t\t\t\tJean-No\u00ebl BARROT\t\t\t\t\t\t<\/a><\/p>\n<div class=\"titre\">\n\t\t\t\t\t\t\t<br \/>\n\t\t\t\t\t\t\t&#8211;<br \/>\n\t\t\t\t\t\t\tMinister for Foreign Affairs, France\t\t\t\t\t\t<\/div>\n<div class=\"lien\">\n\t\t\t\t\t\t\t<span class=\"cp-cta-plus -bio\">Bio<\/span>\n\t\t\t\t\t\t<\/div>\n<\/p><\/div>\n<\/p><\/div>\n<div class=\"bhv-hslider__items__item contenu\" data-aos=\"fade-up\" data-aos-anchor-placement=\"top-bottom\" data-aos-offset=\"200\" data-aos-delay=\"300\">\n<div class=\"media\">\n<div class=\"image -walc \" style=\"padding-top:129.46429%\"><img width=\"224\" height=\"290\" src=\"https:\/\/www.lesrencontreseconomiques.fr\/wp-content\/uploads\/2025\/06\/sophie-binet-224x290.jpg\" class=\"attachment-small_portrait_crop size-small_portrait_crop\" alt=\"\" decoding=\"async\" loading=\"lazy\" \/><\/div>\n<\/p><\/div>\n<div class=\"description\">\n\t\t\t\t\t\t<a class=\"nom\" href=\"https:\/\/www.lesrencontreseconomiques.fr\/en\/speakers\/sophie-binet\/\"><br \/>\n\t\t\t\t\t\t\tSophie BINET\t\t\t\t\t\t<\/a><\/p>\n<div class=\"titre\">\n\t\t\t\t\t\t\tGeneral Secretary<br \/>\n\t\t\t\t\t\t\t&#8211;<br \/>\n\t\t\t\t\t\t\tCGT\t\t\t\t\t\t<\/div>\n<div class=\"lien\">\n\t\t\t\t\t\t\t<span class=\"cp-cta-plus -bio\">Bio<\/span>\n\t\t\t\t\t\t<\/div>\n<\/p><\/div>\n<\/p><\/div>\n<div class=\"bhv-hslider__items__item contenu\" data-aos=\"fade-up\" data-aos-anchor-placement=\"top-bottom\" data-aos-offset=\"200\" data-aos-delay=\"400\">\n<div class=\"media\">\n<div class=\"image -walc \" style=\"padding-top:129.46429%\"><img width=\"224\" height=\"290\" src=\"https:\/\/www.lesrencontreseconomiques.fr\/wp-content\/uploads\/2025\/05\/thomas-buberl-224x290.png\" class=\"attachment-small_portrait_crop size-small_portrait_crop\" alt=\"\" decoding=\"async\" loading=\"lazy\" \/><\/div>\n<\/p><\/div>\n<div class=\"description\">\n\t\t\t\t\t\t<a class=\"nom\" href=\"https:\/\/www.lesrencontreseconomiques.fr\/en\/speakers\/thomas-buberl\/\"><br \/>\n\t\t\t\t\t\t\tThomas BUBERL\t\t\t\t\t\t<\/a><\/p>\n<div class=\"titre\">\n\t\t\t\t\t\t\tChief Executive Officer <br \/>\n\t\t\t\t\t\t\t&#8211;<br \/>\n\t\t\t\t\t\t\tAxa\t\t\t\t\t\t<\/div>\n<div class=\"lien\">\n\t\t\t\t\t\t\t<span class=\"cp-cta-plus -bio\">Bio<\/span>\n\t\t\t\t\t\t<\/div>\n<\/p><\/div>\n<\/p><\/div>\n<div class=\"bhv-hslider__items__item contenu\" data-aos=\"fade-up\" data-aos-anchor-placement=\"top-bottom\" data-aos-offset=\"200\" data-aos-delay=\"500\">\n<div class=\"media\">\n<div class=\"image -walc \" style=\"padding-top:129.46429%\"><img width=\"224\" height=\"290\" src=\"https:\/\/www.lesrencontreseconomiques.fr\/wp-content\/uploads\/2025\/05\/mario-draghi-224x290.png\" class=\"attachment-small_portrait_crop size-small_portrait_crop\" alt=\"\" decoding=\"async\" loading=\"lazy\" \/><\/div>\n<\/p><\/div>\n<div class=\"description\">\n\t\t\t\t\t\t<a class=\"nom\" href=\"https:\/\/www.lesrencontreseconomiques.fr\/intervenants\/mario-draghi\/\"><br \/>\n\t\t\t\t\t\t\tMario DRAGHI\t\t\t\t\t\t<\/a><\/p>\n<div class=\"titre\">\n\t\t\t\t\t\t\t<br \/>\n\t\t\t\t\t\t\t&#8211;<br \/>\n\t\t\t\t\t\t\tAncien Pr\u00e9sident du Conseil des ministres, Italie\t\t\t\t\t\t<\/div>\n<div class=\"lien\">\n\t\t\t\t\t\t\t<span class=\"cp-cta-plus -bio\">Bio<\/span>\n\t\t\t\t\t\t<\/div>\n<\/p><\/div>\n<\/p><\/div>\n<div class=\"bhv-hslider__items__item contenu\" data-aos=\"fade-up\" data-aos-anchor-placement=\"top-bottom\" data-aos-offset=\"200\" data-aos-delay=\"600\">\n<div class=\"media\">\n<div class=\"image -walc \" style=\"padding-top:129.46429%\"><img width=\"224\" height=\"290\" src=\"https:\/\/www.lesrencontreseconomiques.fr\/wp-content\/uploads\/2025\/04\/esther-duflo-224x290.jpg\" class=\"attachment-small_portrait_crop size-small_portrait_crop\" alt=\"\" decoding=\"async\" loading=\"lazy\" \/><\/div>\n<\/p><\/div>\n<div class=\"description\">\n\t\t\t\t\t\t<a class=\"nom\" href=\"https:\/\/www.lesrencontreseconomiques.fr\/en\/speakers\/esther-duflo\/\"><br \/>\n\t\t\t\t\t\t\tEsther DUFLO\t\t\t\t\t\t<\/a><\/p>\n<div class=\"titre\">\n\t\t\t\t\t\t\tProfessor<br \/>\n\t\t\t\t\t\t\t&#8211;<br \/>\n\t\t\t\t\t\t\tNobel Memorial Prize in Economic Sciences (2019)\t\t\t\t\t\t<\/div>\n<div class=\"lien\">\n\t\t\t\t\t\t\t<span class=\"cp-cta-plus -bio\">Bio<\/span>\n\t\t\t\t\t\t<\/div>\n<\/p><\/div>\n<\/p><\/div>\n<div class=\"bhv-hslider__items__item contenu\" >\n<div class=\"media\">\n<div class=\"image -walc \" style=\"padding-top:129.46429%\"><img width=\"224\" height=\"290\" src=\"https:\/\/www.lesrencontreseconomiques.fr\/wp-content\/uploads\/2025\/05\/tony-estanguet-224x290.jpg\" class=\"attachment-small_portrait_crop size-small_portrait_crop\" alt=\"\" decoding=\"async\" loading=\"lazy\" \/><\/div>\n<\/p><\/div>\n<div class=\"description\">\n\t\t\t\t\t\t<a class=\"nom\" href=\"https:\/\/www.lesrencontreseconomiques.fr\/en\/speakers\/tony-estanguet\/\"><br \/>\n\t\t\t\t\t\t\tTony ESTANGUET\t\t\t\t\t\t<\/a><\/p>\n<div class=\"titre\">\n\t\t\t\t\t\t\tPresident<br \/>\n\t\t\t\t\t\t\t&#8211;<br \/>\n\t\t\t\t\t\t\tParis 2024\t\t\t\t\t\t<\/div>\n<div class=\"lien\">\n\t\t\t\t\t\t\t<span class=\"cp-cta-plus -bio\">Bio<\/span>\n\t\t\t\t\t\t<\/div>\n<\/p><\/div>\n<\/p><\/div>\n<div class=\"bhv-hslider__items__item contenu\" >\n<div class=\"media\">\n<div class=\"image -walc \" style=\"padding-top:129.46429%\"><img width=\"224\" height=\"290\" src=\"https:\/\/www.lesrencontreseconomiques.fr\/wp-content\/uploads\/2025\/05\/pierre-olivier-gourinchas-224x290.jpg\" class=\"attachment-small_portrait_crop size-small_portrait_crop\" alt=\"\" decoding=\"async\" loading=\"lazy\" \/><\/div>\n<\/p><\/div>\n<div class=\"description\">\n\t\t\t\t\t\t<a class=\"nom\" href=\"https:\/\/www.lesrencontreseconomiques.fr\/en\/speakers\/pierre-olivier-gourinchas\/\"><br \/>\n\t\t\t\t\t\t\tPierre-Olivier GOURINCHAS\t\t\t\t\t\t<\/a><\/p>\n<div class=\"titre\">\n\t\t\t\t\t\t\tEconomic Counsellor and Director of the Research Department<br \/>\n\t\t\t\t\t\t\t&#8211;<br \/>\n\t\t\t\t\t\t\tInternational Monetary Fund\t\t\t\t\t\t<\/div>\n<div class=\"lien\">\n\t\t\t\t\t\t\t<span class=\"cp-cta-plus -bio\">Bio<\/span>\n\t\t\t\t\t\t<\/div>\n<\/p><\/div>\n<\/p><\/div>\n<div class=\"bhv-hslider__items__item contenu\" >\n<div class=\"media\">\n<div class=\"image -walc \" style=\"padding-top:129.46429%\"><img width=\"224\" height=\"290\" src=\"https:\/\/www.lesrencontreseconomiques.fr\/wp-content\/uploads\/2025\/06\/dr-ilham-kadri-1-224x290.jpg\" class=\"attachment-small_portrait_crop size-small_portrait_crop\" alt=\"\" decoding=\"async\" loading=\"lazy\" \/><\/div>\n<\/p><\/div>\n<div class=\"description\">\n\t\t\t\t\t\t<a class=\"nom\" href=\"https:\/\/www.lesrencontreseconomiques.fr\/en\/speakers\/ilham-kadri\/\"><br \/>\n\t\t\t\t\t\t\tDr.Ilham KADRI\t\t\t\t\t\t<\/a><\/p>\n<div class=\"titre\">\n\t\t\t\t\t\t\tChief Executive Officer<br \/>\n\t\t\t\t\t\t\t&#8211;<br \/>\n\t\t\t\t\t\t\tSyensqo \t\t\t\t\t\t<\/div>\n<div class=\"lien\">\n\t\t\t\t\t\t\t<span class=\"cp-cta-plus -bio\">Bio<\/span>\n\t\t\t\t\t\t<\/div>\n<\/p><\/div>\n<\/p><\/div>\n<div class=\"bhv-hslider__items__item contenu\" >\n<div class=\"media\">\n<div class=\"image -walc \" style=\"padding-top:129.46429%\"><img width=\"224\" height=\"290\" src=\"https:\/\/www.lesrencontreseconomiques.fr\/wp-content\/uploads\/2025\/05\/ndidi-okonkwo-nwuneli-224x290.jpg\" class=\"attachment-small_portrait_crop size-small_portrait_crop\" alt=\"\" decoding=\"async\" loading=\"lazy\" \/><\/div>\n<\/p><\/div>\n<div class=\"description\">\n\t\t\t\t\t\t<a class=\"nom\" href=\"https:\/\/www.lesrencontreseconomiques.fr\/en\/speakers\/ndidi-okonkwo-nwuneli\/\"><br \/>\n\t\t\t\t\t\t\tNdidi OKONKWO NWUNELI\t\t\t\t\t\t<\/a><\/p>\n<div class=\"titre\">\n\t\t\t\t\t\t\tPresident &#038; Chief Executive Officer<br \/>\n\t\t\t\t\t\t\t&#8211;<br \/>\n\t\t\t\t\t\t\tONE Campaign\t\t\t\t\t\t<\/div>\n<div class=\"lien\">\n\t\t\t\t\t\t\t<span class=\"cp-cta-plus -bio\">Bio<\/span>\n\t\t\t\t\t\t<\/div>\n<\/p><\/div>\n<\/p><\/div>\n<div class=\"bhv-hslider__items__item contenu\" >\n<div class=\"media\">\n<div class=\"image -walc \" style=\"padding-top:129.46429%\"><img width=\"224\" height=\"290\" src=\"https:\/\/www.lesrencontreseconomiques.fr\/wp-content\/uploads\/2025\/05\/patrick-pouyanne-1-224x290.jpg\" class=\"attachment-small_portrait_crop size-small_portrait_crop\" alt=\"\" decoding=\"async\" loading=\"lazy\" \/><\/div>\n<\/p><\/div>\n<div class=\"description\">\n\t\t\t\t\t\t<a class=\"nom\" href=\"https:\/\/www.lesrencontreseconomiques.fr\/en\/speakers\/patrick-pouyanne\/\"><br \/>\n\t\t\t\t\t\t\tPatrick POUYANN\u00c9\t\t\t\t\t\t<\/a><\/p>\n<div class=\"titre\">\n\t\t\t\t\t\t\tChairman &#038; Chief Executive Officer<br \/>\n\t\t\t\t\t\t\t&#8211;<br \/>\n\t\t\t\t\t\t\tTotalEnergies\t\t\t\t\t\t<\/div>\n<div class=\"lien\">\n\t\t\t\t\t\t\t<span class=\"cp-cta-plus -bio\">Bio<\/span>\n\t\t\t\t\t\t<\/div>\n<\/p><\/div>\n<\/p><\/div>\n<div class=\"bhv-hslider__items__item contenu\" >\n<div class=\"media\">\n<div class=\"image -walc \" style=\"padding-top:129.46429%\"><img width=\"224\" height=\"290\" src=\"https:\/\/www.lesrencontreseconomiques.fr\/wp-content\/uploads\/2025\/04\/mamphela-ramphele-224x290.png\" class=\"attachment-small_portrait_crop size-small_portrait_crop\" alt=\"\" decoding=\"async\" loading=\"lazy\" \/><\/div>\n<\/p><\/div>\n<div class=\"description\">\n\t\t\t\t\t\t<a class=\"nom\" href=\"https:\/\/www.lesrencontreseconomiques.fr\/en\/speakers\/mamphela-ramphele\/\"><br \/>\n\t\t\t\t\t\t\tMamphela RAMPHELE\t\t\t\t\t\t<\/a><\/p>\n<div class=\"titre\">\n\t\t\t\t\t\t\tHonorary President<br \/>\n\t\t\t\t\t\t\t&#8211;<br \/>\n\t\t\t\t\t\t\tClub of Rome\t\t\t\t\t\t<\/div>\n<div class=\"lien\">\n\t\t\t\t\t\t\t<span class=\"cp-cta-plus -bio\">Bio<\/span>\n\t\t\t\t\t\t<\/div>\n<\/p><\/div>\n<\/p><\/div>\n<div class=\"bhv-hslider__items__item contenu\" >\n<div class=\"media\">\n<div class=\"image -walc \" style=\"padding-top:129.46429%\"><img width=\"224\" height=\"290\" src=\"https:\/\/www.lesrencontreseconomiques.fr\/wp-content\/uploads\/2025\/05\/loic-soubeyrand-224x290.jpg\" class=\"attachment-small_portrait_crop size-small_portrait_crop\" alt=\"\" decoding=\"async\" loading=\"lazy\" \/><\/div>\n<\/p><\/div>\n<div class=\"description\">\n\t\t\t\t\t\t<a class=\"nom\" href=\"https:\/\/www.lesrencontreseconomiques.fr\/en\/speakers\/loic-soubeyrand\/\"><br \/>\n\t\t\t\t\t\t\tLo\u00efc SOUBEYRAND\t\t\t\t\t\t<\/a><\/p>\n<div class=\"titre\">\n\t\t\t\t\t\t\tFounder &#038; Chief Executive Officer<br \/>\n\t\t\t\t\t\t\t&#8211;<br \/>\n\t\t\t\t\t\t\tSwile\t\t\t\t\t\t<\/div>\n<div class=\"lien\">\n\t\t\t\t\t\t\t<span class=\"cp-cta-plus -bio\">Bio<\/span>\n\t\t\t\t\t\t<\/div>\n<\/p><\/div>\n<\/p><\/div>\n<\/p><\/div>\n<\/p><\/div>\n<\/p><\/div>\n<\/div>\n<div class=\"-wrapper -1024 -is-hr -mt-90 -mb-90\">\n<hr>\n<\/div>\n<div class=\"cp-section-header -wrapper -846 -mt-90\" data-reaix-uid-2>\n<h2 class=\"cp-titre-2 -section\" data-aos=\"fade-right\" data-aos-anchor-placement=\"top-bottom\" data-aos-offset=\"200\">The programme<\/h2>\n<p>\t\t\t\t<a href=\"https:\/\/www.lesrencontreseconomiques.fr\/en\/programme\/\"  class=\"cp-cta-plus -rouge\" data-aos=\"fade-in\" data-aos-anchor-placement=\"top-bottom\" data-aos-offset=\"200\" data-aos-delay=\"600\" data-aos-anchor=\"[data-reaix-uid-2]\"><br \/>\n\t\t\t<span>Explore the programme<\/span><br \/>\n\t\t<\/a>\n\t\t\t<\/div>\n<div class=\"-wrapper -846  -mb-90\" data-reaix-uid-3>\n<div class=\"cp-remontee-events\">\n<div class=\"events -grid\">\n<div class=\"event\">\n<div class=\"media\" data-aos=\"flip-left\" data-aos-anchor-placement=\"top-bottom\" data-aos-offset=\"200\" data-aos-anchor=\"[data-reaix-uid-3]\">\n<div class=\"image -walc \" style=\"padding-top:100%\"><img width=\"290\" height=\"290\" src=\"https:\/\/www.lesrencontreseconomiques.fr\/wp-content\/uploads\/2025\/05\/jean-herve-lorenzi-fondateur-du-cercle-des-economistes-ouvre-les-rencontres-economiques-photo-claire-gaby-1720208103-290x290.jpg\" class=\"attachment-small_square_crop size-small_square_crop\" alt=\"\" decoding=\"async\" loading=\"lazy\" srcset=\"https:\/\/www.lesrencontreseconomiques.fr\/wp-content\/uploads\/2025\/05\/jean-herve-lorenzi-fondateur-du-cercle-des-economistes-ouvre-les-rencontres-economiques-photo-claire-gaby-1720208103-290x290.jpg 290w, https:\/\/www.lesrencontreseconomiques.fr\/wp-content\/uploads\/2025\/05\/jean-herve-lorenzi-fondateur-du-cercle-des-economistes-ouvre-les-rencontres-economiques-photo-claire-gaby-1720208103-150x150.jpg 150w\" sizes=\"auto, (max-width: 290px) 100vw, 290px\" \/><\/div>\n<\/p><\/div>\n<div class=\"contenu\" data-aos=\"zoom-in\" data-aos-anchor-placement=\"top-bottom\" data-aos-offset=\"200\" data-aos-delay=\"200\" data-aos-anchor=\"[data-reaix-uid-3]\">\n<div class=\"date\">\n\t\t\t\t\t\tJuly 4 |<br \/>\n\t\t\t\t\t\t<img decoding=\"async\" src=\"https:\/\/www.lesrencontreseconomiques.fr\/wp-content\/themes\/reaix\/assets\/img\/pictos\/clock-grey-cercle.png\" alt=\"\"><br \/>\n\t\t\t\t\t\t14:00 &#8211;<br \/>\n\t\t\t\t\t\t15:00\t\t\t\t\t<\/div>\n<div class=\"type\">Semi-plenary 05<\/div>\n<p>\t\t\t\t\t\t\t\t\t\t<a class=\"titre\" href=\"https:\/\/www.lesrencontreseconomiques.fr\/en\/events\/semi-plenary-05-is-france-too-divided-to-unite\/\"><br \/>\n\t\t\t\t\t\tIs France Too Divided to Unite?\t\t\t\t\t<\/a><\/p>\n<div class=\"accroche\">There is ample evidence of the importance of social, territorial and cultural&hellip;<\/div>\n<div class=\"lien\">\n\t\t\t\t\t\t<span class=\"cp-cta-plus -rouge -fs-14\"><span>Learn more<\/span><\/span>\n\t\t\t\t\t<\/div>\n<\/p><\/div>\n<\/p><\/div>\n<div class=\"event -vertical\">\n<div class=\"media\" data-aos=\"flip-left\" data-aos-anchor-placement=\"top-bottom\" data-aos-offset=\"200\" data-aos-delay=\"400\" data-aos-anchor=\"[data-reaix-uid-3]\">\n<div class=\"image -walc \" style=\"padding-top:100%\"><img width=\"290\" height=\"290\" src=\"https:\/\/www.lesrencontreseconomiques.fr\/wp-content\/uploads\/2025\/05\/10H30_S1_LAURENT-LE-CRABE_008-290x290.jpg\" class=\"attachment-small_square_crop size-small_square_crop\" alt=\"\" decoding=\"async\" loading=\"lazy\" srcset=\"https:\/\/www.lesrencontreseconomiques.fr\/wp-content\/uploads\/2025\/05\/10H30_S1_LAURENT-LE-CRABE_008-290x290.jpg 290w, https:\/\/www.lesrencontreseconomiques.fr\/wp-content\/uploads\/2025\/05\/10H30_S1_LAURENT-LE-CRABE_008-150x150.jpg 150w\" sizes=\"auto, (max-width: 290px) 100vw, 290px\" \/><\/div>\n<\/p><\/div>\n<div class=\"contenu\" data-aos=\"zoom-in\" data-aos-anchor-placement=\"top-bottom\" data-aos-offset=\"200\" data-aos-delay=\"1000\" data-aos-anchor=\"[data-reaix-uid-3]\">\n<div class=\"date\">\n\t\t\t\t\t\tJuly 5 |<br \/>\n\t\t\t\t\t\t<img decoding=\"async\" src=\"https:\/\/www.lesrencontreseconomiques.fr\/wp-content\/themes\/reaix\/assets\/img\/pictos\/clock-grey-cercle.png\" alt=\"\"><br \/>\n\t\t\t\t\t\t18:45 &#8211;<br \/>\n\t\t\t\t\t\t19:45\t\t\t\t\t<\/div>\n<div class=\"type\">Final Session<\/div>\n<p>\t\t\t\t\t\t\t\t\t\t<a class=\"titre\" href=\"https:\/\/www.lesrencontreseconomiques.fr\/en\/events\/final-session-breaking-the-cycle-of-violence-in-our-societies\/\"><br \/>\n\t\t\t\t\t\tBreaking the Cycle of Violence in Our Societies\t\t\t\t\t<\/a><\/p>\n<div class=\"accroche\">Never since the Second World War has the world experienced so many&hellip;<\/div>\n<div class=\"lien\">\n\t\t\t\t\t\t<span class=\"cp-cta-plus -rouge -fs-14\"><span>Learn more<\/span><\/span>\n\t\t\t\t\t<\/div>\n<\/p><\/div>\n<\/p><\/div>\n<div class=\"event -switch\">\n<div class=\"media\" data-aos=\"flip-left\" data-aos-anchor-placement=\"top-bottom\" data-aos-offset=\"200\" data-aos-delay=\"800\" data-aos-anchor=\"[data-reaix-uid-3]\">\n<div class=\"image -walc \" style=\"padding-top:100%\"><img width=\"290\" height=\"290\" src=\"https:\/\/www.lesrencontreseconomiques.fr\/wp-content\/uploads\/2025\/05\/90-290x290.jpeg\" class=\"attachment-small_square_crop size-small_square_crop\" alt=\"\" decoding=\"async\" loading=\"lazy\" srcset=\"https:\/\/www.lesrencontreseconomiques.fr\/wp-content\/uploads\/2025\/05\/90-290x290.jpeg 290w, https:\/\/www.lesrencontreseconomiques.fr\/wp-content\/uploads\/2025\/05\/90-150x150.jpeg 150w\" sizes=\"auto, (max-width: 290px) 100vw, 290px\" \/><\/div>\n<\/p><\/div>\n<div class=\"contenu\" data-aos=\"zoom-in\" data-aos-anchor-placement=\"top-bottom\" data-aos-offset=\"200\" data-aos-delay=\"600\" data-aos-anchor=\"[data-reaix-uid-3]\">\n<div class=\"date\">\n\t\t\t\t\t\tJuly 3 |<br \/>\n\t\t\t\t\t\t<img decoding=\"async\" src=\"https:\/\/www.lesrencontreseconomiques.fr\/wp-content\/themes\/reaix\/assets\/img\/pictos\/clock-grey-cercle.png\" alt=\"\"><br \/>\n\t\t\t\t\t\t16:00 &#8211;<br \/>\n\t\t\t\t\t\t17:00\t\t\t\t\t<\/div>\n<div class=\"type\">OPENING<\/div>\n<p>\t\t\t\t\t\t\t\t\t\t<a class=\"titre\" href=\"https:\/\/www.lesrencontreseconomiques.fr\/en\/events\/opening-the-urgent-need-for-a-rational-debate\/\"><br \/>\n\t\t\t\t\t\tThe Urgent Need for a Rational Debate\t\t\t\t\t<\/a><\/p>\n<div class=\"accroche\">Faced with the polarization of society, the rise of fakenews and the&hellip;<\/div>\n<div class=\"lien\">\n\t\t\t\t\t\t<span class=\"cp-cta-plus -rouge -fs-14\"><span>Learn more<\/span><\/span>\n\t\t\t\t\t<\/div>\n<\/p><\/div>\n<\/p><\/div>\n<\/p><\/div>\n<\/p><\/div>\n<\/div>\n<div class=\"-wrapper -1024 -is-hr -mt-90 -mb-90\">\n<hr>\n<\/div>\n<div class=\"-wrapper -846 -mt-90 -mb-90\">\n<div class=\"cp-cta-focus\" data-reaix-uid-4>\n<div class=\"photo\" data-aos=\"fade-up\" data-aos-anchor-placement=\"top-bottom\" data-aos-offset=\"200\" data-aos-delay=\"4\">\n<div class=\"image -walc \" style=\"padding-top:66.61677%\"><img width=\"668\" height=\"445\" src=\"https:\/\/www.lesrencontreseconomiques.fr\/wp-content\/uploads\/2025\/01\/REAIX_PROJET-JEUNESSE_CHARLENE-LOUESDON_020-668x445.jpg\" class=\"attachment-large_landscape_crop size-large_landscape_crop\" alt=\"\" decoding=\"async\" loading=\"lazy\" srcset=\"https:\/\/www.lesrencontreseconomiques.fr\/wp-content\/uploads\/2025\/01\/REAIX_PROJET-JEUNESSE_CHARLENE-LOUESDON_020-668x445.jpg 668w, https:\/\/www.lesrencontreseconomiques.fr\/wp-content\/uploads\/2025\/01\/REAIX_PROJET-JEUNESSE_CHARLENE-LOUESDON_020.jpg 490w, https:\/\/www.lesrencontreseconomiques.fr\/wp-content\/uploads\/2025\/01\/REAIX_PROJET-JEUNESSE_CHARLENE-LOUESDON_020-1536x1024.jpg 1536w, https:\/\/www.lesrencontreseconomiques.fr\/wp-content\/uploads\/2025\/01\/REAIX_PROJET-JEUNESSE_CHARLENE-LOUESDON_020-210x140.jpg 210w, https:\/\/www.lesrencontreseconomiques.fr\/wp-content\/uploads\/2025\/01\/REAIX_PROJET-JEUNESSE_CHARLENE-LOUESDON_020-224x149.jpg 224w, https:\/\/www.lesrencontreseconomiques.fr\/wp-content\/uploads\/2025\/01\/REAIX_PROJET-JEUNESSE_CHARLENE-LOUESDON_020-312x208.jpg 312w, https:\/\/www.lesrencontreseconomiques.fr\/wp-content\/uploads\/2025\/01\/REAIX_PROJET-JEUNESSE_CHARLENE-LOUESDON_020.jpg 1600w\" sizes=\"auto, (max-width: 668px) 100vw, 668px\" \/><\/div>\n<\/p><\/div>\n<div class=\"description cp-texte\" data-aos=\"fade-up\" data-aos-anchor-placement=\"top-bottom\" data-aos-offset=\"200\" data-aos-delay=\"300\" data-aos-anchor=\"[data-reaix-uid-4]\">\n<h2>Youth at the heart of the forum<\/h2>\n<p>To put the many issues facing young people back at the heart of the economic debate, le Cercle des \u00e9conomistes is launching the 3rd edition of the JEUNESSE(S) project. To mark the 25th anniversary of the event, le Cercle des \u00e9conomistes will be creating a new space for dialogue and reflection: the Agora Jeunesse(s), to give a voice to 18-30 year-olds and fully integrate them into economic and political debates.<\/p>\n<p><a class=\"cp-cta-bouton\" href=\"https:\/\/www.lesrencontreseconomiques.fr\/en\/jeunesses\/\">More<\/a><\/p>\n<\/p><\/div>\n<\/p><\/div>\n<\/div>\n<div class=\"-wrapper -846 -is-hr -mt-90 -mb-90\">\n<hr>\n<\/div>\n<div class=\"-wrapper -1024 -mt-90 -mb-90\">\n<div class=\"cp-partenaires-v2\" data-reaix-uid-5>\n<div class=\"en-tete\">\n<h2 class=\"cp-titre-2\" data-aos=\"fade-right\" data-aos-anchor-placement=\"top-bottom\" data-aos-offset=\"200\" data-aos-anchor=\"[data-reaix-uid-5]\">Partners<\/h2>\n<p>\t\t\t\t\t\t\t<a href=\"https:\/\/www.lesrencontreseconomiques.fr\/en\/partners\/\"  class=\"cp-cta-plus -rouge\" data-aos=\"fade-right\" data-aos-anchor-placement=\"top-bottom\" data-aos-offset=\"200\" data-aos-delay=\"200\" data-aos-anchor=\"[data-reaix-uid-5]\"><br \/>\n\t\t\t\t\t<span>All our partners<\/span><br \/>\n\t\t\t\t<\/a>\n\t\t\t\t\t<\/div>\n<div class=\"logos-wrap\" data-aos=\"fade-up\" data-aos-anchor-placement=\"top-bottom\" data-aos-offset=\"200\" data-aos-delay=\"600\" data-aos-anchor=\"[data-reaix-uid-5]\">\n<ul class=\"logos\">\n<li>\n\t\t\t\t\t<a href=\"https:\/\/particuliers.engie.fr\/?utm_source=SEA_Google&amp;utm_medium=cpc&amp;utm_campaign=SEA_GG_Marque_ENGIE_Seul_Exact_Perf_Prospecting&amp;utm_term=engie&amp;utm_device=c&amp;utm_match=e&amp;utm_network=g&amp;wiz_source=SEA_Google&amp;wiz_medium=cpc&amp;wiz_campaign=SEA_GG_Marque_ENGIE_Seul_Exact_Perf_Prospecting&amp;wiz_term=engie&amp;gad_source=1&amp;gad_campaignid=266296860&amp;gclid=CjwKCAjwiezABhBZEiwAEbTPGLPgWNAY5myL4pzXzMI2CR_Wph-sKtW_14M-9xZWlJKPw-eefBvz1BoC9ugQAvD_BwE\" target=\"_blank\"><br \/>\n\t\t\t\t\t\t<img width=\"250\" height=\"90\" src=\"https:\/\/www.lesrencontreseconomiques.fr\/wp-content\/uploads\/2025\/05\/Logo-engie.svg_-250x90.png\" class=\"attachment-partner-small size-partner-small\" alt=\"Engie\" title=\"Engie\" decoding=\"async\" loading=\"lazy\" srcset=\"https:\/\/www.lesrencontreseconomiques.fr\/wp-content\/uploads\/2025\/05\/Logo-engie.svg_-250x90.png 250w, https:\/\/www.lesrencontreseconomiques.fr\/wp-content\/uploads\/2025\/05\/Logo-engie.svg_-490x177.png 490w, https:\/\/www.lesrencontreseconomiques.fr\/wp-content\/uploads\/2025\/05\/Logo-engie.svg_-668x241.png 668w, https:\/\/www.lesrencontreseconomiques.fr\/wp-content\/uploads\/2025\/05\/Logo-engie.svg_-224x81.png 224w, https:\/\/www.lesrencontreseconomiques.fr\/wp-content\/uploads\/2025\/05\/Logo-engie.svg_.png 1200w\" sizes=\"auto, (max-width: 250px) 100vw, 250px\" \/>\t\t\t\t\t<\/a>\n\t\t\t\t<\/li>\n<li>\n\t\t\t\t\t<a href=\"https:\/\/www.parisaeroport.fr\/homepage-groupe\" target=\"_blank\"><br \/>\n\t\t\t\t\t\t<img width=\"165\" height=\"140\" src=\"https:\/\/www.lesrencontreseconomiques.fr\/wp-content\/uploads\/2025\/05\/Logo_Groupe_ADP.svg_-165x140.png\" class=\"attachment-partner-small size-partner-small\" alt=\"Groupe ADP\" title=\"Groupe ADP\" decoding=\"async\" loading=\"lazy\" srcset=\"https:\/\/www.lesrencontreseconomiques.fr\/wp-content\/uploads\/2025\/05\/Logo_Groupe_ADP.svg_-165x140.png 165w, https:\/\/www.lesrencontreseconomiques.fr\/wp-content\/uploads\/2025\/05\/Logo_Groupe_ADP.svg_-490x415.png 490w, https:\/\/www.lesrencontreseconomiques.fr\/wp-content\/uploads\/2025\/05\/Logo_Groupe_ADP.svg_-668x566.png 668w, https:\/\/www.lesrencontreseconomiques.fr\/wp-content\/uploads\/2025\/05\/Logo_Groupe_ADP.svg_-224x190.png 224w, https:\/\/www.lesrencontreseconomiques.fr\/wp-content\/uploads\/2025\/05\/Logo_Groupe_ADP.svg_.png 1200w\" sizes=\"auto, (max-width: 165px) 100vw, 165px\" \/>\t\t\t\t\t<\/a>\n\t\t\t\t<\/li>\n<li>\n\t\t\t\t\t<a href=\"https:\/\/www.lapostegroupe.com\/fr\" target=\"_blank\"><br \/>\n\t\t\t\t\t\t<img width=\"250\" height=\"68\" src=\"https:\/\/www.lesrencontreseconomiques.fr\/wp-content\/uploads\/2025\/05\/Logo-groupe-la-poste-2021-1-250x68.png\" class=\"attachment-partner-small size-partner-small\" alt=\"Groupe La Poste\" title=\"Groupe La Poste\" decoding=\"async\" loading=\"lazy\" srcset=\"https:\/\/www.lesrencontreseconomiques.fr\/wp-content\/uploads\/2025\/05\/Logo-groupe-la-poste-2021-1-250x68.png 250w, https:\/\/www.lesrencontreseconomiques.fr\/wp-content\/uploads\/2025\/05\/Logo-groupe-la-poste-2021-1-490x132.png 490w, https:\/\/www.lesrencontreseconomiques.fr\/wp-content\/uploads\/2025\/05\/Logo-groupe-la-poste-2021-1-668x180.png 668w, https:\/\/www.lesrencontreseconomiques.fr\/wp-content\/uploads\/2025\/05\/Logo-groupe-la-poste-2021-1-1536x415.png 1536w, https:\/\/www.lesrencontreseconomiques.fr\/wp-content\/uploads\/2025\/05\/Logo-groupe-la-poste-2021-1-224x60.png 224w, https:\/\/www.lesrencontreseconomiques.fr\/wp-content\/uploads\/2025\/05\/Logo-groupe-la-poste-2021-1.png 1600w\" sizes=\"auto, (max-width: 250px) 100vw, 250px\" \/>\t\t\t\t\t<\/a>\n\t\t\t\t<\/li>\n<li>\n\t\t\t\t\t<a href=\"https:\/\/www.morganstanley.com\" target=\"_blank\"><br \/>\n\t\t\t\t\t\t<img width=\"250\" height=\"62\" src=\"https:\/\/www.lesrencontreseconomiques.fr\/wp-content\/uploads\/2025\/05\/Morgan-Stanley-logo-250x62.png\" class=\"attachment-partner-small size-partner-small\" alt=\"Morgan Stanley\" title=\"Morgan Stanley\" decoding=\"async\" loading=\"lazy\" srcset=\"https:\/\/www.lesrencontreseconomiques.fr\/wp-content\/uploads\/2025\/05\/Morgan-Stanley-logo-250x62.png 250w, https:\/\/www.lesrencontreseconomiques.fr\/wp-content\/uploads\/2025\/05\/Morgan-Stanley-logo-490x122.png 490w, https:\/\/www.lesrencontreseconomiques.fr\/wp-content\/uploads\/2025\/05\/Morgan-Stanley-logo-668x167.png 668w, https:\/\/www.lesrencontreseconomiques.fr\/wp-content\/uploads\/2025\/05\/Morgan-Stanley-logo-224x56.png 224w, https:\/\/www.lesrencontreseconomiques.fr\/wp-content\/uploads\/2025\/05\/Morgan-Stanley-logo.png 689w\" sizes=\"auto, (max-width: 250px) 100vw, 250px\" \/>\t\t\t\t\t<\/a>\n\t\t\t\t<\/li>\n<li>\n\t\t\t\t\t<a href=\"https:\/\/www.safran-group.com\/fr\" target=\"_blank\"><br \/>\n\t\t\t\t\t\t<img width=\"250\" height=\"86\" src=\"https:\/\/www.lesrencontreseconomiques.fr\/wp-content\/uploads\/2025\/05\/LOGO_SAFRAN_rvb-250x86.jpg\" class=\"attachment-partner-small size-partner-small\" alt=\"SAFRAN\" title=\"SAFRAN\" decoding=\"async\" loading=\"lazy\" srcset=\"https:\/\/www.lesrencontreseconomiques.fr\/wp-content\/uploads\/2025\/05\/LOGO_SAFRAN_rvb-250x86.jpg 250w, https:\/\/www.lesrencontreseconomiques.fr\/wp-content\/uploads\/2025\/05\/LOGO_SAFRAN_rvb-490x168.jpg 490w, https:\/\/www.lesrencontreseconomiques.fr\/wp-content\/uploads\/2025\/05\/LOGO_SAFRAN_rvb-668x229.jpg 668w, https:\/\/www.lesrencontreseconomiques.fr\/wp-content\/uploads\/2025\/05\/LOGO_SAFRAN_rvb-1536x527.jpg 1536w, https:\/\/www.lesrencontreseconomiques.fr\/wp-content\/uploads\/2025\/05\/LOGO_SAFRAN_rvb-224x77.jpg 224w, https:\/\/www.lesrencontreseconomiques.fr\/wp-content\/uploads\/2025\/05\/LOGO_SAFRAN_rvb.jpg 1600w\" sizes=\"auto, (max-width: 250px) 100vw, 250px\" \/>\t\t\t\t\t<\/a>\n\t\t\t\t<\/li>\n<li>\n\t\t\t\t\t<a href=\"https:\/\/saint-gobain.com\/fr\" target=\"_blank\"><br \/>\n\t\t\t\t\t\t<img width=\"250\" height=\"106\" src=\"https:\/\/www.lesrencontreseconomiques.fr\/wp-content\/uploads\/2025\/05\/Saint-Gobain_logo.svg_-250x106.png\" class=\"attachment-partner-small size-partner-small\" alt=\"Saint Gobain \" title=\"Saint Gobain \" decoding=\"async\" loading=\"lazy\" srcset=\"https:\/\/www.lesrencontreseconomiques.fr\/wp-content\/uploads\/2025\/05\/Saint-Gobain_logo.svg_-250x106.png 250w, https:\/\/www.lesrencontreseconomiques.fr\/wp-content\/uploads\/2025\/05\/Saint-Gobain_logo.svg_-490x208.png 490w, https:\/\/www.lesrencontreseconomiques.fr\/wp-content\/uploads\/2025\/05\/Saint-Gobain_logo.svg_-668x284.png 668w, https:\/\/www.lesrencontreseconomiques.fr\/wp-content\/uploads\/2025\/05\/Saint-Gobain_logo.svg_-224x95.png 224w, https:\/\/www.lesrencontreseconomiques.fr\/wp-content\/uploads\/2025\/05\/Saint-Gobain_logo.svg_.png 1200w\" sizes=\"auto, (max-width: 250px) 100vw, 250px\" \/>\t\t\t\t\t<\/a>\n\t\t\t\t<\/li>\n<li>\n\t\t\t\t\t<a href=\"https:\/\/www.accenture.com\/fr-fr\" target=\"_blank\"><br \/>\n\t\t\t\t\t\t<img width=\"250\" height=\"66\" src=\"https:\/\/www.lesrencontreseconomiques.fr\/wp-content\/uploads\/2025\/05\/acc_logo_black_purple_rgb-250x66.png\" class=\"attachment-partner-small size-partner-small\" alt=\"Accenture\" title=\"Accenture\" decoding=\"async\" loading=\"lazy\" srcset=\"https:\/\/www.lesrencontreseconomiques.fr\/wp-content\/uploads\/2025\/05\/acc_logo_black_purple_rgb-250x66.png 250w, https:\/\/www.lesrencontreseconomiques.fr\/wp-content\/uploads\/2025\/05\/acc_logo_black_purple_rgb-490x129.png 490w, https:\/\/www.lesrencontreseconomiques.fr\/wp-content\/uploads\/2025\/05\/acc_logo_black_purple_rgb-668x176.png 668w, https:\/\/www.lesrencontreseconomiques.fr\/wp-content\/uploads\/2025\/05\/acc_logo_black_purple_rgb-1536x405.png 1536w, https:\/\/www.lesrencontreseconomiques.fr\/wp-content\/uploads\/2025\/05\/acc_logo_black_purple_rgb-224x59.png 224w, https:\/\/www.lesrencontreseconomiques.fr\/wp-content\/uploads\/2025\/05\/acc_logo_black_purple_rgb.png 1600w\" sizes=\"auto, (max-width: 250px) 100vw, 250px\" \/>\t\t\t\t\t<\/a>\n\t\t\t\t<\/li>\n<li>\n\t\t\t\t\t<a href=\"https:\/\/www.amundi-ee.com\/epargnant\" target=\"_blank\"><br \/>\n\t\t\t\t\t\t<img width=\"244\" height=\"140\" src=\"https:\/\/www.lesrencontreseconomiques.fr\/wp-content\/uploads\/2025\/04\/Logo_Amundi_investment_solutions_4C-244x140.jpg\" class=\"attachment-partner-small size-partner-small\" alt=\"Amundi\" title=\"Amundi\" decoding=\"async\" loading=\"lazy\" srcset=\"https:\/\/www.lesrencontreseconomiques.fr\/wp-content\/uploads\/2025\/04\/Logo_Amundi_investment_solutions_4C-244x140.jpg 244w, https:\/\/www.lesrencontreseconomiques.fr\/wp-content\/uploads\/2025\/04\/Logo_Amundi_investment_solutions_4C-490x281.jpg 490w, https:\/\/www.lesrencontreseconomiques.fr\/wp-content\/uploads\/2025\/04\/Logo_Amundi_investment_solutions_4C-668x383.jpg 668w, https:\/\/www.lesrencontreseconomiques.fr\/wp-content\/uploads\/2025\/04\/Logo_Amundi_investment_solutions_4C-1536x882.jpg 1536w, https:\/\/www.lesrencontreseconomiques.fr\/wp-content\/uploads\/2025\/04\/Logo_Amundi_investment_solutions_4C-224x129.jpg 224w, https:\/\/www.lesrencontreseconomiques.fr\/wp-content\/uploads\/2025\/04\/Logo_Amundi_investment_solutions_4C.jpg 1549w\" sizes=\"auto, (max-width: 244px) 100vw, 244px\" \/>\t\t\t\t\t<\/a>\n\t\t\t\t<\/li>\n<li>\n\t\t\t\t\t<a href=\"https:\/\/www.ardian.com\/fr\" target=\"_blank\"><br \/>\n\t\t\t\t\t\t<img width=\"250\" height=\"140\" src=\"https:\/\/www.lesrencontreseconomiques.fr\/wp-content\/uploads\/2025\/04\/ardian-250x140.webp\" class=\"attachment-partner-small size-partner-small\" alt=\"Ardian\" title=\"Ardian\" decoding=\"async\" loading=\"lazy\" srcset=\"https:\/\/www.lesrencontreseconomiques.fr\/wp-content\/uploads\/2025\/04\/ardian-250x140.webp 250w, https:\/\/www.lesrencontreseconomiques.fr\/wp-content\/uploads\/2025\/04\/ardian-490x272.webp 490w, https:\/\/www.lesrencontreseconomiques.fr\/wp-content\/uploads\/2025\/04\/ardian-668x371.webp 668w, https:\/\/www.lesrencontreseconomiques.fr\/wp-content\/uploads\/2025\/04\/ardian-224x124.webp 224w, https:\/\/www.lesrencontreseconomiques.fr\/wp-content\/uploads\/2025\/04\/ardian.webp 900w\" sizes=\"auto, (max-width: 250px) 100vw, 250px\" \/>\t\t\t\t\t<\/a>\n\t\t\t\t<\/li>\n<li>\n\t\t\t\t\t<a href=\"https:\/\/www.axa.fr\/?utm_publisher=Google&amp;utm_medium=SEA_BRA&amp;utm_campaign=TRA_BRA_Marque&amp;gclsrc=aw.ds&amp;gad_source=1&amp;gad_campaignid=142134532&amp;gbraid=0AAAAAD5UWgQnr5z7Dmv9Bz8zl0JZXOgDn&amp;gclid=Cj0KCQjwzrzABhD8ARIsANlSWNOSztThh8DIEH6jX_CJ1ExC-2JNnw_gNBvyN8dgsrFYFxCA47fCL_0aAq1OEALw_wcB\" target=\"_blank\"><br \/>\n\t\t\t\t\t\t<img width=\"140\" height=\"140\" src=\"https:\/\/www.lesrencontreseconomiques.fr\/wp-content\/uploads\/2025\/04\/AXA_Logo.svg_-140x140.png\" class=\"attachment-partner-small size-partner-small\" alt=\"AXA\" title=\"AXA\" decoding=\"async\" loading=\"lazy\" srcset=\"https:\/\/www.lesrencontreseconomiques.fr\/wp-content\/uploads\/2025\/04\/AXA_Logo.svg_-140x140.png 140w, https:\/\/www.lesrencontreseconomiques.fr\/wp-content\/uploads\/2025\/04\/AXA_Logo.svg_-490x490.png 490w, https:\/\/www.lesrencontreseconomiques.fr\/wp-content\/uploads\/2025\/04\/AXA_Logo.svg_-668x668.png 668w, https:\/\/www.lesrencontreseconomiques.fr\/wp-content\/uploads\/2025\/04\/AXA_Logo.svg_-150x150.png 150w, https:\/\/www.lesrencontreseconomiques.fr\/wp-content\/uploads\/2025\/04\/AXA_Logo.svg_-1536x1536.png 1536w, https:\/\/www.lesrencontreseconomiques.fr\/wp-content\/uploads\/2025\/04\/AXA_Logo.svg_-224x224.png 224w, https:\/\/www.lesrencontreseconomiques.fr\/wp-content\/uploads\/2025\/04\/AXA_Logo.svg_-290x290.png 290w, https:\/\/www.lesrencontreseconomiques.fr\/wp-content\/uploads\/2025\/04\/AXA_Logo.svg_.png 1600w\" sizes=\"auto, (max-width: 140px) 100vw, 140px\" \/>\t\t\t\t\t<\/a>\n\t\t\t\t<\/li>\n<li>\n\t\t\t\t\t<a href=\"https:\/\/www.bcg.com\/france\" target=\"_blank\"><br \/>\n\t\t\t\t\t\t<img width=\"250\" height=\"100\" src=\"https:\/\/www.lesrencontreseconomiques.fr\/wp-content\/uploads\/2025\/04\/63da87abd9c70b3560d4c93d_BCG_MONOGRAM-250x100.png\" class=\"attachment-partner-small size-partner-small\" alt=\"BCG\" title=\"BCG\" decoding=\"async\" loading=\"lazy\" srcset=\"https:\/\/www.lesrencontreseconomiques.fr\/wp-content\/uploads\/2025\/04\/63da87abd9c70b3560d4c93d_BCG_MONOGRAM-250x100.png 250w, https:\/\/www.lesrencontreseconomiques.fr\/wp-content\/uploads\/2025\/04\/63da87abd9c70b3560d4c93d_BCG_MONOGRAM-490x196.png 490w, https:\/\/www.lesrencontreseconomiques.fr\/wp-content\/uploads\/2025\/04\/63da87abd9c70b3560d4c93d_BCG_MONOGRAM-668x268.png 668w, https:\/\/www.lesrencontreseconomiques.fr\/wp-content\/uploads\/2025\/04\/63da87abd9c70b3560d4c93d_BCG_MONOGRAM-224x90.png 224w, https:\/\/www.lesrencontreseconomiques.fr\/wp-content\/uploads\/2025\/04\/63da87abd9c70b3560d4c93d_BCG_MONOGRAM.png 801w\" sizes=\"auto, (max-width: 250px) 100vw, 250px\" \/>\t\t\t\t\t<\/a>\n\t\t\t\t<\/li>\n<li>\n\t\t\t\t\t<a href=\"https:\/\/www.capgemini.com\/fr-fr\/\" target=\"_blank\"><br \/>\n\t\t\t\t\t\t<img width=\"250\" height=\"140\" src=\"https:\/\/www.lesrencontreseconomiques.fr\/wp-content\/uploads\/2025\/05\/default-logo-250x140.webp\" class=\"attachment-partner-small size-partner-small\" alt=\"Capgemini\" title=\"Capgemini\" decoding=\"async\" loading=\"lazy\" srcset=\"https:\/\/www.lesrencontreseconomiques.fr\/wp-content\/uploads\/2025\/05\/default-logo-250x140.webp 250w, https:\/\/www.lesrencontreseconomiques.fr\/wp-content\/uploads\/2025\/05\/default-logo-490x276.webp 490w, https:\/\/www.lesrencontreseconomiques.fr\/wp-content\/uploads\/2025\/05\/default-logo-668x376.webp 668w, https:\/\/www.lesrencontreseconomiques.fr\/wp-content\/uploads\/2025\/05\/default-logo-224x126.webp 224w, https:\/\/www.lesrencontreseconomiques.fr\/wp-content\/uploads\/2025\/05\/default-logo.webp 1200w\" sizes=\"auto, (max-width: 250px) 100vw, 250px\" \/>\t\t\t\t\t<\/a>\n\t\t\t\t<\/li>\n<li>\n\t\t\t\t\t<a href=\"https:\/\/www.cma-cgm.fr\" target=\"_blank\"><br \/>\n\t\t\t\t\t\t<img width=\"229\" height=\"140\" src=\"https:\/\/www.lesrencontreseconomiques.fr\/wp-content\/uploads\/2025\/05\/CMA_CGM_logo.svg_-229x140.png\" class=\"attachment-partner-small size-partner-small\" alt=\"CMA CGM\" title=\"CMA CGM\" decoding=\"async\" loading=\"lazy\" srcset=\"https:\/\/www.lesrencontreseconomiques.fr\/wp-content\/uploads\/2025\/05\/CMA_CGM_logo.svg_-229x140.png 229w, https:\/\/www.lesrencontreseconomiques.fr\/wp-content\/uploads\/2025\/05\/CMA_CGM_logo.svg_-490x299.png 490w, https:\/\/www.lesrencontreseconomiques.fr\/wp-content\/uploads\/2025\/05\/CMA_CGM_logo.svg_-668x408.png 668w, https:\/\/www.lesrencontreseconomiques.fr\/wp-content\/uploads\/2025\/05\/CMA_CGM_logo.svg_-224x137.png 224w, https:\/\/www.lesrencontreseconomiques.fr\/wp-content\/uploads\/2025\/05\/CMA_CGM_logo.svg_.png 1280w\" sizes=\"auto, (max-width: 229px) 100vw, 229px\" \/>\t\t\t\t\t<\/a>\n\t\t\t\t<\/li>\n<li>\n\t\t\t\t\t<a href=\"https:\/\/www.covea.com\/fr\" target=\"_blank\"><br \/>\n\t\t\t\t\t\t<img width=\"139\" height=\"140\" src=\"https:\/\/www.lesrencontreseconomiques.fr\/wp-content\/uploads\/2025\/05\/logo_covea_bleu-139x140.jpg\" class=\"attachment-partner-small size-partner-small\" alt=\"Cov\u00e9a\" title=\"Cov\u00e9a\" decoding=\"async\" loading=\"lazy\" srcset=\"https:\/\/www.lesrencontreseconomiques.fr\/wp-content\/uploads\/2025\/05\/logo_covea_bleu-139x140.jpg 139w, https:\/\/www.lesrencontreseconomiques.fr\/wp-content\/uploads\/2025\/05\/logo_covea_bleu-490x494.jpg 490w, https:\/\/www.lesrencontreseconomiques.fr\/wp-content\/uploads\/2025\/05\/logo_covea_bleu-668x673.jpg 668w, https:\/\/www.lesrencontreseconomiques.fr\/wp-content\/uploads\/2025\/05\/logo_covea_bleu-150x150.jpg 150w, https:\/\/www.lesrencontreseconomiques.fr\/wp-content\/uploads\/2025\/05\/logo_covea_bleu-224x226.jpg 224w, https:\/\/www.lesrencontreseconomiques.fr\/wp-content\/uploads\/2025\/05\/logo_covea_bleu-290x290.jpg 290w, https:\/\/www.lesrencontreseconomiques.fr\/wp-content\/uploads\/2025\/05\/logo_covea_bleu.jpg 780w\" sizes=\"auto, (max-width: 139px) 100vw, 139px\" \/>\t\t\t\t\t<\/a>\n\t\t\t\t<\/li>\n<li>\n\t\t\t\t\t<a href=\"https:\/\/www.deloitte.com\/fr\/fr.html\" target=\"_blank\"><br \/>\n\t\t\t\t\t\t<img width=\"250\" height=\"140\" src=\"https:\/\/www.lesrencontreseconomiques.fr\/wp-content\/uploads\/2025\/05\/Deloitte-Logo-1993-present-250x140.jpg\" class=\"attachment-partner-small size-partner-small\" alt=\"Deloitte\" title=\"Deloitte\" decoding=\"async\" loading=\"lazy\" srcset=\"https:\/\/www.lesrencontreseconomiques.fr\/wp-content\/uploads\/2025\/05\/Deloitte-Logo-1993-present-250x140.jpg 250w, https:\/\/www.lesrencontreseconomiques.fr\/wp-content\/uploads\/2025\/05\/Deloitte-Logo-1993-present-490x276.jpg 490w, https:\/\/www.lesrencontreseconomiques.fr\/wp-content\/uploads\/2025\/05\/Deloitte-Logo-1993-present-668x376.jpg 668w, https:\/\/www.lesrencontreseconomiques.fr\/wp-content\/uploads\/2025\/05\/Deloitte-Logo-1993-present-1536x864.jpg 1536w, https:\/\/www.lesrencontreseconomiques.fr\/wp-content\/uploads\/2025\/05\/Deloitte-Logo-1993-present-224x126.jpg 224w, https:\/\/www.lesrencontreseconomiques.fr\/wp-content\/uploads\/2025\/05\/Deloitte-Logo-1993-present.jpg 1600w\" sizes=\"auto, (max-width: 250px) 100vw, 250px\" \/>\t\t\t\t\t<\/a>\n\t\t\t\t<\/li>\n<li>\n\t\t\t\t\t<a href=\"https:\/\/www.edf.fr\" target=\"_blank\"><br \/>\n\t\t\t\t\t\t<img width=\"250\" height=\"106\" src=\"https:\/\/www.lesrencontreseconomiques.fr\/wp-content\/uploads\/2025\/05\/Electricite_de_France_logo.svg_-250x106.png\" class=\"attachment-partner-small size-partner-small\" alt=\"EDF\" title=\"EDF\" decoding=\"async\" loading=\"lazy\" srcset=\"https:\/\/www.lesrencontreseconomiques.fr\/wp-content\/uploads\/2025\/05\/Electricite_de_France_logo.svg_-250x106.png 250w, https:\/\/www.lesrencontreseconomiques.fr\/wp-content\/uploads\/2025\/05\/Electricite_de_France_logo.svg_-490x209.png 490w, https:\/\/www.lesrencontreseconomiques.fr\/wp-content\/uploads\/2025\/05\/Electricite_de_France_logo.svg_-668x284.png 668w, https:\/\/www.lesrencontreseconomiques.fr\/wp-content\/uploads\/2025\/05\/Electricite_de_France_logo.svg_-1536x654.png 1536w, https:\/\/www.lesrencontreseconomiques.fr\/wp-content\/uploads\/2025\/05\/Electricite_de_France_logo.svg_-224x95.png 224w, https:\/\/www.lesrencontreseconomiques.fr\/wp-content\/uploads\/2025\/05\/Electricite_de_France_logo.svg_.png 1600w\" sizes=\"auto, (max-width: 250px) 100vw, 250px\" \/>\t\t\t\t\t<\/a>\n\t\t\t\t<\/li>\n<li>\n\t\t\t\t\t<a href=\"https:\/\/www.fdjunited.com\/fr\/\" target=\"_blank\"><br \/>\n\t\t\t\t\t\t<img width=\"250\" height=\"63\" src=\"https:\/\/www.lesrencontreseconomiques.fr\/wp-content\/uploads\/2025\/05\/LOGOFDJUNITED1LBleuFonceBleuClairRVB.jpg-250x63.webp\" class=\"attachment-partner-small size-partner-small\" alt=\"FDJ UNITED\" title=\"FDJ UNITED\" decoding=\"async\" loading=\"lazy\" srcset=\"https:\/\/www.lesrencontreseconomiques.fr\/wp-content\/uploads\/2025\/05\/LOGOFDJUNITED1LBleuFonceBleuClairRVB.jpg-250x63.webp 250w, https:\/\/www.lesrencontreseconomiques.fr\/wp-content\/uploads\/2025\/05\/LOGOFDJUNITED1LBleuFonceBleuClairRVB.jpg-490x123.webp 490w, https:\/\/www.lesrencontreseconomiques.fr\/wp-content\/uploads\/2025\/05\/LOGOFDJUNITED1LBleuFonceBleuClairRVB.jpg-668x168.webp 668w, https:\/\/www.lesrencontreseconomiques.fr\/wp-content\/uploads\/2025\/05\/LOGOFDJUNITED1LBleuFonceBleuClairRVB.jpg-1536x386.webp 1536w, https:\/\/www.lesrencontreseconomiques.fr\/wp-content\/uploads\/2025\/05\/LOGOFDJUNITED1LBleuFonceBleuClairRVB.jpg-2048x514.webp 2048w, https:\/\/www.lesrencontreseconomiques.fr\/wp-content\/uploads\/2025\/05\/LOGOFDJUNITED1LBleuFonceBleuClairRVB.jpg-224x56.webp 224w\" sizes=\"auto, (max-width: 250px) 100vw, 250px\" \/>\t\t\t\t\t<\/a>\n\t\t\t\t<\/li>\n<li>\n\t\t\t\t\t<a href=\"https:\/\/www.forvismazars.com\/fr\/fr\" target=\"_blank\"><br \/>\n\t\t\t\t\t\t<img width=\"250\" height=\"140\" src=\"https:\/\/www.lesrencontreseconomiques.fr\/wp-content\/uploads\/2025\/05\/ForvisMazars-Logo-Color-RGB-250x140.png\" class=\"attachment-partner-small size-partner-small\" alt=\"Forvis Mazars\" title=\"Forvis Mazars\" decoding=\"async\" loading=\"lazy\" srcset=\"https:\/\/www.lesrencontreseconomiques.fr\/wp-content\/uploads\/2025\/05\/ForvisMazars-Logo-Color-RGB-250x140.png 250w, https:\/\/www.lesrencontreseconomiques.fr\/wp-content\/uploads\/2025\/05\/ForvisMazars-Logo-Color-RGB-490x273.png 490w, https:\/\/www.lesrencontreseconomiques.fr\/wp-content\/uploads\/2025\/05\/ForvisMazars-Logo-Color-RGB-668x372.png 668w, https:\/\/www.lesrencontreseconomiques.fr\/wp-content\/uploads\/2025\/05\/ForvisMazars-Logo-Color-RGB-1536x854.png 1536w, https:\/\/www.lesrencontreseconomiques.fr\/wp-content\/uploads\/2025\/05\/ForvisMazars-Logo-Color-RGB-224x125.png 224w, https:\/\/www.lesrencontreseconomiques.fr\/wp-content\/uploads\/2025\/05\/ForvisMazars-Logo-Color-RGB.png 1600w\" sizes=\"auto, (max-width: 250px) 100vw, 250px\" \/>\t\t\t\t\t<\/a>\n\t\t\t\t<\/li>\n<li>\n\t\t\t\t\t<a href=\"https:\/\/www.groupama-am.com\/fra\/fr\/institutionnel\" target=\"_blank\"><br \/>\n\t\t\t\t\t\t<img width=\"250\" height=\"86\" src=\"https:\/\/www.lesrencontreseconomiques.fr\/wp-content\/uploads\/2025\/05\/gasset_hor_vert_rvb_sl10072024_x2-250x86.png\" class=\"attachment-partner-small size-partner-small\" alt=\"Groupama Asset Management\" title=\"Groupama Asset Management\" decoding=\"async\" loading=\"lazy\" srcset=\"https:\/\/www.lesrencontreseconomiques.fr\/wp-content\/uploads\/2025\/05\/gasset_hor_vert_rvb_sl10072024_x2-250x86.png 250w, https:\/\/www.lesrencontreseconomiques.fr\/wp-content\/uploads\/2025\/05\/gasset_hor_vert_rvb_sl10072024_x2-490x169.png 490w, https:\/\/www.lesrencontreseconomiques.fr\/wp-content\/uploads\/2025\/05\/gasset_hor_vert_rvb_sl10072024_x2-668x231.png 668w, https:\/\/www.lesrencontreseconomiques.fr\/wp-content\/uploads\/2025\/05\/gasset_hor_vert_rvb_sl10072024_x2-1536x531.png 1536w, https:\/\/www.lesrencontreseconomiques.fr\/wp-content\/uploads\/2025\/05\/gasset_hor_vert_rvb_sl10072024_x2-224x77.png 224w, https:\/\/www.lesrencontreseconomiques.fr\/wp-content\/uploads\/2025\/05\/gasset_hor_vert_rvb_sl10072024_x2.png 1600w\" sizes=\"auto, (max-width: 250px) 100vw, 250px\" \/>\t\t\t\t\t<\/a>\n\t\t\t\t<\/li>\n<li>\n\t\t\t\t\t<a href=\"https:\/\/www.caissedesdepots.fr\" target=\"_blank\"><br \/>\n\t\t\t\t\t\t<img width=\"139\" height=\"140\" src=\"https:\/\/www.lesrencontreseconomiques.fr\/wp-content\/uploads\/2025\/05\/Logo_du_Groupe_Caisse_des_Depots.svg_-139x140.png\" class=\"attachment-partner-small size-partner-small\" alt=\"Groupe Caisse des D\u00e9p\u00f4ts\" title=\"Groupe Caisse des D\u00e9p\u00f4ts\" decoding=\"async\" loading=\"lazy\" srcset=\"https:\/\/www.lesrencontreseconomiques.fr\/wp-content\/uploads\/2025\/05\/Logo_du_Groupe_Caisse_des_Depots.svg_-139x140.png 139w, https:\/\/www.lesrencontreseconomiques.fr\/wp-content\/uploads\/2025\/05\/Logo_du_Groupe_Caisse_des_Depots.svg_-490x495.png 490w, https:\/\/www.lesrencontreseconomiques.fr\/wp-content\/uploads\/2025\/05\/Logo_du_Groupe_Caisse_des_Depots.svg_-668x675.png 668w, https:\/\/www.lesrencontreseconomiques.fr\/wp-content\/uploads\/2025\/05\/Logo_du_Groupe_Caisse_des_Depots.svg_-150x150.png 150w, https:\/\/www.lesrencontreseconomiques.fr\/wp-content\/uploads\/2025\/05\/Logo_du_Groupe_Caisse_des_Depots.svg_-224x226.png 224w, https:\/\/www.lesrencontreseconomiques.fr\/wp-content\/uploads\/2025\/05\/Logo_du_Groupe_Caisse_des_Depots.svg_-290x290.png 290w, https:\/\/www.lesrencontreseconomiques.fr\/wp-content\/uploads\/2025\/05\/Logo_du_Groupe_Caisse_des_Depots.svg_.png 1200w\" sizes=\"auto, (max-width: 139px) 100vw, 139px\" \/>\t\t\t\t\t<\/a>\n\t\t\t\t<\/li>\n<li>\n\t\t\t\t\t<a href=\"https:\/\/www.inetum.com\/fr\" target=\"_blank\"><br \/>\n\t\t\t\t\t\t<img width=\"250\" height=\"73\" src=\"https:\/\/www.lesrencontreseconomiques.fr\/wp-content\/uploads\/2025\/05\/INETUM_LOGO-250x73.png\" class=\"attachment-partner-small size-partner-small\" alt=\"Inetum\" title=\"Inetum\" decoding=\"async\" loading=\"lazy\" srcset=\"https:\/\/www.lesrencontreseconomiques.fr\/wp-content\/uploads\/2025\/05\/INETUM_LOGO-250x73.png 250w, https:\/\/www.lesrencontreseconomiques.fr\/wp-content\/uploads\/2025\/05\/INETUM_LOGO-490x142.png 490w, https:\/\/www.lesrencontreseconomiques.fr\/wp-content\/uploads\/2025\/05\/INETUM_LOGO-668x194.png 668w, https:\/\/www.lesrencontreseconomiques.fr\/wp-content\/uploads\/2025\/05\/INETUM_LOGO-1536x445.png 1536w, https:\/\/www.lesrencontreseconomiques.fr\/wp-content\/uploads\/2025\/05\/INETUM_LOGO-224x65.png 224w, https:\/\/www.lesrencontreseconomiques.fr\/wp-content\/uploads\/2025\/05\/INETUM_LOGO.png 1600w\" sizes=\"auto, (max-width: 250px) 100vw, 250px\" \/>\t\t\t\t\t<\/a>\n\t\t\t\t<\/li>\n<li>\n\t\t\t\t\t<a href=\"https:\/\/www.klesia.fr\" target=\"_blank\"><br \/>\n\t\t\t\t\t\t<img width=\"250\" height=\"91\" src=\"https:\/\/www.lesrencontreseconomiques.fr\/wp-content\/uploads\/2025\/05\/th-670x670-klesia_aig_a_rvb_300.jpg-250x91.jpg\" class=\"attachment-partner-small size-partner-small\" alt=\"Kl\u00e9sia\" title=\"Kl\u00e9sia\" decoding=\"async\" loading=\"lazy\" srcset=\"https:\/\/www.lesrencontreseconomiques.fr\/wp-content\/uploads\/2025\/05\/th-670x670-klesia_aig_a_rvb_300.jpg-250x91.jpg 250w, https:\/\/www.lesrencontreseconomiques.fr\/wp-content\/uploads\/2025\/05\/th-670x670-klesia_aig_a_rvb_300.jpg-490x178.jpg 490w, https:\/\/www.lesrencontreseconomiques.fr\/wp-content\/uploads\/2025\/05\/th-670x670-klesia_aig_a_rvb_300.jpg-668x244.jpg 668w, https:\/\/www.lesrencontreseconomiques.fr\/wp-content\/uploads\/2025\/05\/th-670x670-klesia_aig_a_rvb_300.jpg-224x82.jpg 224w, https:\/\/www.lesrencontreseconomiques.fr\/wp-content\/uploads\/2025\/05\/th-670x670-klesia_aig_a_rvb_300.jpg.jpg 670w\" sizes=\"auto, (max-width: 250px) 100vw, 250px\" \/>\t\t\t\t\t<\/a>\n\t\t\t\t<\/li>\n<li>\n\t\t\t\t\t<a href=\"https:\/\/www.mckinsey.com\/fr\/overview\" target=\"_blank\"><br \/>\n\t\t\t\t\t\t<img width=\"250\" height=\"87\" src=\"https:\/\/www.lesrencontreseconomiques.fr\/wp-content\/uploads\/2025\/05\/mckinsey-company_owler_20190728_090718_original-250x87.png\" class=\"attachment-partner-small size-partner-small\" alt=\"McKinsey &amp; Company\" title=\"McKinsey &amp; Company\" decoding=\"async\" loading=\"lazy\" srcset=\"https:\/\/www.lesrencontreseconomiques.fr\/wp-content\/uploads\/2025\/05\/mckinsey-company_owler_20190728_090718_original-250x87.png 250w, https:\/\/www.lesrencontreseconomiques.fr\/wp-content\/uploads\/2025\/05\/mckinsey-company_owler_20190728_090718_original-490x171.png 490w, https:\/\/www.lesrencontreseconomiques.fr\/wp-content\/uploads\/2025\/05\/mckinsey-company_owler_20190728_090718_original-668x233.png 668w, https:\/\/www.lesrencontreseconomiques.fr\/wp-content\/uploads\/2025\/05\/mckinsey-company_owler_20190728_090718_original-1536x536.png 1536w, https:\/\/www.lesrencontreseconomiques.fr\/wp-content\/uploads\/2025\/05\/mckinsey-company_owler_20190728_090718_original-224x78.png 224w, https:\/\/www.lesrencontreseconomiques.fr\/wp-content\/uploads\/2025\/05\/mckinsey-company_owler_20190728_090718_original.png 1600w\" sizes=\"auto, (max-width: 250px) 100vw, 250px\" \/>\t\t\t\t\t<\/a>\n\t\t\t\t<\/li>\n<li>\n\t\t\t\t\t<a href=\"https:\/\/www.orange.fr\/portail\" target=\"_blank\"><br \/>\n\t\t\t\t\t\t<img width=\"140\" height=\"140\" src=\"https:\/\/www.lesrencontreseconomiques.fr\/wp-content\/uploads\/2025\/05\/Orange_logo.svg_-140x140.png\" class=\"attachment-partner-small size-partner-small\" alt=\"Orange\" title=\"Orange\" decoding=\"async\" loading=\"lazy\" srcset=\"https:\/\/www.lesrencontreseconomiques.fr\/wp-content\/uploads\/2025\/05\/Orange_logo.svg_-140x140.png 140w, https:\/\/www.lesrencontreseconomiques.fr\/wp-content\/uploads\/2025\/05\/Orange_logo.svg_-490x490.png 490w, https:\/\/www.lesrencontreseconomiques.fr\/wp-content\/uploads\/2025\/05\/Orange_logo.svg_-668x668.png 668w, https:\/\/www.lesrencontreseconomiques.fr\/wp-content\/uploads\/2025\/05\/Orange_logo.svg_-150x150.png 150w, https:\/\/www.lesrencontreseconomiques.fr\/wp-content\/uploads\/2025\/05\/Orange_logo.svg_-224x224.png 224w, https:\/\/www.lesrencontreseconomiques.fr\/wp-content\/uploads\/2025\/05\/Orange_logo.svg_-290x290.png 290w, https:\/\/www.lesrencontreseconomiques.fr\/wp-content\/uploads\/2025\/05\/Orange_logo.svg_.png 800w\" sizes=\"auto, (max-width: 140px) 100vw, 140px\" \/>\t\t\t\t\t<\/a>\n\t\t\t\t<\/li>\n<li>\n\t\t\t\t\t<a href=\"https:\/\/sfil.fr\" target=\"_blank\"><br \/>\n\t\t\t\t\t\t<img width=\"250\" height=\"129\" src=\"https:\/\/www.lesrencontreseconomiques.fr\/wp-content\/uploads\/2025\/05\/SfilCDC-Logobaseline-RVB-FR-250x129.png\" class=\"attachment-partner-small size-partner-small\" alt=\"Sfil\" title=\"Sfil\" decoding=\"async\" loading=\"lazy\" srcset=\"https:\/\/www.lesrencontreseconomiques.fr\/wp-content\/uploads\/2025\/05\/SfilCDC-Logobaseline-RVB-FR-250x129.png 250w, https:\/\/www.lesrencontreseconomiques.fr\/wp-content\/uploads\/2025\/05\/SfilCDC-Logobaseline-RVB-FR-490x254.png 490w, https:\/\/www.lesrencontreseconomiques.fr\/wp-content\/uploads\/2025\/05\/SfilCDC-Logobaseline-RVB-FR-668x346.png 668w, https:\/\/www.lesrencontreseconomiques.fr\/wp-content\/uploads\/2025\/05\/SfilCDC-Logobaseline-RVB-FR-1536x795.png 1536w, https:\/\/www.lesrencontreseconomiques.fr\/wp-content\/uploads\/2025\/05\/SfilCDC-Logobaseline-RVB-FR-224x116.png 224w, https:\/\/www.lesrencontreseconomiques.fr\/wp-content\/uploads\/2025\/05\/SfilCDC-Logobaseline-RVB-FR.png 1600w\" sizes=\"auto, (max-width: 250px) 100vw, 250px\" \/>\t\t\t\t\t<\/a>\n\t\t\t\t<\/li>\n<li>\n\t\t\t\t\t<a href=\"https:\/\/www.sia-partners.com\/fr\" target=\"_blank\"><br \/>\n\t\t\t\t\t\t<img width=\"140\" height=\"140\" src=\"https:\/\/www.lesrencontreseconomiques.fr\/wp-content\/uploads\/2025\/05\/SiaLogo200px-140x140.jpg\" class=\"attachment-partner-small size-partner-small\" alt=\"Sia Partners\" title=\"Sia Partners\" decoding=\"async\" loading=\"lazy\" srcset=\"https:\/\/www.lesrencontreseconomiques.fr\/wp-content\/uploads\/2025\/05\/SiaLogo200px-140x140.jpg 140w, https:\/\/www.lesrencontreseconomiques.fr\/wp-content\/uploads\/2025\/05\/SiaLogo200px-150x150.jpg 150w, https:\/\/www.lesrencontreseconomiques.fr\/wp-content\/uploads\/2025\/05\/SiaLogo200px-224x224.jpg 224w, https:\/\/www.lesrencontreseconomiques.fr\/wp-content\/uploads\/2025\/05\/SiaLogo200px-290x290.jpg 290w, https:\/\/www.lesrencontreseconomiques.fr\/wp-content\/uploads\/2025\/05\/SiaLogo200px.jpg 417w\" sizes=\"auto, (max-width: 140px) 100vw, 140px\" \/>\t\t\t\t\t<\/a>\n\t\t\t\t<\/li>\n<li>\n\t\t\t\t\t<a href=\"https:\/\/www.sncf-connect.com\/app\/catalogue?esl-k=google-ads%7Cng%7Cc683375140728%7Cme%7Cksncf%7Cp%7Ct%7Cdc%7Ca159100490569%7Cg15976676622&amp;gclsrc=aw.ds&amp;&amp;prex=SEA&amp;gad_source=1&amp;gad_campaignid=15976676622&amp;gbraid=0AAAAAD3I9uZKrp4tqokIumnzhttps:\/\/www.sncf-connect.com\/app\/catalogue?esl-k=google-ads%7Cng%7Cc683375140728%7Cme%7Cksncf%7Cp%7Ct%7Cdc%7Ca159100490569%7Cg15976676622&amp;gclsrc=aw.ds&amp;&amp;prex=SEA&amp;gad_source=1&amp;gad_campaignid=15976676622&amp;gbraid=0AAAAAD3I9uZKrp4tqokIumnzkRE2SkcwA&amp;gclid=CjwKCAjwuIbBBhBvEiwAsNypvZbUC-sSl3qUa0T3RBKysVNvE3bbZFgnuWG1mg4vSVZXA8Cep666zRoCYNIQAvD_BwE\" target=\"_blank\"><br \/>\n\t\t\t\t\t\t<img width=\"169\" height=\"140\" src=\"https:\/\/www.lesrencontreseconomiques.fr\/wp-content\/uploads\/2025\/05\/231025_LOGO_GROUPE_SNCF_RGB-169x140.jpg\" class=\"attachment-partner-small size-partner-small\" alt=\"SNCF\" title=\"SNCF\" decoding=\"async\" loading=\"lazy\" srcset=\"https:\/\/www.lesrencontreseconomiques.fr\/wp-content\/uploads\/2025\/05\/231025_LOGO_GROUPE_SNCF_RGB-169x140.jpg 169w, https:\/\/www.lesrencontreseconomiques.fr\/wp-content\/uploads\/2025\/05\/231025_LOGO_GROUPE_SNCF_RGB-490x405.jpg 490w, https:\/\/www.lesrencontreseconomiques.fr\/wp-content\/uploads\/2025\/05\/231025_LOGO_GROUPE_SNCF_RGB-668x553.jpg 668w, https:\/\/www.lesrencontreseconomiques.fr\/wp-content\/uploads\/2025\/05\/231025_LOGO_GROUPE_SNCF_RGB-1536x1271.jpg 1536w, https:\/\/www.lesrencontreseconomiques.fr\/wp-content\/uploads\/2025\/05\/231025_LOGO_GROUPE_SNCF_RGB-224x185.jpg 224w, https:\/\/www.lesrencontreseconomiques.fr\/wp-content\/uploads\/2025\/05\/231025_LOGO_GROUPE_SNCF_RGB.jpg 1600w\" sizes=\"auto, (max-width: 169px) 100vw, 169px\" \/>\t\t\t\t\t<\/a>\n\t\t\t\t<\/li>\n<li>\n\t\t\t\t\t<a href=\"https:\/\/particuliers.sg.fr\" target=\"_blank\"><br \/>\n\t\t\t\t\t\t<img width=\"250\" height=\"125\" src=\"https:\/\/www.lesrencontreseconomiques.fr\/wp-content\/uploads\/2025\/05\/logo_SocieteGenerale_600x300.png-250x125.webp\" class=\"attachment-partner-small size-partner-small\" alt=\"Soci\u00e9t\u00e9 G\u00e9n\u00e9rale\" title=\"Soci\u00e9t\u00e9 G\u00e9n\u00e9rale\" decoding=\"async\" loading=\"lazy\" srcset=\"https:\/\/www.lesrencontreseconomiques.fr\/wp-content\/uploads\/2025\/05\/logo_SocieteGenerale_600x300.png-250x125.webp 250w, https:\/\/www.lesrencontreseconomiques.fr\/wp-content\/uploads\/2025\/05\/logo_SocieteGenerale_600x300.png-490x245.webp 490w, https:\/\/www.lesrencontreseconomiques.fr\/wp-content\/uploads\/2025\/05\/logo_SocieteGenerale_600x300.png-224x112.webp 224w, https:\/\/www.lesrencontreseconomiques.fr\/wp-content\/uploads\/2025\/05\/logo_SocieteGenerale_600x300.png.webp 600w\" sizes=\"auto, (max-width: 250px) 100vw, 250px\" \/>\t\t\t\t\t<\/a>\n\t\t\t\t<\/li>\n<li>\n\t\t\t\t\t<a href=\"https:\/\/www.syensqo.com\/en\/\" target=\"_blank\"><br \/>\n\t\t\t\t\t\t<img width=\"172\" height=\"140\" src=\"https:\/\/www.lesrencontreseconomiques.fr\/wp-content\/uploads\/2025\/05\/Logo-Syesnsqo-172x140.png\" class=\"attachment-partner-small size-partner-small\" alt=\"Syensqo\" title=\"Syensqo\" decoding=\"async\" loading=\"lazy\" srcset=\"https:\/\/www.lesrencontreseconomiques.fr\/wp-content\/uploads\/2025\/05\/Logo-Syesnsqo-172x140.png 172w, https:\/\/www.lesrencontreseconomiques.fr\/wp-content\/uploads\/2025\/05\/Logo-Syesnsqo-224x182.png 224w, https:\/\/www.lesrencontreseconomiques.fr\/wp-content\/uploads\/2025\/05\/Logo-Syesnsqo.png 338w\" sizes=\"auto, (max-width: 172px) 100vw, 172px\" \/>\t\t\t\t\t<\/a>\n\t\t\t\t<\/li>\n<li>\n\t\t\t\t\t<a href=\"https:\/\/www.aoshearman.com\/en\" target=\"_blank\"><br \/>\n\t\t\t\t\t\t<img width=\"250\" height=\"50\" src=\"https:\/\/www.lesrencontreseconomiques.fr\/wp-content\/uploads\/2025\/04\/AOShearman_Wordmark_Progress-Green_RGB-250x50.png\" class=\"attachment-partner-small size-partner-small\" alt=\"A&amp;O Shearman\" title=\"A&amp;O Shearman\" decoding=\"async\" loading=\"lazy\" srcset=\"https:\/\/www.lesrencontreseconomiques.fr\/wp-content\/uploads\/2025\/04\/AOShearman_Wordmark_Progress-Green_RGB-250x50.png 250w, https:\/\/www.lesrencontreseconomiques.fr\/wp-content\/uploads\/2025\/04\/AOShearman_Wordmark_Progress-Green_RGB-490x97.png 490w, https:\/\/www.lesrencontreseconomiques.fr\/wp-content\/uploads\/2025\/04\/AOShearman_Wordmark_Progress-Green_RGB-668x132.png 668w, https:\/\/www.lesrencontreseconomiques.fr\/wp-content\/uploads\/2025\/04\/AOShearman_Wordmark_Progress-Green_RGB-1536x304.png 1536w, https:\/\/www.lesrencontreseconomiques.fr\/wp-content\/uploads\/2025\/04\/AOShearman_Wordmark_Progress-Green_RGB-224x44.png 224w, https:\/\/www.lesrencontreseconomiques.fr\/wp-content\/uploads\/2025\/04\/AOShearman_Wordmark_Progress-Green_RGB.png 1600w\" sizes=\"auto, (max-width: 250px) 100vw, 250px\" \/>\t\t\t\t\t<\/a>\n\t\t\t\t<\/li>\n<li>\n\t\t\t\t\t<a href=\"https:\/\/www.accuracy.com\" target=\"_blank\"><br \/>\n\t\t\t\t\t\t<img width=\"250\" height=\"115\" src=\"https:\/\/www.lesrencontreseconomiques.fr\/wp-content\/uploads\/2025\/04\/Logo-Accuracy-Red-RGB-250x115.jpg\" class=\"attachment-partner-small size-partner-small\" alt=\"Accuracy\" title=\"Accuracy\" decoding=\"async\" loading=\"lazy\" srcset=\"https:\/\/www.lesrencontreseconomiques.fr\/wp-content\/uploads\/2025\/04\/Logo-Accuracy-Red-RGB-250x115.jpg 250w, https:\/\/www.lesrencontreseconomiques.fr\/wp-content\/uploads\/2025\/04\/Logo-Accuracy-Red-RGB-490x226.jpg 490w, https:\/\/www.lesrencontreseconomiques.fr\/wp-content\/uploads\/2025\/04\/Logo-Accuracy-Red-RGB-668x308.jpg 668w, https:\/\/www.lesrencontreseconomiques.fr\/wp-content\/uploads\/2025\/04\/Logo-Accuracy-Red-RGB-224x103.jpg 224w, https:\/\/www.lesrencontreseconomiques.fr\/wp-content\/uploads\/2025\/04\/Logo-Accuracy-Red-RGB.jpg 1045w\" sizes=\"auto, (max-width: 250px) 100vw, 250px\" \/>\t\t\t\t\t<\/a>\n\t\t\t\t<\/li>\n<li>\n\t\t\t\t\t<a href=\"https:\/\/www.aemagroupe.fr\" target=\"_blank\"><br \/>\n\t\t\t\t\t\t<img width=\"188\" height=\"140\" src=\"https:\/\/www.lesrencontreseconomiques.fr\/wp-content\/uploads\/2025\/05\/5ffdccee58033d4681613199-188x140.png\" class=\"attachment-partner-small size-partner-small\" alt=\"A\u00e9ma Groupe\" title=\"A\u00e9ma Groupe\" decoding=\"async\" loading=\"lazy\" srcset=\"https:\/\/www.lesrencontreseconomiques.fr\/wp-content\/uploads\/2025\/05\/5ffdccee58033d4681613199-188x140.png 188w, https:\/\/www.lesrencontreseconomiques.fr\/wp-content\/uploads\/2025\/05\/5ffdccee58033d4681613199-224x167.png 224w, https:\/\/www.lesrencontreseconomiques.fr\/wp-content\/uploads\/2025\/05\/5ffdccee58033d4681613199.png 378w\" sizes=\"auto, (max-width: 188px) 100vw, 188px\" \/>\t\t\t\t\t<\/a>\n\t\t\t\t<\/li>\n<li>\n\t\t\t\t\t<a href=\"https:\/\/www.afer.fr\" target=\"_blank\"><br \/>\n\t\t\t\t\t\t<img width=\"250\" height=\"75\" src=\"https:\/\/www.lesrencontreseconomiques.fr\/wp-content\/uploads\/2025\/04\/Capture-decran-2025-04-28-a-11.49.06-1-250x75.png\" class=\"attachment-partner-small size-partner-small\" alt=\"Afer\" title=\"Afer\" decoding=\"async\" loading=\"lazy\" srcset=\"https:\/\/www.lesrencontreseconomiques.fr\/wp-content\/uploads\/2025\/04\/Capture-decran-2025-04-28-a-11.49.06-1-250x75.png 250w, https:\/\/www.lesrencontreseconomiques.fr\/wp-content\/uploads\/2025\/04\/Capture-decran-2025-04-28-a-11.49.06-1-490x148.png 490w, https:\/\/www.lesrencontreseconomiques.fr\/wp-content\/uploads\/2025\/04\/Capture-decran-2025-04-28-a-11.49.06-1-668x202.png 668w, https:\/\/www.lesrencontreseconomiques.fr\/wp-content\/uploads\/2025\/04\/Capture-decran-2025-04-28-a-11.49.06-1-1536x464.png 1536w, https:\/\/www.lesrencontreseconomiques.fr\/wp-content\/uploads\/2025\/04\/Capture-decran-2025-04-28-a-11.49.06-1-224x68.png 224w, https:\/\/www.lesrencontreseconomiques.fr\/wp-content\/uploads\/2025\/04\/Capture-decran-2025-04-28-a-11.49.06-1.png 1600w\" sizes=\"auto, (max-width: 250px) 100vw, 250px\" \/>\t\t\t\t\t<\/a>\n\t\t\t\t<\/li>\n<li>\n\t\t\t\t\t<a href=\"https:\/\/www.afg.asso.fr\/fr\/\" target=\"_blank\"><br \/>\n\t\t\t\t\t\t<img width=\"140\" height=\"140\" src=\"https:\/\/www.lesrencontreseconomiques.fr\/wp-content\/uploads\/2025\/05\/AFG-logo-140x140.png\" class=\"attachment-partner-small size-partner-small\" alt=\"AFG\" title=\"AFG\" decoding=\"async\" loading=\"lazy\" srcset=\"https:\/\/www.lesrencontreseconomiques.fr\/wp-content\/uploads\/2025\/05\/AFG-logo-140x140.png 140w, https:\/\/www.lesrencontreseconomiques.fr\/wp-content\/uploads\/2025\/05\/AFG-logo-490x490.png 490w, https:\/\/www.lesrencontreseconomiques.fr\/wp-content\/uploads\/2025\/05\/AFG-logo-150x150.png 150w, https:\/\/www.lesrencontreseconomiques.fr\/wp-content\/uploads\/2025\/05\/AFG-logo-224x224.png 224w, https:\/\/www.lesrencontreseconomiques.fr\/wp-content\/uploads\/2025\/05\/AFG-logo-290x290.png 290w, https:\/\/www.lesrencontreseconomiques.fr\/wp-content\/uploads\/2025\/05\/AFG-logo.png 512w\" sizes=\"auto, (max-width: 140px) 100vw, 140px\" \/>\t\t\t\t\t<\/a>\n\t\t\t\t<\/li>\n<li>\n\t\t\t\t\t<a href=\"https:\/\/www.afte.com\" target=\"_blank\"><br \/>\n\t\t\t\t\t\t<img width=\"250\" height=\"98\" src=\"https:\/\/www.lesrencontreseconomiques.fr\/wp-content\/uploads\/2025\/04\/AFTE-Logo-250x98.jpg\" class=\"attachment-partner-small size-partner-small\" alt=\"AFTE\" title=\"AFTE\" decoding=\"async\" loading=\"lazy\" srcset=\"https:\/\/www.lesrencontreseconomiques.fr\/wp-content\/uploads\/2025\/04\/AFTE-Logo-250x98.jpg 250w, https:\/\/www.lesrencontreseconomiques.fr\/wp-content\/uploads\/2025\/04\/AFTE-Logo-490x192.jpg 490w, https:\/\/www.lesrencontreseconomiques.fr\/wp-content\/uploads\/2025\/04\/AFTE-Logo-668x262.jpg 668w, https:\/\/www.lesrencontreseconomiques.fr\/wp-content\/uploads\/2025\/04\/AFTE-Logo-224x88.jpg 224w, https:\/\/www.lesrencontreseconomiques.fr\/wp-content\/uploads\/2025\/04\/AFTE-Logo.jpg 1019w\" sizes=\"auto, (max-width: 250px) 100vw, 250px\" \/>\t\t\t\t\t<\/a>\n\t\t\t\t<\/li>\n<li>\n\t\t\t\t\t<a href=\"https:\/\/www.ag2rlamondiale.fr\" target=\"_blank\"><br \/>\n\t\t\t\t\t\t<img width=\"250\" height=\"72\" src=\"https:\/\/www.lesrencontreseconomiques.fr\/wp-content\/uploads\/2025\/05\/5d27428812574a08a67ab0d3-250x72.jpeg\" class=\"attachment-partner-small size-partner-small\" alt=\"AG2R LA MONDIALE \" title=\"AG2R LA MONDIALE \" decoding=\"async\" loading=\"lazy\" srcset=\"https:\/\/www.lesrencontreseconomiques.fr\/wp-content\/uploads\/2025\/05\/5d27428812574a08a67ab0d3-250x72.jpeg 250w, https:\/\/www.lesrencontreseconomiques.fr\/wp-content\/uploads\/2025\/05\/5d27428812574a08a67ab0d3-490x140.jpeg 490w, https:\/\/www.lesrencontreseconomiques.fr\/wp-content\/uploads\/2025\/05\/5d27428812574a08a67ab0d3-668x191.jpeg 668w, https:\/\/www.lesrencontreseconomiques.fr\/wp-content\/uploads\/2025\/05\/5d27428812574a08a67ab0d3-1536x440.jpeg 1536w, https:\/\/www.lesrencontreseconomiques.fr\/wp-content\/uploads\/2025\/05\/5d27428812574a08a67ab0d3-224x64.jpeg 224w, https:\/\/www.lesrencontreseconomiques.fr\/wp-content\/uploads\/2025\/05\/5d27428812574a08a67ab0d3.jpeg 1600w\" sizes=\"auto, (max-width: 250px) 100vw, 250px\" \/>\t\t\t\t\t<\/a>\n\t\t\t\t<\/li>\n<li>\n\t\t\t\t\t<a href=\"https:\/\/www.airbnb.fr\" target=\"_blank\"><br \/>\n\t\t\t\t\t\t<img width=\"250\" height=\"78\" src=\"https:\/\/www.lesrencontreseconomiques.fr\/wp-content\/uploads\/2025\/05\/Airbnb_Logo_Belo.svg_-250x78.png\" class=\"attachment-partner-small size-partner-small\" alt=\"Airbnb\" title=\"Airbnb\" decoding=\"async\" loading=\"lazy\" srcset=\"https:\/\/www.lesrencontreseconomiques.fr\/wp-content\/uploads\/2025\/05\/Airbnb_Logo_Belo.svg_-250x78.png 250w, https:\/\/www.lesrencontreseconomiques.fr\/wp-content\/uploads\/2025\/05\/Airbnb_Logo_Belo.svg_-490x153.png 490w, https:\/\/www.lesrencontreseconomiques.fr\/wp-content\/uploads\/2025\/05\/Airbnb_Logo_Belo.svg_-668x208.png 668w, https:\/\/www.lesrencontreseconomiques.fr\/wp-content\/uploads\/2025\/05\/Airbnb_Logo_Belo.svg_-1536x479.png 1536w, https:\/\/www.lesrencontreseconomiques.fr\/wp-content\/uploads\/2025\/05\/Airbnb_Logo_Belo.svg_-224x70.png 224w, https:\/\/www.lesrencontreseconomiques.fr\/wp-content\/uploads\/2025\/05\/Airbnb_Logo_Belo.svg_.png 1600w\" sizes=\"auto, (max-width: 250px) 100vw, 250px\" \/>\t\t\t\t\t<\/a>\n\t\t\t\t<\/li>\n<li>\n\t\t\t\t\t<a href=\"https:\/\/www.airbus.com\/en\" target=\"_blank\"><br \/>\n\t\t\t\t\t\t<img width=\"250\" height=\"46\" src=\"https:\/\/www.lesrencontreseconomiques.fr\/wp-content\/uploads\/2025\/05\/Airbus_Logo_2017.svg_-250x46.png\" class=\"attachment-partner-small size-partner-small\" alt=\"Airbus\" title=\"Airbus\" decoding=\"async\" loading=\"lazy\" srcset=\"https:\/\/www.lesrencontreseconomiques.fr\/wp-content\/uploads\/2025\/05\/Airbus_Logo_2017.svg_-250x46.png 250w, https:\/\/www.lesrencontreseconomiques.fr\/wp-content\/uploads\/2025\/05\/Airbus_Logo_2017.svg_-490x91.png 490w, https:\/\/www.lesrencontreseconomiques.fr\/wp-content\/uploads\/2025\/05\/Airbus_Logo_2017.svg_-668x124.png 668w, https:\/\/www.lesrencontreseconomiques.fr\/wp-content\/uploads\/2025\/05\/Airbus_Logo_2017.svg_-1536x285.png 1536w, https:\/\/www.lesrencontreseconomiques.fr\/wp-content\/uploads\/2025\/05\/Airbus_Logo_2017.svg_-224x42.png 224w, https:\/\/www.lesrencontreseconomiques.fr\/wp-content\/uploads\/2025\/05\/Airbus_Logo_2017.svg_.png 1600w\" sizes=\"auto, (max-width: 250px) 100vw, 250px\" \/>\t\t\t\t\t<\/a>\n\t\t\t\t<\/li>\n<li>\n\t\t\t\t\t<a href=\"https:\/\/www.allianz-trade.fr\" target=\"_blank\"><br \/>\n\t\t\t\t\t\t<img width=\"250\" height=\"64\" src=\"https:\/\/www.lesrencontreseconomiques.fr\/wp-content\/uploads\/2025\/04\/Logo-Attached-Allianz-Trade-1-250x64.png\" class=\"attachment-partner-small size-partner-small\" alt=\"Allianz Trade\" title=\"Allianz Trade\" decoding=\"async\" loading=\"lazy\" srcset=\"https:\/\/www.lesrencontreseconomiques.fr\/wp-content\/uploads\/2025\/04\/Logo-Attached-Allianz-Trade-1-250x64.png 250w, https:\/\/www.lesrencontreseconomiques.fr\/wp-content\/uploads\/2025\/04\/Logo-Attached-Allianz-Trade-1-490x126.png 490w, https:\/\/www.lesrencontreseconomiques.fr\/wp-content\/uploads\/2025\/04\/Logo-Attached-Allianz-Trade-1-668x172.png 668w, https:\/\/www.lesrencontreseconomiques.fr\/wp-content\/uploads\/2025\/04\/Logo-Attached-Allianz-Trade-1-224x58.png 224w, https:\/\/www.lesrencontreseconomiques.fr\/wp-content\/uploads\/2025\/04\/Logo-Attached-Allianz-Trade-1.png 1133w\" sizes=\"auto, (max-width: 250px) 100vw, 250px\" \/>\t\t\t\t\t<\/a>\n\t\t\t\t<\/li>\n<li>\n\t\t\t\t\t<a href=\"https:\/\/france.apave.com\" target=\"_blank\"><br \/>\n\t\t\t\t\t\t<img width=\"250\" height=\"90\" src=\"https:\/\/www.lesrencontreseconomiques.fr\/wp-content\/uploads\/2025\/04\/Logo-Apave_HD-250x90.jpg\" class=\"attachment-partner-small size-partner-small\" alt=\"Apave\" title=\"Apave\" decoding=\"async\" loading=\"lazy\" srcset=\"https:\/\/www.lesrencontreseconomiques.fr\/wp-content\/uploads\/2025\/04\/Logo-Apave_HD-250x90.jpg 250w, https:\/\/www.lesrencontreseconomiques.fr\/wp-content\/uploads\/2025\/04\/Logo-Apave_HD-490x177.jpg 490w, https:\/\/www.lesrencontreseconomiques.fr\/wp-content\/uploads\/2025\/04\/Logo-Apave_HD-668x241.jpg 668w, https:\/\/www.lesrencontreseconomiques.fr\/wp-content\/uploads\/2025\/04\/Logo-Apave_HD-224x81.jpg 224w, https:\/\/www.lesrencontreseconomiques.fr\/wp-content\/uploads\/2025\/04\/Logo-Apave_HD.jpg 1149w\" sizes=\"auto, (max-width: 250px) 100vw, 250px\" \/>\t\t\t\t\t<\/a>\n\t\t\t\t<\/li>\n<li>\n\t\t\t\t\t<a href=\"https:\/\/www.april.fr\" target=\"_blank\"><br \/>\n\t\t\t\t\t\t<img width=\"250\" height=\"74\" src=\"https:\/\/www.lesrencontreseconomiques.fr\/wp-content\/uploads\/2025\/05\/images-250x74.png\" class=\"attachment-partner-small size-partner-small\" alt=\"April\" title=\"April\" decoding=\"async\" loading=\"lazy\" srcset=\"https:\/\/www.lesrencontreseconomiques.fr\/wp-content\/uploads\/2025\/05\/images-250x74.png 250w, https:\/\/www.lesrencontreseconomiques.fr\/wp-content\/uploads\/2025\/05\/images-224x66.png 224w, https:\/\/www.lesrencontreseconomiques.fr\/wp-content\/uploads\/2025\/05\/images.png 413w\" sizes=\"auto, (max-width: 250px) 100vw, 250px\" \/>\t\t\t\t\t<\/a>\n\t\t\t\t<\/li>\n<li>\n\t\t\t\t\t<a href=\"https:\/\/www.august-debouzy.com\/fr\/\" target=\"_blank\"><br \/>\n\t\t\t\t\t\t<img width=\"250\" height=\"58\" src=\"https:\/\/www.lesrencontreseconomiques.fr\/wp-content\/uploads\/2025\/06\/Logo_August_Debouzy-250x58.png\" class=\"attachment-partner-small size-partner-small\" alt=\"August Debouzy\" title=\"August Debouzy\" decoding=\"async\" loading=\"lazy\" srcset=\"https:\/\/www.lesrencontreseconomiques.fr\/wp-content\/uploads\/2025\/06\/Logo_August_Debouzy-250x58.png 250w, https:\/\/www.lesrencontreseconomiques.fr\/wp-content\/uploads\/2025\/06\/Logo_August_Debouzy-490x114.png 490w, https:\/\/www.lesrencontreseconomiques.fr\/wp-content\/uploads\/2025\/06\/Logo_August_Debouzy-224x52.png 224w, https:\/\/www.lesrencontreseconomiques.fr\/wp-content\/uploads\/2025\/06\/Logo_August_Debouzy.png 600w\" sizes=\"auto, (max-width: 250px) 100vw, 250px\" \/>\t\t\t\t\t<\/a>\n\t\t\t\t<\/li>\n<li>\n\t\t\t\t\t<a href=\"https:\/\/www.avril.com\" target=\"_blank\"><br \/>\n\t\t\t\t\t\t<img width=\"177\" height=\"140\" src=\"https:\/\/www.lesrencontreseconomiques.fr\/wp-content\/uploads\/2025\/05\/Headline_baseline-177x140.jpg\" class=\"attachment-partner-small size-partner-small\" alt=\"Avril\" title=\"Avril\" decoding=\"async\" loading=\"lazy\" srcset=\"https:\/\/www.lesrencontreseconomiques.fr\/wp-content\/uploads\/2025\/05\/Headline_baseline-177x140.jpg 177w, https:\/\/www.lesrencontreseconomiques.fr\/wp-content\/uploads\/2025\/05\/Headline_baseline-490x388.jpg 490w, https:\/\/www.lesrencontreseconomiques.fr\/wp-content\/uploads\/2025\/05\/Headline_baseline-224x177.jpg 224w, https:\/\/www.lesrencontreseconomiques.fr\/wp-content\/uploads\/2025\/05\/Headline_baseline.jpg 500w\" sizes=\"auto, (max-width: 177px) 100vw, 177px\" \/>\t\t\t\t\t<\/a>\n\t\t\t\t<\/li>\n<li>\n\t\t\t\t\t<a href=\"https:\/\/www.bain.com\/fr\/\" target=\"_blank\"><br \/>\n\t\t\t\t\t\t<img width=\"224\" height=\"140\" src=\"https:\/\/www.lesrencontreseconomiques.fr\/wp-content\/uploads\/2025\/05\/Bain_and_Company_Logo_1.svg_-224x140.png\" class=\"attachment-partner-small size-partner-small\" alt=\"Bain &amp; Company\" title=\"Bain &amp; Company\" decoding=\"async\" loading=\"lazy\" srcset=\"https:\/\/www.lesrencontreseconomiques.fr\/wp-content\/uploads\/2025\/05\/Bain_and_Company_Logo_1.svg_-224x140.png 224w, https:\/\/www.lesrencontreseconomiques.fr\/wp-content\/uploads\/2025\/05\/Bain_and_Company_Logo_1.svg_-490x306.png 490w, https:\/\/www.lesrencontreseconomiques.fr\/wp-content\/uploads\/2025\/05\/Bain_and_Company_Logo_1.svg_-668x418.png 668w, https:\/\/www.lesrencontreseconomiques.fr\/wp-content\/uploads\/2025\/05\/Bain_and_Company_Logo_1.svg_-1536x960.png 1536w, https:\/\/www.lesrencontreseconomiques.fr\/wp-content\/uploads\/2025\/05\/Bain_and_Company_Logo_1.svg_.png 1600w\" sizes=\"auto, (max-width: 224px) 100vw, 224px\" \/>\t\t\t\t\t<\/a>\n\t\t\t\t<\/li>\n<li>\n\t\t\t\t\t<a href=\"https:\/\/www.bakermckenzie.com\/en\/\" target=\"_blank\"><br \/>\n\t\t\t\t\t\t<img width=\"250\" height=\"86\" src=\"https:\/\/www.lesrencontreseconomiques.fr\/wp-content\/uploads\/2025\/05\/images-1-250x86.png\" class=\"attachment-partner-small size-partner-small\" alt=\"Baker McKenzie\" title=\"Baker McKenzie\" decoding=\"async\" loading=\"lazy\" srcset=\"https:\/\/www.lesrencontreseconomiques.fr\/wp-content\/uploads\/2025\/05\/images-1-250x86.png 250w, https:\/\/www.lesrencontreseconomiques.fr\/wp-content\/uploads\/2025\/05\/images-1-224x77.png 224w, https:\/\/www.lesrencontreseconomiques.fr\/wp-content\/uploads\/2025\/05\/images-1.png 382w\" sizes=\"auto, (max-width: 250px) 100vw, 250px\" \/>\t\t\t\t\t<\/a>\n\t\t\t\t<\/li>\n<li>\n\t\t\t\t\t<a href=\"https:\/\/www.bankofamerica.com\" target=\"_blank\"><br \/>\n\t\t\t\t\t\t<img width=\"250\" height=\"140\" src=\"https:\/\/www.lesrencontreseconomiques.fr\/wp-content\/uploads\/2025\/04\/Bank-of-America-Logo-250x140.png\" class=\"attachment-partner-small size-partner-small\" alt=\"Bank of America \" title=\"Bank of America \" decoding=\"async\" loading=\"lazy\" srcset=\"https:\/\/www.lesrencontreseconomiques.fr\/wp-content\/uploads\/2025\/04\/Bank-of-America-Logo-250x140.png 250w, https:\/\/www.lesrencontreseconomiques.fr\/wp-content\/uploads\/2025\/04\/Bank-of-America-Logo-490x276.png 490w, https:\/\/www.lesrencontreseconomiques.fr\/wp-content\/uploads\/2025\/04\/Bank-of-America-Logo-668x376.png 668w, https:\/\/www.lesrencontreseconomiques.fr\/wp-content\/uploads\/2025\/04\/Bank-of-America-Logo-1536x864.png 1536w, https:\/\/www.lesrencontreseconomiques.fr\/wp-content\/uploads\/2025\/04\/Bank-of-America-Logo-224x126.png 224w, https:\/\/www.lesrencontreseconomiques.fr\/wp-content\/uploads\/2025\/04\/Bank-of-America-Logo.png 1600w\" sizes=\"auto, (max-width: 250px) 100vw, 250px\" \/>\t\t\t\t\t<\/a>\n\t\t\t\t<\/li>\n<li>\n\t\t\t\t\t<a href=\"https:\/\/www.banque-france.fr\/fr\" target=\"_blank\"><br \/>\n\t\t\t\t\t\t<img width=\"250\" height=\"132\" src=\"https:\/\/www.lesrencontreseconomiques.fr\/wp-content\/uploads\/2025\/04\/logo-BDF-HD-250x132.png\" class=\"attachment-partner-small size-partner-small\" alt=\"Banque de France\" title=\"Banque de France\" decoding=\"async\" loading=\"lazy\" srcset=\"https:\/\/www.lesrencontreseconomiques.fr\/wp-content\/uploads\/2025\/04\/logo-BDF-HD-250x132.png 250w, https:\/\/www.lesrencontreseconomiques.fr\/wp-content\/uploads\/2025\/04\/logo-BDF-HD-490x258.png 490w, https:\/\/www.lesrencontreseconomiques.fr\/wp-content\/uploads\/2025\/04\/logo-BDF-HD-668x352.png 668w, https:\/\/www.lesrencontreseconomiques.fr\/wp-content\/uploads\/2025\/04\/logo-BDF-HD-224x118.png 224w, https:\/\/www.lesrencontreseconomiques.fr\/wp-content\/uploads\/2025\/04\/logo-BDF-HD.png 822w\" sizes=\"auto, (max-width: 250px) 100vw, 250px\" \/>\t\t\t\t\t<\/a>\n\t\t\t\t<\/li>\n<li>\n\t\t\t\t\t<a href=\"https:\/\/fr.bic.com\/fr\" target=\"_blank\"><br \/>\n\t\t\t\t\t\t<img width=\"250\" height=\"86\" src=\"https:\/\/www.lesrencontreseconomiques.fr\/wp-content\/uploads\/2025\/04\/Bic_Logo.svg_-250x86.png\" class=\"attachment-partner-small size-partner-small\" alt=\"BIC\" title=\"BIC\" decoding=\"async\" loading=\"lazy\" srcset=\"https:\/\/www.lesrencontreseconomiques.fr\/wp-content\/uploads\/2025\/04\/Bic_Logo.svg_-250x86.png 250w, https:\/\/www.lesrencontreseconomiques.fr\/wp-content\/uploads\/2025\/04\/Bic_Logo.svg_-490x169.png 490w, https:\/\/www.lesrencontreseconomiques.fr\/wp-content\/uploads\/2025\/04\/Bic_Logo.svg_-668x231.png 668w, https:\/\/www.lesrencontreseconomiques.fr\/wp-content\/uploads\/2025\/04\/Bic_Logo.svg_-1536x531.png 1536w, https:\/\/www.lesrencontreseconomiques.fr\/wp-content\/uploads\/2025\/04\/Bic_Logo.svg_-224x77.png 224w, https:\/\/www.lesrencontreseconomiques.fr\/wp-content\/uploads\/2025\/04\/Bic_Logo.svg_.png 1600w\" sizes=\"auto, (max-width: 250px) 100vw, 250px\" \/>\t\t\t\t\t<\/a>\n\t\t\t\t<\/li>\n<li>\n\t\t\t\t\t<a href=\"https:\/\/www.bpifrance.fr\" target=\"_blank\"><br \/>\n\t\t\t\t\t\t<img width=\"250\" height=\"72\" src=\"https:\/\/www.lesrencontreseconomiques.fr\/wp-content\/uploads\/2025\/04\/Logo_Bpifrance.svg_-250x72.png\" class=\"attachment-partner-small size-partner-small\" alt=\"BPI France\" title=\"BPI France\" decoding=\"async\" loading=\"lazy\" srcset=\"https:\/\/www.lesrencontreseconomiques.fr\/wp-content\/uploads\/2025\/04\/Logo_Bpifrance.svg_-250x72.png 250w, https:\/\/www.lesrencontreseconomiques.fr\/wp-content\/uploads\/2025\/04\/Logo_Bpifrance.svg_-490x141.png 490w, https:\/\/www.lesrencontreseconomiques.fr\/wp-content\/uploads\/2025\/04\/Logo_Bpifrance.svg_-668x192.png 668w, https:\/\/www.lesrencontreseconomiques.fr\/wp-content\/uploads\/2025\/04\/Logo_Bpifrance.svg_-1536x441.png 1536w, https:\/\/www.lesrencontreseconomiques.fr\/wp-content\/uploads\/2025\/04\/Logo_Bpifrance.svg_-224x64.png 224w, https:\/\/www.lesrencontreseconomiques.fr\/wp-content\/uploads\/2025\/04\/Logo_Bpifrance.svg_.png 1600w\" sizes=\"auto, (max-width: 250px) 100vw, 250px\" \/>\t\t\t\t\t<\/a>\n\t\t\t\t<\/li>\n<li>\n\t\t\t\t\t<a href=\"https:\/\/www.bred.fr\" target=\"_blank\"><br \/>\n\t\t\t\t\t\t<img width=\"250\" height=\"64\" src=\"https:\/\/www.lesrencontreseconomiques.fr\/wp-content\/uploads\/2025\/05\/BRED_BANQUE_POPULAIRE_LOGO_2LG_RVB-250x64.png\" class=\"attachment-partner-small size-partner-small\" alt=\"Bred\" title=\"Bred\" decoding=\"async\" loading=\"lazy\" srcset=\"https:\/\/www.lesrencontreseconomiques.fr\/wp-content\/uploads\/2025\/05\/BRED_BANQUE_POPULAIRE_LOGO_2LG_RVB-250x64.png 250w, https:\/\/www.lesrencontreseconomiques.fr\/wp-content\/uploads\/2025\/05\/BRED_BANQUE_POPULAIRE_LOGO_2LG_RVB-490x125.png 490w, https:\/\/www.lesrencontreseconomiques.fr\/wp-content\/uploads\/2025\/05\/BRED_BANQUE_POPULAIRE_LOGO_2LG_RVB-668x171.png 668w, https:\/\/www.lesrencontreseconomiques.fr\/wp-content\/uploads\/2025\/05\/BRED_BANQUE_POPULAIRE_LOGO_2LG_RVB-1536x393.png 1536w, https:\/\/www.lesrencontreseconomiques.fr\/wp-content\/uploads\/2025\/05\/BRED_BANQUE_POPULAIRE_LOGO_2LG_RVB-224x57.png 224w, https:\/\/www.lesrencontreseconomiques.fr\/wp-content\/uploads\/2025\/05\/BRED_BANQUE_POPULAIRE_LOGO_2LG_RVB.png 1600w\" sizes=\"auto, (max-width: 250px) 100vw, 250px\" \/>\t\t\t\t\t<\/a>\n\t\t\t\t<\/li>\n<li>\n\t\t\t\t\t<a href=\"https:\/\/www.bureauveritas.fr\" target=\"_blank\"><br \/>\n\t\t\t\t\t\t<img width=\"122\" height=\"140\" src=\"https:\/\/www.lesrencontreseconomiques.fr\/wp-content\/uploads\/2025\/04\/700px_Logo-BV_RGB-BLACK-122x140.png\" class=\"attachment-partner-small size-partner-small\" alt=\"Bureau V\u00e9ritas\" title=\"Bureau V\u00e9ritas\" decoding=\"async\" loading=\"lazy\" srcset=\"https:\/\/www.lesrencontreseconomiques.fr\/wp-content\/uploads\/2025\/04\/700px_Logo-BV_RGB-BLACK-122x140.png 122w, https:\/\/www.lesrencontreseconomiques.fr\/wp-content\/uploads\/2025\/04\/700px_Logo-BV_RGB-BLACK-490x562.png 490w, https:\/\/www.lesrencontreseconomiques.fr\/wp-content\/uploads\/2025\/04\/700px_Logo-BV_RGB-BLACK-668x766.png 668w, https:\/\/www.lesrencontreseconomiques.fr\/wp-content\/uploads\/2025\/04\/700px_Logo-BV_RGB-BLACK-224x257.png 224w, https:\/\/www.lesrencontreseconomiques.fr\/wp-content\/uploads\/2025\/04\/700px_Logo-BV_RGB-BLACK.png 700w\" sizes=\"auto, (max-width: 122px) 100vw, 122px\" \/>\t\t\t\t\t<\/a>\n\t\t\t\t<\/li>\n<li>\n\t\t\t\t\t<a href=\"https:\/\/www.carrefour.fr\" target=\"_blank\"><br \/>\n\t\t\t\t\t\t<img width=\"158\" height=\"140\" src=\"https:\/\/www.lesrencontreseconomiques.fr\/wp-content\/uploads\/2025\/04\/28393-GROUPE_CARREFOUR_Logo_rgb-158x140.jpg\" class=\"attachment-partner-small size-partner-small\" alt=\"Carrefour\" title=\"Carrefour\" decoding=\"async\" loading=\"lazy\" srcset=\"https:\/\/www.lesrencontreseconomiques.fr\/wp-content\/uploads\/2025\/04\/28393-GROUPE_CARREFOUR_Logo_rgb-158x140.jpg 158w, https:\/\/www.lesrencontreseconomiques.fr\/wp-content\/uploads\/2025\/04\/28393-GROUPE_CARREFOUR_Logo_rgb-490x435.jpg 490w, https:\/\/www.lesrencontreseconomiques.fr\/wp-content\/uploads\/2025\/04\/28393-GROUPE_CARREFOUR_Logo_rgb-668x593.jpg 668w, https:\/\/www.lesrencontreseconomiques.fr\/wp-content\/uploads\/2025\/04\/28393-GROUPE_CARREFOUR_Logo_rgb-1536x1363.jpg 1536w, https:\/\/www.lesrencontreseconomiques.fr\/wp-content\/uploads\/2025\/04\/28393-GROUPE_CARREFOUR_Logo_rgb-224x199.jpg 224w, https:\/\/www.lesrencontreseconomiques.fr\/wp-content\/uploads\/2025\/04\/28393-GROUPE_CARREFOUR_Logo_rgb.jpg 1600w\" sizes=\"auto, (max-width: 158px) 100vw, 158px\" \/>\t\t\t\t\t<\/a>\n\t\t\t\t<\/li>\n<li>\n\t\t\t\t\t<a href=\"https:\/\/www.cathaycapital.com\/fr\/\" target=\"_blank\"><br \/>\n\t\t\t\t\t\t<img width=\"250\" height=\"51\" src=\"https:\/\/www.lesrencontreseconomiques.fr\/wp-content\/uploads\/2025\/05\/Cathay-Capital-Logo-Navy-Yellow-C-250x51.png\" class=\"attachment-partner-small size-partner-small\" alt=\"Cathay Capital\" title=\"Cathay Capital\" decoding=\"async\" loading=\"lazy\" srcset=\"https:\/\/www.lesrencontreseconomiques.fr\/wp-content\/uploads\/2025\/05\/Cathay-Capital-Logo-Navy-Yellow-C-250x51.png 250w, https:\/\/www.lesrencontreseconomiques.fr\/wp-content\/uploads\/2025\/05\/Cathay-Capital-Logo-Navy-Yellow-C-490x100.png 490w, https:\/\/www.lesrencontreseconomiques.fr\/wp-content\/uploads\/2025\/05\/Cathay-Capital-Logo-Navy-Yellow-C-668x136.png 668w, https:\/\/www.lesrencontreseconomiques.fr\/wp-content\/uploads\/2025\/05\/Cathay-Capital-Logo-Navy-Yellow-C-1536x313.png 1536w, https:\/\/www.lesrencontreseconomiques.fr\/wp-content\/uploads\/2025\/05\/Cathay-Capital-Logo-Navy-Yellow-C-224x46.png 224w, https:\/\/www.lesrencontreseconomiques.fr\/wp-content\/uploads\/2025\/05\/Cathay-Capital-Logo-Navy-Yellow-C.png 1600w\" sizes=\"auto, (max-width: 250px) 100vw, 250px\" \/>\t\t\t\t\t<\/a>\n\t\t\t\t<\/li>\n<li>\n\t\t\t\t\t<a href=\"https:\/\/www.cartes-bancaires.com\" target=\"_blank\"><br \/>\n\t\t\t\t\t\t<img width=\"196\" height=\"140\" src=\"https:\/\/www.lesrencontreseconomiques.fr\/wp-content\/uploads\/2025\/05\/logo-loader-196x140.png\" class=\"attachment-partner-small size-partner-small\" alt=\"CB\" title=\"CB\" decoding=\"async\" loading=\"lazy\" srcset=\"https:\/\/www.lesrencontreseconomiques.fr\/wp-content\/uploads\/2025\/05\/logo-loader-196x140.png 196w, https:\/\/www.lesrencontreseconomiques.fr\/wp-content\/uploads\/2025\/05\/logo-loader-490x349.png 490w, https:\/\/www.lesrencontreseconomiques.fr\/wp-content\/uploads\/2025\/05\/logo-loader-668x476.png 668w, https:\/\/www.lesrencontreseconomiques.fr\/wp-content\/uploads\/2025\/05\/logo-loader-1536x1094.png 1536w, https:\/\/www.lesrencontreseconomiques.fr\/wp-content\/uploads\/2025\/05\/logo-loader-224x160.png 224w, https:\/\/www.lesrencontreseconomiques.fr\/wp-content\/uploads\/2025\/05\/logo-loader.png 1600w\" sizes=\"auto, (max-width: 196px) 100vw, 196px\" \/>\t\t\t\t\t<\/a>\n\t\t\t\t<\/li>\n<li>\n\t\t\t\t\t<a href=\"https:\/\/www.cci.fr\" target=\"_blank\"><br \/>\n\t\t\t\t\t\t<img width=\"250\" height=\"131\" src=\"https:\/\/www.lesrencontreseconomiques.fr\/wp-content\/uploads\/2025\/05\/67f67bf80073dab7c124eac8_67f66fa88e6f18bcef045d89_ccifrance-250x131.jpeg\" class=\"attachment-partner-small size-partner-small\" alt=\"CCI France\" title=\"CCI France\" decoding=\"async\" loading=\"lazy\" srcset=\"https:\/\/www.lesrencontreseconomiques.fr\/wp-content\/uploads\/2025\/05\/67f67bf80073dab7c124eac8_67f66fa88e6f18bcef045d89_ccifrance-250x131.jpeg 250w, https:\/\/www.lesrencontreseconomiques.fr\/wp-content\/uploads\/2025\/05\/67f67bf80073dab7c124eac8_67f66fa88e6f18bcef045d89_ccifrance-490x257.jpeg 490w, https:\/\/www.lesrencontreseconomiques.fr\/wp-content\/uploads\/2025\/05\/67f67bf80073dab7c124eac8_67f66fa88e6f18bcef045d89_ccifrance-668x351.jpeg 668w, https:\/\/www.lesrencontreseconomiques.fr\/wp-content\/uploads\/2025\/05\/67f67bf80073dab7c124eac8_67f66fa88e6f18bcef045d89_ccifrance-224x118.jpeg 224w, https:\/\/www.lesrencontreseconomiques.fr\/wp-content\/uploads\/2025\/05\/67f67bf80073dab7c124eac8_67f66fa88e6f18bcef045d89_ccifrance.jpeg 1200w\" sizes=\"auto, (max-width: 250px) 100vw, 250px\" \/>\t\t\t\t\t<\/a>\n\t\t\t\t<\/li>\n<li>\n\t\t\t\t\t<a href=\"https:\/\/www.cci-paris-idf.fr\/\" target=\"_blank\"><br \/>\n\t\t\t\t\t\t<img width=\"250\" height=\"48\" src=\"https:\/\/www.lesrencontreseconomiques.fr\/wp-content\/uploads\/2025\/05\/CCI-Paris-IDF-RVB-250x48.jpg\" class=\"attachment-partner-small size-partner-small\" alt=\"CCI Paris Ile-de-France\" title=\"CCI Paris Ile-de-France\" decoding=\"async\" loading=\"lazy\" srcset=\"https:\/\/www.lesrencontreseconomiques.fr\/wp-content\/uploads\/2025\/05\/CCI-Paris-IDF-RVB-250x48.jpg 250w, https:\/\/www.lesrencontreseconomiques.fr\/wp-content\/uploads\/2025\/05\/CCI-Paris-IDF-RVB-490x93.jpg 490w, https:\/\/www.lesrencontreseconomiques.fr\/wp-content\/uploads\/2025\/05\/CCI-Paris-IDF-RVB-668x127.jpg 668w, https:\/\/www.lesrencontreseconomiques.fr\/wp-content\/uploads\/2025\/05\/CCI-Paris-IDF-RVB-224x43.jpg 224w, https:\/\/www.lesrencontreseconomiques.fr\/wp-content\/uploads\/2025\/05\/CCI-Paris-IDF-RVB.jpg 1245w\" sizes=\"auto, (max-width: 250px) 100vw, 250px\" \/>\t\t\t\t\t<\/a>\n\t\t\t\t<\/li>\n<li>\n\t\t\t\t\t<a href=\"https:\/\/www.ccr.fr\" target=\"_blank\"><br \/>\n\t\t\t\t\t\t<img width=\"187\" height=\"140\" src=\"https:\/\/www.lesrencontreseconomiques.fr\/wp-content\/uploads\/2025\/05\/Logo_CCR-187x140.png\" class=\"attachment-partner-small size-partner-small\" alt=\"CCR\" title=\"CCR\" decoding=\"async\" loading=\"lazy\" srcset=\"https:\/\/www.lesrencontreseconomiques.fr\/wp-content\/uploads\/2025\/05\/Logo_CCR-187x140.png 187w, https:\/\/www.lesrencontreseconomiques.fr\/wp-content\/uploads\/2025\/05\/Logo_CCR-490x368.png 490w, https:\/\/www.lesrencontreseconomiques.fr\/wp-content\/uploads\/2025\/05\/Logo_CCR-668x501.png 668w, https:\/\/www.lesrencontreseconomiques.fr\/wp-content\/uploads\/2025\/05\/Logo_CCR-1536x1152.png 1536w, https:\/\/www.lesrencontreseconomiques.fr\/wp-content\/uploads\/2025\/05\/Logo_CCR-224x168.png 224w, https:\/\/www.lesrencontreseconomiques.fr\/wp-content\/uploads\/2025\/05\/Logo_CCR.png 1600w\" sizes=\"auto, (max-width: 187px) 100vw, 187px\" \/>\t\t\t\t\t<\/a>\n\t\t\t\t<\/li>\n<li>\n\t\t\t\t\t<a href=\"https:\/\/www.cic.fr\/fr\/particuliers\/credits\/credit-immobilier-financement.html?utm_source=google&amp;utm_medium=cpc&amp;procom=FINAN&amp;utm_campaign=8865915787&amp;gad_source=1&amp;gbraid=0AAAAAC-594x4R8YFK3YGV3TFwJakTGSjr&amp;gclid=Cj0KCQjw1Yy5BhD-ARIsAI0RbXYGB3kQX9DuXR2lgr-Q6hTxXnA1nPYGa86NiwFzGq_8CC9omDdVC5gaAoBhEALw_wcB&amp;gclsrc=aw.ds\" target=\"_blank\"><br \/>\n\t\t\t\t\t\t<img width=\"250\" height=\"112\" src=\"https:\/\/www.lesrencontreseconomiques.fr\/wp-content\/uploads\/2025\/05\/CIC_Logo_RVB_NoBaseline-250x112.png\" class=\"attachment-partner-small size-partner-small\" alt=\"CIC\" title=\"CIC\" decoding=\"async\" loading=\"lazy\" srcset=\"https:\/\/www.lesrencontreseconomiques.fr\/wp-content\/uploads\/2025\/05\/CIC_Logo_RVB_NoBaseline-250x112.png 250w, https:\/\/www.lesrencontreseconomiques.fr\/wp-content\/uploads\/2025\/05\/CIC_Logo_RVB_NoBaseline-224x101.png 224w, https:\/\/www.lesrencontreseconomiques.fr\/wp-content\/uploads\/2025\/05\/CIC_Logo_RVB_NoBaseline.png 345w\" sizes=\"auto, (max-width: 250px) 100vw, 250px\" \/>\t\t\t\t\t<\/a>\n\t\t\t\t<\/li>\n<li>\n\t\t\t\t\t<a href=\"https:\/\/www.citeo.com\" target=\"_blank\"><br \/>\n\t\t\t\t\t\t<img width=\"250\" height=\"114\" src=\"https:\/\/www.lesrencontreseconomiques.fr\/wp-content\/uploads\/2025\/05\/LOGO_CITEO_K_600-250x114.png\" class=\"attachment-partner-small size-partner-small\" alt=\"CITEO\" title=\"CITEO\" decoding=\"async\" loading=\"lazy\" srcset=\"https:\/\/www.lesrencontreseconomiques.fr\/wp-content\/uploads\/2025\/05\/LOGO_CITEO_K_600-250x114.png 250w, https:\/\/www.lesrencontreseconomiques.fr\/wp-content\/uploads\/2025\/05\/LOGO_CITEO_K_600-490x223.png 490w, https:\/\/www.lesrencontreseconomiques.fr\/wp-content\/uploads\/2025\/05\/LOGO_CITEO_K_600-668x304.png 668w, https:\/\/www.lesrencontreseconomiques.fr\/wp-content\/uploads\/2025\/05\/LOGO_CITEO_K_600-1536x698.png 1536w, https:\/\/www.lesrencontreseconomiques.fr\/wp-content\/uploads\/2025\/05\/LOGO_CITEO_K_600-224x102.png 224w, https:\/\/www.lesrencontreseconomiques.fr\/wp-content\/uploads\/2025\/05\/LOGO_CITEO_K_600.png 1600w\" sizes=\"auto, (max-width: 250px) 100vw, 250px\" \/>\t\t\t\t\t<\/a>\n\t\t\t\t<\/li>\n<li>\n\t\t\t\t\t<a href=\"https:\/\/www.clariane.com\" target=\"_blank\"><br \/>\n\t\t\t\t\t\t<img width=\"250\" height=\"86\" src=\"https:\/\/www.lesrencontreseconomiques.fr\/wp-content\/uploads\/2025\/05\/Clariane_Logo_RVB-250x86.png\" class=\"attachment-partner-small size-partner-small\" alt=\"Clariane\" title=\"Clariane\" decoding=\"async\" loading=\"lazy\" srcset=\"https:\/\/www.lesrencontreseconomiques.fr\/wp-content\/uploads\/2025\/05\/Clariane_Logo_RVB-250x86.png 250w, https:\/\/www.lesrencontreseconomiques.fr\/wp-content\/uploads\/2025\/05\/Clariane_Logo_RVB-490x169.png 490w, https:\/\/www.lesrencontreseconomiques.fr\/wp-content\/uploads\/2025\/05\/Clariane_Logo_RVB-668x231.png 668w, https:\/\/www.lesrencontreseconomiques.fr\/wp-content\/uploads\/2025\/05\/Clariane_Logo_RVB-1536x531.png 1536w, https:\/\/www.lesrencontreseconomiques.fr\/wp-content\/uploads\/2025\/05\/Clariane_Logo_RVB-224x77.png 224w, https:\/\/www.lesrencontreseconomiques.fr\/wp-content\/uploads\/2025\/05\/Clariane_Logo_RVB.png 1600w\" sizes=\"auto, (max-width: 250px) 100vw, 250px\" \/>\t\t\t\t\t<\/a>\n\t\t\t\t<\/li>\n<li>\n\t\t\t\t\t<a href=\"https:\/\/www.cnp.fr\/particuliers\" target=\"_blank\"><br \/>\n\t\t\t\t\t\t<img width=\"189\" height=\"140\" src=\"https:\/\/www.lesrencontreseconomiques.fr\/wp-content\/uploads\/2025\/05\/CNP-24.svg_-189x140.png\" class=\"attachment-partner-small size-partner-small\" alt=\"CNP Assurances\" title=\"CNP Assurances\" decoding=\"async\" loading=\"lazy\" srcset=\"https:\/\/www.lesrencontreseconomiques.fr\/wp-content\/uploads\/2025\/05\/CNP-24.svg_-189x140.png 189w, https:\/\/www.lesrencontreseconomiques.fr\/wp-content\/uploads\/2025\/05\/CNP-24.svg_-490x362.png 490w, https:\/\/www.lesrencontreseconomiques.fr\/wp-content\/uploads\/2025\/05\/CNP-24.svg_-668x494.png 668w, https:\/\/www.lesrencontreseconomiques.fr\/wp-content\/uploads\/2025\/05\/CNP-24.svg_-224x166.png 224w, https:\/\/www.lesrencontreseconomiques.fr\/wp-content\/uploads\/2025\/05\/CNP-24.svg_.png 1200w\" sizes=\"auto, (max-width: 189px) 100vw, 189px\" \/>\t\t\t\t\t<\/a>\n\t\t\t\t<\/li>\n<li>\n\t\t\t\t\t<a href=\"https:\/\/www.coface.fr\" target=\"_blank\"><br \/>\n\t\t\t\t\t\t<img width=\"250\" height=\"88\" src=\"https:\/\/www.lesrencontreseconomiques.fr\/wp-content\/uploads\/2025\/05\/logo-coface-250x88.png\" class=\"attachment-partner-small size-partner-small\" alt=\"Coface\" title=\"Coface\" decoding=\"async\" loading=\"lazy\" srcset=\"https:\/\/www.lesrencontreseconomiques.fr\/wp-content\/uploads\/2025\/05\/logo-coface-250x88.png 250w, https:\/\/www.lesrencontreseconomiques.fr\/wp-content\/uploads\/2025\/05\/logo-coface-490x173.png 490w, https:\/\/www.lesrencontreseconomiques.fr\/wp-content\/uploads\/2025\/05\/logo-coface-668x235.png 668w, https:\/\/www.lesrencontreseconomiques.fr\/wp-content\/uploads\/2025\/05\/logo-coface-224x79.png 224w, https:\/\/www.lesrencontreseconomiques.fr\/wp-content\/uploads\/2025\/05\/logo-coface.png 840w\" sizes=\"auto, (max-width: 250px) 100vw, 250px\" \/>\t\t\t\t\t<\/a>\n\t\t\t\t<\/li>\n<li>\n\t\t\t\t\t<a href=\"https:\/\/www.credit-agricole.fr\" target=\"_blank\"><br \/>\n\t\t\t\t\t\t<img width=\"202\" height=\"140\" src=\"https:\/\/www.lesrencontreseconomiques.fr\/wp-content\/uploads\/2025\/05\/Credit_Agricole.svg_-202x140.png\" class=\"attachment-partner-small size-partner-small\" alt=\"Cr\u00e9dit Agricole\" title=\"Cr\u00e9dit Agricole\" decoding=\"async\" loading=\"lazy\" srcset=\"https:\/\/www.lesrencontreseconomiques.fr\/wp-content\/uploads\/2025\/05\/Credit_Agricole.svg_-202x140.png 202w, https:\/\/www.lesrencontreseconomiques.fr\/wp-content\/uploads\/2025\/05\/Credit_Agricole.svg_-490x339.png 490w, https:\/\/www.lesrencontreseconomiques.fr\/wp-content\/uploads\/2025\/05\/Credit_Agricole.svg_-668x462.png 668w, https:\/\/www.lesrencontreseconomiques.fr\/wp-content\/uploads\/2025\/05\/Credit_Agricole.svg_-224x155.png 224w, https:\/\/www.lesrencontreseconomiques.fr\/wp-content\/uploads\/2025\/05\/Credit_Agricole.svg_.png 1200w\" sizes=\"auto, (max-width: 202px) 100vw, 202px\" \/>\t\t\t\t\t<\/a>\n\t\t\t\t<\/li>\n<li>\n\t\t\t\t\t<a href=\"https:\/\/www.dalkia.fr\" target=\"_blank\"><br \/>\n\t\t\t\t\t\t<img width=\"250\" height=\"95\" src=\"https:\/\/www.lesrencontreseconomiques.fr\/wp-content\/uploads\/2025\/05\/Logo-dalkia-groupe-edf-250x95.jpg\" class=\"attachment-partner-small size-partner-small\" alt=\"Dalkia\" title=\"Dalkia\" decoding=\"async\" loading=\"lazy\" srcset=\"https:\/\/www.lesrencontreseconomiques.fr\/wp-content\/uploads\/2025\/05\/Logo-dalkia-groupe-edf-250x95.jpg 250w, https:\/\/www.lesrencontreseconomiques.fr\/wp-content\/uploads\/2025\/05\/Logo-dalkia-groupe-edf-490x187.jpg 490w, https:\/\/www.lesrencontreseconomiques.fr\/wp-content\/uploads\/2025\/05\/Logo-dalkia-groupe-edf-668x254.jpg 668w, https:\/\/www.lesrencontreseconomiques.fr\/wp-content\/uploads\/2025\/05\/Logo-dalkia-groupe-edf-224x85.jpg 224w, https:\/\/www.lesrencontreseconomiques.fr\/wp-content\/uploads\/2025\/05\/Logo-dalkia-groupe-edf.jpg 1200w\" sizes=\"auto, (max-width: 250px) 100vw, 250px\" \/>\t\t\t\t\t<\/a>\n\t\t\t\t<\/li>\n<li>\n\t\t\t\t\t<a href=\"https:\/\/www.doctolib.fr\" target=\"_blank\"><br \/>\n\t\t\t\t\t\t<img width=\"250\" height=\"66\" src=\"https:\/\/www.lesrencontreseconomiques.fr\/wp-content\/uploads\/2025\/05\/Doctolib_Logo.svg_-250x66.png\" class=\"attachment-partner-small size-partner-small\" alt=\"Doctolib\" title=\"Doctolib\" decoding=\"async\" loading=\"lazy\" srcset=\"https:\/\/www.lesrencontreseconomiques.fr\/wp-content\/uploads\/2025\/05\/Doctolib_Logo.svg_-250x66.png 250w, https:\/\/www.lesrencontreseconomiques.fr\/wp-content\/uploads\/2025\/05\/Doctolib_Logo.svg_-490x130.png 490w, https:\/\/www.lesrencontreseconomiques.fr\/wp-content\/uploads\/2025\/05\/Doctolib_Logo.svg_-668x177.png 668w, https:\/\/www.lesrencontreseconomiques.fr\/wp-content\/uploads\/2025\/05\/Doctolib_Logo.svg_-1536x407.png 1536w, https:\/\/www.lesrencontreseconomiques.fr\/wp-content\/uploads\/2025\/05\/Doctolib_Logo.svg_-224x59.png 224w, https:\/\/www.lesrencontreseconomiques.fr\/wp-content\/uploads\/2025\/05\/Doctolib_Logo.svg_.png 1600w\" sizes=\"auto, (max-width: 250px) 100vw, 250px\" \/>\t\t\t\t\t<\/a>\n\t\t\t\t<\/li>\n<li>\n\t\t\t\t\t<a href=\"https:\/\/www.domusvi.com\" target=\"_blank\"><br \/>\n\t\t\t\t\t\t<img width=\"250\" height=\"118\" src=\"https:\/\/www.lesrencontreseconomiques.fr\/wp-content\/uploads\/2025\/05\/Capture-decran-2025-05-14-a-18.04.22-250x118.png\" class=\"attachment-partner-small size-partner-small\" alt=\"Domusvi\" title=\"Domusvi\" decoding=\"async\" loading=\"lazy\" srcset=\"https:\/\/www.lesrencontreseconomiques.fr\/wp-content\/uploads\/2025\/05\/Capture-decran-2025-05-14-a-18.04.22-250x118.png 250w, https:\/\/www.lesrencontreseconomiques.fr\/wp-content\/uploads\/2025\/05\/Capture-decran-2025-05-14-a-18.04.22-490x231.png 490w, https:\/\/www.lesrencontreseconomiques.fr\/wp-content\/uploads\/2025\/05\/Capture-decran-2025-05-14-a-18.04.22-668x315.png 668w, https:\/\/www.lesrencontreseconomiques.fr\/wp-content\/uploads\/2025\/05\/Capture-decran-2025-05-14-a-18.04.22-224x106.png 224w, https:\/\/www.lesrencontreseconomiques.fr\/wp-content\/uploads\/2025\/05\/Capture-decran-2025-05-14-a-18.04.22.png 826w\" sizes=\"auto, (max-width: 250px) 100vw, 250px\" \/>\t\t\t\t\t<\/a>\n\t\t\t\t<\/li>\n<li>\n\t\t\t\t\t<a href=\"https:\/\/www.egis-group.com\/fr\" target=\"_blank\"><br \/>\n\t\t\t\t\t\t<img width=\"250\" height=\"94\" src=\"https:\/\/www.lesrencontreseconomiques.fr\/wp-content\/uploads\/2025\/05\/Egis-Coul-250x94.jpg\" class=\"attachment-partner-small size-partner-small\" alt=\"EGIS\" title=\"EGIS\" decoding=\"async\" loading=\"lazy\" srcset=\"https:\/\/www.lesrencontreseconomiques.fr\/wp-content\/uploads\/2025\/05\/Egis-Coul-250x94.jpg 250w, https:\/\/www.lesrencontreseconomiques.fr\/wp-content\/uploads\/2025\/05\/Egis-Coul-490x184.jpg 490w, https:\/\/www.lesrencontreseconomiques.fr\/wp-content\/uploads\/2025\/05\/Egis-Coul-668x250.jpg 668w, https:\/\/www.lesrencontreseconomiques.fr\/wp-content\/uploads\/2025\/05\/Egis-Coul-224x84.jpg 224w, https:\/\/www.lesrencontreseconomiques.fr\/wp-content\/uploads\/2025\/05\/Egis-Coul.jpg 1492w\" sizes=\"auto, (max-width: 250px) 100vw, 250px\" \/>\t\t\t\t\t<\/a>\n\t\t\t\t<\/li>\n<li>\n\t\t\t\t\t<a href=\"https:\/\/www.equans.fr\" target=\"_blank\"><br \/>\n\t\t\t\t\t\t<img width=\"250\" height=\"95\" src=\"https:\/\/www.lesrencontreseconomiques.fr\/wp-content\/uploads\/2025\/05\/432e1f18-a113-4bd8-9ce8-79e54eae8be6-250x95.png\" class=\"attachment-partner-small size-partner-small\" alt=\"Equans\" title=\"Equans\" decoding=\"async\" loading=\"lazy\" srcset=\"https:\/\/www.lesrencontreseconomiques.fr\/wp-content\/uploads\/2025\/05\/432e1f18-a113-4bd8-9ce8-79e54eae8be6-250x95.png 250w, https:\/\/www.lesrencontreseconomiques.fr\/wp-content\/uploads\/2025\/05\/432e1f18-a113-4bd8-9ce8-79e54eae8be6-490x186.png 490w, https:\/\/www.lesrencontreseconomiques.fr\/wp-content\/uploads\/2025\/05\/432e1f18-a113-4bd8-9ce8-79e54eae8be6-668x254.png 668w, https:\/\/www.lesrencontreseconomiques.fr\/wp-content\/uploads\/2025\/05\/432e1f18-a113-4bd8-9ce8-79e54eae8be6-224x85.png 224w, https:\/\/www.lesrencontreseconomiques.fr\/wp-content\/uploads\/2025\/05\/432e1f18-a113-4bd8-9ce8-79e54eae8be6.png 968w\" sizes=\"auto, (max-width: 250px) 100vw, 250px\" \/>\t\t\t\t\t<\/a>\n\t\t\t\t<\/li>\n<li>\n\t\t\t\t\t<a href=\"https:\/\/www.eurazeo.com\/fr\" target=\"_blank\"><br \/>\n\t\t\t\t\t\t<img width=\"250\" height=\"44\" src=\"https:\/\/www.lesrencontreseconomiques.fr\/wp-content\/uploads\/2025\/05\/images-2-250x44.png\" class=\"attachment-partner-small size-partner-small\" alt=\"Eurazeo\" title=\"Eurazeo\" decoding=\"async\" loading=\"lazy\" srcset=\"https:\/\/www.lesrencontreseconomiques.fr\/wp-content\/uploads\/2025\/05\/images-2-250x44.png 250w, https:\/\/www.lesrencontreseconomiques.fr\/wp-content\/uploads\/2025\/05\/images-2-490x86.png 490w, https:\/\/www.lesrencontreseconomiques.fr\/wp-content\/uploads\/2025\/05\/images-2-224x39.png 224w, https:\/\/www.lesrencontreseconomiques.fr\/wp-content\/uploads\/2025\/05\/images-2.png 535w\" sizes=\"auto, (max-width: 250px) 100vw, 250px\" \/>\t\t\t\t\t<\/a>\n\t\t\t\t<\/li>\n<li>\n\t\t\t\t\t<a href=\"https:\/\/live.euronext.com\/fr\/markets\/paris\" target=\"_blank\"><br \/>\n\t\t\t\t\t\t<img width=\"250\" height=\"77\" src=\"https:\/\/www.lesrencontreseconomiques.fr\/wp-content\/uploads\/2025\/05\/Euronext-250x77.jpg\" class=\"attachment-partner-small size-partner-small\" alt=\"Euronext\" title=\"Euronext\" decoding=\"async\" loading=\"lazy\" srcset=\"https:\/\/www.lesrencontreseconomiques.fr\/wp-content\/uploads\/2025\/05\/Euronext-250x77.jpg 250w, https:\/\/www.lesrencontreseconomiques.fr\/wp-content\/uploads\/2025\/05\/Euronext-490x152.jpg 490w, https:\/\/www.lesrencontreseconomiques.fr\/wp-content\/uploads\/2025\/05\/Euronext-668x207.jpg 668w, https:\/\/www.lesrencontreseconomiques.fr\/wp-content\/uploads\/2025\/05\/Euronext-224x69.jpg 224w, https:\/\/www.lesrencontreseconomiques.fr\/wp-content\/uploads\/2025\/05\/Euronext.jpg 1280w\" sizes=\"auto, (max-width: 250px) 100vw, 250px\" \/>\t\t\t\t\t<\/a>\n\t\t\t\t<\/li>\n<li>\n\t\t\t\t\t<a href=\"https:\/\/www.explain.fr\" target=\"_blank\"><br \/>\n\t\t\t\t\t\t<img width=\"198\" height=\"140\" src=\"https:\/\/www.lesrencontreseconomiques.fr\/wp-content\/uploads\/2025\/05\/LOGO-BLEU-ALIGNE-FOND-BLANC-198x140.jpg\" class=\"attachment-partner-small size-partner-small\" alt=\"Explain\" title=\"Explain\" decoding=\"async\" loading=\"lazy\" srcset=\"https:\/\/www.lesrencontreseconomiques.fr\/wp-content\/uploads\/2025\/05\/LOGO-BLEU-ALIGNE-FOND-BLANC-198x140.jpg 198w, https:\/\/www.lesrencontreseconomiques.fr\/wp-content\/uploads\/2025\/05\/LOGO-BLEU-ALIGNE-FOND-BLANC-490x347.jpg 490w, https:\/\/www.lesrencontreseconomiques.fr\/wp-content\/uploads\/2025\/05\/LOGO-BLEU-ALIGNE-FOND-BLANC-668x473.jpg 668w, https:\/\/www.lesrencontreseconomiques.fr\/wp-content\/uploads\/2025\/05\/LOGO-BLEU-ALIGNE-FOND-BLANC-1536x1087.jpg 1536w, https:\/\/www.lesrencontreseconomiques.fr\/wp-content\/uploads\/2025\/05\/LOGO-BLEU-ALIGNE-FOND-BLANC-224x158.jpg 224w, https:\/\/www.lesrencontreseconomiques.fr\/wp-content\/uploads\/2025\/05\/LOGO-BLEU-ALIGNE-FOND-BLANC.jpg 1600w\" sizes=\"auto, (max-width: 198px) 100vw, 198px\" \/>\t\t\t\t\t<\/a>\n\t\t\t\t<\/li>\n<li>\n\t\t\t\t\t<a href=\"https:\/\/www.ey.com\/fr_fr\" target=\"_blank\"><br \/>\n\t\t\t\t\t\t<img width=\"139\" height=\"140\" src=\"https:\/\/www.lesrencontreseconomiques.fr\/wp-content\/uploads\/2025\/05\/EY_logo_2019.svg_-139x140.png\" class=\"attachment-partner-small size-partner-small\" alt=\"EY\" title=\"EY\" decoding=\"async\" loading=\"lazy\" srcset=\"https:\/\/www.lesrencontreseconomiques.fr\/wp-content\/uploads\/2025\/05\/EY_logo_2019.svg_-139x140.png 139w, https:\/\/www.lesrencontreseconomiques.fr\/wp-content\/uploads\/2025\/05\/EY_logo_2019.svg_-490x495.png 490w, https:\/\/www.lesrencontreseconomiques.fr\/wp-content\/uploads\/2025\/05\/EY_logo_2019.svg_-668x675.png 668w, https:\/\/www.lesrencontreseconomiques.fr\/wp-content\/uploads\/2025\/05\/EY_logo_2019.svg_-150x150.png 150w, https:\/\/www.lesrencontreseconomiques.fr\/wp-content\/uploads\/2025\/05\/EY_logo_2019.svg_-224x226.png 224w, https:\/\/www.lesrencontreseconomiques.fr\/wp-content\/uploads\/2025\/05\/EY_logo_2019.svg_-290x290.png 290w, https:\/\/www.lesrencontreseconomiques.fr\/wp-content\/uploads\/2025\/05\/EY_logo_2019.svg_.png 1200w\" sizes=\"auto, (max-width: 139px) 100vw, 139px\" \/>\t\t\t\t\t<\/a>\n\t\t\t\t<\/li>\n<li>\n\t\t\t\t\t<a href=\"https:\/\/www.fbf.fr\/fr\/\" target=\"_blank\"><br \/>\n\t\t\t\t\t\t<img width=\"250\" height=\"91\" src=\"https:\/\/www.lesrencontreseconomiques.fr\/wp-content\/uploads\/2025\/05\/Logo_FBF_2015-250x91.jpg\" class=\"attachment-partner-small size-partner-small\" alt=\"FBF\" title=\"FBF\" decoding=\"async\" loading=\"lazy\" srcset=\"https:\/\/www.lesrencontreseconomiques.fr\/wp-content\/uploads\/2025\/05\/Logo_FBF_2015-250x91.jpg 250w, https:\/\/www.lesrencontreseconomiques.fr\/wp-content\/uploads\/2025\/05\/Logo_FBF_2015-224x81.jpg 224w, https:\/\/www.lesrencontreseconomiques.fr\/wp-content\/uploads\/2025\/05\/Logo_FBF_2015.jpg 352w\" sizes=\"auto, (max-width: 250px) 100vw, 250px\" \/>\t\t\t\t\t<\/a>\n\t\t\t\t<\/li>\n<li>\n\t\t\t\t\t<a href=\"https:\/\/finexsi.eu\" target=\"_blank\"><br \/>\n\t\t\t\t\t\t<img width=\"250\" height=\"97\" src=\"https:\/\/www.lesrencontreseconomiques.fr\/wp-content\/uploads\/2025\/05\/finexsi-logotype-cmjn-finexsi-logo-bleu-scaled.jpg-250x97.webp\" class=\"attachment-partner-small size-partner-small\" alt=\"Finexsi\" title=\"Finexsi\" decoding=\"async\" loading=\"lazy\" srcset=\"https:\/\/www.lesrencontreseconomiques.fr\/wp-content\/uploads\/2025\/05\/finexsi-logotype-cmjn-finexsi-logo-bleu-scaled.jpg-250x97.webp 250w, https:\/\/www.lesrencontreseconomiques.fr\/wp-content\/uploads\/2025\/05\/finexsi-logotype-cmjn-finexsi-logo-bleu-scaled.jpg-490x191.webp 490w, https:\/\/www.lesrencontreseconomiques.fr\/wp-content\/uploads\/2025\/05\/finexsi-logotype-cmjn-finexsi-logo-bleu-scaled.jpg-668x260.webp 668w, https:\/\/www.lesrencontreseconomiques.fr\/wp-content\/uploads\/2025\/05\/finexsi-logotype-cmjn-finexsi-logo-bleu-scaled.jpg-1536x598.webp 1536w, https:\/\/www.lesrencontreseconomiques.fr\/wp-content\/uploads\/2025\/05\/finexsi-logotype-cmjn-finexsi-logo-bleu-scaled.jpg-2048x798.webp 2048w, https:\/\/www.lesrencontreseconomiques.fr\/wp-content\/uploads\/2025\/05\/finexsi-logotype-cmjn-finexsi-logo-bleu-scaled.jpg-224x87.webp 224w\" sizes=\"auto, (max-width: 250px) 100vw, 250px\" \/>\t\t\t\t\t<\/a>\n\t\t\t\t<\/li>\n<li>\n\t\t\t\t\t<a href=\"https:\/\/www.franceassureurs.fr\" target=\"_blank\"><br \/>\n\t\t\t\t\t\t<img width=\"250\" height=\"89\" src=\"https:\/\/www.lesrencontreseconomiques.fr\/wp-content\/uploads\/2025\/05\/Logo_France_Assureur-250x89.png\" class=\"attachment-partner-small size-partner-small\" alt=\"France Assureurs\" title=\"France Assureurs\" decoding=\"async\" loading=\"lazy\" srcset=\"https:\/\/www.lesrencontreseconomiques.fr\/wp-content\/uploads\/2025\/05\/Logo_France_Assureur-250x89.png 250w, https:\/\/www.lesrencontreseconomiques.fr\/wp-content\/uploads\/2025\/05\/Logo_France_Assureur-490x175.png 490w, https:\/\/www.lesrencontreseconomiques.fr\/wp-content\/uploads\/2025\/05\/Logo_France_Assureur-668x238.png 668w, https:\/\/www.lesrencontreseconomiques.fr\/wp-content\/uploads\/2025\/05\/Logo_France_Assureur-1536x547.png 1536w, https:\/\/www.lesrencontreseconomiques.fr\/wp-content\/uploads\/2025\/05\/Logo_France_Assureur-224x80.png 224w, https:\/\/www.lesrencontreseconomiques.fr\/wp-content\/uploads\/2025\/05\/Logo_France_Assureur.png 1600w\" sizes=\"auto, (max-width: 250px) 100vw, 250px\" \/>\t\t\t\t\t<\/a>\n\t\t\t\t<\/li>\n<li>\n\t\t\t\t\t<a href=\"https:\/\/www.franceinvest.eu\" target=\"_blank\"><br \/>\n\t\t\t\t\t\t<img width=\"250\" height=\"126\" src=\"https:\/\/www.lesrencontreseconomiques.fr\/wp-content\/uploads\/2025\/05\/FI_Logo-1-Avec-Mention-scaled-1-250x126.jpg\" class=\"attachment-partner-small size-partner-small\" alt=\"France Invest\" title=\"France Invest\" decoding=\"async\" loading=\"lazy\" srcset=\"https:\/\/www.lesrencontreseconomiques.fr\/wp-content\/uploads\/2025\/05\/FI_Logo-1-Avec-Mention-scaled-1-250x126.jpg 250w, https:\/\/www.lesrencontreseconomiques.fr\/wp-content\/uploads\/2025\/05\/FI_Logo-1-Avec-Mention-scaled-1-490x247.jpg 490w, https:\/\/www.lesrencontreseconomiques.fr\/wp-content\/uploads\/2025\/05\/FI_Logo-1-Avec-Mention-scaled-1-668x336.jpg 668w, https:\/\/www.lesrencontreseconomiques.fr\/wp-content\/uploads\/2025\/05\/FI_Logo-1-Avec-Mention-scaled-1-1536x773.jpg 1536w, https:\/\/www.lesrencontreseconomiques.fr\/wp-content\/uploads\/2025\/05\/FI_Logo-1-Avec-Mention-scaled-1-224x113.jpg 224w, https:\/\/www.lesrencontreseconomiques.fr\/wp-content\/uploads\/2025\/05\/FI_Logo-1-Avec-Mention-scaled-1.jpg 1600w\" sizes=\"auto, (max-width: 250px) 100vw, 250px\" \/>\t\t\t\t\t<\/a>\n\t\t\t\t<\/li>\n<li>\n\t\t\t\t\t<a href=\"https:\/\/gazelenergie.fr\" target=\"_blank\"><br \/>\n\t\t\t\t\t\t<img width=\"140\" height=\"140\" src=\"https:\/\/www.lesrencontreseconomiques.fr\/wp-content\/uploads\/2025\/05\/56-min.png-140x140.webp\" class=\"attachment-partner-small size-partner-small\" alt=\"GazelEnergie\" title=\"GazelEnergie\" decoding=\"async\" loading=\"lazy\" srcset=\"https:\/\/www.lesrencontreseconomiques.fr\/wp-content\/uploads\/2025\/05\/56-min.png-140x140.webp 140w, https:\/\/www.lesrencontreseconomiques.fr\/wp-content\/uploads\/2025\/05\/56-min.png-490x490.webp 490w, https:\/\/www.lesrencontreseconomiques.fr\/wp-content\/uploads\/2025\/05\/56-min.png-150x150.webp 150w, https:\/\/www.lesrencontreseconomiques.fr\/wp-content\/uploads\/2025\/05\/56-min.png-224x224.webp 224w, https:\/\/www.lesrencontreseconomiques.fr\/wp-content\/uploads\/2025\/05\/56-min.png-290x290.webp 290w, https:\/\/www.lesrencontreseconomiques.fr\/wp-content\/uploads\/2025\/05\/56-min.png.webp 500w\" sizes=\"auto, (max-width: 140px) 100vw, 140px\" \/>\t\t\t\t\t<\/a>\n\t\t\t\t<\/li>\n<li>\n\t\t\t\t\t<a href=\"https:\/\/www.grandparisamenagement.fr\" target=\"_blank\"><br \/>\n\t\t\t\t\t\t<img width=\"250\" height=\"77\" src=\"https:\/\/www.lesrencontreseconomiques.fr\/wp-content\/uploads\/2025\/06\/GrandParisAmenagement-250x77.jpg\" class=\"attachment-partner-small size-partner-small\" alt=\"Grand Paris am\u00e9nagement\" title=\"Grand Paris am\u00e9nagement\" decoding=\"async\" loading=\"lazy\" srcset=\"https:\/\/www.lesrencontreseconomiques.fr\/wp-content\/uploads\/2025\/06\/GrandParisAmenagement-250x77.jpg 250w, https:\/\/www.lesrencontreseconomiques.fr\/wp-content\/uploads\/2025\/06\/GrandParisAmenagement-490x152.jpg 490w, https:\/\/www.lesrencontreseconomiques.fr\/wp-content\/uploads\/2025\/06\/GrandParisAmenagement-668x207.jpg 668w, https:\/\/www.lesrencontreseconomiques.fr\/wp-content\/uploads\/2025\/06\/GrandParisAmenagement-224x69.jpg 224w, https:\/\/www.lesrencontreseconomiques.fr\/wp-content\/uploads\/2025\/06\/GrandParisAmenagement.jpg 1258w\" sizes=\"auto, (max-width: 250px) 100vw, 250px\" \/>\t\t\t\t\t<\/a>\n\t\t\t\t<\/li>\n<li>\n\t\t\t\t\t<a href=\"https:\/\/www.adelaidegroup.fr\" target=\"_blank\"><br \/>\n\t\t\t\t\t\t<img width=\"250\" height=\"118\" src=\"https:\/\/www.lesrencontreseconomiques.fr\/wp-content\/uploads\/2025\/05\/adelaide_logo1-250x118.jpg\" class=\"attachment-partner-small size-partner-small\" alt=\"Groupe Ad\u00e9la\u00efde\" title=\"Groupe Ad\u00e9la\u00efde\" decoding=\"async\" loading=\"lazy\" srcset=\"https:\/\/www.lesrencontreseconomiques.fr\/wp-content\/uploads\/2025\/05\/adelaide_logo1-250x118.jpg 250w, https:\/\/www.lesrencontreseconomiques.fr\/wp-content\/uploads\/2025\/05\/adelaide_logo1-490x231.jpg 490w, https:\/\/www.lesrencontreseconomiques.fr\/wp-content\/uploads\/2025\/05\/adelaide_logo1-668x315.jpg 668w, https:\/\/www.lesrencontreseconomiques.fr\/wp-content\/uploads\/2025\/05\/adelaide_logo1-224x106.jpg 224w, https:\/\/www.lesrencontreseconomiques.fr\/wp-content\/uploads\/2025\/05\/adelaide_logo1.jpg 910w\" sizes=\"auto, (max-width: 250px) 100vw, 250px\" \/>\t\t\t\t\t<\/a>\n\t\t\t\t<\/li>\n<li>\n\t\t\t\t\t<a href=\"https:\/\/www.groupe-alpha.com\" target=\"_blank\"><br \/>\n\t\t\t\t\t\t<img width=\"140\" height=\"140\" src=\"https:\/\/www.lesrencontreseconomiques.fr\/wp-content\/uploads\/2025\/05\/channels4_profile-140x140.jpg\" class=\"attachment-partner-small size-partner-small\" alt=\"Groupe Alpha\" title=\"Groupe Alpha\" decoding=\"async\" loading=\"lazy\" srcset=\"https:\/\/www.lesrencontreseconomiques.fr\/wp-content\/uploads\/2025\/05\/channels4_profile-140x140.jpg 140w, https:\/\/www.lesrencontreseconomiques.fr\/wp-content\/uploads\/2025\/05\/channels4_profile-490x490.jpg 490w, https:\/\/www.lesrencontreseconomiques.fr\/wp-content\/uploads\/2025\/05\/channels4_profile-668x668.jpg 668w, https:\/\/www.lesrencontreseconomiques.fr\/wp-content\/uploads\/2025\/05\/channels4_profile-150x150.jpg 150w, https:\/\/www.lesrencontreseconomiques.fr\/wp-content\/uploads\/2025\/05\/channels4_profile-224x224.jpg 224w, https:\/\/www.lesrencontreseconomiques.fr\/wp-content\/uploads\/2025\/05\/channels4_profile-290x290.jpg 290w, https:\/\/www.lesrencontreseconomiques.fr\/wp-content\/uploads\/2025\/05\/channels4_profile.jpg 900w\" sizes=\"auto, (max-width: 140px) 100vw, 140px\" \/>\t\t\t\t\t<\/a>\n\t\t\t\t<\/li>\n<li>\n\t\t\t\t\t<a href=\"https:\/\/www.groupebpce.com\" target=\"_blank\"><br \/>\n\t\t\t\t\t\t<img width=\"250\" height=\"42\" src=\"https:\/\/www.lesrencontreseconomiques.fr\/wp-content\/uploads\/2025\/05\/63174da09d1bf195ba09a03a-250x42.png\" class=\"attachment-partner-small size-partner-small\" alt=\"Groupe BPCE\" title=\"Groupe BPCE\" decoding=\"async\" loading=\"lazy\" srcset=\"https:\/\/www.lesrencontreseconomiques.fr\/wp-content\/uploads\/2025\/05\/63174da09d1bf195ba09a03a-250x42.png 250w, https:\/\/www.lesrencontreseconomiques.fr\/wp-content\/uploads\/2025\/05\/63174da09d1bf195ba09a03a-490x82.png 490w, https:\/\/www.lesrencontreseconomiques.fr\/wp-content\/uploads\/2025\/05\/63174da09d1bf195ba09a03a-668x111.png 668w, https:\/\/www.lesrencontreseconomiques.fr\/wp-content\/uploads\/2025\/05\/63174da09d1bf195ba09a03a-224x37.png 224w, https:\/\/www.lesrencontreseconomiques.fr\/wp-content\/uploads\/2025\/05\/63174da09d1bf195ba09a03a.png 1247w\" sizes=\"auto, (max-width: 250px) 100vw, 250px\" \/>\t\t\t\t\t<\/a>\n\t\t\t\t<\/li>\n<li>\n\t\t\t\t\t<a href=\"https:\/\/www.capgemini.com\/fr-fr\/\" target=\"_blank\"><br \/>\n\t\t\t\t\t\t<img width=\"210\" height=\"140\" src=\"https:\/\/www.lesrencontreseconomiques.fr\/wp-content\/uploads\/2025\/05\/CASINO-210x140.jpg\" class=\"attachment-partner-small size-partner-small\" alt=\"Groupe Casino\" title=\"Groupe Casino\" decoding=\"async\" loading=\"lazy\" srcset=\"https:\/\/www.lesrencontreseconomiques.fr\/wp-content\/uploads\/2025\/05\/CASINO-210x140.jpg 210w, https:\/\/www.lesrencontreseconomiques.fr\/wp-content\/uploads\/2025\/05\/CASINO-490x326.jpg 490w, https:\/\/www.lesrencontreseconomiques.fr\/wp-content\/uploads\/2025\/05\/CASINO-668x445.jpg 668w, https:\/\/www.lesrencontreseconomiques.fr\/wp-content\/uploads\/2025\/05\/CASINO-1536x1023.jpg 1536w, https:\/\/www.lesrencontreseconomiques.fr\/wp-content\/uploads\/2025\/05\/CASINO-224x149.jpg 224w, https:\/\/www.lesrencontreseconomiques.fr\/wp-content\/uploads\/2025\/05\/CASINO-312x208.jpg 312w, https:\/\/www.lesrencontreseconomiques.fr\/wp-content\/uploads\/2025\/05\/CASINO.jpg 1600w\" sizes=\"auto, (max-width: 210px) 100vw, 210px\" \/>\t\t\t\t\t<\/a>\n\t\t\t\t<\/li>\n<li>\n\t\t\t\t\t<a href=\"https:\/\/www.diot-siaci.com\/fr\/\" target=\"_blank\"><br \/>\n\t\t\t\t\t\t<img width=\"158\" height=\"140\" src=\"https:\/\/www.lesrencontreseconomiques.fr\/wp-content\/uploads\/2025\/06\/partenaire_DiotSiaci-1-158x140.jpg\" class=\"attachment-partner-small size-partner-small\" alt=\"Diot-Siaci\" title=\"Diot-Siaci\" decoding=\"async\" loading=\"lazy\" srcset=\"https:\/\/www.lesrencontreseconomiques.fr\/wp-content\/uploads\/2025\/06\/partenaire_DiotSiaci-1-158x140.jpg 158w, https:\/\/www.lesrencontreseconomiques.fr\/wp-content\/uploads\/2025\/06\/partenaire_DiotSiaci-1-224x199.jpg 224w, https:\/\/www.lesrencontreseconomiques.fr\/wp-content\/uploads\/2025\/06\/partenaire_DiotSiaci-1.jpg 360w\" sizes=\"auto, (max-width: 158px) 100vw, 158px\" \/>\t\t\t\t\t<\/a>\n\t\t\t\t<\/li>\n<li>\n\t\t\t\t\t<a href=\"https:\/\/www.groupegalerieslafayette.com\" target=\"_blank\"><br \/>\n\t\t\t\t\t\t<img width=\"250\" height=\"93\" src=\"https:\/\/www.lesrencontreseconomiques.fr\/wp-content\/uploads\/2025\/05\/images-3-250x93.png\" class=\"attachment-partner-small size-partner-small\" alt=\"Groupe Galeries Lafayette\" title=\"Groupe Galeries Lafayette\" decoding=\"async\" loading=\"lazy\" srcset=\"https:\/\/www.lesrencontreseconomiques.fr\/wp-content\/uploads\/2025\/05\/images-3-250x93.png 250w, https:\/\/www.lesrencontreseconomiques.fr\/wp-content\/uploads\/2025\/05\/images-3-224x84.png 224w, https:\/\/www.lesrencontreseconomiques.fr\/wp-content\/uploads\/2025\/05\/images-3.png 367w\" sizes=\"auto, (max-width: 250px) 100vw, 250px\" \/>\t\t\t\t\t<\/a>\n\t\t\t\t<\/li>\n<li>\n\t\t\t\t\t<a href=\"https:\/\/www.michelin.com\" target=\"_blank\"><br \/>\n\t\t\t\t\t\t<img width=\"250\" height=\"131\" src=\"https:\/\/www.lesrencontreseconomiques.fr\/wp-content\/uploads\/2025\/05\/Michelin_G_Stacked_NoBL_WhiteBG_0615-250x131.jpg\" class=\"attachment-partner-small size-partner-small\" alt=\"Groupe Michelin\" title=\"Groupe Michelin\" decoding=\"async\" loading=\"lazy\" srcset=\"https:\/\/www.lesrencontreseconomiques.fr\/wp-content\/uploads\/2025\/05\/Michelin_G_Stacked_NoBL_WhiteBG_0615-250x131.jpg 250w, https:\/\/www.lesrencontreseconomiques.fr\/wp-content\/uploads\/2025\/05\/Michelin_G_Stacked_NoBL_WhiteBG_0615-490x258.jpg 490w, https:\/\/www.lesrencontreseconomiques.fr\/wp-content\/uploads\/2025\/05\/Michelin_G_Stacked_NoBL_WhiteBG_0615-668x351.jpg 668w, https:\/\/www.lesrencontreseconomiques.fr\/wp-content\/uploads\/2025\/05\/Michelin_G_Stacked_NoBL_WhiteBG_0615-1536x807.jpg 1536w, https:\/\/www.lesrencontreseconomiques.fr\/wp-content\/uploads\/2025\/05\/Michelin_G_Stacked_NoBL_WhiteBG_0615-224x118.jpg 224w, https:\/\/www.lesrencontreseconomiques.fr\/wp-content\/uploads\/2025\/05\/Michelin_G_Stacked_NoBL_WhiteBG_0615.jpg 1600w\" sizes=\"auto, (max-width: 250px) 100vw, 250px\" \/>\t\t\t\t\t<\/a>\n\t\t\t\t<\/li>\n<li>\n\t\t\t\t\t<a href=\"https:\/\/groupe-rocher.com\" target=\"_blank\"><br \/>\n\t\t\t\t\t\t<img width=\"250\" height=\"83\" src=\"https:\/\/www.lesrencontreseconomiques.fr\/wp-content\/uploads\/2025\/05\/LOGO_DU_GROUPE_ROCHER-250x83.png\" class=\"attachment-partner-small size-partner-small\" alt=\"Groupe Rocher\" title=\"Groupe Rocher\" decoding=\"async\" loading=\"lazy\" srcset=\"https:\/\/www.lesrencontreseconomiques.fr\/wp-content\/uploads\/2025\/05\/LOGO_DU_GROUPE_ROCHER-250x83.png 250w, https:\/\/www.lesrencontreseconomiques.fr\/wp-content\/uploads\/2025\/05\/LOGO_DU_GROUPE_ROCHER-490x163.png 490w, https:\/\/www.lesrencontreseconomiques.fr\/wp-content\/uploads\/2025\/05\/LOGO_DU_GROUPE_ROCHER-668x223.png 668w, https:\/\/www.lesrencontreseconomiques.fr\/wp-content\/uploads\/2025\/05\/LOGO_DU_GROUPE_ROCHER-1536x512.png 1536w, https:\/\/www.lesrencontreseconomiques.fr\/wp-content\/uploads\/2025\/05\/LOGO_DU_GROUPE_ROCHER-224x75.png 224w, https:\/\/www.lesrencontreseconomiques.fr\/wp-content\/uploads\/2025\/05\/LOGO_DU_GROUPE_ROCHER.png 1600w\" sizes=\"auto, (max-width: 250px) 100vw, 250px\" \/>\t\t\t\t\t<\/a>\n\t\t\t\t<\/li>\n<li>\n\t\t\t\t\t<a href=\"https:\/\/www.huawei.com\/fr\/\" target=\"_blank\"><br \/>\n\t\t\t\t\t\t<img width=\"250\" height=\"140\" src=\"https:\/\/www.lesrencontreseconomiques.fr\/wp-content\/uploads\/2025\/05\/Embleme-Huawei-250x140.jpg\" class=\"attachment-partner-small size-partner-small\" alt=\"Huawei\" title=\"Huawei\" decoding=\"async\" loading=\"lazy\" srcset=\"https:\/\/www.lesrencontreseconomiques.fr\/wp-content\/uploads\/2025\/05\/Embleme-Huawei-250x140.jpg 250w, https:\/\/www.lesrencontreseconomiques.fr\/wp-content\/uploads\/2025\/05\/Embleme-Huawei-490x276.jpg 490w, https:\/\/www.lesrencontreseconomiques.fr\/wp-content\/uploads\/2025\/05\/Embleme-Huawei-668x376.jpg 668w, https:\/\/www.lesrencontreseconomiques.fr\/wp-content\/uploads\/2025\/05\/Embleme-Huawei-224x126.jpg 224w, https:\/\/www.lesrencontreseconomiques.fr\/wp-content\/uploads\/2025\/05\/Embleme-Huawei.jpg 1280w\" sizes=\"auto, (max-width: 250px) 100vw, 250px\" \/>\t\t\t\t\t<\/a>\n\t\t\t\t<\/li>\n<li>\n\t\t\t\t\t<a href=\"https:\/\/www.icade.fr\" target=\"_blank\"><br \/>\n\t\t\t\t\t\t<img width=\"187\" height=\"140\" src=\"https:\/\/www.lesrencontreseconomiques.fr\/wp-content\/uploads\/2025\/05\/icade-187x140.png\" class=\"attachment-partner-small size-partner-small\" alt=\"ICADE\" title=\"ICADE\" decoding=\"async\" loading=\"lazy\" srcset=\"https:\/\/www.lesrencontreseconomiques.fr\/wp-content\/uploads\/2025\/05\/icade-187x140.png 187w, https:\/\/www.lesrencontreseconomiques.fr\/wp-content\/uploads\/2025\/05\/icade-224x168.png 224w, https:\/\/www.lesrencontreseconomiques.fr\/wp-content\/uploads\/2025\/05\/icade.png 400w\" sizes=\"auto, (max-width: 187px) 100vw, 187px\" \/>\t\t\t\t\t<\/a>\n\t\t\t\t<\/li>\n<li>\n\t\t\t\t\t<a href=\"https:\/\/www.internationalsos.fr\" target=\"_blank\"><br \/>\n\t\t\t\t\t\t<img width=\"140\" height=\"140\" src=\"https:\/\/www.lesrencontreseconomiques.fr\/wp-content\/uploads\/2025\/05\/unnamed-1-140x140.jpg\" class=\"attachment-partner-small size-partner-small\" alt=\"International SOS\" title=\"International SOS\" decoding=\"async\" loading=\"lazy\" srcset=\"https:\/\/www.lesrencontreseconomiques.fr\/wp-content\/uploads\/2025\/05\/unnamed-1-140x140.jpg 140w, https:\/\/www.lesrencontreseconomiques.fr\/wp-content\/uploads\/2025\/05\/unnamed-1-490x490.jpg 490w, https:\/\/www.lesrencontreseconomiques.fr\/wp-content\/uploads\/2025\/05\/unnamed-1-668x668.jpg 668w, https:\/\/www.lesrencontreseconomiques.fr\/wp-content\/uploads\/2025\/05\/unnamed-1-150x150.jpg 150w, https:\/\/www.lesrencontreseconomiques.fr\/wp-content\/uploads\/2025\/05\/unnamed-1-224x224.jpg 224w, https:\/\/www.lesrencontreseconomiques.fr\/wp-content\/uploads\/2025\/05\/unnamed-1-290x290.jpg 290w, https:\/\/www.lesrencontreseconomiques.fr\/wp-content\/uploads\/2025\/05\/unnamed-1.jpg 900w\" sizes=\"auto, (max-width: 140px) 100vw, 140px\" \/>\t\t\t\t\t<\/a>\n\t\t\t\t<\/li>\n<li>\n\t\t\t\t\t<a href=\"https:\/\/www.invivo-group.com\/fr\" target=\"_blank\"><br \/>\n\t\t\t\t\t\t<img width=\"250\" height=\"61\" src=\"https:\/\/www.lesrencontreseconomiques.fr\/wp-content\/uploads\/2025\/05\/1200px-Logo_InVivo-250x61.png\" class=\"attachment-partner-small size-partner-small\" alt=\"Invivo\" title=\"Invivo\" decoding=\"async\" loading=\"lazy\" srcset=\"https:\/\/www.lesrencontreseconomiques.fr\/wp-content\/uploads\/2025\/05\/1200px-Logo_InVivo-250x61.png 250w, https:\/\/www.lesrencontreseconomiques.fr\/wp-content\/uploads\/2025\/05\/1200px-Logo_InVivo-490x119.png 490w, https:\/\/www.lesrencontreseconomiques.fr\/wp-content\/uploads\/2025\/05\/1200px-Logo_InVivo-668x162.png 668w, https:\/\/www.lesrencontreseconomiques.fr\/wp-content\/uploads\/2025\/05\/1200px-Logo_InVivo-224x54.png 224w, https:\/\/www.lesrencontreseconomiques.fr\/wp-content\/uploads\/2025\/05\/1200px-Logo_InVivo.png 1200w\" sizes=\"auto, (max-width: 250px) 100vw, 250px\" \/>\t\t\t\t\t<\/a>\n\t\t\t\t<\/li>\n<li>\n\t\t\t\t\t<a href=\"https:\/\/www.isalt-gestion.com\" target=\"_blank\"><br \/>\n\t\t\t\t\t\t<img width=\"227\" height=\"140\" src=\"https:\/\/www.lesrencontreseconomiques.fr\/wp-content\/uploads\/2025\/05\/isalt-logo-dark-227x140.png\" class=\"attachment-partner-small size-partner-small\" alt=\"ISALT\" title=\"ISALT\" decoding=\"async\" loading=\"lazy\" srcset=\"https:\/\/www.lesrencontreseconomiques.fr\/wp-content\/uploads\/2025\/05\/isalt-logo-dark-227x140.png 227w, https:\/\/www.lesrencontreseconomiques.fr\/wp-content\/uploads\/2025\/05\/isalt-logo-dark-490x302.png 490w, https:\/\/www.lesrencontreseconomiques.fr\/wp-content\/uploads\/2025\/05\/isalt-logo-dark-668x412.png 668w, https:\/\/www.lesrencontreseconomiques.fr\/wp-content\/uploads\/2025\/05\/isalt-logo-dark-224x138.png 224w, https:\/\/www.lesrencontreseconomiques.fr\/wp-content\/uploads\/2025\/05\/isalt-logo-dark.png 810w\" sizes=\"auto, (max-width: 227px) 100vw, 227px\" \/>\t\t\t\t\t<\/a>\n\t\t\t\t<\/li>\n<li>\n\t\t\t\t\t<a href=\"https:\/\/www.jeito.life\" target=\"_blank\"><br \/>\n\t\t\t\t\t\t<img width=\"250\" height=\"97\" src=\"https:\/\/www.lesrencontreseconomiques.fr\/wp-content\/uploads\/2025\/05\/images-4-250x97.png\" class=\"attachment-partner-small size-partner-small\" alt=\"Jeito Capital\" title=\"Jeito Capital\" decoding=\"async\" loading=\"lazy\" srcset=\"https:\/\/www.lesrencontreseconomiques.fr\/wp-content\/uploads\/2025\/05\/images-4-250x97.png 250w, https:\/\/www.lesrencontreseconomiques.fr\/wp-content\/uploads\/2025\/05\/images-4-224x87.png 224w, https:\/\/www.lesrencontreseconomiques.fr\/wp-content\/uploads\/2025\/05\/images-4.png 359w\" sizes=\"auto, (max-width: 250px) 100vw, 250px\" \/>\t\t\t\t\t<\/a>\n\t\t\t\t<\/li>\n<li>\n\t\t\t\t\t<a href=\"https:\/\/www.kea-partners.com\" target=\"_blank\"><br \/>\n\t\t\t\t\t\t<img width=\"228\" height=\"140\" src=\"https:\/\/www.lesrencontreseconomiques.fr\/wp-content\/uploads\/2025\/05\/0866ca_d7cadec8647e4062a2685f470eb3f85emv2-228x140.png\" class=\"attachment-partner-small size-partner-small\" alt=\"KEA\" title=\"KEA\" decoding=\"async\" loading=\"lazy\" srcset=\"https:\/\/www.lesrencontreseconomiques.fr\/wp-content\/uploads\/2025\/05\/0866ca_d7cadec8647e4062a2685f470eb3f85emv2-228x140.png 228w, https:\/\/www.lesrencontreseconomiques.fr\/wp-content\/uploads\/2025\/05\/0866ca_d7cadec8647e4062a2685f470eb3f85emv2-490x301.png 490w, https:\/\/www.lesrencontreseconomiques.fr\/wp-content\/uploads\/2025\/05\/0866ca_d7cadec8647e4062a2685f470eb3f85emv2-668x410.png 668w, https:\/\/www.lesrencontreseconomiques.fr\/wp-content\/uploads\/2025\/05\/0866ca_d7cadec8647e4062a2685f470eb3f85emv2-224x137.png 224w, https:\/\/www.lesrencontreseconomiques.fr\/wp-content\/uploads\/2025\/05\/0866ca_d7cadec8647e4062a2685f470eb3f85emv2.png 1081w\" sizes=\"auto, (max-width: 228px) 100vw, 228px\" \/>\t\t\t\t\t<\/a>\n\t\t\t\t<\/li>\n<li>\n\t\t\t\t\t<a href=\"https:\/\/www.keolis.com\" target=\"_blank\"><br \/>\n\t\t\t\t\t\t<img width=\"250\" height=\"64\" src=\"https:\/\/www.lesrencontreseconomiques.fr\/wp-content\/uploads\/2025\/05\/images-2-1-250x64.png\" class=\"attachment-partner-small size-partner-small\" alt=\"K\u00e9olis\" title=\"K\u00e9olis\" decoding=\"async\" loading=\"lazy\" srcset=\"https:\/\/www.lesrencontreseconomiques.fr\/wp-content\/uploads\/2025\/05\/images-2-1-250x64.png 250w, https:\/\/www.lesrencontreseconomiques.fr\/wp-content\/uploads\/2025\/05\/images-2-1-224x58.png 224w, https:\/\/www.lesrencontreseconomiques.fr\/wp-content\/uploads\/2025\/05\/images-2-1.png 443w\" sizes=\"auto, (max-width: 250px) 100vw, 250px\" \/>\t\t\t\t\t<\/a>\n\t\t\t\t<\/li>\n<li>\n\t\t\t\t\t<a href=\"https:\/\/www.kkr.com\/fr\/fr\" target=\"_blank\"><br \/>\n\t\t\t\t\t\t<img width=\"250\" height=\"140\" src=\"https:\/\/www.lesrencontreseconomiques.fr\/wp-content\/uploads\/2025\/05\/KKR-Logo-250x140.png\" class=\"attachment-partner-small size-partner-small\" alt=\"KKR\" title=\"KKR\" decoding=\"async\" loading=\"lazy\" srcset=\"https:\/\/www.lesrencontreseconomiques.fr\/wp-content\/uploads\/2025\/05\/KKR-Logo-250x140.png 250w, https:\/\/www.lesrencontreseconomiques.fr\/wp-content\/uploads\/2025\/05\/KKR-Logo-490x276.png 490w, https:\/\/www.lesrencontreseconomiques.fr\/wp-content\/uploads\/2025\/05\/KKR-Logo-668x376.png 668w, https:\/\/www.lesrencontreseconomiques.fr\/wp-content\/uploads\/2025\/05\/KKR-Logo-1536x864.png 1536w, https:\/\/www.lesrencontreseconomiques.fr\/wp-content\/uploads\/2025\/05\/KKR-Logo-224x126.png 224w, https:\/\/www.lesrencontreseconomiques.fr\/wp-content\/uploads\/2025\/05\/KKR-Logo.png 1600w\" sizes=\"auto, (max-width: 250px) 100vw, 250px\" \/>\t\t\t\t\t<\/a>\n\t\t\t\t<\/li>\n<li>\n\t\t\t\t\t<a href=\"https:\/\/www.labanquepostale.fr\" target=\"_blank\"><br \/>\n\t\t\t\t\t\t<img width=\"202\" height=\"140\" src=\"https:\/\/www.lesrencontreseconomiques.fr\/wp-content\/uploads\/2025\/05\/Logo_La_Banque_postale_2022.svg_-202x140.png\" class=\"attachment-partner-small size-partner-small\" alt=\"La Banque Postale\" title=\"La Banque Postale\" decoding=\"async\" loading=\"lazy\" srcset=\"https:\/\/www.lesrencontreseconomiques.fr\/wp-content\/uploads\/2025\/05\/Logo_La_Banque_postale_2022.svg_-202x140.png 202w, https:\/\/www.lesrencontreseconomiques.fr\/wp-content\/uploads\/2025\/05\/Logo_La_Banque_postale_2022.svg_-490x340.png 490w, https:\/\/www.lesrencontreseconomiques.fr\/wp-content\/uploads\/2025\/05\/Logo_La_Banque_postale_2022.svg_-668x464.png 668w, https:\/\/www.lesrencontreseconomiques.fr\/wp-content\/uploads\/2025\/05\/Logo_La_Banque_postale_2022.svg_-1536x1067.png 1536w, https:\/\/www.lesrencontreseconomiques.fr\/wp-content\/uploads\/2025\/05\/Logo_La_Banque_postale_2022.svg_-224x156.png 224w, https:\/\/www.lesrencontreseconomiques.fr\/wp-content\/uploads\/2025\/05\/Logo_La_Banque_postale_2022.svg_.png 1600w\" sizes=\"auto, (max-width: 202px) 100vw, 202px\" \/>\t\t\t\t\t<\/a>\n\t\t\t\t<\/li>\n<li>\n\t\t\t\t\t<a href=\"https:\/\/www.lw.com\" target=\"_blank\"><br \/>\n\t\t\t\t\t\t<img width=\"250\" height=\"82\" src=\"https:\/\/www.lesrencontreseconomiques.fr\/wp-content\/uploads\/2025\/05\/red-logo-for-sponsorships-png-1-250x82.png\" class=\"attachment-partner-small size-partner-small\" alt=\"Latham &amp; Watkins LLP\" title=\"Latham &amp; Watkins LLP\" decoding=\"async\" loading=\"lazy\" srcset=\"https:\/\/www.lesrencontreseconomiques.fr\/wp-content\/uploads\/2025\/05\/red-logo-for-sponsorships-png-1-250x82.png 250w, https:\/\/www.lesrencontreseconomiques.fr\/wp-content\/uploads\/2025\/05\/red-logo-for-sponsorships-png-1-490x160.png 490w, https:\/\/www.lesrencontreseconomiques.fr\/wp-content\/uploads\/2025\/05\/red-logo-for-sponsorships-png-1-668x218.png 668w, https:\/\/www.lesrencontreseconomiques.fr\/wp-content\/uploads\/2025\/05\/red-logo-for-sponsorships-png-1-1536x502.png 1536w, https:\/\/www.lesrencontreseconomiques.fr\/wp-content\/uploads\/2025\/05\/red-logo-for-sponsorships-png-1-224x73.png 224w, https:\/\/www.lesrencontreseconomiques.fr\/wp-content\/uploads\/2025\/05\/red-logo-for-sponsorships-png-1.png 1588w\" sizes=\"auto, (max-width: 250px) 100vw, 250px\" \/>\t\t\t\t\t<\/a>\n\t\t\t\t<\/li>\n<li>\n\t\t\t\t\t<a href=\"https:\/\/www.lazardfreresgestion.fr\" target=\"_blank\"><br \/>\n\t\t\t\t\t\t<img width=\"250\" height=\"101\" src=\"https:\/\/www.lesrencontreseconomiques.fr\/wp-content\/uploads\/2025\/05\/LFG_logo_2012-250x101.png\" class=\"attachment-partner-small size-partner-small\" alt=\"Lazard\" title=\"Lazard\" decoding=\"async\" loading=\"lazy\" srcset=\"https:\/\/www.lesrencontreseconomiques.fr\/wp-content\/uploads\/2025\/05\/LFG_logo_2012-250x101.png 250w, https:\/\/www.lesrencontreseconomiques.fr\/wp-content\/uploads\/2025\/05\/LFG_logo_2012-490x198.png 490w, https:\/\/www.lesrencontreseconomiques.fr\/wp-content\/uploads\/2025\/05\/LFG_logo_2012-668x270.png 668w, https:\/\/www.lesrencontreseconomiques.fr\/wp-content\/uploads\/2025\/05\/LFG_logo_2012-1536x620.png 1536w, https:\/\/www.lesrencontreseconomiques.fr\/wp-content\/uploads\/2025\/05\/LFG_logo_2012-224x90.png 224w, https:\/\/www.lesrencontreseconomiques.fr\/wp-content\/uploads\/2025\/05\/LFG_logo_2012.png 1600w\" sizes=\"auto, (max-width: 250px) 100vw, 250px\" \/>\t\t\t\t\t<\/a>\n\t\t\t\t<\/li>\n<li>\n\t\t\t\t\t<a href=\"https:\/\/www.lcl.fr\" target=\"_blank\"><br \/>\n\t\t\t\t\t\t<img width=\"174\" height=\"140\" src=\"https:\/\/www.lesrencontreseconomiques.fr\/wp-content\/uploads\/2025\/05\/Lcl_logo.svg_-174x140.png\" class=\"attachment-partner-small size-partner-small\" alt=\"LCL\" title=\"LCL\" decoding=\"async\" loading=\"lazy\" srcset=\"https:\/\/www.lesrencontreseconomiques.fr\/wp-content\/uploads\/2025\/05\/Lcl_logo.svg_-174x140.png 174w, https:\/\/www.lesrencontreseconomiques.fr\/wp-content\/uploads\/2025\/05\/Lcl_logo.svg_-490x395.png 490w, https:\/\/www.lesrencontreseconomiques.fr\/wp-content\/uploads\/2025\/05\/Lcl_logo.svg_-668x539.png 668w, https:\/\/www.lesrencontreseconomiques.fr\/wp-content\/uploads\/2025\/05\/Lcl_logo.svg_-224x181.png 224w, https:\/\/www.lesrencontreseconomiques.fr\/wp-content\/uploads\/2025\/05\/Lcl_logo.svg_.png 1270w\" sizes=\"auto, (max-width: 174px) 100vw, 174px\" \/>\t\t\t\t\t<\/a>\n\t\t\t\t<\/li>\n<li>\n\t\t\t\t\t<a href=\"https:\/\/www.leem.org\" target=\"_blank\"><br \/>\n\t\t\t\t\t\t<img width=\"140\" height=\"140\" src=\"https:\/\/www.lesrencontreseconomiques.fr\/wp-content\/uploads\/2025\/05\/images-3-1-140x140.png\" class=\"attachment-partner-small size-partner-small\" alt=\"LEEM\" title=\"LEEM\" decoding=\"async\" loading=\"lazy\" srcset=\"https:\/\/www.lesrencontreseconomiques.fr\/wp-content\/uploads\/2025\/05\/images-3-1-140x140.png 140w, https:\/\/www.lesrencontreseconomiques.fr\/wp-content\/uploads\/2025\/05\/images-3-1-150x150.png 150w, https:\/\/www.lesrencontreseconomiques.fr\/wp-content\/uploads\/2025\/05\/images-3-1.png 225w\" sizes=\"auto, (max-width: 140px) 100vw, 140px\" \/>\t\t\t\t\t<\/a>\n\t\t\t\t<\/li>\n<li>\n\t\t\t\t\t<a href=\"https:\/\/www.loreal.com\/fr\/\" target=\"_blank\"><br \/>\n\t\t\t\t\t\t<img width=\"198\" height=\"140\" src=\"https:\/\/www.lesrencontreseconomiques.fr\/wp-content\/uploads\/2025\/05\/LOREAL_0296905-198x140.jpg\" class=\"attachment-partner-small size-partner-small\" alt=\"L&#039;Or\u00e9al\" title=\"L&#039;Or\u00e9al\" decoding=\"async\" loading=\"lazy\" srcset=\"https:\/\/www.lesrencontreseconomiques.fr\/wp-content\/uploads\/2025\/05\/LOREAL_0296905-198x140.jpg 198w, https:\/\/www.lesrencontreseconomiques.fr\/wp-content\/uploads\/2025\/05\/LOREAL_0296905-490x346.jpg 490w, https:\/\/www.lesrencontreseconomiques.fr\/wp-content\/uploads\/2025\/05\/LOREAL_0296905-668x472.jpg 668w, https:\/\/www.lesrencontreseconomiques.fr\/wp-content\/uploads\/2025\/05\/LOREAL_0296905-1536x1086.jpg 1536w, https:\/\/www.lesrencontreseconomiques.fr\/wp-content\/uploads\/2025\/05\/LOREAL_0296905-224x158.jpg 224w, https:\/\/www.lesrencontreseconomiques.fr\/wp-content\/uploads\/2025\/05\/LOREAL_0296905.jpg 1600w\" sizes=\"auto, (max-width: 198px) 100vw, 198px\" \/>\t\t\t\t\t<\/a>\n\t\t\t\t<\/li>\n<li>\n\t\t\t\t\t<a href=\"https:\/\/www.lseg.com\/en\" target=\"_blank\"><br \/>\n\t\t\t\t\t\t<img width=\"250\" height=\"108\" src=\"https:\/\/www.lesrencontreseconomiques.fr\/wp-content\/uploads\/2025\/05\/lseg-250x108.png\" class=\"attachment-partner-small size-partner-small\" alt=\"LSEG\" title=\"LSEG\" decoding=\"async\" loading=\"lazy\" srcset=\"https:\/\/www.lesrencontreseconomiques.fr\/wp-content\/uploads\/2025\/05\/lseg-250x108.png 250w, https:\/\/www.lesrencontreseconomiques.fr\/wp-content\/uploads\/2025\/05\/lseg-490x212.png 490w, https:\/\/www.lesrencontreseconomiques.fr\/wp-content\/uploads\/2025\/05\/lseg-668x289.png 668w, https:\/\/www.lesrencontreseconomiques.fr\/wp-content\/uploads\/2025\/05\/lseg-1536x665.png 1536w, https:\/\/www.lesrencontreseconomiques.fr\/wp-content\/uploads\/2025\/05\/lseg-224x97.png 224w, https:\/\/www.lesrencontreseconomiques.fr\/wp-content\/uploads\/2025\/05\/lseg.png 1600w\" sizes=\"auto, (max-width: 250px) 100vw, 250px\" \/>\t\t\t\t\t<\/a>\n\t\t\t\t<\/li>\n<li>\n\t\t\t\t\t<a href=\"https:\/\/www.lvmh.com\/fr\" target=\"_blank\"><br \/>\n\t\t\t\t\t\t<img width=\"198\" height=\"140\" src=\"https:\/\/www.lesrencontreseconomiques.fr\/wp-content\/uploads\/2025\/05\/logo-LVMH-198x140.jpg\" class=\"attachment-partner-small size-partner-small\" alt=\"LVMH\" title=\"LVMH\" decoding=\"async\" loading=\"lazy\" srcset=\"https:\/\/www.lesrencontreseconomiques.fr\/wp-content\/uploads\/2025\/05\/logo-LVMH-198x140.jpg 198w, https:\/\/www.lesrencontreseconomiques.fr\/wp-content\/uploads\/2025\/05\/logo-LVMH-490x347.jpg 490w, https:\/\/www.lesrencontreseconomiques.fr\/wp-content\/uploads\/2025\/05\/logo-LVMH-668x473.jpg 668w, https:\/\/www.lesrencontreseconomiques.fr\/wp-content\/uploads\/2025\/05\/logo-LVMH-224x158.jpg 224w, https:\/\/www.lesrencontreseconomiques.fr\/wp-content\/uploads\/2025\/05\/logo-LVMH.jpg 800w\" sizes=\"auto, (max-width: 198px) 100vw, 198px\" \/>\t\t\t\t\t<\/a>\n\t\t\t\t<\/li>\n<li>\n\t\t\t\t\t<a href=\"https:\/\/www.maif.fr\" target=\"_blank\"><br \/>\n\t\t\t\t\t\t<img width=\"179\" height=\"140\" src=\"https:\/\/www.lesrencontreseconomiques.fr\/wp-content\/uploads\/2025\/05\/Logo_Maif_2019.svg_-179x140.png\" class=\"attachment-partner-small size-partner-small\" alt=\"MAIF\" title=\"MAIF\" decoding=\"async\" loading=\"lazy\" srcset=\"https:\/\/www.lesrencontreseconomiques.fr\/wp-content\/uploads\/2025\/05\/Logo_Maif_2019.svg_-179x140.png 179w, https:\/\/www.lesrencontreseconomiques.fr\/wp-content\/uploads\/2025\/05\/Logo_Maif_2019.svg_-490x384.png 490w, https:\/\/www.lesrencontreseconomiques.fr\/wp-content\/uploads\/2025\/05\/Logo_Maif_2019.svg_-668x524.png 668w, https:\/\/www.lesrencontreseconomiques.fr\/wp-content\/uploads\/2025\/05\/Logo_Maif_2019.svg_-224x176.png 224w, https:\/\/www.lesrencontreseconomiques.fr\/wp-content\/uploads\/2025\/05\/Logo_Maif_2019.svg_.png 1200w\" sizes=\"auto, (max-width: 179px) 100vw, 179px\" \/>\t\t\t\t\t<\/a>\n\t\t\t\t<\/li>\n<li>\n\t\t\t\t\t<a href=\"https:\/\/www.manpowergroup.fr\" target=\"_blank\"><br \/>\n\t\t\t\t\t\t<img width=\"250\" height=\"49\" src=\"https:\/\/www.lesrencontreseconomiques.fr\/wp-content\/uploads\/2025\/05\/ManpowerGroup_logo.svg_-250x49.png\" class=\"attachment-partner-small size-partner-small\" alt=\"ManpowerGroup\" title=\"ManpowerGroup\" decoding=\"async\" loading=\"lazy\" srcset=\"https:\/\/www.lesrencontreseconomiques.fr\/wp-content\/uploads\/2025\/05\/ManpowerGroup_logo.svg_-250x49.png 250w, https:\/\/www.lesrencontreseconomiques.fr\/wp-content\/uploads\/2025\/05\/ManpowerGroup_logo.svg_-490x95.png 490w, https:\/\/www.lesrencontreseconomiques.fr\/wp-content\/uploads\/2025\/05\/ManpowerGroup_logo.svg_-668x130.png 668w, https:\/\/www.lesrencontreseconomiques.fr\/wp-content\/uploads\/2025\/05\/ManpowerGroup_logo.svg_-224x43.png 224w, https:\/\/www.lesrencontreseconomiques.fr\/wp-content\/uploads\/2025\/05\/ManpowerGroup_logo.svg_.png 1200w\" sizes=\"auto, (max-width: 250px) 100vw, 250px\" \/>\t\t\t\t\t<\/a>\n\t\t\t\t<\/li>\n<li>\n\t\t\t\t\t<a href=\"https:\/\/www.meridiam.com\/?lang=fr\" target=\"_blank\"><br \/>\n\t\t\t\t\t\t<img width=\"230\" height=\"140\" src=\"https:\/\/www.lesrencontreseconomiques.fr\/wp-content\/uploads\/2025\/05\/Logo-230x140.jpg\" class=\"attachment-partner-small size-partner-small\" alt=\"Meridiam\" title=\"Meridiam\" decoding=\"async\" loading=\"lazy\" srcset=\"https:\/\/www.lesrencontreseconomiques.fr\/wp-content\/uploads\/2025\/05\/Logo-230x140.jpg 230w, https:\/\/www.lesrencontreseconomiques.fr\/wp-content\/uploads\/2025\/05\/Logo-490x298.jpg 490w, https:\/\/www.lesrencontreseconomiques.fr\/wp-content\/uploads\/2025\/05\/Logo-668x406.jpg 668w, https:\/\/www.lesrencontreseconomiques.fr\/wp-content\/uploads\/2025\/05\/Logo-224x136.jpg 224w, https:\/\/www.lesrencontreseconomiques.fr\/wp-content\/uploads\/2025\/05\/Logo.jpg 994w\" sizes=\"auto, (max-width: 230px) 100vw, 230px\" \/>\t\t\t\t\t<\/a>\n\t\t\t\t<\/li>\n<li>\n\t\t\t\t\t<a href=\"https:\/\/www.microsoft.com\/fr-fr\" target=\"_blank\"><br \/>\n\t\t\t\t\t\t<img width=\"250\" height=\"94\" src=\"https:\/\/www.lesrencontreseconomiques.fr\/wp-content\/uploads\/2025\/05\/14018578-logo-microsoft-sur-fond-transparent-gratuit-vectoriel-250x94.jpg\" class=\"attachment-partner-small size-partner-small\" alt=\"Microsoft\" title=\"Microsoft\" decoding=\"async\" loading=\"lazy\" srcset=\"https:\/\/www.lesrencontreseconomiques.fr\/wp-content\/uploads\/2025\/05\/14018578-logo-microsoft-sur-fond-transparent-gratuit-vectoriel-250x94.jpg 250w, https:\/\/www.lesrencontreseconomiques.fr\/wp-content\/uploads\/2025\/05\/14018578-logo-microsoft-sur-fond-transparent-gratuit-vectoriel-490x184.jpg 490w, https:\/\/www.lesrencontreseconomiques.fr\/wp-content\/uploads\/2025\/05\/14018578-logo-microsoft-sur-fond-transparent-gratuit-vectoriel-668x251.jpg 668w, https:\/\/www.lesrencontreseconomiques.fr\/wp-content\/uploads\/2025\/05\/14018578-logo-microsoft-sur-fond-transparent-gratuit-vectoriel-1536x576.jpg 1536w, https:\/\/www.lesrencontreseconomiques.fr\/wp-content\/uploads\/2025\/05\/14018578-logo-microsoft-sur-fond-transparent-gratuit-vectoriel-224x84.jpg 224w, https:\/\/www.lesrencontreseconomiques.fr\/wp-content\/uploads\/2025\/05\/14018578-logo-microsoft-sur-fond-transparent-gratuit-vectoriel.jpg 1600w\" sizes=\"auto, (max-width: 250px) 100vw, 250px\" \/>\t\t\t\t\t<\/a>\n\t\t\t\t<\/li>\n<li>\n\t\t\t\t\t<a href=\"https:\/\/www.moodys.com\" target=\"_blank\"><br \/>\n\t\t\t\t\t\t<img width=\"250\" height=\"125\" src=\"https:\/\/www.lesrencontreseconomiques.fr\/wp-content\/uploads\/2025\/05\/images-5-250x125.png\" class=\"attachment-partner-small size-partner-small\" alt=\"Moody&#039;s\" title=\"Moody&#039;s\" decoding=\"async\" loading=\"lazy\" srcset=\"https:\/\/www.lesrencontreseconomiques.fr\/wp-content\/uploads\/2025\/05\/images-5-250x125.png 250w, https:\/\/www.lesrencontreseconomiques.fr\/wp-content\/uploads\/2025\/05\/images-5-224x112.png 224w, https:\/\/www.lesrencontreseconomiques.fr\/wp-content\/uploads\/2025\/05\/images-5.png 318w\" sizes=\"auto, (max-width: 250px) 100vw, 250px\" \/>\t\t\t\t\t<\/a>\n\t\t\t\t<\/li>\n<li>\n\t\t\t\t\t<a href=\"https:\/\/www.nexity.fr\/simulateurs-immobilier\/simulation-ptz?ctcsrc=ctc_segfi404ai&amp;utm_source=google&amp;utm_medium=sea_search&amp;utm_campaign=ptz_simulateur&amp;utm_term=nationale&amp;gad_source=1&amp;gbraid=0AAAAAD13BCEDVnsNJek0ECPr0kc0H01IA&amp;gclid=Cj0KCQjwmt24BhDPARIsAJFYKk1VOrB5YvETqJTZZ9FBDWGHYZ1tQLg29gGKo_z_0hGiCXHsNsv2nT4aAiwLEALw_wcB&amp;gclsrc=aw.ds\" target=\"_blank\"><br \/>\n\t\t\t\t\t\t<img width=\"140\" height=\"140\" src=\"https:\/\/www.lesrencontreseconomiques.fr\/wp-content\/uploads\/2025\/05\/1677-Design-sans-titre-5-140x140.png\" class=\"attachment-partner-small size-partner-small\" alt=\"Nexity\" title=\"Nexity\" decoding=\"async\" loading=\"lazy\" srcset=\"https:\/\/www.lesrencontreseconomiques.fr\/wp-content\/uploads\/2025\/05\/1677-Design-sans-titre-5-140x140.png 140w, https:\/\/www.lesrencontreseconomiques.fr\/wp-content\/uploads\/2025\/05\/1677-Design-sans-titre-5-490x490.png 490w, https:\/\/www.lesrencontreseconomiques.fr\/wp-content\/uploads\/2025\/05\/1677-Design-sans-titre-5-668x668.png 668w, https:\/\/www.lesrencontreseconomiques.fr\/wp-content\/uploads\/2025\/05\/1677-Design-sans-titre-5-150x150.png 150w, https:\/\/www.lesrencontreseconomiques.fr\/wp-content\/uploads\/2025\/05\/1677-Design-sans-titre-5-224x224.png 224w, https:\/\/www.lesrencontreseconomiques.fr\/wp-content\/uploads\/2025\/05\/1677-Design-sans-titre-5-290x290.png 290w, https:\/\/www.lesrencontreseconomiques.fr\/wp-content\/uploads\/2025\/05\/1677-Design-sans-titre-5.png 670w\" sizes=\"auto, (max-width: 140px) 100vw, 140px\" \/>\t\t\t\t\t<\/a>\n\t\t\t\t<\/li>\n<li>\n\t\t\t\t\t<a href=\"https:\/\/www.nge.fr\" target=\"_blank\"><br \/>\n\t\t\t\t\t\t<img width=\"250\" height=\"124\" src=\"https:\/\/www.lesrencontreseconomiques.fr\/wp-content\/uploads\/2025\/05\/images-2-2-250x124.png\" class=\"attachment-partner-small size-partner-small\" alt=\"NGE\" title=\"NGE\" decoding=\"async\" loading=\"lazy\" srcset=\"https:\/\/www.lesrencontreseconomiques.fr\/wp-content\/uploads\/2025\/05\/images-2-2-250x124.png 250w, https:\/\/www.lesrencontreseconomiques.fr\/wp-content\/uploads\/2025\/05\/images-2-2-224x111.png 224w, https:\/\/www.lesrencontreseconomiques.fr\/wp-content\/uploads\/2025\/05\/images-2-2.png 318w\" sizes=\"auto, (max-width: 250px) 100vw, 250px\" \/>\t\t\t\t\t<\/a>\n\t\t\t\t<\/li>\n<li>\n\t\t\t\t\t<a href=\"https:\/\/www.novonordisk.fr\" target=\"_blank\"><br \/>\n\t\t\t\t\t\t<img width=\"176\" height=\"140\" src=\"https:\/\/www.lesrencontreseconomiques.fr\/wp-content\/uploads\/2025\/05\/Unknown-1-176x140.png\" class=\"attachment-partner-small size-partner-small\" alt=\"Novo Nordisk\" title=\"Novo Nordisk\" decoding=\"async\" loading=\"lazy\" srcset=\"https:\/\/www.lesrencontreseconomiques.fr\/wp-content\/uploads\/2025\/05\/Unknown-1-176x140.png 176w, https:\/\/www.lesrencontreseconomiques.fr\/wp-content\/uploads\/2025\/05\/Unknown-1-224x178.png 224w, https:\/\/www.lesrencontreseconomiques.fr\/wp-content\/uploads\/2025\/05\/Unknown-1.png 252w\" sizes=\"auto, (max-width: 176px) 100vw, 176px\" \/>\t\t\t\t\t<\/a>\n\t\t\t\t<\/li>\n<li>\n\t\t\t\t\t<a href=\"https:\/\/www.orano.group\/fr\" target=\"_blank\"><br \/>\n\t\t\t\t\t\t<img width=\"250\" height=\"78\" src=\"https:\/\/www.lesrencontreseconomiques.fr\/wp-content\/uploads\/2025\/05\/ORANO_HORIZ_SEUL_NOIRJAUNE_CMJN-250x78.jpg\" class=\"attachment-partner-small size-partner-small\" alt=\"Orano\" title=\"Orano\" decoding=\"async\" loading=\"lazy\" srcset=\"https:\/\/www.lesrencontreseconomiques.fr\/wp-content\/uploads\/2025\/05\/ORANO_HORIZ_SEUL_NOIRJAUNE_CMJN-250x78.jpg 250w, https:\/\/www.lesrencontreseconomiques.fr\/wp-content\/uploads\/2025\/05\/ORANO_HORIZ_SEUL_NOIRJAUNE_CMJN-490x153.jpg 490w, https:\/\/www.lesrencontreseconomiques.fr\/wp-content\/uploads\/2025\/05\/ORANO_HORIZ_SEUL_NOIRJAUNE_CMJN-668x209.jpg 668w, https:\/\/www.lesrencontreseconomiques.fr\/wp-content\/uploads\/2025\/05\/ORANO_HORIZ_SEUL_NOIRJAUNE_CMJN-1536x480.jpg 1536w, https:\/\/www.lesrencontreseconomiques.fr\/wp-content\/uploads\/2025\/05\/ORANO_HORIZ_SEUL_NOIRJAUNE_CMJN-224x70.jpg 224w, https:\/\/www.lesrencontreseconomiques.fr\/wp-content\/uploads\/2025\/05\/ORANO_HORIZ_SEUL_NOIRJAUNE_CMJN.jpg 1600w\" sizes=\"auto, (max-width: 250px) 100vw, 250px\" \/>\t\t\t\t\t<\/a>\n\t\t\t\t<\/li>\n<li>\n\t\t\t\t\t<a href=\"https:\/\/pmpstrategy.com\/en\/\" target=\"_blank\"><br \/>\n\t\t\t\t\t\t<img width=\"187\" height=\"140\" src=\"https:\/\/www.lesrencontreseconomiques.fr\/wp-content\/uploads\/2025\/05\/logo_300x400-187x140.jpg\" class=\"attachment-partner-small size-partner-small\" alt=\"PMP Strategy\" title=\"PMP Strategy\" decoding=\"async\" loading=\"lazy\" srcset=\"https:\/\/www.lesrencontreseconomiques.fr\/wp-content\/uploads\/2025\/05\/logo_300x400-187x140.jpg 187w, https:\/\/www.lesrencontreseconomiques.fr\/wp-content\/uploads\/2025\/05\/logo_300x400-224x168.jpg 224w, https:\/\/www.lesrencontreseconomiques.fr\/wp-content\/uploads\/2025\/05\/logo_300x400.jpg 400w\" sizes=\"auto, (max-width: 187px) 100vw, 187px\" \/>\t\t\t\t\t<\/a>\n\t\t\t\t<\/li>\n<li>\n\t\t\t\t\t<a href=\"https:\/\/fr.shopping.rakuten.com\" target=\"_blank\"><br \/>\n\t\t\t\t\t\t<img width=\"207\" height=\"140\" src=\"https:\/\/www.lesrencontreseconomiques.fr\/wp-content\/uploads\/2025\/05\/rakuten-livraison-dom-tom-207x140.jpg\" class=\"attachment-partner-small size-partner-small\" alt=\"Rakuten\" title=\"Rakuten\" decoding=\"async\" loading=\"lazy\" srcset=\"https:\/\/www.lesrencontreseconomiques.fr\/wp-content\/uploads\/2025\/05\/rakuten-livraison-dom-tom-207x140.jpg 207w, https:\/\/www.lesrencontreseconomiques.fr\/wp-content\/uploads\/2025\/05\/rakuten-livraison-dom-tom-490x331.jpg 490w, https:\/\/www.lesrencontreseconomiques.fr\/wp-content\/uploads\/2025\/05\/rakuten-livraison-dom-tom-668x451.jpg 668w, https:\/\/www.lesrencontreseconomiques.fr\/wp-content\/uploads\/2025\/05\/rakuten-livraison-dom-tom-1536x1037.jpg 1536w, https:\/\/www.lesrencontreseconomiques.fr\/wp-content\/uploads\/2025\/05\/rakuten-livraison-dom-tom-224x151.jpg 224w, https:\/\/www.lesrencontreseconomiques.fr\/wp-content\/uploads\/2025\/05\/rakuten-livraison-dom-tom.jpg 1600w\" sizes=\"auto, (max-width: 207px) 100vw, 207px\" \/>\t\t\t\t\t<\/a>\n\t\t\t\t<\/li>\n<li>\n\t\t\t\t\t<a href=\"https:\/\/www.renaultgroup.com\" target=\"_blank\"><br \/>\n\t\t\t\t\t\t<img width=\"250\" height=\"140\" src=\"https:\/\/www.lesrencontreseconomiques.fr\/wp-content\/uploads\/2025\/05\/65ace8ed1e-250x140.jpg\" class=\"attachment-partner-small size-partner-small\" alt=\"Renault Group\" title=\"Renault Group\" decoding=\"async\" loading=\"lazy\" srcset=\"https:\/\/www.lesrencontreseconomiques.fr\/wp-content\/uploads\/2025\/05\/65ace8ed1e-250x140.jpg 250w, https:\/\/www.lesrencontreseconomiques.fr\/wp-content\/uploads\/2025\/05\/65ace8ed1e-224x126.jpg 224w, https:\/\/www.lesrencontreseconomiques.fr\/wp-content\/uploads\/2025\/05\/65ace8ed1e.jpg 375w\" sizes=\"auto, (max-width: 250px) 100vw, 250px\" \/>\t\t\t\t\t<\/a>\n\t\t\t\t<\/li>\n<li>\n\t\t\t\t\t<a href=\"https:\/\/www.rte-france.com\" target=\"_blank\"><br \/>\n\t\t\t\t\t\t<img width=\"140\" height=\"140\" src=\"https:\/\/www.lesrencontreseconomiques.fr\/wp-content\/uploads\/2025\/05\/RTE_logo.svg_-140x140.png\" class=\"attachment-partner-small size-partner-small\" alt=\"Rte\" title=\"Rte\" decoding=\"async\" loading=\"lazy\" srcset=\"https:\/\/www.lesrencontreseconomiques.fr\/wp-content\/uploads\/2025\/05\/RTE_logo.svg_-140x140.png 140w, https:\/\/www.lesrencontreseconomiques.fr\/wp-content\/uploads\/2025\/05\/RTE_logo.svg_-490x490.png 490w, https:\/\/www.lesrencontreseconomiques.fr\/wp-content\/uploads\/2025\/05\/RTE_logo.svg_-668x668.png 668w, https:\/\/www.lesrencontreseconomiques.fr\/wp-content\/uploads\/2025\/05\/RTE_logo.svg_-150x150.png 150w, https:\/\/www.lesrencontreseconomiques.fr\/wp-content\/uploads\/2025\/05\/RTE_logo.svg_-224x224.png 224w, https:\/\/www.lesrencontreseconomiques.fr\/wp-content\/uploads\/2025\/05\/RTE_logo.svg_-290x290.png 290w, https:\/\/www.lesrencontreseconomiques.fr\/wp-content\/uploads\/2025\/05\/RTE_logo.svg_.png 1200w\" sizes=\"auto, (max-width: 140px) 100vw, 140px\" \/>\t\t\t\t\t<\/a>\n\t\t\t\t<\/li>\n<li>\n\t\t\t\t\t<a href=\"https:\/\/www.sanofi.fr\/fr\" target=\"_blank\"><br \/>\n\t\t\t\t\t\t<img width=\"250\" height=\"140\" src=\"https:\/\/www.lesrencontreseconomiques.fr\/wp-content\/uploads\/2025\/05\/sanofi-nouveau-logo-futurebrand-250x140.webp\" class=\"attachment-partner-small size-partner-small\" alt=\"Sanofi\" title=\"Sanofi\" decoding=\"async\" loading=\"lazy\" srcset=\"https:\/\/www.lesrencontreseconomiques.fr\/wp-content\/uploads\/2025\/05\/sanofi-nouveau-logo-futurebrand-250x140.webp 250w, https:\/\/www.lesrencontreseconomiques.fr\/wp-content\/uploads\/2025\/05\/sanofi-nouveau-logo-futurebrand-490x276.webp 490w, https:\/\/www.lesrencontreseconomiques.fr\/wp-content\/uploads\/2025\/05\/sanofi-nouveau-logo-futurebrand-668x376.webp 668w, https:\/\/www.lesrencontreseconomiques.fr\/wp-content\/uploads\/2025\/05\/sanofi-nouveau-logo-futurebrand-224x126.webp 224w, https:\/\/www.lesrencontreseconomiques.fr\/wp-content\/uploads\/2025\/05\/sanofi-nouveau-logo-futurebrand.webp 800w\" sizes=\"auto, (max-width: 250px) 100vw, 250px\" \/>\t\t\t\t\t<\/a>\n\t\t\t\t<\/li>\n<li>\n\t\t\t\t\t<a href=\"https:\/\/www.sap.com\/france\/index.html\" target=\"_blank\"><br \/>\n\t\t\t\t\t\t<img width=\"250\" height=\"124\" src=\"https:\/\/www.lesrencontreseconomiques.fr\/wp-content\/uploads\/2025\/05\/SAP_2011_logo.svg_-250x124.png\" class=\"attachment-partner-small size-partner-small\" alt=\"SAP\" title=\"SAP\" decoding=\"async\" loading=\"lazy\" srcset=\"https:\/\/www.lesrencontreseconomiques.fr\/wp-content\/uploads\/2025\/05\/SAP_2011_logo.svg_-250x124.png 250w, https:\/\/www.lesrencontreseconomiques.fr\/wp-content\/uploads\/2025\/05\/SAP_2011_logo.svg_-490x243.png 490w, https:\/\/www.lesrencontreseconomiques.fr\/wp-content\/uploads\/2025\/05\/SAP_2011_logo.svg_-668x331.png 668w, https:\/\/www.lesrencontreseconomiques.fr\/wp-content\/uploads\/2025\/05\/SAP_2011_logo.svg_-224x111.png 224w, https:\/\/www.lesrencontreseconomiques.fr\/wp-content\/uploads\/2025\/05\/SAP_2011_logo.svg_.png 1200w\" sizes=\"auto, (max-width: 250px) 100vw, 250px\" \/>\t\t\t\t\t<\/a>\n\t\t\t\t<\/li>\n<li>\n\t\t\t\t\t<a href=\"https:\/\/www.se.com\/fr\/fr\/\" target=\"_blank\"><br \/>\n\t\t\t\t\t\t<img width=\"250\" height=\"91\" src=\"https:\/\/www.lesrencontreseconomiques.fr\/wp-content\/uploads\/2025\/05\/PEI617_Schneider_logo_-250x91.jpg\" class=\"attachment-partner-small size-partner-small\" alt=\"Schneider Electric\" title=\"Schneider Electric\" decoding=\"async\" loading=\"lazy\" srcset=\"https:\/\/www.lesrencontreseconomiques.fr\/wp-content\/uploads\/2025\/05\/PEI617_Schneider_logo_-250x91.jpg 250w, https:\/\/www.lesrencontreseconomiques.fr\/wp-content\/uploads\/2025\/05\/PEI617_Schneider_logo_-490x179.jpg 490w, https:\/\/www.lesrencontreseconomiques.fr\/wp-content\/uploads\/2025\/05\/PEI617_Schneider_logo_-668x244.jpg 668w, https:\/\/www.lesrencontreseconomiques.fr\/wp-content\/uploads\/2025\/05\/PEI617_Schneider_logo_-224x82.jpg 224w, https:\/\/www.lesrencontreseconomiques.fr\/wp-content\/uploads\/2025\/05\/PEI617_Schneider_logo_.jpg 800w\" sizes=\"auto, (max-width: 250px) 100vw, 250px\" \/>\t\t\t\t\t<\/a>\n\t\t\t\t<\/li>\n<li>\n\t\t\t\t\t<a href=\"https:\/\/servier.com\" target=\"_blank\"><br \/>\n\t\t\t\t\t\t<img width=\"250\" height=\"84\" src=\"https:\/\/www.lesrencontreseconomiques.fr\/wp-content\/uploads\/2025\/05\/Servier_Logo_Sign_RVB-2-250x84.png\" class=\"attachment-partner-small size-partner-small\" alt=\"Servier\" title=\"Servier\" decoding=\"async\" loading=\"lazy\" srcset=\"https:\/\/www.lesrencontreseconomiques.fr\/wp-content\/uploads\/2025\/05\/Servier_Logo_Sign_RVB-2-250x84.png 250w, https:\/\/www.lesrencontreseconomiques.fr\/wp-content\/uploads\/2025\/05\/Servier_Logo_Sign_RVB-2-490x164.png 490w, https:\/\/www.lesrencontreseconomiques.fr\/wp-content\/uploads\/2025\/05\/Servier_Logo_Sign_RVB-2-668x223.png 668w, https:\/\/www.lesrencontreseconomiques.fr\/wp-content\/uploads\/2025\/05\/Servier_Logo_Sign_RVB-2-1536x514.png 1536w, https:\/\/www.lesrencontreseconomiques.fr\/wp-content\/uploads\/2025\/05\/Servier_Logo_Sign_RVB-2-224x75.png 224w, https:\/\/www.lesrencontreseconomiques.fr\/wp-content\/uploads\/2025\/05\/Servier_Logo_Sign_RVB-2.png 1600w\" sizes=\"auto, (max-width: 250px) 100vw, 250px\" \/>\t\t\t\t\t<\/a>\n\t\t\t\t<\/li>\n<li>\n\t\t\t\t\t<a href=\"https:\/\/www.socotec.fr\" target=\"_blank\"><br \/>\n\t\t\t\t\t\t<img width=\"140\" height=\"140\" src=\"https:\/\/www.lesrencontreseconomiques.fr\/wp-content\/uploads\/2025\/05\/images-6-140x140.png\" class=\"attachment-partner-small size-partner-small\" alt=\"Socotec\" title=\"Socotec\" decoding=\"async\" loading=\"lazy\" srcset=\"https:\/\/www.lesrencontreseconomiques.fr\/wp-content\/uploads\/2025\/05\/images-6-140x140.png 140w, https:\/\/www.lesrencontreseconomiques.fr\/wp-content\/uploads\/2025\/05\/images-6-150x150.png 150w, https:\/\/www.lesrencontreseconomiques.fr\/wp-content\/uploads\/2025\/05\/images-6.png 225w\" sizes=\"auto, (max-width: 140px) 100vw, 140px\" \/>\t\t\t\t\t<\/a>\n\t\t\t\t<\/li>\n<li>\n\t\t\t\t\t<a href=\"https:\/\/www.soprasteria.com\/fr\" target=\"_blank\"><br \/>\n\t\t\t\t\t\t<img width=\"140\" height=\"140\" src=\"https:\/\/www.lesrencontreseconomiques.fr\/wp-content\/uploads\/2025\/05\/images-1-2-140x140.png\" class=\"attachment-partner-small size-partner-small\" alt=\"Sopra Steria\" title=\"Sopra Steria\" decoding=\"async\" loading=\"lazy\" srcset=\"https:\/\/www.lesrencontreseconomiques.fr\/wp-content\/uploads\/2025\/05\/images-1-2-140x140.png 140w, https:\/\/www.lesrencontreseconomiques.fr\/wp-content\/uploads\/2025\/05\/images-1-2-150x150.png 150w, https:\/\/www.lesrencontreseconomiques.fr\/wp-content\/uploads\/2025\/05\/images-1-2.png 225w\" sizes=\"auto, (max-width: 140px) 100vw, 140px\" \/>\t\t\t\t\t<\/a>\n\t\t\t\t<\/li>\n<li>\n\t\t\t\t\t<a href=\"https:\/\/www.toutsurmoneau.fr\" target=\"_blank\"><br \/>\n\t\t\t\t\t\t<img width=\"250\" height=\"79\" src=\"https:\/\/www.lesrencontreseconomiques.fr\/wp-content\/uploads\/2025\/05\/SUEZ-1024x325.png-250x79.webp\" class=\"attachment-partner-small size-partner-small\" alt=\"Suez\" title=\"Suez\" decoding=\"async\" loading=\"lazy\" srcset=\"https:\/\/www.lesrencontreseconomiques.fr\/wp-content\/uploads\/2025\/05\/SUEZ-1024x325.png-250x79.webp 250w, https:\/\/www.lesrencontreseconomiques.fr\/wp-content\/uploads\/2025\/05\/SUEZ-1024x325.png-490x156.webp 490w, https:\/\/www.lesrencontreseconomiques.fr\/wp-content\/uploads\/2025\/05\/SUEZ-1024x325.png-668x212.webp 668w, https:\/\/www.lesrencontreseconomiques.fr\/wp-content\/uploads\/2025\/05\/SUEZ-1024x325.png-224x71.webp 224w, https:\/\/www.lesrencontreseconomiques.fr\/wp-content\/uploads\/2025\/05\/SUEZ-1024x325.png.webp 1024w\" sizes=\"auto, (max-width: 250px) 100vw, 250px\" \/>\t\t\t\t\t<\/a>\n\t\t\t\t<\/li>\n<li>\n\t\t\t\t\t<a href=\"https:\/\/www.swift.com\/fr\/swift-en-francais\" target=\"_blank\"><br \/>\n\t\t\t\t\t\t<img width=\"250\" height=\"86\" src=\"https:\/\/www.lesrencontreseconomiques.fr\/wp-content\/uploads\/2025\/06\/Swift_Logo_RGB_Peppermint-250x86.png\" class=\"attachment-partner-small size-partner-small\" alt=\"Swift\" title=\"Swift\" decoding=\"async\" loading=\"lazy\" srcset=\"https:\/\/www.lesrencontreseconomiques.fr\/wp-content\/uploads\/2025\/06\/Swift_Logo_RGB_Peppermint-250x86.png 250w, https:\/\/www.lesrencontreseconomiques.fr\/wp-content\/uploads\/2025\/06\/Swift_Logo_RGB_Peppermint-490x168.png 490w, https:\/\/www.lesrencontreseconomiques.fr\/wp-content\/uploads\/2025\/06\/Swift_Logo_RGB_Peppermint-668x229.png 668w, https:\/\/www.lesrencontreseconomiques.fr\/wp-content\/uploads\/2025\/06\/Swift_Logo_RGB_Peppermint-1536x527.png 1536w, https:\/\/www.lesrencontreseconomiques.fr\/wp-content\/uploads\/2025\/06\/Swift_Logo_RGB_Peppermint-224x77.png 224w, https:\/\/www.lesrencontreseconomiques.fr\/wp-content\/uploads\/2025\/06\/Swift_Logo_RGB_Peppermint.png 1600w\" sizes=\"auto, (max-width: 250px) 100vw, 250px\" \/>\t\t\t\t\t<\/a>\n\t\t\t\t<\/li>\n<li>\n\t\t\t\t\t<a href=\"https:\/\/www.swile.co\/fr-fr\" target=\"_blank\"><br \/>\n\t\t\t\t\t\t<img width=\"250\" height=\"84\" src=\"https:\/\/www.lesrencontreseconomiques.fr\/wp-content\/uploads\/2025\/05\/Swile_black-250x84.png\" class=\"attachment-partner-small size-partner-small\" alt=\"Swile\" title=\"Swile\" decoding=\"async\" loading=\"lazy\" srcset=\"https:\/\/www.lesrencontreseconomiques.fr\/wp-content\/uploads\/2025\/05\/Swile_black-250x84.png 250w, https:\/\/www.lesrencontreseconomiques.fr\/wp-content\/uploads\/2025\/05\/Swile_black-490x165.png 490w, https:\/\/www.lesrencontreseconomiques.fr\/wp-content\/uploads\/2025\/05\/Swile_black-668x225.png 668w, https:\/\/www.lesrencontreseconomiques.fr\/wp-content\/uploads\/2025\/05\/Swile_black-1536x516.png 1536w, https:\/\/www.lesrencontreseconomiques.fr\/wp-content\/uploads\/2025\/05\/Swile_black-224x75.png 224w, https:\/\/www.lesrencontreseconomiques.fr\/wp-content\/uploads\/2025\/05\/Swile_black.png 1600w\" sizes=\"auto, (max-width: 250px) 100vw, 250px\" \/>\t\t\t\t\t<\/a>\n\t\t\t\t<\/li>\n<li>\n\t\t\t\t\t<a href=\"https:\/\/www.ten.com\/fr\" target=\"_blank\"><br \/>\n\t\t\t\t\t\t<img width=\"242\" height=\"140\" src=\"https:\/\/www.lesrencontreseconomiques.fr\/wp-content\/uploads\/2025\/05\/TECHNIP_ENERGIES_LOGO-242x140.png\" class=\"attachment-partner-small size-partner-small\" alt=\"Technip Energies\" title=\"Technip Energies\" decoding=\"async\" loading=\"lazy\" srcset=\"https:\/\/www.lesrencontreseconomiques.fr\/wp-content\/uploads\/2025\/05\/TECHNIP_ENERGIES_LOGO-242x140.png 242w, https:\/\/www.lesrencontreseconomiques.fr\/wp-content\/uploads\/2025\/05\/TECHNIP_ENERGIES_LOGO-490x283.png 490w, https:\/\/www.lesrencontreseconomiques.fr\/wp-content\/uploads\/2025\/05\/TECHNIP_ENERGIES_LOGO-668x386.png 668w, https:\/\/www.lesrencontreseconomiques.fr\/wp-content\/uploads\/2025\/05\/TECHNIP_ENERGIES_LOGO-224x129.png 224w, https:\/\/www.lesrencontreseconomiques.fr\/wp-content\/uploads\/2025\/05\/TECHNIP_ENERGIES_LOGO.png 1200w\" sizes=\"auto, (max-width: 242px) 100vw, 242px\" \/>\t\t\t\t\t<\/a>\n\t\t\t\t<\/li>\n<li>\n\t\t\t\t\t<a href=\"https:\/\/www.totalenergies.fr\" target=\"_blank\"><br \/>\n\t\t\t\t\t\t<img width=\"177\" height=\"140\" src=\"https:\/\/www.lesrencontreseconomiques.fr\/wp-content\/uploads\/2025\/05\/Logo_TotalEnergies.svg_-177x140.png\" class=\"attachment-partner-small size-partner-small\" alt=\"Total Energies\" title=\"Total Energies\" decoding=\"async\" loading=\"lazy\" srcset=\"https:\/\/www.lesrencontreseconomiques.fr\/wp-content\/uploads\/2025\/05\/Logo_TotalEnergies.svg_-177x140.png 177w, https:\/\/www.lesrencontreseconomiques.fr\/wp-content\/uploads\/2025\/05\/Logo_TotalEnergies.svg_-490x388.png 490w, https:\/\/www.lesrencontreseconomiques.fr\/wp-content\/uploads\/2025\/05\/Logo_TotalEnergies.svg_-668x528.png 668w, https:\/\/www.lesrencontreseconomiques.fr\/wp-content\/uploads\/2025\/05\/Logo_TotalEnergies.svg_-224x177.png 224w, https:\/\/www.lesrencontreseconomiques.fr\/wp-content\/uploads\/2025\/05\/Logo_TotalEnergies.svg_.png 1200w\" sizes=\"auto, (max-width: 177px) 100vw, 177px\" \/>\t\t\t\t\t<\/a>\n\t\t\t\t<\/li>\n<li>\n\t\t\t\t\t<a href=\"https:\/\/www.uber.com\/fr\/fr\/\" target=\"_blank\"><br \/>\n\t\t\t\t\t\t<img width=\"230\" height=\"140\" src=\"https:\/\/www.lesrencontreseconomiques.fr\/wp-content\/uploads\/2025\/05\/png-230x140.png\" class=\"attachment-partner-small size-partner-small\" alt=\"Uber\" title=\"Uber\" decoding=\"async\" loading=\"lazy\" srcset=\"https:\/\/www.lesrencontreseconomiques.fr\/wp-content\/uploads\/2025\/05\/png-230x140.png 230w, https:\/\/www.lesrencontreseconomiques.fr\/wp-content\/uploads\/2025\/05\/png-490x298.png 490w, https:\/\/www.lesrencontreseconomiques.fr\/wp-content\/uploads\/2025\/05\/png-668x407.png 668w, https:\/\/www.lesrencontreseconomiques.fr\/wp-content\/uploads\/2025\/05\/png-1536x935.png 1536w, https:\/\/www.lesrencontreseconomiques.fr\/wp-content\/uploads\/2025\/05\/png-224x136.png 224w, https:\/\/www.lesrencontreseconomiques.fr\/wp-content\/uploads\/2025\/05\/png.png 1600w\" sizes=\"auto, (max-width: 230px) 100vw, 230px\" \/>\t\t\t\t\t<\/a>\n\t\t\t\t<\/li>\n<li>\n\t\t\t\t\t<a href=\"https:\/\/vauban-ip.com\/fr\" target=\"_blank\"><br \/>\n\t\t\t\t\t\t<img width=\"250\" height=\"100\" src=\"https:\/\/www.lesrencontreseconomiques.fr\/wp-content\/uploads\/2025\/05\/vauban-infrastructure-partners-logo-250x100.png\" class=\"attachment-partner-small size-partner-small\" alt=\"Vauban infrastructure partners\" title=\"Vauban infrastructure partners\" decoding=\"async\" loading=\"lazy\" srcset=\"https:\/\/www.lesrencontreseconomiques.fr\/wp-content\/uploads\/2025\/05\/vauban-infrastructure-partners-logo-250x100.png 250w, https:\/\/www.lesrencontreseconomiques.fr\/wp-content\/uploads\/2025\/05\/vauban-infrastructure-partners-logo-224x90.png 224w, https:\/\/www.lesrencontreseconomiques.fr\/wp-content\/uploads\/2025\/05\/vauban-infrastructure-partners-logo.png 400w\" sizes=\"auto, (max-width: 250px) 100vw, 250px\" \/>\t\t\t\t\t<\/a>\n\t\t\t\t<\/li>\n<li>\n\t\t\t\t\t<a href=\"https:\/\/www.veolia.com\/fr\" target=\"_blank\"><br \/>\n\t\t\t\t\t\t<img width=\"250\" height=\"102\" src=\"https:\/\/www.lesrencontreseconomiques.fr\/wp-content\/uploads\/2025\/05\/RGB_VEOLIA_HD-250x102.png\" class=\"attachment-partner-small size-partner-small\" alt=\"Veolia\" title=\"Veolia\" decoding=\"async\" loading=\"lazy\" srcset=\"https:\/\/www.lesrencontreseconomiques.fr\/wp-content\/uploads\/2025\/05\/RGB_VEOLIA_HD-250x102.png 250w, https:\/\/www.lesrencontreseconomiques.fr\/wp-content\/uploads\/2025\/05\/RGB_VEOLIA_HD-490x200.png 490w, https:\/\/www.lesrencontreseconomiques.fr\/wp-content\/uploads\/2025\/05\/RGB_VEOLIA_HD-668x273.png 668w, https:\/\/www.lesrencontreseconomiques.fr\/wp-content\/uploads\/2025\/05\/RGB_VEOLIA_HD-1536x627.png 1536w, https:\/\/www.lesrencontreseconomiques.fr\/wp-content\/uploads\/2025\/05\/RGB_VEOLIA_HD-224x91.png 224w, https:\/\/www.lesrencontreseconomiques.fr\/wp-content\/uploads\/2025\/05\/RGB_VEOLIA_HD.png 1600w\" sizes=\"auto, (max-width: 250px) 100vw, 250px\" \/>\t\t\t\t\t<\/a>\n\t\t\t\t<\/li>\n<li>\n\t\t\t\t\t<a href=\"https:\/\/www.vivendi.com\" target=\"_blank\"><br \/>\n\t\t\t\t\t\t<img width=\"250\" height=\"52\" src=\"https:\/\/www.lesrencontreseconomiques.fr\/wp-content\/uploads\/2025\/05\/Logo-Vivendi-1024x215-1-250x52.png\" class=\"attachment-partner-small size-partner-small\" alt=\"Vivendi\" title=\"Vivendi\" decoding=\"async\" loading=\"lazy\" srcset=\"https:\/\/www.lesrencontreseconomiques.fr\/wp-content\/uploads\/2025\/05\/Logo-Vivendi-1024x215-1-250x52.png 250w, https:\/\/www.lesrencontreseconomiques.fr\/wp-content\/uploads\/2025\/05\/Logo-Vivendi-1024x215-1-490x103.png 490w, https:\/\/www.lesrencontreseconomiques.fr\/wp-content\/uploads\/2025\/05\/Logo-Vivendi-1024x215-1-668x140.png 668w, https:\/\/www.lesrencontreseconomiques.fr\/wp-content\/uploads\/2025\/05\/Logo-Vivendi-1024x215-1-224x47.png 224w, https:\/\/www.lesrencontreseconomiques.fr\/wp-content\/uploads\/2025\/05\/Logo-Vivendi-1024x215-1.png 1024w\" sizes=\"auto, (max-width: 250px) 100vw, 250px\" \/>\t\t\t\t\t<\/a>\n\t\t\t\t<\/li>\n<li>\n\t\t\t\t\t<a href=\"https:\/\/www.google.com\/search?client=safari&amp;rls=en&amp;q=wavestone&amp;ie=UTF-8&amp;oe=UTF-8\" target=\"_blank\"><br \/>\n\t\t\t\t\t\t<img width=\"250\" height=\"63\" src=\"https:\/\/www.lesrencontreseconomiques.fr\/wp-content\/uploads\/2025\/05\/5034003484E_WAVESTONElogotype_blueRGB-e1841bd5-250x63.png\" class=\"attachment-partner-small size-partner-small\" alt=\"Wavestone\" title=\"Wavestone\" decoding=\"async\" loading=\"lazy\" srcset=\"https:\/\/www.lesrencontreseconomiques.fr\/wp-content\/uploads\/2025\/05\/5034003484E_WAVESTONElogotype_blueRGB-e1841bd5-250x63.png 250w, https:\/\/www.lesrencontreseconomiques.fr\/wp-content\/uploads\/2025\/05\/5034003484E_WAVESTONElogotype_blueRGB-e1841bd5-490x123.png 490w, https:\/\/www.lesrencontreseconomiques.fr\/wp-content\/uploads\/2025\/05\/5034003484E_WAVESTONElogotype_blueRGB-e1841bd5-668x167.png 668w, https:\/\/www.lesrencontreseconomiques.fr\/wp-content\/uploads\/2025\/05\/5034003484E_WAVESTONElogotype_blueRGB-e1841bd5-224x56.png 224w, https:\/\/www.lesrencontreseconomiques.fr\/wp-content\/uploads\/2025\/05\/5034003484E_WAVESTONElogotype_blueRGB-e1841bd5.png 1134w\" sizes=\"auto, (max-width: 250px) 100vw, 250px\" \/>\t\t\t\t\t<\/a>\n\t\t\t\t<\/li>\n<li>\n\t\t\t\t\t<a href=\"https:\/\/www.witiwi.fr\/accueil\" target=\"_blank\"><br \/>\n\t\t\t\t\t\t<img width=\"250\" height=\"140\" src=\"https:\/\/www.lesrencontreseconomiques.fr\/wp-content\/uploads\/2025\/05\/Logo_WTW-250x140.png\" class=\"attachment-partner-small size-partner-small\" alt=\"WTW\" title=\"WTW\" decoding=\"async\" loading=\"lazy\" srcset=\"https:\/\/www.lesrencontreseconomiques.fr\/wp-content\/uploads\/2025\/05\/Logo_WTW-250x140.png 250w, https:\/\/www.lesrencontreseconomiques.fr\/wp-content\/uploads\/2025\/05\/Logo_WTW-490x276.png 490w, https:\/\/www.lesrencontreseconomiques.fr\/wp-content\/uploads\/2025\/05\/Logo_WTW-668x376.png 668w, https:\/\/www.lesrencontreseconomiques.fr\/wp-content\/uploads\/2025\/05\/Logo_WTW-1536x864.png 1536w, https:\/\/www.lesrencontreseconomiques.fr\/wp-content\/uploads\/2025\/05\/Logo_WTW-224x126.png 224w, https:\/\/www.lesrencontreseconomiques.fr\/wp-content\/uploads\/2025\/05\/Logo_WTW.png 1600w\" sizes=\"auto, (max-width: 250px) 100vw, 250px\" \/>\t\t\t\t\t<\/a>\n\t\t\t\t<\/li>\n<li>\n\t\t\t\t\t<a href=\"https:\/\/www.zurich.fr\" target=\"_blank\"><br \/>\n\t\t\t\t\t\t<img width=\"223\" height=\"140\" src=\"https:\/\/www.lesrencontreseconomiques.fr\/wp-content\/uploads\/2025\/05\/Zurich_Insurance_Group_logo.svg_-223x140.png\" class=\"attachment-partner-small size-partner-small\" alt=\"Zurich Insurance\" title=\"Zurich Insurance\" decoding=\"async\" loading=\"lazy\" srcset=\"https:\/\/www.lesrencontreseconomiques.fr\/wp-content\/uploads\/2025\/05\/Zurich_Insurance_Group_logo.svg_-223x140.png 223w, https:\/\/www.lesrencontreseconomiques.fr\/wp-content\/uploads\/2025\/05\/Zurich_Insurance_Group_logo.svg_-490x307.png 490w, https:\/\/www.lesrencontreseconomiques.fr\/wp-content\/uploads\/2025\/05\/Zurich_Insurance_Group_logo.svg_-668x419.png 668w, https:\/\/www.lesrencontreseconomiques.fr\/wp-content\/uploads\/2025\/05\/Zurich_Insurance_Group_logo.svg_-224x141.png 224w, https:\/\/www.lesrencontreseconomiques.fr\/wp-content\/uploads\/2025\/05\/Zurich_Insurance_Group_logo.svg_.png 1200w\" sizes=\"auto, (max-width: 223px) 100vw, 223px\" \/>\t\t\t\t\t<\/a>\n\t\t\t\t<\/li>\n<li>\n\t\t\t\t\t<a href=\"https:\/\/www.maregionsud.fr\/logo-region-sud\" target=\"_blank\"><br \/>\n\t\t\t\t\t\t<img width=\"242\" height=\"140\" src=\"https:\/\/www.lesrencontreseconomiques.fr\/wp-content\/uploads\/2025\/05\/logo-vertical-242x140.jpg\" class=\"attachment-partner-small size-partner-small\" alt=\"R\u00e9gion Sud\" title=\"R\u00e9gion Sud\" decoding=\"async\" loading=\"lazy\" srcset=\"https:\/\/www.lesrencontreseconomiques.fr\/wp-content\/uploads\/2025\/05\/logo-vertical-242x140.jpg 242w, https:\/\/www.lesrencontreseconomiques.fr\/wp-content\/uploads\/2025\/05\/logo-vertical-490x283.jpg 490w, https:\/\/www.lesrencontreseconomiques.fr\/wp-content\/uploads\/2025\/05\/logo-vertical-224x129.jpg 224w, https:\/\/www.lesrencontreseconomiques.fr\/wp-content\/uploads\/2025\/05\/logo-vertical.jpg 500w\" sizes=\"auto, (max-width: 242px) 100vw, 242px\" \/>\t\t\t\t\t<\/a>\n\t\t\t\t<\/li>\n<li>\n\t\t\t\t\t<a href=\"https:\/\/www.univ-amu.fr\" target=\"_blank\"><br \/>\n\t\t\t\t\t\t<img width=\"250\" height=\"108\" src=\"https:\/\/www.lesrencontreseconomiques.fr\/wp-content\/uploads\/2025\/05\/Aix-Marseille_Universite_Logo_2024-250x108.png\" class=\"attachment-partner-small size-partner-small\" alt=\"Aix Marseille Universit\u00e9 \" title=\"Aix Marseille Universit\u00e9 \" decoding=\"async\" loading=\"lazy\" srcset=\"https:\/\/www.lesrencontreseconomiques.fr\/wp-content\/uploads\/2025\/05\/Aix-Marseille_Universite_Logo_2024-250x108.png 250w, https:\/\/www.lesrencontreseconomiques.fr\/wp-content\/uploads\/2025\/05\/Aix-Marseille_Universite_Logo_2024-490x212.png 490w, https:\/\/www.lesrencontreseconomiques.fr\/wp-content\/uploads\/2025\/05\/Aix-Marseille_Universite_Logo_2024-668x289.png 668w, https:\/\/www.lesrencontreseconomiques.fr\/wp-content\/uploads\/2025\/05\/Aix-Marseille_Universite_Logo_2024-1536x665.png 1536w, https:\/\/www.lesrencontreseconomiques.fr\/wp-content\/uploads\/2025\/05\/Aix-Marseille_Universite_Logo_2024-224x97.png 224w, https:\/\/www.lesrencontreseconomiques.fr\/wp-content\/uploads\/2025\/05\/Aix-Marseille_Universite_Logo_2024.png 1600w\" sizes=\"auto, (max-width: 250px) 100vw, 250px\" \/>\t\t\t\t\t<\/a>\n\t\t\t\t<\/li>\n<li>\n\t\t\t\t\t<a href=\"https:\/\/www.aixenprovence.fr\" target=\"_blank\"><br \/>\n\t\t\t\t\t\t<img width=\"226\" height=\"140\" src=\"https:\/\/www.lesrencontreseconomiques.fr\/wp-content\/uploads\/2025\/06\/logoaix_ville_capitale2024_vignette-2-b67c2-226x140.png\" class=\"attachment-partner-small size-partner-small\" alt=\"Mairie d&#039;Aix-en-Provence\" title=\"Mairie d&#039;Aix-en-Provence\" decoding=\"async\" loading=\"lazy\" srcset=\"https:\/\/www.lesrencontreseconomiques.fr\/wp-content\/uploads\/2025\/06\/logoaix_ville_capitale2024_vignette-2-b67c2-226x140.png 226w, https:\/\/www.lesrencontreseconomiques.fr\/wp-content\/uploads\/2025\/06\/logoaix_ville_capitale2024_vignette-2-b67c2-224x139.png 224w, https:\/\/www.lesrencontreseconomiques.fr\/wp-content\/uploads\/2025\/06\/logoaix_ville_capitale2024_vignette-2-b67c2.png 323w\" sizes=\"auto, (max-width: 226px) 100vw, 226px\" \/>\t\t\t\t\t<\/a>\n\t\t\t\t<\/li>\n<li>\n\t\t\t\t\t<a href=\"https:\/\/www.sciencespo-aix.fr\/\" target=\"_blank\"><br \/>\n\t\t\t\t\t\t<img width=\"250\" height=\"130\" src=\"https:\/\/www.lesrencontreseconomiques.fr\/wp-content\/uploads\/2025\/06\/Logotype-sciencespo-aix-250x130.png\" class=\"attachment-partner-small size-partner-small\" alt=\"Sciences Po Aix\" title=\"Sciences Po Aix\" decoding=\"async\" loading=\"lazy\" srcset=\"https:\/\/www.lesrencontreseconomiques.fr\/wp-content\/uploads\/2025\/06\/Logotype-sciencespo-aix-250x130.png 250w, https:\/\/www.lesrencontreseconomiques.fr\/wp-content\/uploads\/2025\/06\/Logotype-sciencespo-aix-490x254.png 490w, https:\/\/www.lesrencontreseconomiques.fr\/wp-content\/uploads\/2025\/06\/Logotype-sciencespo-aix-668x347.png 668w, https:\/\/www.lesrencontreseconomiques.fr\/wp-content\/uploads\/2025\/06\/Logotype-sciencespo-aix-1536x798.png 1536w, https:\/\/www.lesrencontreseconomiques.fr\/wp-content\/uploads\/2025\/06\/Logotype-sciencespo-aix-224x116.png 224w, https:\/\/www.lesrencontreseconomiques.fr\/wp-content\/uploads\/2025\/06\/Logotype-sciencespo-aix.png 1600w\" sizes=\"auto, (max-width: 250px) 100vw, 250px\" \/>\t\t\t\t\t<\/a>\n\t\t\t\t<\/li>\n<\/ul><\/div>\n<\/p><\/div>\n<\/div>\n<div class=\"-wrapper -846 -is-hr -mt-90 -mb-90\">\n<hr>\n<\/div>\n<div class=\"-wrapper -846 -mt-90 -mb-90\">\n<div class=\"cp-intro -texte\">\n<div class=\"description\">\n<div class=\"cp-texte\">\n<h2>They talk about us<\/h2>\n<\/p><\/div>\n<\/p><\/div>\n<\/p><\/div>\n<\/p><\/div>\n<div class=\"-wrapper -846 -mt-90 -mb-90\">\n<div class=\"cp-cta-image-texte\">\n<div class=\"media \" data-aos=\"fade-right\" data-aos-anchor-placement=\"top-bottom\" data-aos-offset=\"200\">\n<div class=\"image -walc \" style=\"padding-top:100%\"><img width=\"224\" height=\"224\" src=\"https:\/\/www.lesrencontreseconomiques.fr\/wp-content\/uploads\/2024\/03\/Franck-Bessiere_230707_REAIX_PLENIERE-11-224x224.jpg\" class=\"attachment-small size-small\" alt=\"\" decoding=\"async\" loading=\"lazy\" srcset=\"https:\/\/www.lesrencontreseconomiques.fr\/wp-content\/uploads\/2024\/03\/Franck-Bessiere_230707_REAIX_PLENIERE-11-224x224.jpg 224w, https:\/\/www.lesrencontreseconomiques.fr\/wp-content\/uploads\/2024\/03\/Franck-Bessiere_230707_REAIX_PLENIERE-11-490x490.jpg 490w, https:\/\/www.lesrencontreseconomiques.fr\/wp-content\/uploads\/2024\/03\/Franck-Bessiere_230707_REAIX_PLENIERE-11-668x668.jpg 668w, https:\/\/www.lesrencontreseconomiques.fr\/wp-content\/uploads\/2024\/03\/Franck-Bessiere_230707_REAIX_PLENIERE-11-150x150.jpg 150w, https:\/\/www.lesrencontreseconomiques.fr\/wp-content\/uploads\/2024\/03\/Franck-Bessiere_230707_REAIX_PLENIERE-11-140x140.jpg 140w, https:\/\/www.lesrencontreseconomiques.fr\/wp-content\/uploads\/2024\/03\/Franck-Bessiere_230707_REAIX_PLENIERE-11-290x290.jpg 290w, https:\/\/www.lesrencontreseconomiques.fr\/wp-content\/uploads\/2024\/03\/Franck-Bessiere_230707_REAIX_PLENIERE-11.jpg 1067w\" sizes=\"auto, (max-width: 224px) 100vw, 224px\" \/><\/div>\n<\/p><\/div>\n<div class=\"description cp-texte\" data-aos=\"fade-up\" data-aos-anchor-placement=\"top-bottom\" data-aos-offset=\"200\">\n<blockquote>\n<p>&#8220;My attendance at les <em>Rencontres \u00c9conomiques<\/em> is due to the fact that this event has become a must, allowing us to learn from each other, to discuss with the public, and to present our analyses and proposals in a privileged setting and in a relationship that is always marked by respect for others.&#8221;<\/p>\n<\/blockquote>\n<p>&nbsp;<\/p>\n<p style=\"text-align: right;\"><strong>Christine Lagarde<\/strong>, President of the European Central Bank<\/p>\n<\/p><\/div>\n<\/p><\/div>\n<\/div>\n<div class=\"-wrapper -846 -mt-90 -mb-90\">\n<div class=\"cp-cta-image-texte\">\n<div class=\"media \" data-aos=\"fade-right\" data-aos-anchor-placement=\"top-bottom\" data-aos-offset=\"200\">\n<div class=\"image -walc \" style=\"padding-top:100%\"><img width=\"224\" height=\"224\" src=\"https:\/\/www.lesrencontreseconomiques.fr\/wp-content\/uploads\/2024\/03\/Laurent-LeCrabe_230709_REAIX_S41-2-224x224.jpg\" class=\"attachment-small size-small\" alt=\"\" decoding=\"async\" loading=\"lazy\" srcset=\"https:\/\/www.lesrencontreseconomiques.fr\/wp-content\/uploads\/2024\/03\/Laurent-LeCrabe_230709_REAIX_S41-2-224x224.jpg 224w, https:\/\/www.lesrencontreseconomiques.fr\/wp-content\/uploads\/2024\/03\/Laurent-LeCrabe_230709_REAIX_S41-2-490x490.jpg 490w, https:\/\/www.lesrencontreseconomiques.fr\/wp-content\/uploads\/2024\/03\/Laurent-LeCrabe_230709_REAIX_S41-2-668x668.jpg 668w, https:\/\/www.lesrencontreseconomiques.fr\/wp-content\/uploads\/2024\/03\/Laurent-LeCrabe_230709_REAIX_S41-2-150x150.jpg 150w, https:\/\/www.lesrencontreseconomiques.fr\/wp-content\/uploads\/2024\/03\/Laurent-LeCrabe_230709_REAIX_S41-2-140x140.jpg 140w, https:\/\/www.lesrencontreseconomiques.fr\/wp-content\/uploads\/2024\/03\/Laurent-LeCrabe_230709_REAIX_S41-2-290x290.jpg 290w, https:\/\/www.lesrencontreseconomiques.fr\/wp-content\/uploads\/2024\/03\/Laurent-LeCrabe_230709_REAIX_S41-2.jpg 1067w\" sizes=\"auto, (max-width: 224px) 100vw, 224px\" \/><\/div>\n<\/p><\/div>\n<div class=\"description cp-texte\" data-aos=\"fade-up\" data-aos-anchor-placement=\"top-bottom\" data-aos-offset=\"200\">\n<blockquote>\n<p>&#8220;Back in Mumbai, I have had an opportunity to reflect on the multidimensional, erudite discussions, the tough leadership and the positive, transformational, outcome stremas that flowed during and subsequent to the event.&#8221;<\/p>\n<\/blockquote>\n<p>&nbsp;<\/p>\n<p style=\"text-align: right;\"><strong>Ashwini KAKKAR<\/strong>, President of Action Against Hunger International<\/p>\n<\/p><\/div>\n<\/p><\/div>\n<\/div>\n<div class=\"-wrapper -846 -mt-90 -mb-90\">\n<div class=\"cp-cta-image-texte\">\n<div class=\"media \" data-aos=\"fade-right\" data-aos-anchor-placement=\"top-bottom\" data-aos-offset=\"200\">\n<div class=\"image -walc \" style=\"padding-top:133.48214%\"><img width=\"224\" height=\"299\" src=\"https:\/\/www.lesrencontreseconomiques.fr\/wp-content\/uploads\/2024\/05\/renaud-muselier-224x299.jpg\" class=\"attachment-small size-small\" alt=\"\" decoding=\"async\" loading=\"lazy\" srcset=\"https:\/\/www.lesrencontreseconomiques.fr\/wp-content\/uploads\/2024\/05\/renaud-muselier-224x299.jpg 224w, https:\/\/www.lesrencontreseconomiques.fr\/wp-content\/uploads\/2024\/05\/renaud-muselier-490x654.jpg 490w, https:\/\/www.lesrencontreseconomiques.fr\/wp-content\/uploads\/2024\/05\/renaud-muselier-105x140.jpg 105w, https:\/\/www.lesrencontreseconomiques.fr\/wp-content\/uploads\/2024\/05\/renaud-muselier.jpg 599w\" sizes=\"auto, (max-width: 224px) 100vw, 224px\" \/><\/div>\n<\/p><\/div>\n<div class=\"description cp-texte\" data-aos=\"fade-up\" data-aos-anchor-placement=\"top-bottom\" data-aos-offset=\"200\">\n<blockquote>\n<p>&#8220;Thanks to this convergence of interests and ambitions around economic excellence, openness to young people and the influence of the South in the world, a beautiful story is beginning between us. It&#8217;s a story that&#8217;s open to everyone, that anyone can share, on the spot or from a distance, and soak up the greatest economic or political talents.&#8221;<\/p>\n<\/blockquote>\n<p>&nbsp;<\/p>\n<p style=\"text-align: right;\"><strong>Renaud Muselier,<\/strong> President of the Provence-Alpes-C\u00f4te d\u2019Azur Region, Deputy President of R\u00e9gions de France and Vice-President of the &#8220;Association pour les Rencontres \u00c9conomiques d&#8217;Aix-en-Provence&#8221;<\/p>\n<\/p><\/div>\n<\/p><\/div>\n<\/div>\n<div class=\"-wrapper -846 -mt-90 -mb-90\">\n<div class=\"cp-cta-image-texte\">\n<div class=\"media \" data-aos=\"fade-right\" data-aos-anchor-placement=\"top-bottom\" data-aos-offset=\"200\">\n<div class=\"image -walc \" style=\"padding-top:147.76786%\"><img width=\"224\" height=\"331\" src=\"https:\/\/www.lesrencontreseconomiques.fr\/wp-content\/uploads\/2024\/05\/sophie-joissains-224x331.jpg\" class=\"attachment-small size-small\" alt=\"\" decoding=\"async\" loading=\"lazy\" srcset=\"https:\/\/www.lesrencontreseconomiques.fr\/wp-content\/uploads\/2024\/05\/sophie-joissains-224x331.jpg 224w, https:\/\/www.lesrencontreseconomiques.fr\/wp-content\/uploads\/2024\/05\/sophie-joissains-490x725.jpg 490w, https:\/\/www.lesrencontreseconomiques.fr\/wp-content\/uploads\/2024\/05\/sophie-joissains-95x140.jpg 95w, https:\/\/www.lesrencontreseconomiques.fr\/wp-content\/uploads\/2024\/05\/sophie-joissains.jpg 541w\" sizes=\"auto, (max-width: 224px) 100vw, 224px\" \/><\/div>\n<\/p><\/div>\n<div class=\"description cp-texte\" data-aos=\"fade-up\" data-aos-anchor-placement=\"top-bottom\" data-aos-offset=\"200\">\n<blockquote>\n<p>&#8220;For over twenty years, our city has naturally and by vocation welcomed le Cercle des \u00e9conomistes and its founder Jean-Herv\u00e9 Lorenzi for these studious and prestigious meetings. We are proud to have contributed to their creation and development in the heart of the city and the Parc Jourdan.&#8221;<\/p>\n<\/blockquote>\n<p>&nbsp;<\/p>\n<p style=\"text-align: right;\"><strong>Sophie Joissains,<\/strong> Mayor of Aix-en-Provence and Vice-President of the Sud Provence &#8211; Alpes-C\u00f4te d&#8217;Azur Region<\/p>\n<\/p><\/div>\n<\/p><\/div>\n<\/div>\n<div class=\"-wrapper -846 -mt-90 -mb-90\">\n<div class=\"cp-cta-image-texte\">\n<div class=\"media \" data-aos=\"fade-right\" data-aos-anchor-placement=\"top-bottom\" data-aos-offset=\"200\">\n<div class=\"image -walc \" style=\"padding-top:100%\"><img width=\"224\" height=\"224\" src=\"https:\/\/www.lesrencontreseconomiques.fr\/wp-content\/uploads\/2024\/03\/PierreAudi_1_photo@SarahWong-224x224-1.jpg\" class=\"attachment-small size-small\" alt=\"\" decoding=\"async\" loading=\"lazy\" srcset=\"https:\/\/www.lesrencontreseconomiques.fr\/wp-content\/uploads\/2024\/03\/PierreAudi_1_photo@SarahWong-224x224-1.jpg 224w, https:\/\/www.lesrencontreseconomiques.fr\/wp-content\/uploads\/2024\/03\/PierreAudi_1_photo@SarahWong-224x224-1-150x150.jpg 150w, https:\/\/www.lesrencontreseconomiques.fr\/wp-content\/uploads\/2024\/03\/PierreAudi_1_photo@SarahWong-224x224-1-140x140.jpg 140w\" sizes=\"auto, (max-width: 224px) 100vw, 224px\" \/><\/div>\n<\/p><\/div>\n<div class=\"description cp-texte\" data-aos=\"fade-up\" data-aos-anchor-placement=\"top-bottom\" data-aos-offset=\"200\">\n<blockquote>\n<p>&#8220;The historic partnership between les Rencontres Economiques and the Festival d&#8217;Aix-en-Provence has helped to forge an economic and cultural event that is unique in the world. In the heart of summer, Aix-en-Provence is an essential stopover and an essential meeting place for thinking about the future of the world by drawing on the inspiration of some of the greatest artists of our time.&#8221;<\/p>\n<\/blockquote>\n<p>&nbsp;<\/p>\n<p style=\"text-align: right;\"><strong>Pierre Audi,<\/strong> General Director of the Festival d&#8217;Aix-en-Provence<\/p>\n<\/p><\/div>\n<\/p><\/div>\n<\/div>\n","protected":false},"excerpt":{"rendered":"<p>Supported by They will be there Meet our speakers Michel BARNIER &#8211; Former Prime Minister, France Bio Jean-No\u00ebl BARROT &#8211; Minister for Foreign Affairs, France Bio Sophie BINET General Secretary &#8211; CGT Bio Thomas BUBERL Chief Executive Officer &#8211; Axa Bio Mario DRAGHI &#8211; Ancien Pr\u00e9sident du Conseil des ministres, Italie Bio Esther DUFLO Professor [&hellip;]<\/p>\n","protected":false},"author":1,"featured_media":0,"parent":0,"menu_order":0,"comment_status":"closed","ping_status":"closed","template":"","meta":{"_acf_changed":false,"footnotes":""},"class_list":["post-7","page","type-page","status-publish","hentry"],"acf":[],"yoast_head":"<!-- This site is optimized with the Yoast SEO plugin v26.5 - https:\/\/yoast.com\/wordpress\/plugins\/seo\/ -->\n<title>Les Rencontres \u00c9conomiques - 3-4-5 July, 2025<\/title>\n<meta name=\"description\" content=\"Europe&#039;s biggest economic and social event, open to all. Join the debate with 400 speakers and more than 70 conferences.\" \/>\n<meta name=\"robots\" content=\"index, follow, max-snippet:-1, max-image-preview:large, max-video-preview:-1\" \/>\n<link rel=\"canonical\" href=\"https:\/\/www.lesrencontreseconomiques.fr\/en\/\" \/>\n<meta property=\"og:locale\" content=\"en_US\" \/>\n<meta property=\"og:type\" content=\"article\" \/>\n<meta property=\"og:description\" content=\"Europe&#039;s biggest economic and social event, open to all. Join the debate with 400 speakers and more than 70 conferences.\" \/>\n<meta property=\"og:url\" content=\"https:\/\/www.lesrencontreseconomiques.fr\/en\/\" \/>\n<meta property=\"og:site_name\" content=\"Les Rencontres \u00c9conomiques\" \/>\n<meta property=\"article:publisher\" content=\"https:\/\/www.facebook.com\/Le.Cercle.des.Economistes\/\" \/>\n<meta property=\"article:modified_time\" content=\"2025-10-17T14:36:00+00:00\" \/>\n<meta property=\"og:image\" content=\"https:\/\/www.lesrencontreseconomiques.fr\/wp-content\/uploads\/2025\/06\/bandeau-partenaires-institutionnels-e1749980944679.png\" \/>\n\t<meta property=\"og:image:width\" content=\"1500\" \/>\n\t<meta property=\"og:image:height\" content=\"353\" \/>\n\t<meta property=\"og:image:type\" content=\"image\/png\" \/>\n<meta name=\"twitter:card\" content=\"summary_large_image\" \/>\n<meta name=\"twitter:site\" content=\"@Cercle_eco\" \/>\n<script type=\"application\/ld+json\" class=\"yoast-schema-graph\">{\"@context\":\"https:\/\/schema.org\",\"@graph\":[{\"@type\":\"WebPage\",\"@id\":\"https:\/\/www.lesrencontreseconomiques.fr\/en\/\",\"url\":\"https:\/\/www.lesrencontreseconomiques.fr\/en\/\",\"name\":\"Les Rencontres \u00c9conomiques - 3-4-5 July, 2025\",\"isPartOf\":{\"@id\":\"https:\/\/www.lesrencontreseconomiques.fr\/en\/#website\"},\"primaryImageOfPage\":{\"@id\":\"https:\/\/www.lesrencontreseconomiques.fr\/en\/#primaryimage\"},\"image\":{\"@id\":\"https:\/\/www.lesrencontreseconomiques.fr\/en\/#primaryimage\"},\"thumbnailUrl\":\"https:\/\/www.lesrencontreseconomiques.fr\/wp-content\/uploads\/2025\/06\/bandeau-partenaires-institutionnels-668x203.png\",\"datePublished\":\"2020-11-12T15:16:36+00:00\",\"dateModified\":\"2025-10-17T14:36:00+00:00\",\"description\":\"Europe's biggest economic and social event, open to all. Join the debate with 400 speakers and more than 70 conferences.\",\"breadcrumb\":{\"@id\":\"https:\/\/www.lesrencontreseconomiques.fr\/en\/#breadcrumb\"},\"inLanguage\":\"en-US\",\"potentialAction\":[{\"@type\":\"ReadAction\",\"target\":[\"https:\/\/www.lesrencontreseconomiques.fr\/en\/\"]}]},{\"@type\":\"ImageObject\",\"inLanguage\":\"en-US\",\"@id\":\"https:\/\/www.lesrencontreseconomiques.fr\/en\/#primaryimage\",\"url\":\"https:\/\/www.lesrencontreseconomiques.fr\/wp-content\/uploads\/2025\/06\/bandeau-partenaires-institutionnels-668x203.png\",\"contentUrl\":\"https:\/\/www.lesrencontreseconomiques.fr\/wp-content\/uploads\/2025\/06\/bandeau-partenaires-institutionnels-668x203.png\"},{\"@type\":\"BreadcrumbList\",\"@id\":\"https:\/\/www.lesrencontreseconomiques.fr\/en\/#breadcrumb\",\"itemListElement\":[{\"@type\":\"ListItem\",\"position\":1,\"name\":\"Home\",\"item\":\"https:\/\/www.lesrencontreseconomiques.fr\/en\/\"},{\"@type\":\"ListItem\",\"position\":2,\"name\":\"Home\"}]},{\"@type\":\"WebSite\",\"@id\":\"https:\/\/www.lesrencontreseconomiques.fr\/en\/#website\",\"url\":\"https:\/\/www.lesrencontreseconomiques.fr\/en\/\",\"name\":\"Les Rencontres \u00c9conomiques\",\"description\":\"\",\"potentialAction\":[{\"@type\":\"SearchAction\",\"target\":{\"@type\":\"EntryPoint\",\"urlTemplate\":\"https:\/\/www.lesrencontreseconomiques.fr\/en\/?s={search_term_string}\"},\"query-input\":{\"@type\":\"PropertyValueSpecification\",\"valueRequired\":true,\"valueName\":\"search_term_string\"}}],\"inLanguage\":\"en-US\"}]}<\/script>\n<!-- \/ Yoast SEO plugin. -->","yoast_head_json":{"title":"Les Rencontres \u00c9conomiques - 3-4-5 July, 2025","description":"Europe's biggest economic and social event, open to all. Join the debate with 400 speakers and more than 70 conferences.","robots":{"index":"index","follow":"follow","max-snippet":"max-snippet:-1","max-image-preview":"max-image-preview:large","max-video-preview":"max-video-preview:-1"},"canonical":"https:\/\/www.lesrencontreseconomiques.fr\/en\/","og_locale":"en_US","og_type":"article","og_description":"Europe's biggest economic and social event, open to all. Join the debate with 400 speakers and more than 70 conferences.","og_url":"https:\/\/www.lesrencontreseconomiques.fr\/en\/","og_site_name":"Les Rencontres \u00c9conomiques","article_publisher":"https:\/\/www.facebook.com\/Le.Cercle.des.Economistes\/","article_modified_time":"2025-10-17T14:36:00+00:00","og_image":[{"width":1500,"height":353,"url":"https:\/\/www.lesrencontreseconomiques.fr\/wp-content\/uploads\/2025\/06\/bandeau-partenaires-institutionnels-e1749980944679.png","type":"image\/png"}],"twitter_card":"summary_large_image","twitter_site":"@Cercle_eco","schema":{"@context":"https:\/\/schema.org","@graph":[{"@type":"WebPage","@id":"https:\/\/www.lesrencontreseconomiques.fr\/en\/","url":"https:\/\/www.lesrencontreseconomiques.fr\/en\/","name":"Les Rencontres \u00c9conomiques - 3-4-5 July, 2025","isPartOf":{"@id":"https:\/\/www.lesrencontreseconomiques.fr\/en\/#website"},"primaryImageOfPage":{"@id":"https:\/\/www.lesrencontreseconomiques.fr\/en\/#primaryimage"},"image":{"@id":"https:\/\/www.lesrencontreseconomiques.fr\/en\/#primaryimage"},"thumbnailUrl":"https:\/\/www.lesrencontreseconomiques.fr\/wp-content\/uploads\/2025\/06\/bandeau-partenaires-institutionnels-668x203.png","datePublished":"2020-11-12T15:16:36+00:00","dateModified":"2025-10-17T14:36:00+00:00","description":"Europe's biggest economic and social event, open to all. Join the debate with 400 speakers and more than 70 conferences.","breadcrumb":{"@id":"https:\/\/www.lesrencontreseconomiques.fr\/en\/#breadcrumb"},"inLanguage":"en-US","potentialAction":[{"@type":"ReadAction","target":["https:\/\/www.lesrencontreseconomiques.fr\/en\/"]}]},{"@type":"ImageObject","inLanguage":"en-US","@id":"https:\/\/www.lesrencontreseconomiques.fr\/en\/#primaryimage","url":"https:\/\/www.lesrencontreseconomiques.fr\/wp-content\/uploads\/2025\/06\/bandeau-partenaires-institutionnels-668x203.png","contentUrl":"https:\/\/www.lesrencontreseconomiques.fr\/wp-content\/uploads\/2025\/06\/bandeau-partenaires-institutionnels-668x203.png"},{"@type":"BreadcrumbList","@id":"https:\/\/www.lesrencontreseconomiques.fr\/en\/#breadcrumb","itemListElement":[{"@type":"ListItem","position":1,"name":"Home","item":"https:\/\/www.lesrencontreseconomiques.fr\/en\/"},{"@type":"ListItem","position":2,"name":"Home"}]},{"@type":"WebSite","@id":"https:\/\/www.lesrencontreseconomiques.fr\/en\/#website","url":"https:\/\/www.lesrencontreseconomiques.fr\/en\/","name":"Les Rencontres \u00c9conomiques","description":"","potentialAction":[{"@type":"SearchAction","target":{"@type":"EntryPoint","urlTemplate":"https:\/\/www.lesrencontreseconomiques.fr\/en\/?s={search_term_string}"},"query-input":{"@type":"PropertyValueSpecification","valueRequired":true,"valueName":"search_term_string"}}],"inLanguage":"en-US"}]}},"_links":{"self":[{"href":"https:\/\/www.lesrencontreseconomiques.fr\/en\/wp-json\/wp\/v2\/pages\/7","targetHints":{"allow":["GET"]}}],"collection":[{"href":"https:\/\/www.lesrencontreseconomiques.fr\/en\/wp-json\/wp\/v2\/pages"}],"about":[{"href":"https:\/\/www.lesrencontreseconomiques.fr\/en\/wp-json\/wp\/v2\/types\/page"}],"author":[{"embeddable":true,"href":"https:\/\/www.lesrencontreseconomiques.fr\/en\/wp-json\/wp\/v2\/users\/1"}],"replies":[{"embeddable":true,"href":"https:\/\/www.lesrencontreseconomiques.fr\/en\/wp-json\/wp\/v2\/comments?post=7"}],"version-history":[{"count":122,"href":"https:\/\/www.lesrencontreseconomiques.fr\/en\/wp-json\/wp\/v2\/pages\/7\/revisions"}],"predecessor-version":[{"id":25361,"href":"https:\/\/www.lesrencontreseconomiques.fr\/en\/wp-json\/wp\/v2\/pages\/7\/revisions\/25361"}],"wp:attachment":[{"href":"https:\/\/www.lesrencontreseconomiques.fr\/en\/wp-json\/wp\/v2\/media?parent=7"}],"curies":[{"name":"wp","href":"https:\/\/api.w.org\/{rel}","templated":true}]}}